{"id":934,"date":"2020-02-12T12:46:38","date_gmt":"2020-02-12T11:46:38","guid":{"rendered":"https:\/\/seminarixoa.eus\/?page_id=934"},"modified":"2021-03-02T12:01:22","modified_gmt":"2021-03-02T11:01:22","slug":"seminarixoa","status":"publish","type":"page","link":"https:\/\/seminarixoa.eus\/es\/seminarixoa\/","title":{"rendered":"Seminarixoa"},"content":{"rendered":"\n<div class=\"wp-block-cover alignfull\" style=\"background-image:url(https:\/\/seminarixoa.eus\/wp-content\/uploads\/2020\/03\/seminarixoa-fondo-interior.jpg);min-height:180px;background-position:54% 50%;aspect-ratio:unset;\"><div class=\"wp-block-cover__inner-container is-layout-flow wp-block-cover-is-layout-flow\">\n<p class=\"has-text-align-center\" style=\"font-size:28px\"><strong>SEMINARIXOA<\/strong><\/p>\n<\/div><\/div>\n\n\n\n<div style=\"height:100px\" aria-hidden=\"true\" class=\"wp-block-spacer\"><\/div>\n\n\n\n<h2 class=\"wp-block-heading\">Seminarixoa<\/h2>\n\n\n\n<p>Seminarixoa\nabri\u00f3 sus puertas el 24 de diciembre de 2017 con ayuda de Olentzero\ny Mari Domingi. Ese d\u00eda los\/as vecinos\/as conocieron el nuevo\nequipamiento cultural de Bergara.<\/p>\n\n\n\n<p>Se trata de un\nequipamiento cultural que cuenta con la tecnolog\u00eda m\u00e1s moderna del\nsiglo XXI y est\u00e1 enclavado en un edificio hist\u00f3rico patrimonio del\nsiglo XVIII. El equilibrio casi imposible entre patrimonio art\u00edstico\ny modernidad es m\u00e1s que una realidad. \n<\/p>\n\n\n\n<p>Teniendo muy presentes nuestra\ntoponimia y costumbres ling\u00fc\u00edsticas hemos denominado este\nequipamiento cultural como Seminarixoa. Y ese es su cometido,\nconvertirse en un semillero de cultura. A \u00e9l traeremos espect\u00e1culos\nde muy diversas disciplinas y tama\u00f1os, para disfrutar y aprender de\nestos; y que a su vez sirva de acicate para que todos aquellos\ncolectivos culturales y art\u00edsticos locales crean y nos muestren sus\ncreaciones. \n<\/p>\n\n\n\n<p>La apuesta del Ayuntamiento ha sido\nfirme: un equipamiento cultural a la medida de los y las creadores\nculturales locales y del pueblo de Bergara. La sala es preciosa,\npatrimonio vivo de nuestra localidad, y con facilidades e\ninfraestructura t\u00e9cnica a un nivel muy avanzado. \n<\/p>\n\n\n\n<p>Se ha creado un espacio donde combinar teatro, danza, m\u00fasica, cine, bertsolaritza, conferencias\u2026  <\/p>\n\n\n\n<h3 class=\"has-text-align-center wp-block-heading\"><strong>Estrella de ocho puntas, graf\u00eda vasca y semillero de la cultura<\/strong><\/h3>\n\n\n\n<div style=\"height:50px\" aria-hidden=\"true\" class=\"wp-block-spacer\"><\/div>\n\n\n\n<div class=\"wp-block-image\"><figure class=\"aligncenter size-large\"><img loading=\"lazy\" decoding=\"async\" width=\"800\" height=\"402\" src=\"https:\/\/seminarixoa.eus\/wp-content\/uploads\/2020\/01\/seminarixoa.png\" alt=\"\" class=\"wp-image-855\" srcset=\"https:\/\/seminarixoa.eus\/wp-content\/uploads\/2020\/01\/seminarixoa.png 800w, https:\/\/seminarixoa.eus\/wp-content\/uploads\/2020\/01\/seminarixoa-300x151.png 300w, https:\/\/seminarixoa.eus\/wp-content\/uploads\/2020\/01\/seminarixoa-768x386.png 768w\" sizes=\"auto, (max-width: 800px) 100vw, 800px\" \/><\/figure><\/div>\n\n\n\n<div style=\"height:50px\" aria-hidden=\"true\" class=\"wp-block-spacer\"><\/div>\n\n\n\n<p>El artista bergar\u00e9s Manu\nMuniategiandikoetxea es el autor de la imagen de Seminarixoa. \u00c9l y\nsu equipo se han inspirado en en la estrella de ocho puntas, la\nestrella vasca.  \n<\/p>\n\n\n\n<p>En palabras de Muniategiandikoetxea\nesta estrella est\u00e1 tatauda en el imaginario colectivo de los y las\nvascas; y han querido recuperarla y traerla hasta nuestros d\u00edas.  \n<\/p>\n\n\n\n<p>En Seminarixoa esta estrella adquiere\ntambi\u00e9n otro nuevo significado: tomando una forma m\u00e1s redondeada\nasemej\u00e1ndose a un semillero, sus p\u00e9talos son semillas, que\nconvertidas en gotas \u2018nos empapar\u00e1n de cultura\u2019. Y de esas gotas\nvendr\u00e1n otros y otras, para que la cultura siga creciendo. As\u00ed\nvisionamos Seminarixoa, como punto de creaci\u00f3n y semillero de la\ncultura.<\/p>\n\n\n\n<div style=\"height:50px\" aria-hidden=\"true\" class=\"wp-block-spacer\"><\/div>\n","protected":false},"excerpt":{"rendered":"<p>Seminarixoa Seminarixoa abri\u00f3 sus puertas el 24 de diciembre de 2017 con ayuda de Olentzero y Mari Domingi. Ese d\u00eda los\/as vecinos\/as conocieron el nuevo equipamiento cultural de Bergara. Se trata de un equipamiento cultural que cuenta con la tecnolog\u00eda m\u00e1s moderna del siglo XXI y est\u00e1 enclavado en un edificio hist\u00f3rico patrimonio del siglo [&hellip;]<\/p>\n","protected":false},"author":1,"featured_media":1307,"parent":0,"menu_order":0,"comment_status":"closed","ping_status":"closed","template":"","meta":{"footnotes":""},"class_list":["post-934","page","type-page","status-publish","has-post-thumbnail","hentry"],"yoast_head":"<!-- This site is optimized with the Yoast SEO plugin v26.6 - https:\/\/yoast.com\/wordpress\/plugins\/seo\/ -->\n<title>Seminarixoa - Seminarixoa<\/title>\n<meta name=\"robots\" content=\"index, follow, max-snippet:-1, max-image-preview:large, max-video-preview:-1\" \/>\n<link rel=\"canonical\" href=\"https:\/\/seminarixoa.eus\/es\/seminarixoa\/\" \/>\n<meta property=\"og:locale\" content=\"es_ES\" \/>\n<meta property=\"og:type\" content=\"article\" \/>\n<meta property=\"og:title\" content=\"Seminarixoa\" \/>\n<meta property=\"og:description\" content=\"Seminarixoa Seminarixoa abri\u00f3 sus puertas el 24 de diciembre de 2017 con ayuda de Olentzero y Mari Domingi. Ese d\u00eda los\/as vecinos\/as conocieron el nuevo equipamiento cultural de Bergara. Se trata de un equipamiento cultural que cuenta con la tecnolog\u00eda m\u00e1s moderna del siglo XXI y est\u00e1 enclavado en un edificio hist\u00f3rico patrimonio del siglo [&hellip;]\" \/>\n<meta property=\"og:url\" content=\"https:\/\/seminarixoa.eus\/es\/seminarixoa\/\" \/>\n<meta property=\"og:site_name\" content=\"Seminarixoa\" \/>\n<meta property=\"article:publisher\" content=\"https:\/\/www.facebook.com\/bergarakultura\" \/>\n<meta property=\"article:modified_time\" content=\"2021-03-02T11:01:22+00:00\" \/>\n<meta property=\"og:image\" content=\"https:\/\/seminarixoa.eus\/wp-content\/uploads\/2020\/03\/seminarixoa-fondo-interior2.jpg\" \/>\n\t<meta property=\"og:image:width\" content=\"1905\" \/>\n\t<meta property=\"og:image:height\" content=\"300\" \/>\n\t<meta property=\"og:image:type\" content=\"image\/jpeg\" \/>\n<meta name=\"twitter:card\" content=\"summary_large_image\" \/>\n<meta name=\"twitter:site\" content=\"@BergaraKultura\" \/>\n<meta name=\"twitter:label1\" content=\"Tiempo de lectura\" \/>\n\t<meta name=\"twitter:data1\" content=\"2 minutos\" \/>\n<script type=\"application\/ld+json\" class=\"yoast-schema-graph\">{\"@context\":\"https:\/\/schema.org\",\"@graph\":[{\"@type\":\"WebPage\",\"@id\":\"https:\/\/seminarixoa.eus\/es\/seminarixoa\/\",\"url\":\"https:\/\/seminarixoa.eus\/es\/seminarixoa\/\",\"name\":\"[:es]Seminarixoa[:eu]Seminarixoa[:] - Seminarixoa\",\"isPartOf\":{\"@id\":\"https:\/\/seminarixoa.eus\/es\/#website\"},\"primaryImageOfPage\":{\"@id\":\"https:\/\/seminarixoa.eus\/es\/seminarixoa\/#primaryimage\"},\"image\":{\"@id\":\"https:\/\/seminarixoa.eus\/es\/seminarixoa\/#primaryimage\"},\"thumbnailUrl\":\"https:\/\/seminarixoa.eus\/wp-content\/uploads\/2020\/03\/seminarixoa-fondo-interior2.jpg\",\"datePublished\":\"2020-02-12T11:46:38+00:00\",\"dateModified\":\"2021-03-02T11:01:22+00:00\",\"breadcrumb\":{\"@id\":\"https:\/\/seminarixoa.eus\/es\/seminarixoa\/#breadcrumb\"},\"inLanguage\":\"es-ES\",\"potentialAction\":[{\"@type\":\"ReadAction\",\"target\":[\"https:\/\/seminarixoa.eus\/es\/seminarixoa\/\"]}]},{\"@type\":\"ImageObject\",\"inLanguage\":\"es-ES\",\"@id\":\"https:\/\/seminarixoa.eus\/es\/seminarixoa\/#primaryimage\",\"url\":\"https:\/\/seminarixoa.eus\/wp-content\/uploads\/2020\/03\/seminarixoa-fondo-interior2.jpg\",\"contentUrl\":\"https:\/\/seminarixoa.eus\/wp-content\/uploads\/2020\/03\/seminarixoa-fondo-interior2.jpg\",\"width\":1905,\"height\":300},{\"@type\":\"BreadcrumbList\",\"@id\":\"https:\/\/seminarixoa.eus\/es\/seminarixoa\/#breadcrumb\",\"itemListElement\":[{\"@type\":\"ListItem\",\"position\":1,\"name\":\"Home\",\"item\":\"https:\/\/seminarixoa.eus\/es\/\"},{\"@type\":\"ListItem\",\"position\":2,\"name\":\"Seminarixoa\"}]},{\"@type\":\"WebSite\",\"@id\":\"https:\/\/seminarixoa.eus\/es\/#website\",\"url\":\"https:\/\/seminarixoa.eus\/es\/\",\"name\":\"Bergara Kultura\",\"description\":\"Seminarixoa\",\"publisher\":{\"@id\":\"https:\/\/seminarixoa.eus\/es\/#organization\"},\"potentialAction\":[{\"@type\":\"SearchAction\",\"target\":{\"@type\":\"EntryPoint\",\"urlTemplate\":\"https:\/\/seminarixoa.eus\/es\/?s={search_term_string}\"},\"query-input\":{\"@type\":\"PropertyValueSpecification\",\"valueRequired\":true,\"valueName\":\"search_term_string\"}}],\"inLanguage\":\"es-ES\"},{\"@type\":\"Organization\",\"@id\":\"https:\/\/seminarixoa.eus\/es\/#organization\",\"name\":\"Bergara Kultura\",\"url\":\"https:\/\/seminarixoa.eus\/es\/\",\"logo\":{\"@type\":\"ImageObject\",\"inLanguage\":\"es-ES\",\"@id\":\"https:\/\/seminarixoa.eus\/es\/#\/schema\/logo\/image\/\",\"url\":\"https:\/\/seminarixoa.eus\/wp-content\/uploads\/2020\/01\/Logoa_beltza.jpg\",\"contentUrl\":\"https:\/\/seminarixoa.eus\/wp-content\/uploads\/2020\/01\/Logoa_beltza.jpg\",\"width\":255,\"height\":157,\"caption\":\"Bergara Kultura\"},\"image\":{\"@id\":\"https:\/\/seminarixoa.eus\/es\/#\/schema\/logo\/image\/\"},\"sameAs\":[\"https:\/\/www.facebook.com\/bergarakultura\",\"https:\/\/x.com\/BergaraKultura\",\"https:\/\/www.instagram.com\/bergara_kultura\/\",\"https:\/\/www.youtube.com\/channel\/UCxrRFHA1I4IaCs-QOQfAq0Q\"]}]}<\/script>\n<!-- \/ Yoast SEO plugin. -->","yoast_head_json":{"title":"Seminarixoa - Seminarixoa","robots":{"index":"index","follow":"follow","max-snippet":"max-snippet:-1","max-image-preview":"max-image-preview:large","max-video-preview":"max-video-preview:-1"},"canonical":"https:\/\/seminarixoa.eus\/es\/seminarixoa\/","og_locale":"es_ES","og_type":"article","og_title":"[:es]Seminarixoa[:eu]Seminarixoa[:] - Seminarixoa","og_description":"Seminarixoa Seminarixoa abri\u00f3 sus puertas el 24 de diciembre de 2017 con ayuda de Olentzero y Mari Domingi. Ese d\u00eda los\/as vecinos\/as conocieron el nuevo equipamiento cultural de Bergara. Se trata de un equipamiento cultural que cuenta con la tecnolog\u00eda m\u00e1s moderna del siglo XXI y est\u00e1 enclavado en un edificio hist\u00f3rico patrimonio del siglo [&hellip;]","og_url":"https:\/\/seminarixoa.eus\/es\/seminarixoa\/","og_site_name":"Seminarixoa","article_publisher":"https:\/\/www.facebook.com\/bergarakultura","article_modified_time":"2021-03-02T11:01:22+00:00","og_image":[{"width":1905,"height":300,"url":"https:\/\/seminarixoa.eus\/wp-content\/uploads\/2020\/03\/seminarixoa-fondo-interior2.jpg","type":"image\/jpeg"}],"twitter_card":"summary_large_image","twitter_site":"@BergaraKultura","twitter_misc":{"Tiempo de lectura":"2 minutos"},"schema":{"@context":"https:\/\/schema.org","@graph":[{"@type":"WebPage","@id":"https:\/\/seminarixoa.eus\/es\/seminarixoa\/","url":"https:\/\/seminarixoa.eus\/es\/seminarixoa\/","name":"[:es]Seminarixoa[:eu]Seminarixoa[:] - Seminarixoa","isPartOf":{"@id":"https:\/\/seminarixoa.eus\/es\/#website"},"primaryImageOfPage":{"@id":"https:\/\/seminarixoa.eus\/es\/seminarixoa\/#primaryimage"},"image":{"@id":"https:\/\/seminarixoa.eus\/es\/seminarixoa\/#primaryimage"},"thumbnailUrl":"https:\/\/seminarixoa.eus\/wp-content\/uploads\/2020\/03\/seminarixoa-fondo-interior2.jpg","datePublished":"2020-02-12T11:46:38+00:00","dateModified":"2021-03-02T11:01:22+00:00","breadcrumb":{"@id":"https:\/\/seminarixoa.eus\/es\/seminarixoa\/#breadcrumb"},"inLanguage":"es-ES","potentialAction":[{"@type":"ReadAction","target":["https:\/\/seminarixoa.eus\/es\/seminarixoa\/"]}]},{"@type":"ImageObject","inLanguage":"es-ES","@id":"https:\/\/seminarixoa.eus\/es\/seminarixoa\/#primaryimage","url":"https:\/\/seminarixoa.eus\/wp-content\/uploads\/2020\/03\/seminarixoa-fondo-interior2.jpg","contentUrl":"https:\/\/seminarixoa.eus\/wp-content\/uploads\/2020\/03\/seminarixoa-fondo-interior2.jpg","width":1905,"height":300},{"@type":"BreadcrumbList","@id":"https:\/\/seminarixoa.eus\/es\/seminarixoa\/#breadcrumb","itemListElement":[{"@type":"ListItem","position":1,"name":"Home","item":"https:\/\/seminarixoa.eus\/es\/"},{"@type":"ListItem","position":2,"name":"Seminarixoa"}]},{"@type":"WebSite","@id":"https:\/\/seminarixoa.eus\/es\/#website","url":"https:\/\/seminarixoa.eus\/es\/","name":"Bergara Kultura","description":"Seminarixoa","publisher":{"@id":"https:\/\/seminarixoa.eus\/es\/#organization"},"potentialAction":[{"@type":"SearchAction","target":{"@type":"EntryPoint","urlTemplate":"https:\/\/seminarixoa.eus\/es\/?s={search_term_string}"},"query-input":{"@type":"PropertyValueSpecification","valueRequired":true,"valueName":"search_term_string"}}],"inLanguage":"es-ES"},{"@type":"Organization","@id":"https:\/\/seminarixoa.eus\/es\/#organization","name":"Bergara Kultura","url":"https:\/\/seminarixoa.eus\/es\/","logo":{"@type":"ImageObject","inLanguage":"es-ES","@id":"https:\/\/seminarixoa.eus\/es\/#\/schema\/logo\/image\/","url":"https:\/\/seminarixoa.eus\/wp-content\/uploads\/2020\/01\/Logoa_beltza.jpg","contentUrl":"https:\/\/seminarixoa.eus\/wp-content\/uploads\/2020\/01\/Logoa_beltza.jpg","width":255,"height":157,"caption":"Bergara Kultura"},"image":{"@id":"https:\/\/seminarixoa.eus\/es\/#\/schema\/logo\/image\/"},"sameAs":["https:\/\/www.facebook.com\/bergarakultura","https:\/\/x.com\/BergaraKultura","https:\/\/www.instagram.com\/bergara_kultura\/","https:\/\/www.youtube.com\/channel\/UCxrRFHA1I4IaCs-QOQfAq0Q"]}]}},"_links":{"self":[{"href":"https:\/\/seminarixoa.eus\/es\/wp-json\/wp\/v2\/pages\/934","targetHints":{"allow":["GET"]}}],"collection":[{"href":"https:\/\/seminarixoa.eus\/es\/wp-json\/wp\/v2\/pages"}],"about":[{"href":"https:\/\/seminarixoa.eus\/es\/wp-json\/wp\/v2\/types\/page"}],"author":[{"embeddable":true,"href":"https:\/\/seminarixoa.eus\/es\/wp-json\/wp\/v2\/users\/1"}],"replies":[{"embeddable":true,"href":"https:\/\/seminarixoa.eus\/es\/wp-json\/wp\/v2\/comments?post=934"}],"version-history":[{"count":4,"href":"https:\/\/seminarixoa.eus\/es\/wp-json\/wp\/v2\/pages\/934\/revisions"}],"predecessor-version":[{"id":2615,"href":"https:\/\/seminarixoa.eus\/es\/wp-json\/wp\/v2\/pages\/934\/revisions\/2615"}],"wp:featuredmedia":[{"embeddable":true,"href":"https:\/\/seminarixoa.eus\/es\/wp-json\/wp\/v2\/media\/1307"}],"wp:attachment":[{"href":"https:\/\/seminarixoa.eus\/es\/wp-json\/wp\/v2\/media?parent=934"}],"curies":[{"name":"wp","href":"https:\/\/api.w.org\/{rel}","templated":true}]}}