{"id":8546,"date":"2026-03-15T19:29:08","date_gmt":"2026-03-15T18:29:08","guid":{"rendered":"https:\/\/seminarixoa.eus\/?post_type=bravo&#038;p=8546"},"modified":"2026-03-15T19:57:20","modified_gmt":"2026-03-15T18:57:20","slug":"el-ultimo-vikingo","status":"publish","type":"bravo","link":"https:\/\/seminarixoa.eus\/es\/gertaera\/el-ultimo-vikingo\/","title":{"rendered":"EL \u00daLTIMO VIKINGO"},"content":{"rendered":"\n<div class=\"wp-block-cover alignfull\" style=\"min-height:530px;aspect-ratio:unset;\"><span aria-hidden=\"true\" class=\"wp-block-cover__background has-background-dim-0 has-background-dim\" style=\"background-color:#565553\"><\/span><img loading=\"lazy\" decoding=\"async\" width=\"1800\" height=\"1200\" class=\"wp-block-cover__image-background wp-image-8548\" alt=\"\" src=\"https:\/\/seminarixoa.eus\/wp-content\/uploads\/2026\/03\/el-ultimo-vikingo-foto.jpg\" data-object-fit=\"cover\" srcset=\"https:\/\/seminarixoa.eus\/wp-content\/uploads\/2026\/03\/el-ultimo-vikingo-foto.jpg 1800w, https:\/\/seminarixoa.eus\/wp-content\/uploads\/2026\/03\/el-ultimo-vikingo-foto-300x200.jpg 300w, https:\/\/seminarixoa.eus\/wp-content\/uploads\/2026\/03\/el-ultimo-vikingo-foto-1024x683.jpg 1024w, https:\/\/seminarixoa.eus\/wp-content\/uploads\/2026\/03\/el-ultimo-vikingo-foto-768x512.jpg 768w, https:\/\/seminarixoa.eus\/wp-content\/uploads\/2026\/03\/el-ultimo-vikingo-foto-1536x1024.jpg 1536w\" sizes=\"auto, (max-width: 1800px) 100vw, 1800px\" \/><div class=\"wp-block-cover__inner-container is-layout-flow wp-block-cover-is-layout-flow\">\n<p class=\"has-text-align-center has-large-font-size\"><\/p>\n<\/div><\/div>\n\n\n\n<div class=\"wp-block-bravo-manager-blocks-bravo-sidebar alignwide\">\n<div class=\"wp-block-columns alignwide bravo-sidebar-columns is-layout-flex wp-container-core-columns-is-layout-1 wp-block-columns-is-layout-flex\">\n<div class=\"wp-block-column is-layout-flow wp-block-column-is-layout-flow\">\n<h1 class=\"wp-block-heading\" id=\"main-title\">El ultimo vikingo<\/h1>\n\n\n\n<h3 class=\"wp-block-heading\">Sinopsis<\/h3>\n\n\n\n<p>Anker sale de prisi\u00f3n tras cumplir una condena de quince a\u00f1os por robo. El dinero del atraco fue enterrado por su hermano Manfred. Solo \u00e9l sabe d\u00f3nde est\u00e1. Por desgracia, desde entonces Manfred ha desarrollado un trastorno mental que le ha hecho olvidarlo todo. Juntos, los hermanos emprenden un viaje inesperado para encontrar el dinero y descubrir qui\u00e9nes son en realidad.<\/p>\n\n\n\n<figure class=\"wp-block-embed is-type-video is-provider-youtube wp-block-embed-youtube wp-embed-aspect-16-9 wp-has-aspect-ratio\"><div class=\"wp-block-embed__wrapper\">\n<iframe loading=\"lazy\" title=\"El \u00faltimo vikingo - Tr\u00e1iler espa\u00f1ol VE - Avalon\" width=\"500\" height=\"281\" src=\"https:\/\/www.youtube.com\/embed\/BoQ75KKRuKU?feature=oembed\" frameborder=\"0\" allow=\"accelerometer; autoplay; clipboard-write; encrypted-media; gyroscope; picture-in-picture; web-share\" referrerpolicy=\"strict-origin-when-cross-origin\" allowfullscreen><\/iframe>\n<\/div><\/figure>\n\n\n\n<h3 class=\"wp-block-heading\">Premios<\/h3>\n\n\n\n<p><strong>2025<\/strong>: Premios del Cine Europeo (EFA): Nominada a Mejor actor.<br><strong>2025<\/strong>: Festival de Sevilla: Nominada a Giraldillo de Oro- Mejor pel\u00edcula.<\/p>\n\n\n\n<h3 class=\"wp-block-heading\">Cr\u00edticas<\/h3>\n\n\n\n<p>\u00abCon su alocada mezcla de g\u00e9neros (\u2026) es una pel\u00edcula tan rara como sus personajes. Tambi\u00e9n es igual de triste y tierna. (\u2026) el conjunto no descarrila, y consigue contar desde su lado m\u00e1s grotesco un inesperado y emotivo relato fraternal.\u00bb <strong>Elsa Fern\u00e1ndez-Santos: Diario El Pa\u00eds<\/strong><br><\/p>\n\n\n\n<p>\u00abUn ejercicio de cine tan exasperante y, por momentos, insufrible como, y esto es lo que importa, libre, desprejuiciado, sangriento y, al final, solo al final, tan desesperado que se dir\u00eda m\u00edstico.\u00bb <strong>Luis Mart\u00ednez: Diario El Mundo<\/strong><br><\/p>\n\n\n\n<p>\u00abToda esa ligereza negra (\u2026) que se solapa con el fr\u00edo y c\u00e1lido dibujo emocional de las dependencias fraternas dejan en esta pel\u00edcula tanto entretenimiento como material humano conmovedor. \u00bb <strong>Oti Rodr\u00edguez Marchante: Diario ABC<\/strong><\/p>\n\n\n\n<p><br><\/p>\n\n\n\n<div style=\"height:25px\" aria-hidden=\"true\" class=\"wp-block-spacer\"><\/div>\n\n\n\n<div style=\"height:25px\" aria-hidden=\"true\" class=\"wp-block-spacer\"><\/div>\n<\/div>\n\n\n\n<div class=\"wp-block-column is-layout-flow wp-block-column-is-layout-flow\">\n<a class=\"wp-block-bravo-manager-blocks-bravo-sidebar-head link-to-bravo-event\" href=\"#\"><div class=\"bravo-sidebar-head\" style=\"background-color:#EDCE80;color:#000000;border-style:solid;border-width:0px;border-color:#000000;margin-top:0;margin-bottom:0;padding-top:10px;padding-right:20px;padding-bottom:10px;padding-left:20px\"><div class=\"bravo-row bravo-align-items-center\"><div class=\"bravo-col-sm-3 bravo-col-md-3 bravo-col-lg-3 bravo-icon-section\"><i class=\"ti-ticket\"><\/i><\/div><div class=\"bravo-col-sm-9 bravo-col-md-9 bravo-col-lg-9 bravo-content-section\"><h5 style=\"font-size:16px\">No esperes m\u00e1s \u00a1 compra aqu\u00ed tu entrada !<\/h5><div style=\"font-size:14px\">Fechas: <br>2026\/04\/19 Domingo<br>2026\/04\/20 Lunes<br><br>Hora: 19:30<br><em>Entradas disponibles a partir del 2026\/03\/15 a las 20:00<\/em><\/div><\/div><\/div><\/div><\/a>\n\n\n\n<hr class=\"wp-block-separator has-css-opacity is-style-wide\" \/>\n\n\n\n<div class=\"wp-block-bravo-manager-blocks-bravo-sidebar-box bravo-sidebar-box\" style=\"margin-top:0;margin-bottom:0\"><div class=\"bravo-row bravo-align-items-center bravo-sidebar-box-head\" style=\"color:#FFFFFF;background-color:#2990E1;padding-top:10px;padding-right:20px;padding-bottom:10px;padding-left:20px\"><div class=\"bravo-col-sm-3 bravo-col-md-3 bravo-col-lg-3 bravo-icon-section\"><i class=\"ti-video-clapper\"><\/i><\/div><div class=\"bravo-col-sm-9 bravo-col-md-9 bravo-col-lg-9 bravo-content-section\"><h5 style=\"font-size:20px\">ZINEA<\/h5><\/div><\/div><div class=\"bravo-row bravo-align-items-center bravo-sidebar-box-body\" style=\"color:#FFFFFF;background-color:#2990E1;padding-top:10px;padding-right:20px;padding-bottom:10px;padding-left:50px\"><div class=\"bravo-col-sm-12 bravo-col-md-12 bravo-col-lg-12\"><p style=\"font-size:16px\"><strong>G\u00e9nero: <\/strong> Comedia. Drama | Comedia negra. Familia<strong><br><\/strong><\/p><\/div><\/div><\/div>\n\n\n\n<div class=\"wp-block-bravo-manager-blocks-bravo-sidebar-box bravo-sidebar-box\" style=\"margin-top:0;margin-bottom:0\"><div class=\"bravo-row bravo-align-items-center bravo-sidebar-box-head\" style=\"color:#FFFFFF;background-color:#2990E1;padding-top:10px;padding-right:20px;padding-bottom:10px;padding-left:20px\"><div class=\"bravo-col-sm-3 bravo-col-md-3 bravo-col-lg-3 bravo-icon-section\"><i class=\"ti-info-alt\"><\/i><\/div><div class=\"bravo-col-sm-9 bravo-col-md-9 bravo-col-lg-9 bravo-content-section\"><\/div><\/div><div class=\"bravo-row bravo-align-items-center bravo-sidebar-box-body\" style=\"color:#FFFFFF;background-color:#2990E1;padding-top:10px;padding-right:20px;padding-bottom:10px;padding-left:50px\"><div class=\"bravo-col-sm-12 bravo-col-md-12 bravo-col-lg-12\"><p style=\"font-size:16px\"><strong>Calificaci\u00f3n: <\/strong>No recomendado para menores de 16 a\u00f1os<strong><br><br>Duraci\u00f3n: <\/strong>116 min.<\/p><\/div><\/div><\/div>\n\n\n\n<div class=\"wp-block-bravo-manager-blocks-bravo-sidebar-box bravo-sidebar-box\" style=\"margin-top:0;margin-bottom:0\"><div class=\"bravo-row bravo-align-items-center bravo-sidebar-box-head\" style=\"color:#F6F7FB;background-color:#2990E1;padding-top:10px;padding-right:20px;padding-bottom:10px;padding-left:20px\"><div class=\"bravo-col-sm-3 bravo-col-md-3 bravo-col-lg-3 bravo-icon-section\"><i class=\"ti-headphone-alt\"><\/i><\/div><div class=\"bravo-col-sm-9 bravo-col-md-9 bravo-col-lg-9 bravo-content-section\"><\/div><\/div><div class=\"bravo-row bravo-align-items-center bravo-sidebar-box-body\" style=\"color:#F6F7FB;background-color:#2990E1;padding-top:10px;padding-right:20px;padding-bottom:10px;padding-left:50px\"><div class=\"bravo-col-sm-12 bravo-col-md-12 bravo-col-lg-12\"><p style=\"font-size:16px\"><strong>Idioma: <\/strong>ES<\/p><\/div><\/div><\/div>\n\n\n\n<hr class=\"wp-block-separator has-css-opacity is-style-wide\" \/>\n\n\n\n<div class=\"wp-block-bravo-manager-blocks-bravo-sidebar-box bravo-sidebar-box\" style=\"margin-top:0;margin-bottom:0\"><div class=\"bravo-row bravo-align-items-center bravo-sidebar-box-head\" style=\"color:#edce80;background-color:#484554;padding-top:10px;padding-right:20px;padding-bottom:10px;padding-left:20px\"><div class=\"bravo-col-sm-3 bravo-col-md-3 bravo-col-lg-3 bravo-icon-section\"><i class=\"ti-clipboard\"><\/i><\/div><div class=\"bravo-col-sm-9 bravo-col-md-9 bravo-col-lg-9 bravo-content-section\"><h5 style=\"font-size:16px\">Ficha t\u00e9cnica<\/h5><\/div><\/div><div class=\"bravo-row bravo-align-items-center bravo-sidebar-box-body\" style=\"color:#edce80;background-color:#484554;padding-top:10px;padding-right:20px;padding-bottom:10px;padding-left:20px\"><div class=\"bravo-col-sm-12 bravo-col-md-12 bravo-col-lg-12\"><p style=\"font-size:14px\"><strong>T\u00edtulo original<\/strong>: Den Sidste Viking<br><strong>A\u00f1o<\/strong>: 2025<br><strong>Duraci\u00f3n<\/strong>: 116 min.<br><strong>Pa\u00eds<\/strong>: Dinamarca<br><strong>Direcci\u00f3<\/strong>n: Anders Thomas Jensen<br><strong>Guion<\/strong>: Anders Thomas Jensen <br><strong>Reparto<\/strong>: Mads Mikkelsen, Nikolaj Lie Kaas, Lars Ranthe, Sofie Gr\u00e5b\u00f8l, Kardo Razzazi, Lars Brygmann, S\u00f8ren Malling, Nicolas Bro, Bodil J\u00f8rgensen, Anette St\u00f8velb\u00e6k, Rikke Louise Andersson, Klaus S\u00f8ndergaard<br><strong>M\u00fasica<\/strong>: Jeppe Kaas<br><strong>Fotograf\u00eda<\/strong>: Sebastian Blenkov<br><strong>Com<\/strong>pa\u00f1\u00edas: Coproducci\u00f3n Dinamarca-Suecia; Zentropa Productions, Film i V\u00e4st, Film Fyn, TV2, The Danish Film Institute Archive, Zentropa Sweden<br><strong>G\u00e9nero: <\/strong> Comedia. Drama | Comedia negra. Familia<\/p><\/div><\/div><\/div>\n\n\n\n<hr class=\"wp-block-separator has-css-opacity is-style-wide\" \/>\n\n\n\n<figure class=\"wp-block-image size-full\"><img loading=\"lazy\" decoding=\"async\" width=\"640\" height=\"914\" src=\"https:\/\/seminarixoa.eus\/wp-content\/uploads\/2026\/03\/el-ultimo-vikingo.jpg\" alt=\"\" class=\"wp-image-8547\" srcset=\"https:\/\/seminarixoa.eus\/wp-content\/uploads\/2026\/03\/el-ultimo-vikingo.jpg 640w, https:\/\/seminarixoa.eus\/wp-content\/uploads\/2026\/03\/el-ultimo-vikingo-210x300.jpg 210w\" sizes=\"auto, (max-width: 640px) 100vw, 640px\" \/><\/figure>\n<\/div>\n<\/div>\n<\/div>\n\n\n\n<div style=\"height:50px\" aria-hidden=\"true\" class=\"wp-block-spacer\"><\/div>\n","protected":false},"excerpt":{"rendered":"","protected":false},"featured_media":8547,"parent":0,"menu_order":0,"template":"","bravo_category":[20],"class_list":["post-8546","bravo","type-bravo","status-publish","has-post-thumbnail","hentry","bravo_category-zinea-komertziala"],"yoast_head":"<!-- This site is optimized with the Yoast SEO plugin v26.6 - https:\/\/yoast.com\/wordpress\/plugins\/seo\/ -->\n<title>EL \u00daLTIMO VIKINGO - Seminarixoa<\/title>\n<meta name=\"robots\" content=\"index, follow, max-snippet:-1, max-image-preview:large, max-video-preview:-1\" \/>\n<link rel=\"canonical\" href=\"https:\/\/seminarixoa.eus\/gertaera\/el-ultimo-vikingo\/\" \/>\n<meta property=\"og:locale\" content=\"es_ES\" \/>\n<meta property=\"og:type\" content=\"article\" \/>\n<meta property=\"og:title\" content=\"EL \u00daLTIMO VIKINGO - Seminarixoa\" \/>\n<meta property=\"og:url\" content=\"https:\/\/seminarixoa.eus\/gertaera\/el-ultimo-vikingo\/\" \/>\n<meta property=\"og:site_name\" content=\"Seminarixoa\" \/>\n<meta property=\"article:publisher\" content=\"https:\/\/www.facebook.com\/bergarakultura\" \/>\n<meta property=\"article:modified_time\" content=\"2026-03-15T18:57:20+00:00\" \/>\n<meta property=\"og:image\" content=\"https:\/\/seminarixoa.eus\/wp-content\/uploads\/2026\/03\/el-ultimo-vikingo.jpg\" \/>\n\t<meta property=\"og:image:width\" content=\"640\" \/>\n\t<meta property=\"og:image:height\" content=\"914\" \/>\n\t<meta property=\"og:image:type\" content=\"image\/jpeg\" \/>\n<meta name=\"twitter:card\" content=\"summary_large_image\" \/>\n<meta name=\"twitter:site\" content=\"@BergaraKultura\" \/>\n<meta name=\"twitter:label1\" content=\"Tiempo de lectura\" \/>\n\t<meta name=\"twitter:data1\" content=\"2 minutos\" \/>\n<script type=\"application\/ld+json\" class=\"yoast-schema-graph\">{\"@context\":\"https:\/\/schema.org\",\"@graph\":[{\"@type\":\"WebPage\",\"@id\":\"https:\/\/seminarixoa.eus\/gertaera\/el-ultimo-vikingo\/\",\"url\":\"https:\/\/seminarixoa.eus\/gertaera\/el-ultimo-vikingo\/\",\"name\":\"EL \u00daLTIMO VIKINGO - Seminarixoa\",\"isPartOf\":{\"@id\":\"https:\/\/seminarixoa.eus\/es\/#website\"},\"primaryImageOfPage\":{\"@id\":\"https:\/\/seminarixoa.eus\/gertaera\/el-ultimo-vikingo\/#primaryimage\"},\"image\":{\"@id\":\"https:\/\/seminarixoa.eus\/gertaera\/el-ultimo-vikingo\/#primaryimage\"},\"thumbnailUrl\":\"https:\/\/seminarixoa.eus\/wp-content\/uploads\/2026\/03\/el-ultimo-vikingo.jpg\",\"datePublished\":\"2026-03-15T18:29:08+00:00\",\"dateModified\":\"2026-03-15T18:57:20+00:00\",\"breadcrumb\":{\"@id\":\"https:\/\/seminarixoa.eus\/gertaera\/el-ultimo-vikingo\/#breadcrumb\"},\"inLanguage\":\"es-ES\",\"potentialAction\":[{\"@type\":\"ReadAction\",\"target\":[\"https:\/\/seminarixoa.eus\/gertaera\/el-ultimo-vikingo\/\"]}]},{\"@type\":\"ImageObject\",\"inLanguage\":\"es-ES\",\"@id\":\"https:\/\/seminarixoa.eus\/gertaera\/el-ultimo-vikingo\/#primaryimage\",\"url\":\"https:\/\/seminarixoa.eus\/wp-content\/uploads\/2026\/03\/el-ultimo-vikingo.jpg\",\"contentUrl\":\"https:\/\/seminarixoa.eus\/wp-content\/uploads\/2026\/03\/el-ultimo-vikingo.jpg\",\"width\":640,\"height\":914},{\"@type\":\"BreadcrumbList\",\"@id\":\"https:\/\/seminarixoa.eus\/gertaera\/el-ultimo-vikingo\/#breadcrumb\",\"itemListElement\":[{\"@type\":\"ListItem\",\"position\":1,\"name\":\"Home\",\"item\":\"https:\/\/seminarixoa.eus\/es\/\"},{\"@type\":\"ListItem\",\"position\":2,\"name\":\"Bravo Events\",\"item\":\"https:\/\/seminarixoa.eus\/es\/gertaera\/\"},{\"@type\":\"ListItem\",\"position\":3,\"name\":\"EL \u00daLTIMO VIKINGO\"}]},{\"@type\":\"WebSite\",\"@id\":\"https:\/\/seminarixoa.eus\/es\/#website\",\"url\":\"https:\/\/seminarixoa.eus\/es\/\",\"name\":\"Bergara Kultura\",\"description\":\"Seminarixoa\",\"publisher\":{\"@id\":\"https:\/\/seminarixoa.eus\/es\/#organization\"},\"potentialAction\":[{\"@type\":\"SearchAction\",\"target\":{\"@type\":\"EntryPoint\",\"urlTemplate\":\"https:\/\/seminarixoa.eus\/es\/?s={search_term_string}\"},\"query-input\":{\"@type\":\"PropertyValueSpecification\",\"valueRequired\":true,\"valueName\":\"search_term_string\"}}],\"inLanguage\":\"es-ES\"},{\"@type\":\"Organization\",\"@id\":\"https:\/\/seminarixoa.eus\/es\/#organization\",\"name\":\"Bergara Kultura\",\"url\":\"https:\/\/seminarixoa.eus\/es\/\",\"logo\":{\"@type\":\"ImageObject\",\"inLanguage\":\"es-ES\",\"@id\":\"https:\/\/seminarixoa.eus\/es\/#\/schema\/logo\/image\/\",\"url\":\"https:\/\/seminarixoa.eus\/wp-content\/uploads\/2020\/01\/Logoa_beltza.jpg\",\"contentUrl\":\"https:\/\/seminarixoa.eus\/wp-content\/uploads\/2020\/01\/Logoa_beltza.jpg\",\"width\":255,\"height\":157,\"caption\":\"Bergara Kultura\"},\"image\":{\"@id\":\"https:\/\/seminarixoa.eus\/es\/#\/schema\/logo\/image\/\"},\"sameAs\":[\"https:\/\/www.facebook.com\/bergarakultura\",\"https:\/\/x.com\/BergaraKultura\",\"https:\/\/www.instagram.com\/bergara_kultura\/\",\"https:\/\/www.youtube.com\/channel\/UCxrRFHA1I4IaCs-QOQfAq0Q\"]}]}<\/script>\n<!-- \/ Yoast SEO plugin. -->","yoast_head_json":{"title":"EL \u00daLTIMO VIKINGO - Seminarixoa","robots":{"index":"index","follow":"follow","max-snippet":"max-snippet:-1","max-image-preview":"max-image-preview:large","max-video-preview":"max-video-preview:-1"},"canonical":"https:\/\/seminarixoa.eus\/gertaera\/el-ultimo-vikingo\/","og_locale":"es_ES","og_type":"article","og_title":"EL \u00daLTIMO VIKINGO - Seminarixoa","og_url":"https:\/\/seminarixoa.eus\/gertaera\/el-ultimo-vikingo\/","og_site_name":"Seminarixoa","article_publisher":"https:\/\/www.facebook.com\/bergarakultura","article_modified_time":"2026-03-15T18:57:20+00:00","og_image":[{"width":640,"height":914,"url":"https:\/\/seminarixoa.eus\/wp-content\/uploads\/2026\/03\/el-ultimo-vikingo.jpg","type":"image\/jpeg"}],"twitter_card":"summary_large_image","twitter_site":"@BergaraKultura","twitter_misc":{"Tiempo de lectura":"2 minutos"},"schema":{"@context":"https:\/\/schema.org","@graph":[{"@type":"WebPage","@id":"https:\/\/seminarixoa.eus\/gertaera\/el-ultimo-vikingo\/","url":"https:\/\/seminarixoa.eus\/gertaera\/el-ultimo-vikingo\/","name":"EL \u00daLTIMO VIKINGO - Seminarixoa","isPartOf":{"@id":"https:\/\/seminarixoa.eus\/es\/#website"},"primaryImageOfPage":{"@id":"https:\/\/seminarixoa.eus\/gertaera\/el-ultimo-vikingo\/#primaryimage"},"image":{"@id":"https:\/\/seminarixoa.eus\/gertaera\/el-ultimo-vikingo\/#primaryimage"},"thumbnailUrl":"https:\/\/seminarixoa.eus\/wp-content\/uploads\/2026\/03\/el-ultimo-vikingo.jpg","datePublished":"2026-03-15T18:29:08+00:00","dateModified":"2026-03-15T18:57:20+00:00","breadcrumb":{"@id":"https:\/\/seminarixoa.eus\/gertaera\/el-ultimo-vikingo\/#breadcrumb"},"inLanguage":"es-ES","potentialAction":[{"@type":"ReadAction","target":["https:\/\/seminarixoa.eus\/gertaera\/el-ultimo-vikingo\/"]}]},{"@type":"ImageObject","inLanguage":"es-ES","@id":"https:\/\/seminarixoa.eus\/gertaera\/el-ultimo-vikingo\/#primaryimage","url":"https:\/\/seminarixoa.eus\/wp-content\/uploads\/2026\/03\/el-ultimo-vikingo.jpg","contentUrl":"https:\/\/seminarixoa.eus\/wp-content\/uploads\/2026\/03\/el-ultimo-vikingo.jpg","width":640,"height":914},{"@type":"BreadcrumbList","@id":"https:\/\/seminarixoa.eus\/gertaera\/el-ultimo-vikingo\/#breadcrumb","itemListElement":[{"@type":"ListItem","position":1,"name":"Home","item":"https:\/\/seminarixoa.eus\/es\/"},{"@type":"ListItem","position":2,"name":"Bravo Events","item":"https:\/\/seminarixoa.eus\/es\/gertaera\/"},{"@type":"ListItem","position":3,"name":"EL \u00daLTIMO VIKINGO"}]},{"@type":"WebSite","@id":"https:\/\/seminarixoa.eus\/es\/#website","url":"https:\/\/seminarixoa.eus\/es\/","name":"Bergara Kultura","description":"Seminarixoa","publisher":{"@id":"https:\/\/seminarixoa.eus\/es\/#organization"},"potentialAction":[{"@type":"SearchAction","target":{"@type":"EntryPoint","urlTemplate":"https:\/\/seminarixoa.eus\/es\/?s={search_term_string}"},"query-input":{"@type":"PropertyValueSpecification","valueRequired":true,"valueName":"search_term_string"}}],"inLanguage":"es-ES"},{"@type":"Organization","@id":"https:\/\/seminarixoa.eus\/es\/#organization","name":"Bergara Kultura","url":"https:\/\/seminarixoa.eus\/es\/","logo":{"@type":"ImageObject","inLanguage":"es-ES","@id":"https:\/\/seminarixoa.eus\/es\/#\/schema\/logo\/image\/","url":"https:\/\/seminarixoa.eus\/wp-content\/uploads\/2020\/01\/Logoa_beltza.jpg","contentUrl":"https:\/\/seminarixoa.eus\/wp-content\/uploads\/2020\/01\/Logoa_beltza.jpg","width":255,"height":157,"caption":"Bergara Kultura"},"image":{"@id":"https:\/\/seminarixoa.eus\/es\/#\/schema\/logo\/image\/"},"sameAs":["https:\/\/www.facebook.com\/bergarakultura","https:\/\/x.com\/BergaraKultura","https:\/\/www.instagram.com\/bergara_kultura\/","https:\/\/www.youtube.com\/channel\/UCxrRFHA1I4IaCs-QOQfAq0Q"]}]}},"_links":{"self":[{"href":"https:\/\/seminarixoa.eus\/es\/wp-json\/wp\/v2\/bravo\/8546","targetHints":{"allow":["GET"]}}],"collection":[{"href":"https:\/\/seminarixoa.eus\/es\/wp-json\/wp\/v2\/bravo"}],"about":[{"href":"https:\/\/seminarixoa.eus\/es\/wp-json\/wp\/v2\/types\/bravo"}],"wp:featuredmedia":[{"embeddable":true,"href":"https:\/\/seminarixoa.eus\/es\/wp-json\/wp\/v2\/media\/8547"}],"wp:attachment":[{"href":"https:\/\/seminarixoa.eus\/es\/wp-json\/wp\/v2\/media?parent=8546"}],"wp:term":[{"taxonomy":"bravo_category","embeddable":true,"href":"https:\/\/seminarixoa.eus\/es\/wp-json\/wp\/v2\/bravo_category?post=8546"}],"curies":[{"name":"wp","href":"https:\/\/api.w.org\/{rel}","templated":true}]}}