{"id":8233,"date":"2025-12-17T11:53:39","date_gmt":"2025-12-17T10:53:39","guid":{"rendered":"https:\/\/seminarixoa.eus\/?post_type=bravo&#038;p=8233"},"modified":"2025-12-17T11:53:41","modified_gmt":"2025-12-17T10:53:41","slug":"bizitzaren-karnabala","status":"publish","type":"bravo","link":"https:\/\/seminarixoa.eus\/es\/gertaera\/bizitzaren-karnabala\/","title":{"rendered":"BIZITZAREN KARNABALA"},"content":{"rendered":"\n<div class=\"wp-block-cover alignfull\"><span aria-hidden=\"true\" class=\"wp-block-cover__background has-background-dim-0 has-background-dim\" style=\"background-color:#481d0c\"><\/span><img loading=\"lazy\" decoding=\"async\" width=\"1920\" height=\"1279\" class=\"wp-block-cover__image-background wp-image-8234\" alt=\"\" src=\"https:\/\/seminarixoa.eus\/wp-content\/uploads\/2025\/12\/Carnaval-de-la-vida-Canti-Vaganti-Foto-2.jpg\" style=\"object-position:50% 83%\" data-object-fit=\"cover\" data-object-position=\"50% 83%\" srcset=\"https:\/\/seminarixoa.eus\/wp-content\/uploads\/2025\/12\/Carnaval-de-la-vida-Canti-Vaganti-Foto-2.jpg 1920w, https:\/\/seminarixoa.eus\/wp-content\/uploads\/2025\/12\/Carnaval-de-la-vida-Canti-Vaganti-Foto-2-300x200.jpg 300w, https:\/\/seminarixoa.eus\/wp-content\/uploads\/2025\/12\/Carnaval-de-la-vida-Canti-Vaganti-Foto-2-1024x682.jpg 1024w, https:\/\/seminarixoa.eus\/wp-content\/uploads\/2025\/12\/Carnaval-de-la-vida-Canti-Vaganti-Foto-2-768x512.jpg 768w, https:\/\/seminarixoa.eus\/wp-content\/uploads\/2025\/12\/Carnaval-de-la-vida-Canti-Vaganti-Foto-2-1536x1023.jpg 1536w\" sizes=\"auto, (max-width: 1920px) 100vw, 1920px\" \/><div class=\"wp-block-cover__inner-container is-layout-flow wp-block-cover-is-layout-flow\">\n<p class=\"has-text-align-center has-large-font-size\"><\/p>\n<\/div><\/div>\n\n\n\n<div class=\"wp-block-bravo-manager-blocks-bravo-sidebar alignwide\">\n<div class=\"wp-block-columns alignwide bravo-sidebar-columns is-layout-flex wp-container-core-columns-is-layout-1 wp-block-columns-is-layout-flex\">\n<div class=\"wp-block-column is-layout-flow wp-block-column-is-layout-flow\">\n<h2 class=\"wp-block-heading bravo-sidebar-title\" id=\"zuhaitzak-landatzen-zituen-gizona\">BIZITZAREN KARNABALA<\/h2>\n\n\n\n<p>Carnaval de la vida es un espect\u00e1culo de teatro musical para toda la familia que celebra la maravilla que es vivir.<br>Canti Vaganti narra la historia de una pareja al rev\u00e9s. A medida que avanza la obra, los dos viejitos van rejuveneciendo hasta convertirse en beb\u00e9s.<\/p>\n\n\n\n<p>La compa\u00f1\u00eda \u00edtalo-holandesa combina m\u00fasica en vivo, teatro gestual, humor, teatro de objetos, y como en todas sus propuestas, invita al p\u00fablico a participar activamente. Los artistas juegan con la ropa como dos ni\u00f1os que abren el armario de sus padres para disfrazarse de otras personas.<\/p>\n\n\n\n<p>Porque cada etapa de la vida puede ser un carnaval, y el simple hecho de haber nacido merece ser festejado.<\/p>\n\n\n\n<figure class=\"wp-block-embed is-type-video is-provider-youtube wp-block-embed-youtube wp-embed-aspect-16-9 wp-has-aspect-ratio\"><div class=\"wp-block-embed__wrapper\">\n<iframe loading=\"lazy\" title=\"Canti Vaganti: Carnaval de la vida (official teaser)\" width=\"500\" height=\"281\" src=\"https:\/\/www.youtube.com\/embed\/Yyp6PQP6pk4?feature=oembed\" frameborder=\"0\" allow=\"accelerometer; autoplay; clipboard-write; encrypted-media; gyroscope; picture-in-picture; web-share\" referrerpolicy=\"strict-origin-when-cross-origin\" allowfullscreen><\/iframe>\n<\/div><\/figure>\n\n\n\n<p class=\"has-regular-font-size\"><strong>FICHA ARTISTICA<\/strong><\/p>\n\n\n\n<ul class=\"wp-block-list\">\n<li>Direcci\u00f3n: Adrian Schvarzstein<\/li>\n\n\n\n<li>Interpretaci\u00f3n y creaci\u00f3n: Kateleine van der Maas, Bruno Gullo<\/li>\n\n\n\n<li>Escenograf\u00eda y vestuario: Anna Tusell<\/li>\n\n\n\n<li>Iluminaci\u00f3n: Ra\u00fal Baena &#038; Edu Vizuete<\/li>\n\n\n\n<li>Espacio sonoro: Mauri Corretj\u00e9<\/li>\n\n\n\n<li>Dise\u00f1o de maquillaje: Monica Laparra Gasco<\/li>\n\n\n\n<li>Coordinaci\u00f3n t\u00e9cnica: Ana L\u00f3pez &#038; Luna Castanz<\/li>\n\n\n\n<li>Sastre: David DeGea<\/li>\n\n\n\n<li>Fotos: Carlos Pe\u00f1a<\/li>\n<\/ul>\n\n\n\n<p><\/p>\n<\/div>\n\n\n\n<div class=\"wp-block-column is-layout-flow wp-block-column-is-layout-flow\" style=\"flex-basis:500px\">\n<a class=\"wp-block-bravo-manager-blocks-bravo-sidebar-head link-to-bravo-event\" href=\"#\"><div class=\"bravo-sidebar-head\" style=\"background-color:#EDCE80;color:#000000;border-style:solid;border-width:0px;border-color:#000000;margin-top:0;margin-bottom:0;padding-top:10px;padding-right:20px;padding-bottom:10px;padding-left:20px\"><div class=\"bravo-row bravo-align-items-center\"><div class=\"bravo-col-sm-3 bravo-col-md-3 bravo-col-lg-3 bravo-icon-section\"><i class=\"ti-ticket\"><\/i><\/div><div class=\"bravo-col-sm-9 bravo-col-md-9 bravo-col-lg-9 bravo-content-section\"><h5 style=\"font-size:16px\">Compra tu entrada aqui<\/h5><div style=\"font-size:14px\">Fecha: 24\/01\/2026<br>Hora: 18:00<br><sub><em><strong>Entradas disponibles a partir del 17\/12\/2025 a las 18:00<\/strong><\/em><\/sub><\/div><\/div><\/div><\/div><\/a>\n\n\n\n<hr class=\"wp-block-separator has-css-opacity is-style-wide\" \/>\n\n\n\n<div class=\"wp-block-bravo-manager-blocks-bravo-sidebar-box bravo-sidebar-box\" style=\"margin-top:0;margin-bottom:0\"><div class=\"bravo-row bravo-align-items-center bravo-sidebar-box-head\" style=\"color:#FFFFFF;background-color:#EA6B7F;padding-top:10px;padding-right:20px;padding-bottom:10px;padding-left:20px\"><div class=\"bravo-col-sm-3 bravo-col-md-3 bravo-col-lg-3 bravo-icon-section\"><i class=\"ti-heart\"><\/i><\/div><div class=\"bravo-col-sm-9 bravo-col-md-9 bravo-col-lg-9 bravo-content-section\"><h5 style=\"font-size:16px\">TEATRO PARA NI\u00d1@S ENTRE 4 y 99 A\u00d1OS<\/h5><\/div><\/div><div class=\"bravo-row bravo-align-items-center bravo-sidebar-box-body\" style=\"color:#edce80;background-color:#484554;padding-top:0;padding-right:0;padding-bottom:0;padding-left:0\"><div class=\"bravo-col-sm-12 bravo-col-md-12 bravo-col-lg-12\"><\/div><\/div><\/div>\n\n\n\n<div class=\"wp-block-bravo-manager-blocks-bravo-sidebar-box bravo-sidebar-box\" style=\"margin-top:0;margin-bottom:0\"><div class=\"bravo-row bravo-align-items-center bravo-sidebar-box-head\" style=\"color:#FFFFFF;background-color:#EA6B7F;padding-top:10px;padding-right:20px;padding-bottom:10px;padding-left:20px\"><div class=\"bravo-col-sm-3 bravo-col-md-3 bravo-col-lg-3 bravo-icon-section\"><i class=\"ti-headphone\"><\/i><\/div><div class=\"bravo-col-sm-9 bravo-col-md-9 bravo-col-lg-9 bravo-content-section\"><h5 style=\"font-size:16px\">Idioma:  Gestual<\/h5><\/div><\/div><div class=\"bravo-row bravo-align-items-center bravo-sidebar-box-body\" style=\"color:#edce80;background-color:#484554;padding-top:0;padding-right:0;padding-bottom:0;padding-left:0\"><div class=\"bravo-col-sm-12 bravo-col-md-12 bravo-col-lg-12\"><\/div><\/div><\/div>\n\n\n\n<div class=\"wp-block-bravo-manager-blocks-bravo-sidebar-box bravo-sidebar-box\" style=\"margin-top:0;margin-bottom:0\"><div class=\"bravo-row bravo-align-items-center bravo-sidebar-box-head\" style=\"color:#FFFFFF;background-color:#EA6B7F;padding-top:10px;padding-right:20px;padding-bottom:10px;padding-left:20px\"><div class=\"bravo-col-sm-3 bravo-col-md-3 bravo-col-lg-3 bravo-icon-section\"><i class=\"ti-info-alt\"><\/i><\/div><div class=\"bravo-col-sm-9 bravo-col-md-9 bravo-col-lg-9 bravo-content-section\"><h5 style=\"font-size:16px\">Compa\u00f1\u00eda: CANTI VAGANTI<\/h5><\/div><\/div><div class=\"bravo-row bravo-align-items-center bravo-sidebar-box-body\" style=\"color:#edce80;background-color:#484554;padding-top:0;padding-right:0;padding-bottom:0;padding-left:0\"><div class=\"bravo-col-sm-12 bravo-col-md-12 bravo-col-lg-12\"><\/div><\/div><\/div>\n\n\n\n<div class=\"wp-block-bravo-manager-blocks-bravo-sidebar-box bravo-sidebar-box\" style=\"margin-top:0;margin-bottom:0\"><div class=\"bravo-row bravo-align-items-center bravo-sidebar-box-head\" style=\"color:#FFFFFF;background-color:#EA6B7F;padding-top:10px;padding-right:20px;padding-bottom:10px;padding-left:20px\"><div class=\"bravo-col-sm-3 bravo-col-md-3 bravo-col-lg-3 bravo-icon-section\"><i class=\"ti-credit-card\"><\/i><\/div><div class=\"bravo-col-sm-9 bravo-col-md-9 bravo-col-lg-9 bravo-content-section\"><h5 style=\"font-size:16px\">Entrada: 4\u20ac<\/h5><\/div><\/div><div class=\"bravo-row bravo-align-items-center bravo-sidebar-box-body\" style=\"color:#484554;background-color:#484554;padding-top:0;padding-right:0;padding-bottom:0;padding-left:0\"><div class=\"bravo-col-sm-12 bravo-col-md-12 bravo-col-lg-12\"><\/div><\/div><\/div>\n\n\n\n<figure class=\"wp-block-image size-full is-resized\"><img loading=\"lazy\" decoding=\"async\" width=\"1810\" height=\"2560\" src=\"https:\/\/seminarixoa.eus\/wp-content\/uploads\/2025\/12\/CARTEL-A3-KARNABALA-euskera-low-scaled.jpg\" alt=\"\" class=\"wp-image-8235\" style=\"width:374px;height:auto\" srcset=\"https:\/\/seminarixoa.eus\/wp-content\/uploads\/2025\/12\/CARTEL-A3-KARNABALA-euskera-low-scaled.jpg 1810w, https:\/\/seminarixoa.eus\/wp-content\/uploads\/2025\/12\/CARTEL-A3-KARNABALA-euskera-low-212x300.jpg 212w, https:\/\/seminarixoa.eus\/wp-content\/uploads\/2025\/12\/CARTEL-A3-KARNABALA-euskera-low-724x1024.jpg 724w, https:\/\/seminarixoa.eus\/wp-content\/uploads\/2025\/12\/CARTEL-A3-KARNABALA-euskera-low-768x1086.jpg 768w, https:\/\/seminarixoa.eus\/wp-content\/uploads\/2025\/12\/CARTEL-A3-KARNABALA-euskera-low-1086x1536.jpg 1086w, https:\/\/seminarixoa.eus\/wp-content\/uploads\/2025\/12\/CARTEL-A3-KARNABALA-euskera-low-1448x2048.jpg 1448w\" sizes=\"auto, (max-width: 1810px) 100vw, 1810px\" \/><\/figure>\n<\/div>\n<\/div>\n<\/div>\n","protected":false},"excerpt":{"rendered":"","protected":false},"featured_media":8235,"parent":0,"menu_order":0,"template":"","bravo_category":[27,21],"class_list":["post-8233","bravo","type-bravo","status-publish","has-post-thumbnail","hentry","bravo_category-familientzat","bravo_category-antzerkia"],"yoast_head":"<!-- This site is optimized with the Yoast SEO plugin v26.6 - https:\/\/yoast.com\/wordpress\/plugins\/seo\/ -->\n<title>BIZITZAREN KARNABALA - Seminarixoa<\/title>\n<meta name=\"robots\" content=\"index, follow, max-snippet:-1, max-image-preview:large, max-video-preview:-1\" \/>\n<link rel=\"canonical\" href=\"https:\/\/seminarixoa.eus\/es\/gertaera\/bizitzaren-karnabala\/\" \/>\n<meta property=\"og:locale\" content=\"es_ES\" \/>\n<meta property=\"og:type\" content=\"article\" \/>\n<meta property=\"og:title\" content=\"BIZITZAREN KARNABALA - Seminarixoa\" \/>\n<meta property=\"og:url\" content=\"https:\/\/seminarixoa.eus\/es\/gertaera\/bizitzaren-karnabala\/\" \/>\n<meta property=\"og:site_name\" content=\"Seminarixoa\" \/>\n<meta property=\"article:publisher\" content=\"https:\/\/www.facebook.com\/bergarakultura\" \/>\n<meta property=\"article:modified_time\" content=\"2025-12-17T10:53:41+00:00\" \/>\n<meta property=\"og:image\" content=\"https:\/\/seminarixoa.eus\/wp-content\/uploads\/2025\/12\/CARTEL-A3-KARNABALA-euskera-low-scaled.jpg\" \/>\n\t<meta property=\"og:image:width\" content=\"1810\" \/>\n\t<meta property=\"og:image:height\" content=\"2560\" \/>\n\t<meta property=\"og:image:type\" content=\"image\/jpeg\" \/>\n<meta name=\"twitter:card\" content=\"summary_large_image\" \/>\n<meta name=\"twitter:site\" content=\"@BergaraKultura\" \/>\n<meta name=\"twitter:label1\" content=\"Tiempo de lectura\" \/>\n\t<meta name=\"twitter:data1\" content=\"2 minutos\" \/>\n<script type=\"application\/ld+json\" class=\"yoast-schema-graph\">{\"@context\":\"https:\/\/schema.org\",\"@graph\":[{\"@type\":\"WebPage\",\"@id\":\"https:\/\/seminarixoa.eus\/es\/gertaera\/bizitzaren-karnabala\/\",\"url\":\"https:\/\/seminarixoa.eus\/es\/gertaera\/bizitzaren-karnabala\/\",\"name\":\"BIZITZAREN KARNABALA - Seminarixoa\",\"isPartOf\":{\"@id\":\"https:\/\/seminarixoa.eus\/es\/#website\"},\"primaryImageOfPage\":{\"@id\":\"https:\/\/seminarixoa.eus\/es\/gertaera\/bizitzaren-karnabala\/#primaryimage\"},\"image\":{\"@id\":\"https:\/\/seminarixoa.eus\/es\/gertaera\/bizitzaren-karnabala\/#primaryimage\"},\"thumbnailUrl\":\"https:\/\/seminarixoa.eus\/wp-content\/uploads\/2025\/12\/CARTEL-A3-KARNABALA-euskera-low-scaled.jpg\",\"datePublished\":\"2025-12-17T10:53:39+00:00\",\"dateModified\":\"2025-12-17T10:53:41+00:00\",\"breadcrumb\":{\"@id\":\"https:\/\/seminarixoa.eus\/es\/gertaera\/bizitzaren-karnabala\/#breadcrumb\"},\"inLanguage\":\"es-ES\",\"potentialAction\":[{\"@type\":\"ReadAction\",\"target\":[\"https:\/\/seminarixoa.eus\/es\/gertaera\/bizitzaren-karnabala\/\"]}]},{\"@type\":\"ImageObject\",\"inLanguage\":\"es-ES\",\"@id\":\"https:\/\/seminarixoa.eus\/es\/gertaera\/bizitzaren-karnabala\/#primaryimage\",\"url\":\"https:\/\/seminarixoa.eus\/wp-content\/uploads\/2025\/12\/CARTEL-A3-KARNABALA-euskera-low-scaled.jpg\",\"contentUrl\":\"https:\/\/seminarixoa.eus\/wp-content\/uploads\/2025\/12\/CARTEL-A3-KARNABALA-euskera-low-scaled.jpg\",\"width\":1810,\"height\":2560},{\"@type\":\"BreadcrumbList\",\"@id\":\"https:\/\/seminarixoa.eus\/es\/gertaera\/bizitzaren-karnabala\/#breadcrumb\",\"itemListElement\":[{\"@type\":\"ListItem\",\"position\":1,\"name\":\"Home\",\"item\":\"https:\/\/seminarixoa.eus\/es\/\"},{\"@type\":\"ListItem\",\"position\":2,\"name\":\"Bravo Events\",\"item\":\"https:\/\/seminarixoa.eus\/es\/gertaera\/\"},{\"@type\":\"ListItem\",\"position\":3,\"name\":\"BIZITZAREN KARNABALA\"}]},{\"@type\":\"WebSite\",\"@id\":\"https:\/\/seminarixoa.eus\/es\/#website\",\"url\":\"https:\/\/seminarixoa.eus\/es\/\",\"name\":\"Bergara Kultura\",\"description\":\"Seminarixoa\",\"publisher\":{\"@id\":\"https:\/\/seminarixoa.eus\/es\/#organization\"},\"potentialAction\":[{\"@type\":\"SearchAction\",\"target\":{\"@type\":\"EntryPoint\",\"urlTemplate\":\"https:\/\/seminarixoa.eus\/es\/?s={search_term_string}\"},\"query-input\":{\"@type\":\"PropertyValueSpecification\",\"valueRequired\":true,\"valueName\":\"search_term_string\"}}],\"inLanguage\":\"es-ES\"},{\"@type\":\"Organization\",\"@id\":\"https:\/\/seminarixoa.eus\/es\/#organization\",\"name\":\"Bergara Kultura\",\"url\":\"https:\/\/seminarixoa.eus\/es\/\",\"logo\":{\"@type\":\"ImageObject\",\"inLanguage\":\"es-ES\",\"@id\":\"https:\/\/seminarixoa.eus\/es\/#\/schema\/logo\/image\/\",\"url\":\"https:\/\/seminarixoa.eus\/wp-content\/uploads\/2020\/01\/Logoa_beltza.jpg\",\"contentUrl\":\"https:\/\/seminarixoa.eus\/wp-content\/uploads\/2020\/01\/Logoa_beltza.jpg\",\"width\":255,\"height\":157,\"caption\":\"Bergara Kultura\"},\"image\":{\"@id\":\"https:\/\/seminarixoa.eus\/es\/#\/schema\/logo\/image\/\"},\"sameAs\":[\"https:\/\/www.facebook.com\/bergarakultura\",\"https:\/\/x.com\/BergaraKultura\",\"https:\/\/www.instagram.com\/bergara_kultura\/\",\"https:\/\/www.youtube.com\/channel\/UCxrRFHA1I4IaCs-QOQfAq0Q\"]}]}<\/script>\n<!-- \/ Yoast SEO plugin. -->","yoast_head_json":{"title":"BIZITZAREN KARNABALA - Seminarixoa","robots":{"index":"index","follow":"follow","max-snippet":"max-snippet:-1","max-image-preview":"max-image-preview:large","max-video-preview":"max-video-preview:-1"},"canonical":"https:\/\/seminarixoa.eus\/es\/gertaera\/bizitzaren-karnabala\/","og_locale":"es_ES","og_type":"article","og_title":"BIZITZAREN KARNABALA - Seminarixoa","og_url":"https:\/\/seminarixoa.eus\/es\/gertaera\/bizitzaren-karnabala\/","og_site_name":"Seminarixoa","article_publisher":"https:\/\/www.facebook.com\/bergarakultura","article_modified_time":"2025-12-17T10:53:41+00:00","og_image":[{"width":1810,"height":2560,"url":"https:\/\/seminarixoa.eus\/wp-content\/uploads\/2025\/12\/CARTEL-A3-KARNABALA-euskera-low-scaled.jpg","type":"image\/jpeg"}],"twitter_card":"summary_large_image","twitter_site":"@BergaraKultura","twitter_misc":{"Tiempo de lectura":"2 minutos"},"schema":{"@context":"https:\/\/schema.org","@graph":[{"@type":"WebPage","@id":"https:\/\/seminarixoa.eus\/es\/gertaera\/bizitzaren-karnabala\/","url":"https:\/\/seminarixoa.eus\/es\/gertaera\/bizitzaren-karnabala\/","name":"BIZITZAREN KARNABALA - Seminarixoa","isPartOf":{"@id":"https:\/\/seminarixoa.eus\/es\/#website"},"primaryImageOfPage":{"@id":"https:\/\/seminarixoa.eus\/es\/gertaera\/bizitzaren-karnabala\/#primaryimage"},"image":{"@id":"https:\/\/seminarixoa.eus\/es\/gertaera\/bizitzaren-karnabala\/#primaryimage"},"thumbnailUrl":"https:\/\/seminarixoa.eus\/wp-content\/uploads\/2025\/12\/CARTEL-A3-KARNABALA-euskera-low-scaled.jpg","datePublished":"2025-12-17T10:53:39+00:00","dateModified":"2025-12-17T10:53:41+00:00","breadcrumb":{"@id":"https:\/\/seminarixoa.eus\/es\/gertaera\/bizitzaren-karnabala\/#breadcrumb"},"inLanguage":"es-ES","potentialAction":[{"@type":"ReadAction","target":["https:\/\/seminarixoa.eus\/es\/gertaera\/bizitzaren-karnabala\/"]}]},{"@type":"ImageObject","inLanguage":"es-ES","@id":"https:\/\/seminarixoa.eus\/es\/gertaera\/bizitzaren-karnabala\/#primaryimage","url":"https:\/\/seminarixoa.eus\/wp-content\/uploads\/2025\/12\/CARTEL-A3-KARNABALA-euskera-low-scaled.jpg","contentUrl":"https:\/\/seminarixoa.eus\/wp-content\/uploads\/2025\/12\/CARTEL-A3-KARNABALA-euskera-low-scaled.jpg","width":1810,"height":2560},{"@type":"BreadcrumbList","@id":"https:\/\/seminarixoa.eus\/es\/gertaera\/bizitzaren-karnabala\/#breadcrumb","itemListElement":[{"@type":"ListItem","position":1,"name":"Home","item":"https:\/\/seminarixoa.eus\/es\/"},{"@type":"ListItem","position":2,"name":"Bravo Events","item":"https:\/\/seminarixoa.eus\/es\/gertaera\/"},{"@type":"ListItem","position":3,"name":"BIZITZAREN KARNABALA"}]},{"@type":"WebSite","@id":"https:\/\/seminarixoa.eus\/es\/#website","url":"https:\/\/seminarixoa.eus\/es\/","name":"Bergara Kultura","description":"Seminarixoa","publisher":{"@id":"https:\/\/seminarixoa.eus\/es\/#organization"},"potentialAction":[{"@type":"SearchAction","target":{"@type":"EntryPoint","urlTemplate":"https:\/\/seminarixoa.eus\/es\/?s={search_term_string}"},"query-input":{"@type":"PropertyValueSpecification","valueRequired":true,"valueName":"search_term_string"}}],"inLanguage":"es-ES"},{"@type":"Organization","@id":"https:\/\/seminarixoa.eus\/es\/#organization","name":"Bergara Kultura","url":"https:\/\/seminarixoa.eus\/es\/","logo":{"@type":"ImageObject","inLanguage":"es-ES","@id":"https:\/\/seminarixoa.eus\/es\/#\/schema\/logo\/image\/","url":"https:\/\/seminarixoa.eus\/wp-content\/uploads\/2020\/01\/Logoa_beltza.jpg","contentUrl":"https:\/\/seminarixoa.eus\/wp-content\/uploads\/2020\/01\/Logoa_beltza.jpg","width":255,"height":157,"caption":"Bergara Kultura"},"image":{"@id":"https:\/\/seminarixoa.eus\/es\/#\/schema\/logo\/image\/"},"sameAs":["https:\/\/www.facebook.com\/bergarakultura","https:\/\/x.com\/BergaraKultura","https:\/\/www.instagram.com\/bergara_kultura\/","https:\/\/www.youtube.com\/channel\/UCxrRFHA1I4IaCs-QOQfAq0Q"]}]}},"_links":{"self":[{"href":"https:\/\/seminarixoa.eus\/es\/wp-json\/wp\/v2\/bravo\/8233","targetHints":{"allow":["GET"]}}],"collection":[{"href":"https:\/\/seminarixoa.eus\/es\/wp-json\/wp\/v2\/bravo"}],"about":[{"href":"https:\/\/seminarixoa.eus\/es\/wp-json\/wp\/v2\/types\/bravo"}],"wp:featuredmedia":[{"embeddable":true,"href":"https:\/\/seminarixoa.eus\/es\/wp-json\/wp\/v2\/media\/8235"}],"wp:attachment":[{"href":"https:\/\/seminarixoa.eus\/es\/wp-json\/wp\/v2\/media?parent=8233"}],"wp:term":[{"taxonomy":"bravo_category","embeddable":true,"href":"https:\/\/seminarixoa.eus\/es\/wp-json\/wp\/v2\/bravo_category?post=8233"}],"curies":[{"name":"wp","href":"https:\/\/api.w.org\/{rel}","templated":true}]}}