{"id":8108,"date":"2025-11-17T21:28:58","date_gmt":"2025-11-17T20:28:58","guid":{"rendered":"https:\/\/seminarixoa.eus\/?post_type=bravo&#038;p=8108"},"modified":"2025-11-17T21:29:58","modified_gmt":"2025-11-17T20:29:58","slug":"olivia-y-el-te","status":"publish","type":"bravo","link":"https:\/\/seminarixoa.eus\/es\/gertaera\/olivia-y-el-te\/","title":{"rendered":"OLIVIA Y EL TERREMOTO INVISIBLE"},"content":{"rendered":"\n<div class=\"wp-block-cover alignfull is-light\" style=\"min-height:535px;aspect-ratio:unset;\"><span aria-hidden=\"true\" class=\"wp-block-cover__background has-background-dim-0 has-background-dim\" style=\"background-color:#937c67\"><\/span><img loading=\"lazy\" decoding=\"async\" width=\"1920\" height=\"1037\" class=\"wp-block-cover__image-background wp-image-8109\" alt=\"\" src=\"https:\/\/seminarixoa.eus\/wp-content\/uploads\/2025\/11\/olivia-portada.jpg\" data-object-fit=\"cover\" srcset=\"https:\/\/seminarixoa.eus\/wp-content\/uploads\/2025\/11\/olivia-portada.jpg 1920w, https:\/\/seminarixoa.eus\/wp-content\/uploads\/2025\/11\/olivia-portada-300x162.jpg 300w, https:\/\/seminarixoa.eus\/wp-content\/uploads\/2025\/11\/olivia-portada-1024x553.jpg 1024w, https:\/\/seminarixoa.eus\/wp-content\/uploads\/2025\/11\/olivia-portada-768x415.jpg 768w, https:\/\/seminarixoa.eus\/wp-content\/uploads\/2025\/11\/olivia-portada-1536x830.jpg 1536w\" sizes=\"auto, (max-width: 1920px) 100vw, 1920px\" \/><div class=\"wp-block-cover__inner-container is-layout-flow wp-block-cover-is-layout-flow\">\n<p class=\"has-text-align-center has-large-font-size\"><\/p>\n<\/div><\/div>\n\n\n\n<div class=\"wp-block-bravo-manager-blocks-bravo-sidebar alignwide\">\n<div class=\"wp-block-columns alignwide bravo-sidebar-columns is-layout-flex wp-container-core-columns-is-layout-1 wp-block-columns-is-layout-flex\">\n<div class=\"wp-block-column is-layout-flow wp-block-column-is-layout-flow\">\n<h2 class=\"wp-block-heading bravo-sidebar-title\">Olivia y el terremoto invisible<\/h2>\n\n\n\n<h3 class=\"wp-block-heading\">Sinopsia<\/h3>\n\n\n\n<p>Olivia, su hermano peque\u00f1o Tim y su madre Ingrid son expulsados de casa y tienen que empezar de cero en otro barrio. Mientras Ingrid hace malabares para resolver la situaci\u00f3n, Olivia se inventa una fantas\u00eda protectora para su hermano y para ella: todo lo que viven no es real, est\u00e1n rodando una pel\u00edcula. Pero esta invenci\u00f3n tendr\u00e1 consecuencias inesperadas. Afortunadamente, a su alrededor se formar\u00e1 una nueva y pintoresca familia con la que vivir\u00e1n rocambolescas aventuras. Entre risas, llantos, magia y amistad, descubrir\u00e1n que son los incre\u00edbles h\u00e9roes cotidianos de sus propias vidas.<br><\/p>\n\n\n\n<figure class=\"wp-block-embed is-type-video is-provider-youtube wp-block-embed-youtube wp-embed-aspect-16-9 wp-has-aspect-ratio\"><div class=\"wp-block-embed__wrapper\">\n<iframe loading=\"lazy\" title=\"OLIVIA Y EL TERREMOTO INVISIBLE. Tr\u00e1iler oficial. 21 de noviembre en cines.\" width=\"500\" height=\"281\" src=\"https:\/\/www.youtube.com\/embed\/sI9Nf6FE95k?feature=oembed\" frameborder=\"0\" allow=\"accelerometer; autoplay; clipboard-write; encrypted-media; gyroscope; picture-in-picture; web-share\" referrerpolicy=\"strict-origin-when-cross-origin\" allowfullscreen><\/iframe>\n<\/div><\/figure>\n\n\n\n<p><\/p>\n\n\n\n<h2 class=\"wp-block-heading\"><strong>Premios<\/strong><\/h2>\n\n\n\n<p><strong>2025<\/strong>: Festival de Valladolid &#8211; Seminci: Nominada a Premio Punto de Encuentro.<br><strong>2025<\/strong>: Festival de Gij\u00f3n: Nominada a Premio Enfants Terribles.<br><strong>2025<\/strong>: Festival de Annecy: Premio Fundaci\u00f3n Gan a la distribuci\u00f3n. 2 nominaciones<\/p>\n\n\n\n<h3 class=\"wp-block-heading\"><\/h3>\n\n\n\n<figure class=\"wp-block-image size-full\"><img loading=\"lazy\" decoding=\"async\" width=\"969\" height=\"400\" src=\"https:\/\/seminarixoa.eus\/wp-content\/uploads\/2025\/11\/Olivia-foto.jpg\" alt=\"\" class=\"wp-image-8110\" srcset=\"https:\/\/seminarixoa.eus\/wp-content\/uploads\/2025\/11\/Olivia-foto.jpg 969w, https:\/\/seminarixoa.eus\/wp-content\/uploads\/2025\/11\/Olivia-foto-300x124.jpg 300w, https:\/\/seminarixoa.eus\/wp-content\/uploads\/2025\/11\/Olivia-foto-768x317.jpg 768w\" sizes=\"auto, (max-width: 969px) 100vw, 969px\" \/><\/figure>\n\n\n\n<div style=\"height:25px\" aria-hidden=\"true\" class=\"wp-block-spacer\"><\/div>\n\n\n\n<div style=\"height:25px\" aria-hidden=\"true\" class=\"wp-block-spacer\"><\/div>\n<\/div>\n\n\n\n<div class=\"wp-block-column is-layout-flow wp-block-column-is-layout-flow\">\n<a class=\"wp-block-bravo-manager-blocks-bravo-sidebar-head link-to-bravo-event\" href=\"#\"><div class=\"bravo-sidebar-head\" style=\"background-color:#EDCE80;color:#000000;border-style:solid;border-width:0px;border-color:#000000;margin-top:0;margin-bottom:0;padding-top:10px;padding-right:20px;padding-bottom:10px;padding-left:20px\"><div class=\"bravo-row bravo-align-items-center\"><div class=\"bravo-col-sm-3 bravo-col-md-3 bravo-col-lg-3 bravo-icon-section\"><i class=\"ti-ticket\"><\/i><\/div><div class=\"bravo-col-sm-9 bravo-col-md-9 bravo-col-lg-9 bravo-content-section\"><h5 style=\"font-size:16px\">No esperes m\u00e1s \u00a1 compra aqu\u00ed tu entrada !<\/h5><div style=\"font-size:14px\">Fecha: 2025\/12\/28 Domingo<br><br>Hora: 17:00<br><em>Entradas disponibles a partir del 2025\/11\/17 a las 22:00<\/em><\/div><\/div><\/div><\/div><\/a>\n\n\n\n<hr class=\"wp-block-separator has-css-opacity is-style-wide\" \/>\n\n\n\n<div class=\"wp-block-bravo-manager-blocks-bravo-sidebar-box bravo-sidebar-box\" style=\"margin-top:0;margin-bottom:0\"><div class=\"bravo-row bravo-align-items-center bravo-sidebar-box-head\" style=\"color:#FFFFFF;background-color:#2990E1;padding-top:10px;padding-right:20px;padding-bottom:10px;padding-left:20px\"><div class=\"bravo-col-sm-3 bravo-col-md-3 bravo-col-lg-3 bravo-icon-section\"><i class=\"ti-video-clapper\"><\/i><\/div><div class=\"bravo-col-sm-9 bravo-col-md-9 bravo-col-lg-9 bravo-content-section\"><h5 style=\"font-size:20px\">CINE INFANTIL<\/h5><\/div><\/div><div class=\"bravo-row bravo-align-items-center bravo-sidebar-box-body\" style=\"color:#FFFFFF;background-color:#2990E1;padding-top:10px;padding-right:20px;padding-bottom:10px;padding-left:50px\"><div class=\"bravo-col-sm-12 bravo-col-md-12 bravo-col-lg-12\"><p style=\"font-size:16px\"><strong>G\u00e9nero:<\/strong> Animaci\u00f3n. Drama. Comedia | Stop Motion. Familia. Amistad<br><\/p><\/div><\/div><\/div>\n\n\n\n<div class=\"wp-block-bravo-manager-blocks-bravo-sidebar-box bravo-sidebar-box\" style=\"margin-top:0;margin-bottom:0\"><div class=\"bravo-row bravo-align-items-center bravo-sidebar-box-head\" style=\"color:#FFFFFF;background-color:#2990E1;padding-top:10px;padding-right:20px;padding-bottom:10px;padding-left:20px\"><div class=\"bravo-col-sm-3 bravo-col-md-3 bravo-col-lg-3 bravo-icon-section\"><i class=\"ti-info-alt\"><\/i><\/div><div class=\"bravo-col-sm-9 bravo-col-md-9 bravo-col-lg-9 bravo-content-section\"><\/div><\/div><div class=\"bravo-row bravo-align-items-center bravo-sidebar-box-body\" style=\"color:#FFFFFF;background-color:#2990E1;padding-top:10px;padding-right:20px;padding-bottom:10px;padding-left:50px\"><div class=\"bravo-col-sm-12 bravo-col-md-12 bravo-col-lg-12\"><p style=\"font-size:16px\"><strong>Calificaci\u00f3n:\u00a0<\/strong>Para todos los p\u00fablicos<br><strong><br>Duraci\u00f3n:<\/strong>\u00a070 min.<\/p><\/div><\/div><\/div>\n\n\n\n<div class=\"wp-block-bravo-manager-blocks-bravo-sidebar-box bravo-sidebar-box\" style=\"margin-top:0;margin-bottom:0\"><div class=\"bravo-row bravo-align-items-center bravo-sidebar-box-head\" style=\"color:#F6F7FB;background-color:#2990E1;padding-top:10px;padding-right:20px;padding-bottom:10px;padding-left:20px\"><div class=\"bravo-col-sm-3 bravo-col-md-3 bravo-col-lg-3 bravo-icon-section\"><i class=\"ti-headphone-alt\"><\/i><\/div><div class=\"bravo-col-sm-9 bravo-col-md-9 bravo-col-lg-9 bravo-content-section\"><\/div><\/div><div class=\"bravo-row bravo-align-items-center bravo-sidebar-box-body\" style=\"color:#F6F7FB;background-color:#2990E1;padding-top:10px;padding-right:20px;padding-bottom:10px;padding-left:50px\"><div class=\"bravo-col-sm-12 bravo-col-md-12 bravo-col-lg-12\"><p style=\"font-size:16px\"><strong>Idioma:<\/strong> Versi\u00f3n ES<\/p><\/div><\/div><\/div>\n\n\n\n<div class=\"wp-block-bravo-manager-blocks-bravo-sidebar-box bravo-sidebar-box\" style=\"margin-top:0;margin-bottom:0\"><div class=\"bravo-row bravo-align-items-center bravo-sidebar-box-head\" style=\"color:#F6F7FB;background-color:#2990E1;padding-top:10px;padding-right:20px;padding-bottom:10px;padding-left:20px\"><div class=\"bravo-col-sm-3 bravo-col-md-3 bravo-col-lg-3 bravo-icon-section\"><i class=\"ti-credit-card\"><\/i><\/div><div class=\"bravo-col-sm-9 bravo-col-md-9 bravo-col-lg-9 bravo-content-section\"><\/div><\/div><div class=\"bravo-row bravo-align-items-center bravo-sidebar-box-body\" style=\"color:#F6F7FB;background-color:#2990E1;padding-top:10px;padding-right:20px;padding-bottom:10px;padding-left:50px\"><div class=\"bravo-col-sm-12 bravo-col-md-12 bravo-col-lg-12\"><p style=\"font-size:16px\"><strong>Entrada:<\/strong> 4\u20ac<\/p><\/div><\/div><\/div>\n\n\n\n<hr class=\"wp-block-separator has-css-opacity is-style-wide\" \/>\n\n\n\n<div class=\"wp-block-bravo-manager-blocks-bravo-sidebar-box bravo-sidebar-box\" style=\"margin-top:0;margin-bottom:0\"><div class=\"bravo-row bravo-align-items-center bravo-sidebar-box-head\" style=\"color:#edce80;background-color:#484554;padding-top:10px;padding-right:20px;padding-bottom:10px;padding-left:20px\"><div class=\"bravo-col-sm-3 bravo-col-md-3 bravo-col-lg-3 bravo-icon-section\"><i class=\"ti-clipboard\"><\/i><\/div><div class=\"bravo-col-sm-9 bravo-col-md-9 bravo-col-lg-9 bravo-content-section\"><h5 style=\"font-size:16px\">Ficha t\u00e9cnica<\/h5><\/div><\/div><div class=\"bravo-row bravo-align-items-center bravo-sidebar-box-body\" style=\"color:#edce80;background-color:#484554;padding-top:10px;padding-right:20px;padding-bottom:10px;padding-left:20px\"><div class=\"bravo-col-sm-12 bravo-col-md-12 bravo-col-lg-12\"><p style=\"font-size:14px\"><strong>T\u00edtutlo original<\/strong>: Olivia y el terremoto invisible<br><strong>A\u00f1o<\/strong>: 2025<br><strong>Duraci\u00f3n<\/strong>: 70 min.<br><strong>Pa\u00eds<\/strong>: Espa\u00f1a<br><strong>Direcci\u00f3n<\/strong>: Irene Iborra<br><strong>Guion<\/strong>: Irene Iborra,\u00a0Maite Carranza,\u00a0J\u00falia Prats. <strong>Libro<\/strong>: Maite Carranza<br><strong>Fotograf\u00eda<\/strong>: Animaci\u00f3n, Isabel de la Torre<br><strong>Reparto<\/strong>: Animaci\u00f3n<br><strong>Compa\u00f1\u00edas<\/strong>: Coproducci\u00f3n Espa\u00f1a-Francia-B\u00e9lgica-Chile; Citoplasmas Stopmotion, Cornelius Films, B\u00edgaro Films, Vivement Lundi, Panique, P\u00e1jaro Studio<br><strong>Distribuidora<\/strong>: Universal Pictures<br><strong>G\u00e9nero<\/strong>: Animaci\u00f3n. Drama. Comedia | Stop Motion. Familia. Amistad<\/p><\/div><\/div><\/div>\n\n\n\n<hr class=\"wp-block-separator has-css-opacity is-style-wide\" \/>\n\n\n\n<figure class=\"wp-block-image size-large\"><img loading=\"lazy\" decoding=\"async\" width=\"719\" height=\"1024\" src=\"https:\/\/seminarixoa.eus\/wp-content\/uploads\/2025\/11\/olivia-kartel-719x1024.jpg\" alt=\"\" class=\"wp-image-8111\" srcset=\"https:\/\/seminarixoa.eus\/wp-content\/uploads\/2025\/11\/olivia-kartel-719x1024.jpg 719w, https:\/\/seminarixoa.eus\/wp-content\/uploads\/2025\/11\/olivia-kartel-211x300.jpg 211w, https:\/\/seminarixoa.eus\/wp-content\/uploads\/2025\/11\/olivia-kartel-768x1093.jpg 768w, https:\/\/seminarixoa.eus\/wp-content\/uploads\/2025\/11\/olivia-kartel.jpg 843w\" sizes=\"auto, (max-width: 719px) 100vw, 719px\" \/><\/figure>\n<\/div>\n<\/div>\n<\/div>\n\n\n\n<div style=\"height:50px\" aria-hidden=\"true\" class=\"wp-block-spacer\"><\/div>\n","protected":false},"excerpt":{"rendered":"","protected":false},"featured_media":8111,"parent":0,"menu_order":0,"template":"","bravo_category":[27],"class_list":["post-8108","bravo","type-bravo","status-publish","has-post-thumbnail","hentry","bravo_category-familientzat"],"yoast_head":"<!-- This site is optimized with the Yoast SEO plugin v26.6 - https:\/\/yoast.com\/wordpress\/plugins\/seo\/ -->\n<title>OLIVIA Y EL TERREMOTO INVISIBLE - Seminarixoa<\/title>\n<meta name=\"robots\" content=\"index, follow, max-snippet:-1, max-image-preview:large, max-video-preview:-1\" \/>\n<link rel=\"canonical\" href=\"https:\/\/seminarixoa.eus\/gertaera\/olivia-y-el-te\/\" \/>\n<meta property=\"og:locale\" content=\"es_ES\" \/>\n<meta property=\"og:type\" content=\"article\" \/>\n<meta property=\"og:title\" content=\"OLIVIA Y EL TERREMOTO INVISIBLE - Seminarixoa\" \/>\n<meta property=\"og:url\" content=\"https:\/\/seminarixoa.eus\/gertaera\/olivia-y-el-te\/\" \/>\n<meta property=\"og:site_name\" content=\"Seminarixoa\" \/>\n<meta property=\"article:publisher\" content=\"https:\/\/www.facebook.com\/bergarakultura\" \/>\n<meta property=\"article:modified_time\" content=\"2025-11-17T20:29:58+00:00\" \/>\n<meta property=\"og:image\" content=\"https:\/\/seminarixoa.eus\/wp-content\/uploads\/2025\/11\/olivia-kartel.jpg\" \/>\n\t<meta property=\"og:image:width\" content=\"843\" \/>\n\t<meta property=\"og:image:height\" content=\"1200\" \/>\n\t<meta property=\"og:image:type\" content=\"image\/jpeg\" \/>\n<meta name=\"twitter:card\" content=\"summary_large_image\" \/>\n<meta name=\"twitter:site\" content=\"@BergaraKultura\" \/>\n<meta name=\"twitter:label1\" content=\"Tiempo de lectura\" \/>\n\t<meta name=\"twitter:data1\" content=\"2 minutos\" \/>\n<script type=\"application\/ld+json\" class=\"yoast-schema-graph\">{\"@context\":\"https:\/\/schema.org\",\"@graph\":[{\"@type\":\"WebPage\",\"@id\":\"https:\/\/seminarixoa.eus\/gertaera\/olivia-y-el-te\/\",\"url\":\"https:\/\/seminarixoa.eus\/gertaera\/olivia-y-el-te\/\",\"name\":\"OLIVIA Y EL TERREMOTO INVISIBLE - Seminarixoa\",\"isPartOf\":{\"@id\":\"https:\/\/seminarixoa.eus\/es\/#website\"},\"primaryImageOfPage\":{\"@id\":\"https:\/\/seminarixoa.eus\/gertaera\/olivia-y-el-te\/#primaryimage\"},\"image\":{\"@id\":\"https:\/\/seminarixoa.eus\/gertaera\/olivia-y-el-te\/#primaryimage\"},\"thumbnailUrl\":\"https:\/\/seminarixoa.eus\/wp-content\/uploads\/2025\/11\/olivia-kartel.jpg\",\"datePublished\":\"2025-11-17T20:28:58+00:00\",\"dateModified\":\"2025-11-17T20:29:58+00:00\",\"breadcrumb\":{\"@id\":\"https:\/\/seminarixoa.eus\/gertaera\/olivia-y-el-te\/#breadcrumb\"},\"inLanguage\":\"es-ES\",\"potentialAction\":[{\"@type\":\"ReadAction\",\"target\":[\"https:\/\/seminarixoa.eus\/gertaera\/olivia-y-el-te\/\"]}]},{\"@type\":\"ImageObject\",\"inLanguage\":\"es-ES\",\"@id\":\"https:\/\/seminarixoa.eus\/gertaera\/olivia-y-el-te\/#primaryimage\",\"url\":\"https:\/\/seminarixoa.eus\/wp-content\/uploads\/2025\/11\/olivia-kartel.jpg\",\"contentUrl\":\"https:\/\/seminarixoa.eus\/wp-content\/uploads\/2025\/11\/olivia-kartel.jpg\",\"width\":843,\"height\":1200},{\"@type\":\"BreadcrumbList\",\"@id\":\"https:\/\/seminarixoa.eus\/gertaera\/olivia-y-el-te\/#breadcrumb\",\"itemListElement\":[{\"@type\":\"ListItem\",\"position\":1,\"name\":\"Home\",\"item\":\"https:\/\/seminarixoa.eus\/es\/\"},{\"@type\":\"ListItem\",\"position\":2,\"name\":\"Bravo Events\",\"item\":\"https:\/\/seminarixoa.eus\/es\/gertaera\/\"},{\"@type\":\"ListItem\",\"position\":3,\"name\":\"OLIVIA Y EL TERREMOTO INVISIBLE\"}]},{\"@type\":\"WebSite\",\"@id\":\"https:\/\/seminarixoa.eus\/es\/#website\",\"url\":\"https:\/\/seminarixoa.eus\/es\/\",\"name\":\"Bergara Kultura\",\"description\":\"Seminarixoa\",\"publisher\":{\"@id\":\"https:\/\/seminarixoa.eus\/es\/#organization\"},\"potentialAction\":[{\"@type\":\"SearchAction\",\"target\":{\"@type\":\"EntryPoint\",\"urlTemplate\":\"https:\/\/seminarixoa.eus\/es\/?s={search_term_string}\"},\"query-input\":{\"@type\":\"PropertyValueSpecification\",\"valueRequired\":true,\"valueName\":\"search_term_string\"}}],\"inLanguage\":\"es-ES\"},{\"@type\":\"Organization\",\"@id\":\"https:\/\/seminarixoa.eus\/es\/#organization\",\"name\":\"Bergara Kultura\",\"url\":\"https:\/\/seminarixoa.eus\/es\/\",\"logo\":{\"@type\":\"ImageObject\",\"inLanguage\":\"es-ES\",\"@id\":\"https:\/\/seminarixoa.eus\/es\/#\/schema\/logo\/image\/\",\"url\":\"https:\/\/seminarixoa.eus\/wp-content\/uploads\/2020\/01\/Logoa_beltza.jpg\",\"contentUrl\":\"https:\/\/seminarixoa.eus\/wp-content\/uploads\/2020\/01\/Logoa_beltza.jpg\",\"width\":255,\"height\":157,\"caption\":\"Bergara Kultura\"},\"image\":{\"@id\":\"https:\/\/seminarixoa.eus\/es\/#\/schema\/logo\/image\/\"},\"sameAs\":[\"https:\/\/www.facebook.com\/bergarakultura\",\"https:\/\/x.com\/BergaraKultura\",\"https:\/\/www.instagram.com\/bergara_kultura\/\",\"https:\/\/www.youtube.com\/channel\/UCxrRFHA1I4IaCs-QOQfAq0Q\"]}]}<\/script>\n<!-- \/ Yoast SEO plugin. -->","yoast_head_json":{"title":"OLIVIA Y EL TERREMOTO INVISIBLE - Seminarixoa","robots":{"index":"index","follow":"follow","max-snippet":"max-snippet:-1","max-image-preview":"max-image-preview:large","max-video-preview":"max-video-preview:-1"},"canonical":"https:\/\/seminarixoa.eus\/gertaera\/olivia-y-el-te\/","og_locale":"es_ES","og_type":"article","og_title":"OLIVIA Y EL TERREMOTO INVISIBLE - Seminarixoa","og_url":"https:\/\/seminarixoa.eus\/gertaera\/olivia-y-el-te\/","og_site_name":"Seminarixoa","article_publisher":"https:\/\/www.facebook.com\/bergarakultura","article_modified_time":"2025-11-17T20:29:58+00:00","og_image":[{"width":843,"height":1200,"url":"https:\/\/seminarixoa.eus\/wp-content\/uploads\/2025\/11\/olivia-kartel.jpg","type":"image\/jpeg"}],"twitter_card":"summary_large_image","twitter_site":"@BergaraKultura","twitter_misc":{"Tiempo de lectura":"2 minutos"},"schema":{"@context":"https:\/\/schema.org","@graph":[{"@type":"WebPage","@id":"https:\/\/seminarixoa.eus\/gertaera\/olivia-y-el-te\/","url":"https:\/\/seminarixoa.eus\/gertaera\/olivia-y-el-te\/","name":"OLIVIA Y EL TERREMOTO INVISIBLE - Seminarixoa","isPartOf":{"@id":"https:\/\/seminarixoa.eus\/es\/#website"},"primaryImageOfPage":{"@id":"https:\/\/seminarixoa.eus\/gertaera\/olivia-y-el-te\/#primaryimage"},"image":{"@id":"https:\/\/seminarixoa.eus\/gertaera\/olivia-y-el-te\/#primaryimage"},"thumbnailUrl":"https:\/\/seminarixoa.eus\/wp-content\/uploads\/2025\/11\/olivia-kartel.jpg","datePublished":"2025-11-17T20:28:58+00:00","dateModified":"2025-11-17T20:29:58+00:00","breadcrumb":{"@id":"https:\/\/seminarixoa.eus\/gertaera\/olivia-y-el-te\/#breadcrumb"},"inLanguage":"es-ES","potentialAction":[{"@type":"ReadAction","target":["https:\/\/seminarixoa.eus\/gertaera\/olivia-y-el-te\/"]}]},{"@type":"ImageObject","inLanguage":"es-ES","@id":"https:\/\/seminarixoa.eus\/gertaera\/olivia-y-el-te\/#primaryimage","url":"https:\/\/seminarixoa.eus\/wp-content\/uploads\/2025\/11\/olivia-kartel.jpg","contentUrl":"https:\/\/seminarixoa.eus\/wp-content\/uploads\/2025\/11\/olivia-kartel.jpg","width":843,"height":1200},{"@type":"BreadcrumbList","@id":"https:\/\/seminarixoa.eus\/gertaera\/olivia-y-el-te\/#breadcrumb","itemListElement":[{"@type":"ListItem","position":1,"name":"Home","item":"https:\/\/seminarixoa.eus\/es\/"},{"@type":"ListItem","position":2,"name":"Bravo Events","item":"https:\/\/seminarixoa.eus\/es\/gertaera\/"},{"@type":"ListItem","position":3,"name":"OLIVIA Y EL TERREMOTO INVISIBLE"}]},{"@type":"WebSite","@id":"https:\/\/seminarixoa.eus\/es\/#website","url":"https:\/\/seminarixoa.eus\/es\/","name":"Bergara Kultura","description":"Seminarixoa","publisher":{"@id":"https:\/\/seminarixoa.eus\/es\/#organization"},"potentialAction":[{"@type":"SearchAction","target":{"@type":"EntryPoint","urlTemplate":"https:\/\/seminarixoa.eus\/es\/?s={search_term_string}"},"query-input":{"@type":"PropertyValueSpecification","valueRequired":true,"valueName":"search_term_string"}}],"inLanguage":"es-ES"},{"@type":"Organization","@id":"https:\/\/seminarixoa.eus\/es\/#organization","name":"Bergara Kultura","url":"https:\/\/seminarixoa.eus\/es\/","logo":{"@type":"ImageObject","inLanguage":"es-ES","@id":"https:\/\/seminarixoa.eus\/es\/#\/schema\/logo\/image\/","url":"https:\/\/seminarixoa.eus\/wp-content\/uploads\/2020\/01\/Logoa_beltza.jpg","contentUrl":"https:\/\/seminarixoa.eus\/wp-content\/uploads\/2020\/01\/Logoa_beltza.jpg","width":255,"height":157,"caption":"Bergara Kultura"},"image":{"@id":"https:\/\/seminarixoa.eus\/es\/#\/schema\/logo\/image\/"},"sameAs":["https:\/\/www.facebook.com\/bergarakultura","https:\/\/x.com\/BergaraKultura","https:\/\/www.instagram.com\/bergara_kultura\/","https:\/\/www.youtube.com\/channel\/UCxrRFHA1I4IaCs-QOQfAq0Q"]}]}},"_links":{"self":[{"href":"https:\/\/seminarixoa.eus\/es\/wp-json\/wp\/v2\/bravo\/8108","targetHints":{"allow":["GET"]}}],"collection":[{"href":"https:\/\/seminarixoa.eus\/es\/wp-json\/wp\/v2\/bravo"}],"about":[{"href":"https:\/\/seminarixoa.eus\/es\/wp-json\/wp\/v2\/types\/bravo"}],"wp:featuredmedia":[{"embeddable":true,"href":"https:\/\/seminarixoa.eus\/es\/wp-json\/wp\/v2\/media\/8111"}],"wp:attachment":[{"href":"https:\/\/seminarixoa.eus\/es\/wp-json\/wp\/v2\/media?parent=8108"}],"wp:term":[{"taxonomy":"bravo_category","embeddable":true,"href":"https:\/\/seminarixoa.eus\/es\/wp-json\/wp\/v2\/bravo_category?post=8108"}],"curies":[{"name":"wp","href":"https:\/\/api.w.org\/{rel}","templated":true}]}}