{"id":8079,"date":"2025-11-16T18:42:41","date_gmt":"2025-11-16T17:42:41","guid":{"rendered":"https:\/\/seminarixoa.eus\/?post_type=bravo&#038;p=8079"},"modified":"2025-11-17T19:49:43","modified_gmt":"2025-11-17T18:49:43","slug":"valor-sentimental","status":"publish","type":"bravo","link":"https:\/\/seminarixoa.eus\/es\/gertaera\/valor-sentimental\/","title":{"rendered":"VALOR SENTIMENTAL"},"content":{"rendered":"\n<div class=\"wp-block-cover alignfull\" style=\"min-height:530px;aspect-ratio:unset;\"><span aria-hidden=\"true\" class=\"wp-block-cover__background has-background-dim-0 has-background-dim\" style=\"background-color:#7f7377\"><\/span><img loading=\"lazy\" decoding=\"async\" width=\"1920\" height=\"1080\" class=\"wp-block-cover__image-background wp-image-8088\" alt=\"\" src=\"https:\/\/seminarixoa.eus\/wp-content\/uploads\/2025\/11\/valor-sentimental-foto.webp\" data-object-fit=\"cover\" srcset=\"https:\/\/seminarixoa.eus\/wp-content\/uploads\/2025\/11\/valor-sentimental-foto.webp 1920w, https:\/\/seminarixoa.eus\/wp-content\/uploads\/2025\/11\/valor-sentimental-foto-300x169.webp 300w, https:\/\/seminarixoa.eus\/wp-content\/uploads\/2025\/11\/valor-sentimental-foto-1024x576.webp 1024w, https:\/\/seminarixoa.eus\/wp-content\/uploads\/2025\/11\/valor-sentimental-foto-768x432.webp 768w, https:\/\/seminarixoa.eus\/wp-content\/uploads\/2025\/11\/valor-sentimental-foto-1536x864.webp 1536w\" sizes=\"auto, (max-width: 1920px) 100vw, 1920px\" \/><div class=\"wp-block-cover__inner-container is-layout-flow wp-block-cover-is-layout-flow\">\n<p class=\"has-text-align-center has-large-font-size\"><\/p>\n<\/div><\/div>\n\n\n\n<div class=\"wp-block-bravo-manager-blocks-bravo-sidebar alignwide\">\n<div class=\"wp-block-columns alignwide bravo-sidebar-columns is-layout-flex wp-container-core-columns-is-layout-1 wp-block-columns-is-layout-flex\">\n<div class=\"wp-block-column is-layout-flow wp-block-column-is-layout-flow\">\n<h1 class=\"wp-block-heading\" id=\"main-title\">Valor sentimental<\/h1>\n\n\n\n<h3 class=\"wp-block-heading\">Sinopsis<\/h3>\n\n\n\n<p>Las hermanas Nora y Agnes se reencuentran con su distanciado padre, el carism\u00e1tico Gustav, un antiguo director de renombre que le ofrece a su hija Nora, actriz de teatro, un papel en su pr\u00f3xima pel\u00edcula. Nora lo rechaza y pronto descubre que le ha dado su papel a una joven y entusiasta estrella de Hollywood. De repente, las dos hermanas deben sortear su complicada relaci\u00f3n con su padre y lidiar con una estrella estadounidense que se encuentra en medio de su compleja din\u00e1mica familiar.<\/p>\n\n\n\n<figure class=\"wp-block-embed is-type-video is-provider-youtube wp-block-embed-youtube wp-embed-aspect-16-9 wp-has-aspect-ratio\"><div class=\"wp-block-embed__wrapper\">\n<iframe loading=\"lazy\" title=\"VALOR SENTIMENTAL - Tr\u00e1iler Oficial\" width=\"500\" height=\"281\" src=\"https:\/\/www.youtube.com\/embed\/agKyg15Ff9s?feature=oembed\" frameborder=\"0\" allow=\"accelerometer; autoplay; clipboard-write; encrypted-media; gyroscope; picture-in-picture; web-share\" referrerpolicy=\"strict-origin-when-cross-origin\" allowfullscreen><\/iframe>\n<\/div><\/figure>\n\n\n\n<h3 class=\"wp-block-heading\">Premios<\/h3>\n\n\n\n<p><strong>2025<\/strong>: Festival de Cannes: Gran Premio del Jurado. 2 nominaciones<\/p>\n\n\n\n<p><strong>2025<\/strong>: Festival de Toronto (TIFF): Nominada a Premio del P\u00fablico (Mejor film internacional).<\/p>\n\n\n\n<p><strong>2025<\/strong>: Festival de Sevilla: Premio Puerta Am\u00e9rica.<\/p>\n\n\n\n<p><strong>2025<\/strong>: Festival de Locarno: Nominada a Variety Piazza Grande Award.<\/p>\n\n\n\n<p><strong>2025<\/strong>: Premios Gotham: 2 nominaciones<\/p>\n\n\n\n<h3 class=\"wp-block-heading\">Cr\u00edticas<\/h3>\n\n\n\n<p><a href=\"https:\/\/www.elmundo.es\/cultura\/cine\/2025\/05\/22\/682e1214e9cf4a6f5f8b4592.html\" target=\"_blank\" rel=\"noreferrer noopener\"><\/a>\u00abTrier y Renate Reinsve vuelven a enamorar (&#8230;) un drama bergmaniano sobre las relaciones paterno filiales (&#8230;) mucho m\u00e1s brillante que &#8216;La peor persona del mundo\u00bb&nbsp;<strong>Luis Mart\u00ednez:&nbsp;Diario El Mundo&nbsp;<\/strong><\/p>\n\n\n\n<p><a href=\"https:\/\/kinotico.es\/opinion\/2025-05-22\/critica-joachim-trier-se-consagra-sentimental-value-gran-melodrama-que-mira-bergman-mejor-reparto-ano\" target=\"_blank\" rel=\"noreferrer noopener\"><\/a>\u00abSe erige Kla obra m\u00e1s madura y profunda de Trier, una pel\u00edcula que conmueve (&#8230;) y acompa\u00f1a al espectador una vez abandona la sala (&#8230;) Un fant\u00e1stico melodrama sobre (&#8230;) el poder del arte que mira a los ojos al cine de Bergman.\u00bb&nbsp;<strong>Daniel Mantilla:&nbsp;kin\u00f3tico&nbsp;<\/strong><\/p>\n\n\n\n<p><a href=\"https:\/\/cadenaser.com\/nacional\/2025\/05\/22\/cannes-2025-joachim-trier-madura-en-sentimental-value-un-dramon-familiar-con-un-brillante-stellan-skarsgard-cadena-ser\/\" target=\"_blank\" rel=\"noreferrer noopener\"><\/a>\u00abJoachim Trier madura en &#8216;Sentimental Value&#8217;, un dram\u00f3n familiar con un brillante Stellan Skarsg\u00e5rd (&#8230;) el director firma un drama profundo sobre la herencia familiar, sobre los traumas, sobre la soledad y la enfermedad mental\u00bb&nbsp;<strong>Pepa Blanes:&nbsp;Cadena SER&nbsp;<\/strong><\/p>\n\n\n\n<div style=\"height:25px\" aria-hidden=\"true\" class=\"wp-block-spacer\"><\/div>\n\n\n\n<div style=\"height:25px\" aria-hidden=\"true\" class=\"wp-block-spacer\"><\/div>\n<\/div>\n\n\n\n<div class=\"wp-block-column is-layout-flow wp-block-column-is-layout-flow\">\n<a class=\"wp-block-bravo-manager-blocks-bravo-sidebar-head link-to-bravo-event\" href=\"#\"><div class=\"bravo-sidebar-head\" style=\"background-color:#EDCE80;color:#000000;border-style:solid;border-width:0px;border-color:#000000;margin-top:0;margin-bottom:0;padding-top:10px;padding-right:20px;padding-bottom:10px;padding-left:20px\"><div class=\"bravo-row bravo-align-items-center\"><div class=\"bravo-col-sm-3 bravo-col-md-3 bravo-col-lg-3 bravo-icon-section\"><i class=\"ti-ticket\"><\/i><\/div><div class=\"bravo-col-sm-9 bravo-col-md-9 bravo-col-lg-9 bravo-content-section\"><h5 style=\"font-size:16px\">No esperes m\u00e1s \u00a1 compra aqu\u00ed tu entrada !<\/h5><div style=\"font-size:14px\">Fechas: <br>2025\/12\/21 Domingo<br>2025\/12\/22 Lunes<br><br>Hora: 19:30<br><em>Entradas a disponibles a partir del 2025\/11\/16 a las 20:00<\/em><\/div><\/div><\/div><\/div><\/a>\n\n\n\n<hr class=\"wp-block-separator has-css-opacity is-style-wide\" \/>\n\n\n\n<div class=\"wp-block-bravo-manager-blocks-bravo-sidebar-box bravo-sidebar-box\" style=\"margin-top:0;margin-bottom:0\"><div class=\"bravo-row bravo-align-items-center bravo-sidebar-box-head\" style=\"color:#FFFFFF;background-color:#2990E1;padding-top:10px;padding-right:20px;padding-bottom:10px;padding-left:20px\"><div class=\"bravo-col-sm-3 bravo-col-md-3 bravo-col-lg-3 bravo-icon-section\"><i class=\"ti-video-clapper\"><\/i><\/div><div class=\"bravo-col-sm-9 bravo-col-md-9 bravo-col-lg-9 bravo-content-section\"><h5 style=\"font-size:20px\">CINE<\/h5><\/div><\/div><div class=\"bravo-row bravo-align-items-center bravo-sidebar-box-body\" style=\"color:#FFFFFF;background-color:#2990E1;padding-top:10px;padding-right:20px;padding-bottom:10px;padding-left:50px\"><div class=\"bravo-col-sm-12 bravo-col-md-12 bravo-col-lg-12\"><p style=\"font-size:16px\"><strong>G\u00e9nero: <\/strong>Drama.\u00a0Comedia\u00a0|\u00a0Familia.\u00a0Cine dentro del cine<br><\/p><\/div><\/div><\/div>\n\n\n\n<div class=\"wp-block-bravo-manager-blocks-bravo-sidebar-box bravo-sidebar-box\" style=\"margin-top:0;margin-bottom:0\"><div class=\"bravo-row bravo-align-items-center bravo-sidebar-box-head\" style=\"color:#FFFFFF;background-color:#2990E1;padding-top:10px;padding-right:20px;padding-bottom:10px;padding-left:20px\"><div class=\"bravo-col-sm-3 bravo-col-md-3 bravo-col-lg-3 bravo-icon-section\"><i class=\"ti-info-alt\"><\/i><\/div><div class=\"bravo-col-sm-9 bravo-col-md-9 bravo-col-lg-9 bravo-content-section\"><\/div><\/div><div class=\"bravo-row bravo-align-items-center bravo-sidebar-box-body\" style=\"color:#FFFFFF;background-color:#2990E1;padding-top:10px;padding-right:20px;padding-bottom:10px;padding-left:50px\"><div class=\"bravo-col-sm-12 bravo-col-md-12 bravo-col-lg-12\"><p style=\"font-size:16px\"><strong>Calificaci\u00f3n:<\/strong> No recomendado para menores de 12 a\u00f1os<strong><br><br>Duraci\u00f3n:<\/strong> 109 min.<\/p><\/div><\/div><\/div>\n\n\n\n<div class=\"wp-block-bravo-manager-blocks-bravo-sidebar-box bravo-sidebar-box\" style=\"margin-top:0;margin-bottom:0\"><div class=\"bravo-row bravo-align-items-center bravo-sidebar-box-head\" style=\"color:#F6F7FB;background-color:#2990E1;padding-top:10px;padding-right:20px;padding-bottom:10px;padding-left:20px\"><div class=\"bravo-col-sm-3 bravo-col-md-3 bravo-col-lg-3 bravo-icon-section\"><i class=\"ti-headphone-alt\"><\/i><\/div><div class=\"bravo-col-sm-9 bravo-col-md-9 bravo-col-lg-9 bravo-content-section\"><\/div><\/div><div class=\"bravo-row bravo-align-items-center bravo-sidebar-box-body\" style=\"color:#F6F7FB;background-color:#2990E1;padding-top:10px;padding-right:20px;padding-bottom:10px;padding-left:50px\"><div class=\"bravo-col-sm-12 bravo-col-md-12 bravo-col-lg-12\"><p style=\"font-size:16px\"><strong>Idioma: <\/strong>ES<\/p><\/div><\/div><\/div>\n\n\n\n<hr class=\"wp-block-separator has-css-opacity is-style-wide\" \/>\n\n\n\n<div class=\"wp-block-bravo-manager-blocks-bravo-sidebar-box bravo-sidebar-box\" style=\"margin-top:0;margin-bottom:0\"><div class=\"bravo-row bravo-align-items-center bravo-sidebar-box-head\" style=\"color:#edce80;background-color:#484554;padding-top:10px;padding-right:20px;padding-bottom:10px;padding-left:20px\"><div class=\"bravo-col-sm-3 bravo-col-md-3 bravo-col-lg-3 bravo-icon-section\"><i class=\"ti-clipboard\"><\/i><\/div><div class=\"bravo-col-sm-9 bravo-col-md-9 bravo-col-lg-9 bravo-content-section\"><h5 style=\"font-size:16px\">Ficha t\u00e9cnica<\/h5><\/div><\/div><div class=\"bravo-row bravo-align-items-center bravo-sidebar-box-body\" style=\"color:#edce80;background-color:#484554;padding-top:10px;padding-right:20px;padding-bottom:10px;padding-left:20px\"><div class=\"bravo-col-sm-12 bravo-col-md-12 bravo-col-lg-12\"><p style=\"font-size:14px\"><strong>T\u00edtulo original<\/strong>: Sentimental Value<br><strong>A\u00f1o<\/strong>: 2025<br><strong>Duraci\u00f3n<\/strong>: 135 min.<br><strong>Pa\u00eds<\/strong>: Noruega<br><strong>Direcci\u00f3n<\/strong>: Joachim Trier<br><strong>Guion<\/strong>: Joachim Trier,\u00a0Eskil Vogt.<br><strong>Reparto<\/strong>: Elle Fanning,\u00a0Stellan Skarsg\u00e5rd,\u00a0Renate Reinsve,\u00a0Cory Michael Smith,\u00a0Jesper Christensen,\u00a0Lena Endre,\u00a0Catherine Cohen,\u00a0Inga Ibsdotter Lilleaas,\u00a0Bj\u00f8rn Alexander,\u00a0Jacobsen Jonas Jacobsen<br><strong>M\u00fasica<\/strong>: Hania Rani<br><strong>Fotograf\u00eda<\/strong>: Kasper Tuxen<br><strong>Compa\u00f1\u00edas<\/strong>: Coproducci\u00f3n Noruega-Francia-Dinamarca-Alemania-Reino Unido;\u00a0MER Film,\u00a0Eye Eye Pictures,\u00a0Lumen Production,\u00a0Komplizen Film,\u00a0BBC Film,\u00a0Zentropa Productions,\u00a0MK2 Productions<br><strong>G\u00e9nero<\/strong>: Drama.\u00a0Comedia\u00a0|\u00a0Familia.\u00a0Cine dentro del cine<\/p><\/div><\/div><\/div>\n\n\n\n<hr class=\"wp-block-separator has-css-opacity is-style-wide\" \/>\n\n\n\n<figure class=\"wp-block-image size-large\"><img loading=\"lazy\" decoding=\"async\" width=\"716\" height=\"1024\" src=\"https:\/\/seminarixoa.eus\/wp-content\/uploads\/2025\/11\/valor-sentimental-kartel-716x1024.jpg\" alt=\"\" class=\"wp-image-8087\" srcset=\"https:\/\/seminarixoa.eus\/wp-content\/uploads\/2025\/11\/valor-sentimental-kartel-716x1024.jpg 716w, https:\/\/seminarixoa.eus\/wp-content\/uploads\/2025\/11\/valor-sentimental-kartel-210x300.jpg 210w, https:\/\/seminarixoa.eus\/wp-content\/uploads\/2025\/11\/valor-sentimental-kartel-768x1098.jpg 768w, https:\/\/seminarixoa.eus\/wp-content\/uploads\/2025\/11\/valor-sentimental-kartel.jpg 839w\" sizes=\"auto, (max-width: 716px) 100vw, 716px\" \/><\/figure>\n<\/div>\n<\/div>\n<\/div>\n\n\n\n<div style=\"height:50px\" aria-hidden=\"true\" class=\"wp-block-spacer\"><\/div>\n","protected":false},"excerpt":{"rendered":"","protected":false},"featured_media":8087,"parent":0,"menu_order":0,"template":"","bravo_category":[20],"class_list":["post-8079","bravo","type-bravo","status-publish","has-post-thumbnail","hentry","bravo_category-zinea-komertziala"],"yoast_head":"<!-- This site is optimized with the Yoast SEO plugin v26.6 - https:\/\/yoast.com\/wordpress\/plugins\/seo\/ -->\n<title>VALOR SENTIMENTAL - Seminarixoa<\/title>\n<meta name=\"robots\" content=\"index, follow, max-snippet:-1, max-image-preview:large, max-video-preview:-1\" \/>\n<link rel=\"canonical\" href=\"https:\/\/seminarixoa.eus\/es\/gertaera\/valor-sentimental\/\" \/>\n<meta property=\"og:locale\" content=\"es_ES\" \/>\n<meta property=\"og:type\" content=\"article\" \/>\n<meta property=\"og:title\" content=\"VALOR SENTIMENTAL - Seminarixoa\" \/>\n<meta property=\"og:url\" content=\"https:\/\/seminarixoa.eus\/es\/gertaera\/valor-sentimental\/\" \/>\n<meta property=\"og:site_name\" content=\"Seminarixoa\" \/>\n<meta property=\"article:publisher\" content=\"https:\/\/www.facebook.com\/bergarakultura\" \/>\n<meta property=\"article:modified_time\" content=\"2025-11-17T18:49:43+00:00\" \/>\n<meta property=\"og:image\" content=\"https:\/\/seminarixoa.eus\/wp-content\/uploads\/2025\/11\/valor-sentimental-kartel.jpg\" \/>\n\t<meta property=\"og:image:width\" content=\"839\" \/>\n\t<meta property=\"og:image:height\" content=\"1200\" \/>\n\t<meta property=\"og:image:type\" content=\"image\/jpeg\" \/>\n<meta name=\"twitter:card\" content=\"summary_large_image\" \/>\n<meta name=\"twitter:site\" content=\"@BergaraKultura\" \/>\n<meta name=\"twitter:label1\" content=\"Tiempo de lectura\" \/>\n\t<meta name=\"twitter:data1\" content=\"3 minutos\" \/>\n<script type=\"application\/ld+json\" class=\"yoast-schema-graph\">{\"@context\":\"https:\/\/schema.org\",\"@graph\":[{\"@type\":\"WebPage\",\"@id\":\"https:\/\/seminarixoa.eus\/es\/gertaera\/valor-sentimental\/\",\"url\":\"https:\/\/seminarixoa.eus\/es\/gertaera\/valor-sentimental\/\",\"name\":\"VALOR SENTIMENTAL - Seminarixoa\",\"isPartOf\":{\"@id\":\"https:\/\/seminarixoa.eus\/es\/#website\"},\"primaryImageOfPage\":{\"@id\":\"https:\/\/seminarixoa.eus\/es\/gertaera\/valor-sentimental\/#primaryimage\"},\"image\":{\"@id\":\"https:\/\/seminarixoa.eus\/es\/gertaera\/valor-sentimental\/#primaryimage\"},\"thumbnailUrl\":\"https:\/\/seminarixoa.eus\/wp-content\/uploads\/2025\/11\/valor-sentimental-kartel.jpg\",\"datePublished\":\"2025-11-16T17:42:41+00:00\",\"dateModified\":\"2025-11-17T18:49:43+00:00\",\"breadcrumb\":{\"@id\":\"https:\/\/seminarixoa.eus\/es\/gertaera\/valor-sentimental\/#breadcrumb\"},\"inLanguage\":\"es-ES\",\"potentialAction\":[{\"@type\":\"ReadAction\",\"target\":[\"https:\/\/seminarixoa.eus\/es\/gertaera\/valor-sentimental\/\"]}]},{\"@type\":\"ImageObject\",\"inLanguage\":\"es-ES\",\"@id\":\"https:\/\/seminarixoa.eus\/es\/gertaera\/valor-sentimental\/#primaryimage\",\"url\":\"https:\/\/seminarixoa.eus\/wp-content\/uploads\/2025\/11\/valor-sentimental-kartel.jpg\",\"contentUrl\":\"https:\/\/seminarixoa.eus\/wp-content\/uploads\/2025\/11\/valor-sentimental-kartel.jpg\",\"width\":839,\"height\":1200},{\"@type\":\"BreadcrumbList\",\"@id\":\"https:\/\/seminarixoa.eus\/es\/gertaera\/valor-sentimental\/#breadcrumb\",\"itemListElement\":[{\"@type\":\"ListItem\",\"position\":1,\"name\":\"Home\",\"item\":\"https:\/\/seminarixoa.eus\/es\/\"},{\"@type\":\"ListItem\",\"position\":2,\"name\":\"Bravo Events\",\"item\":\"https:\/\/seminarixoa.eus\/es\/gertaera\/\"},{\"@type\":\"ListItem\",\"position\":3,\"name\":\"VALOR SENTIMENTAL\"}]},{\"@type\":\"WebSite\",\"@id\":\"https:\/\/seminarixoa.eus\/es\/#website\",\"url\":\"https:\/\/seminarixoa.eus\/es\/\",\"name\":\"Bergara Kultura\",\"description\":\"Seminarixoa\",\"publisher\":{\"@id\":\"https:\/\/seminarixoa.eus\/es\/#organization\"},\"potentialAction\":[{\"@type\":\"SearchAction\",\"target\":{\"@type\":\"EntryPoint\",\"urlTemplate\":\"https:\/\/seminarixoa.eus\/es\/?s={search_term_string}\"},\"query-input\":{\"@type\":\"PropertyValueSpecification\",\"valueRequired\":true,\"valueName\":\"search_term_string\"}}],\"inLanguage\":\"es-ES\"},{\"@type\":\"Organization\",\"@id\":\"https:\/\/seminarixoa.eus\/es\/#organization\",\"name\":\"Bergara Kultura\",\"url\":\"https:\/\/seminarixoa.eus\/es\/\",\"logo\":{\"@type\":\"ImageObject\",\"inLanguage\":\"es-ES\",\"@id\":\"https:\/\/seminarixoa.eus\/es\/#\/schema\/logo\/image\/\",\"url\":\"https:\/\/seminarixoa.eus\/wp-content\/uploads\/2020\/01\/Logoa_beltza.jpg\",\"contentUrl\":\"https:\/\/seminarixoa.eus\/wp-content\/uploads\/2020\/01\/Logoa_beltza.jpg\",\"width\":255,\"height\":157,\"caption\":\"Bergara Kultura\"},\"image\":{\"@id\":\"https:\/\/seminarixoa.eus\/es\/#\/schema\/logo\/image\/\"},\"sameAs\":[\"https:\/\/www.facebook.com\/bergarakultura\",\"https:\/\/x.com\/BergaraKultura\",\"https:\/\/www.instagram.com\/bergara_kultura\/\",\"https:\/\/www.youtube.com\/channel\/UCxrRFHA1I4IaCs-QOQfAq0Q\"]}]}<\/script>\n<!-- \/ Yoast SEO plugin. -->","yoast_head_json":{"title":"VALOR SENTIMENTAL - Seminarixoa","robots":{"index":"index","follow":"follow","max-snippet":"max-snippet:-1","max-image-preview":"max-image-preview:large","max-video-preview":"max-video-preview:-1"},"canonical":"https:\/\/seminarixoa.eus\/es\/gertaera\/valor-sentimental\/","og_locale":"es_ES","og_type":"article","og_title":"VALOR SENTIMENTAL - Seminarixoa","og_url":"https:\/\/seminarixoa.eus\/es\/gertaera\/valor-sentimental\/","og_site_name":"Seminarixoa","article_publisher":"https:\/\/www.facebook.com\/bergarakultura","article_modified_time":"2025-11-17T18:49:43+00:00","og_image":[{"width":839,"height":1200,"url":"https:\/\/seminarixoa.eus\/wp-content\/uploads\/2025\/11\/valor-sentimental-kartel.jpg","type":"image\/jpeg"}],"twitter_card":"summary_large_image","twitter_site":"@BergaraKultura","twitter_misc":{"Tiempo de lectura":"3 minutos"},"schema":{"@context":"https:\/\/schema.org","@graph":[{"@type":"WebPage","@id":"https:\/\/seminarixoa.eus\/es\/gertaera\/valor-sentimental\/","url":"https:\/\/seminarixoa.eus\/es\/gertaera\/valor-sentimental\/","name":"VALOR SENTIMENTAL - Seminarixoa","isPartOf":{"@id":"https:\/\/seminarixoa.eus\/es\/#website"},"primaryImageOfPage":{"@id":"https:\/\/seminarixoa.eus\/es\/gertaera\/valor-sentimental\/#primaryimage"},"image":{"@id":"https:\/\/seminarixoa.eus\/es\/gertaera\/valor-sentimental\/#primaryimage"},"thumbnailUrl":"https:\/\/seminarixoa.eus\/wp-content\/uploads\/2025\/11\/valor-sentimental-kartel.jpg","datePublished":"2025-11-16T17:42:41+00:00","dateModified":"2025-11-17T18:49:43+00:00","breadcrumb":{"@id":"https:\/\/seminarixoa.eus\/es\/gertaera\/valor-sentimental\/#breadcrumb"},"inLanguage":"es-ES","potentialAction":[{"@type":"ReadAction","target":["https:\/\/seminarixoa.eus\/es\/gertaera\/valor-sentimental\/"]}]},{"@type":"ImageObject","inLanguage":"es-ES","@id":"https:\/\/seminarixoa.eus\/es\/gertaera\/valor-sentimental\/#primaryimage","url":"https:\/\/seminarixoa.eus\/wp-content\/uploads\/2025\/11\/valor-sentimental-kartel.jpg","contentUrl":"https:\/\/seminarixoa.eus\/wp-content\/uploads\/2025\/11\/valor-sentimental-kartel.jpg","width":839,"height":1200},{"@type":"BreadcrumbList","@id":"https:\/\/seminarixoa.eus\/es\/gertaera\/valor-sentimental\/#breadcrumb","itemListElement":[{"@type":"ListItem","position":1,"name":"Home","item":"https:\/\/seminarixoa.eus\/es\/"},{"@type":"ListItem","position":2,"name":"Bravo Events","item":"https:\/\/seminarixoa.eus\/es\/gertaera\/"},{"@type":"ListItem","position":3,"name":"VALOR SENTIMENTAL"}]},{"@type":"WebSite","@id":"https:\/\/seminarixoa.eus\/es\/#website","url":"https:\/\/seminarixoa.eus\/es\/","name":"Bergara Kultura","description":"Seminarixoa","publisher":{"@id":"https:\/\/seminarixoa.eus\/es\/#organization"},"potentialAction":[{"@type":"SearchAction","target":{"@type":"EntryPoint","urlTemplate":"https:\/\/seminarixoa.eus\/es\/?s={search_term_string}"},"query-input":{"@type":"PropertyValueSpecification","valueRequired":true,"valueName":"search_term_string"}}],"inLanguage":"es-ES"},{"@type":"Organization","@id":"https:\/\/seminarixoa.eus\/es\/#organization","name":"Bergara Kultura","url":"https:\/\/seminarixoa.eus\/es\/","logo":{"@type":"ImageObject","inLanguage":"es-ES","@id":"https:\/\/seminarixoa.eus\/es\/#\/schema\/logo\/image\/","url":"https:\/\/seminarixoa.eus\/wp-content\/uploads\/2020\/01\/Logoa_beltza.jpg","contentUrl":"https:\/\/seminarixoa.eus\/wp-content\/uploads\/2020\/01\/Logoa_beltza.jpg","width":255,"height":157,"caption":"Bergara Kultura"},"image":{"@id":"https:\/\/seminarixoa.eus\/es\/#\/schema\/logo\/image\/"},"sameAs":["https:\/\/www.facebook.com\/bergarakultura","https:\/\/x.com\/BergaraKultura","https:\/\/www.instagram.com\/bergara_kultura\/","https:\/\/www.youtube.com\/channel\/UCxrRFHA1I4IaCs-QOQfAq0Q"]}]}},"_links":{"self":[{"href":"https:\/\/seminarixoa.eus\/es\/wp-json\/wp\/v2\/bravo\/8079","targetHints":{"allow":["GET"]}}],"collection":[{"href":"https:\/\/seminarixoa.eus\/es\/wp-json\/wp\/v2\/bravo"}],"about":[{"href":"https:\/\/seminarixoa.eus\/es\/wp-json\/wp\/v2\/types\/bravo"}],"wp:featuredmedia":[{"embeddable":true,"href":"https:\/\/seminarixoa.eus\/es\/wp-json\/wp\/v2\/media\/8087"}],"wp:attachment":[{"href":"https:\/\/seminarixoa.eus\/es\/wp-json\/wp\/v2\/media?parent=8079"}],"wp:term":[{"taxonomy":"bravo_category","embeddable":true,"href":"https:\/\/seminarixoa.eus\/es\/wp-json\/wp\/v2\/bravo_category?post=8079"}],"curies":[{"name":"wp","href":"https:\/\/api.w.org\/{rel}","templated":true}]}}