{"id":8076,"date":"2025-11-16T20:28:21","date_gmt":"2025-11-16T19:28:21","guid":{"rendered":"https:\/\/seminarixoa.eus\/?post_type=bravo&#038;p=8076"},"modified":"2025-11-16T20:28:24","modified_gmt":"2025-11-16T19:28:24","slug":"la-cena-2","status":"publish","type":"bravo","link":"https:\/\/seminarixoa.eus\/es\/gertaera\/la-cena-2\/","title":{"rendered":"LA CENA"},"content":{"rendered":"\n<div class=\"wp-block-cover alignfull\" style=\"min-height:530px;aspect-ratio:unset;\"><span aria-hidden=\"true\" class=\"wp-block-cover__background has-background-dim-0 has-background-dim\" style=\"background-color:#494133\"><\/span><img loading=\"lazy\" decoding=\"async\" width=\"969\" height=\"400\" class=\"wp-block-cover__image-background wp-image-8077\" alt=\"\" src=\"https:\/\/seminarixoa.eus\/wp-content\/uploads\/2025\/11\/la_cena-564046027-large.jpg\" data-object-fit=\"cover\" srcset=\"https:\/\/seminarixoa.eus\/wp-content\/uploads\/2025\/11\/la_cena-564046027-large.jpg 969w, https:\/\/seminarixoa.eus\/wp-content\/uploads\/2025\/11\/la_cena-564046027-large-300x124.jpg 300w, https:\/\/seminarixoa.eus\/wp-content\/uploads\/2025\/11\/la_cena-564046027-large-768x317.jpg 768w\" sizes=\"auto, (max-width: 969px) 100vw, 969px\" \/><div class=\"wp-block-cover__inner-container is-layout-flow wp-block-cover-is-layout-flow\">\n<p class=\"has-text-align-center has-large-font-size\"><\/p>\n<\/div><\/div>\n\n\n\n<div class=\"wp-block-bravo-manager-blocks-bravo-sidebar alignwide\">\n<div class=\"wp-block-columns alignwide bravo-sidebar-columns is-layout-flex wp-container-core-columns-is-layout-1 wp-block-columns-is-layout-flex\">\n<div class=\"wp-block-column is-layout-flow wp-block-column-is-layout-flow\">\n<h1 class=\"wp-block-heading\" id=\"main-title\">La cena<\/h1>\n\n\n\n<h3 class=\"wp-block-heading\">Sinopsis<\/h3>\n\n\n\n<p>Dos semanas despu\u00e9s de acabar la Guerra Civil, Franco solicita una cena de celebraci\u00f3n en el Hotel Palace. Un joven teniente, un ma\u00eetre meticuloso y un grupo de prisioneros republicanos expertos en cocina, deben preparar un banquete impecable en tiempo r\u00e9cord. Todo parece ir sobre ruedas, pero en la cocina se trama algo m\u00e1s que un men\u00fa. Adaptaci\u00f3n de la obra de Jos\u00e9 Luis Alonso de Santos.<\/p>\n\n\n\n<figure class=\"wp-block-embed is-type-video is-provider-youtube wp-block-embed-youtube wp-embed-aspect-16-9 wp-has-aspect-ratio\"><div class=\"wp-block-embed__wrapper\">\n<iframe loading=\"lazy\" title=\"LA CENA - Tr\u00e1iler Oficial\" width=\"500\" height=\"281\" src=\"https:\/\/www.youtube.com\/embed\/x_rRg-TB2f4?feature=oembed\" frameborder=\"0\" allow=\"accelerometer; autoplay; clipboard-write; encrypted-media; gyroscope; picture-in-picture; web-share\" referrerpolicy=\"strict-origin-when-cross-origin\" allowfullscreen><\/iframe>\n<\/div><\/figure>\n\n\n\n<h3 class=\"wp-block-heading\">Premios<\/h3>\n\n\n\n<p>2025: Premios Forqu\u00e9: Nominada a Mejor interpretaci\u00f3n masculina.<\/p>\n\n\n\n<p>2025: Premis Lola Gaos: Mejor actriz de reparto.<\/p>\n\n\n\n<h3 class=\"wp-block-heading\">Cr\u00edticas<\/h3>\n\n\n\n<p>\u00abUna comedia coral, al estilo de aquellas que con su genial anarqu\u00eda hizo Berlanga (&#8230;) Est\u00e1n perfectamente engrasadas en la pantalla la intriga (&#8230;) y la ligereza del retrato y car\u00e1cter de los personajes (&#8230;)<br><em>Oti Rodr\u00edguez Marchante: Diario ABC <\/em><\/p>\n\n\n\n<p>\u00abLa pel\u00edcula est\u00e1 bien ambientada, resulta bastante divertida y el reparto es mod\u00e9lico, aunque haya alguna exageraci\u00f3n de m\u00e1s (&#8230;) una comida casi Michelin.\u00bb<br><em>Carmen L. Lobo: Diario La Raz\u00f3n <\/em><\/p>\n\n\n\n<p>\u00abG\u00f3mez Pereira logra una obra que entretiene, provoca y recuerda que la risa puede ser una forma de resistencia. (&#8230;)\u00bb<br><em>Santiago Echeverr\u00eda: EscribiendoCine<\/em><\/p>\n\n\n\n<div style=\"height:25px\" aria-hidden=\"true\" class=\"wp-block-spacer\"><\/div>\n\n\n\n<div style=\"height:25px\" aria-hidden=\"true\" class=\"wp-block-spacer\"><\/div>\n<\/div>\n\n\n\n<div class=\"wp-block-column is-layout-flow wp-block-column-is-layout-flow\">\n<a class=\"wp-block-bravo-manager-blocks-bravo-sidebar-head link-to-bravo-event\" href=\"#\"><div class=\"bravo-sidebar-head\" style=\"background-color:#EDCE80;color:#000000;border-style:solid;border-width:0px;border-color:#000000;margin-top:0;margin-bottom:0;padding-top:10px;padding-right:20px;padding-bottom:10px;padding-left:20px\"><div class=\"bravo-row bravo-align-items-center\"><div class=\"bravo-col-sm-3 bravo-col-md-3 bravo-col-lg-3 bravo-icon-section\"><i class=\"ti-ticket\"><\/i><\/div><div class=\"bravo-col-sm-9 bravo-col-md-9 bravo-col-lg-9 bravo-content-section\"><h5 style=\"font-size:16px\">\u00a1No esperes m\u00e1s! Compra aqu\u00ed tu entrada<\/h5><div style=\"font-size:14px\">Fechas: <br>2025\/12\/14 Domingo<br>2025\/12\/15 Lunes<br><br>Hora: 19:30<br><em>Entradas a la venta a partir del 2025\/11\/17 a las 18:00<\/em><\/div><\/div><\/div><\/div><\/a>\n\n\n\n<hr class=\"wp-block-separator has-css-opacity is-style-wide\" \/>\n\n\n\n<div class=\"wp-block-bravo-manager-blocks-bravo-sidebar-box bravo-sidebar-box\" style=\"margin-top:0;margin-bottom:0\"><div class=\"bravo-row bravo-align-items-center bravo-sidebar-box-head\" style=\"color:#FFFFFF;background-color:#2990E1;padding-top:10px;padding-right:20px;padding-bottom:10px;padding-left:20px\"><div class=\"bravo-col-sm-3 bravo-col-md-3 bravo-col-lg-3 bravo-icon-section\"><i class=\"ti-video-clapper\"><\/i><\/div><div class=\"bravo-col-sm-9 bravo-col-md-9 bravo-col-lg-9 bravo-content-section\"><h5 style=\"font-size:20px\">CINE<\/h5><\/div><\/div><div class=\"bravo-row bravo-align-items-center bravo-sidebar-box-body\" style=\"color:#FFFFFF;background-color:#2990E1;padding-top:10px;padding-right:20px;padding-bottom:10px;padding-left:50px\"><div class=\"bravo-col-sm-12 bravo-col-md-12 bravo-col-lg-12\"><p style=\"font-size:16px\"><strong>G\u00e9nero: <\/strong>Comedia. Drama | Comedia negra. Posguerra espa\u00f1ola. Hist\u00f3rico. Cocina<strong><br><\/strong><\/p><\/div><\/div><\/div>\n\n\n\n<div class=\"wp-block-bravo-manager-blocks-bravo-sidebar-box bravo-sidebar-box\" style=\"margin-top:0;margin-bottom:0\"><div class=\"bravo-row bravo-align-items-center bravo-sidebar-box-head\" style=\"color:#FFFFFF;background-color:#2990E1;padding-top:10px;padding-right:20px;padding-bottom:10px;padding-left:20px\"><div class=\"bravo-col-sm-3 bravo-col-md-3 bravo-col-lg-3 bravo-icon-section\"><i class=\"ti-info-alt\"><\/i><\/div><div class=\"bravo-col-sm-9 bravo-col-md-9 bravo-col-lg-9 bravo-content-section\"><\/div><\/div><div class=\"bravo-row bravo-align-items-center bravo-sidebar-box-body\" style=\"color:#FFFFFF;background-color:#2990E1;padding-top:10px;padding-right:20px;padding-bottom:10px;padding-left:50px\"><div class=\"bravo-col-sm-12 bravo-col-md-12 bravo-col-lg-12\"><p style=\"font-size:16px\"><strong>Calificaci\u00f3n: <\/strong>No recomendada para menores de 12 a\u00f1os<strong><br><br>Duraci\u00f3n: <\/strong>106 min.<\/p><\/div><\/div><\/div>\n\n\n\n<div class=\"wp-block-bravo-manager-blocks-bravo-sidebar-box bravo-sidebar-box\" style=\"margin-top:0;margin-bottom:0\"><div class=\"bravo-row bravo-align-items-center bravo-sidebar-box-head\" style=\"color:#F6F7FB;background-color:#2990E1;padding-top:10px;padding-right:20px;padding-bottom:10px;padding-left:20px\"><div class=\"bravo-col-sm-3 bravo-col-md-3 bravo-col-lg-3 bravo-icon-section\"><i class=\"ti-headphone-alt\"><\/i><\/div><div class=\"bravo-col-sm-9 bravo-col-md-9 bravo-col-lg-9 bravo-content-section\"><\/div><\/div><div class=\"bravo-row bravo-align-items-center bravo-sidebar-box-body\" style=\"color:#F6F7FB;background-color:#2990E1;padding-top:10px;padding-right:20px;padding-bottom:10px;padding-left:50px\"><div class=\"bravo-col-sm-12 bravo-col-md-12 bravo-col-lg-12\"><p style=\"font-size:16px\"><strong>Idioma: <\/strong>CASTELLANO<\/p><\/div><\/div><\/div>\n\n\n\n<hr class=\"wp-block-separator has-css-opacity is-style-wide\" \/>\n\n\n\n<div class=\"wp-block-bravo-manager-blocks-bravo-sidebar-box bravo-sidebar-box\" style=\"margin-top:0;margin-bottom:0\"><div class=\"bravo-row bravo-align-items-center bravo-sidebar-box-head\" style=\"color:#edce80;background-color:#484554;padding-top:10px;padding-right:20px;padding-bottom:10px;padding-left:20px\"><div class=\"bravo-col-sm-3 bravo-col-md-3 bravo-col-lg-3 bravo-icon-section\"><i class=\"ti-clipboard\"><\/i><\/div><div class=\"bravo-col-sm-9 bravo-col-md-9 bravo-col-lg-9 bravo-content-section\"><h5 style=\"font-size:16px\">Ficha t\u00e9cnica<\/h5><\/div><\/div><div class=\"bravo-row bravo-align-items-center bravo-sidebar-box-body\" style=\"color:#edce80;background-color:#484554;padding-top:10px;padding-right:20px;padding-bottom:10px;padding-left:20px\"><div class=\"bravo-col-sm-12 bravo-col-md-12 bravo-col-lg-12\"><p style=\"font-size:14px\"><strong>T\u00edtulo original: <\/strong>La cena<br><strong>A\u00f1o: <\/strong>2025<br><strong>Duraci\u00f3n: <\/strong>106 min.<br><strong>Pa\u00eds: <\/strong>Espa\u00f1a<br><strong>Direcci\u00f3n:<\/strong> Manuel G\u00f3mez Pereira<br><strong>Gui\u00f3n:<\/strong> Joaqu\u00edn Oristrell, Yolanda Garc\u00eda Serrano, Manuel G\u00f3mez Pereira.<br><strong>M\u00fasica:<\/strong> Anne-Sophie Versnaeyen<br><strong>Fotograf\u00eda: <\/strong>Aitor Mantxola<br><strong>Compa\u00f1\u00edas: <\/strong>Ikiru Films, La Terraza Films, Turanga Films, Sideral Cinema, Halley Production, RTVE, Movistar Plus+, Crea SGR<br><strong>G\u00e9nero:<\/strong> Komedia. Drama | Komedia beltza. Espainiako gerraostea. Historikoa. Sukaldea<\/p><\/div><\/div><\/div>\n\n\n\n<hr class=\"wp-block-separator has-css-opacity is-style-wide\" \/>\n\n\n\n<figure class=\"wp-block-image size-large\"><img loading=\"lazy\" decoding=\"async\" width=\"723\" height=\"1024\" src=\"https:\/\/seminarixoa.eus\/wp-content\/uploads\/2025\/11\/la_cena-484598562-large-723x1024.jpg\" alt=\"\" class=\"wp-image-8078\" srcset=\"https:\/\/seminarixoa.eus\/wp-content\/uploads\/2025\/11\/la_cena-484598562-large-723x1024.jpg 723w, https:\/\/seminarixoa.eus\/wp-content\/uploads\/2025\/11\/la_cena-484598562-large-212x300.jpg 212w, https:\/\/seminarixoa.eus\/wp-content\/uploads\/2025\/11\/la_cena-484598562-large-768x1088.jpg 768w, https:\/\/seminarixoa.eus\/wp-content\/uploads\/2025\/11\/la_cena-484598562-large.jpg 847w\" sizes=\"auto, (max-width: 723px) 100vw, 723px\" \/><\/figure>\n<\/div>\n<\/div>\n<\/div>\n\n\n\n<div style=\"height:50px\" aria-hidden=\"true\" class=\"wp-block-spacer\"><\/div>\n","protected":false},"excerpt":{"rendered":"","protected":false},"featured_media":8078,"parent":0,"menu_order":0,"template":"","bravo_category":[20],"class_list":["post-8076","bravo","type-bravo","status-publish","has-post-thumbnail","hentry","bravo_category-zinea-komertziala"],"yoast_head":"<!-- This site is optimized with the Yoast SEO plugin v26.6 - https:\/\/yoast.com\/wordpress\/plugins\/seo\/ -->\n<title>LA CENA - Seminarixoa<\/title>\n<meta name=\"robots\" content=\"index, follow, max-snippet:-1, max-image-preview:large, max-video-preview:-1\" \/>\n<link rel=\"canonical\" href=\"https:\/\/seminarixoa.eus\/gertaera\/la-cena-2\/\" \/>\n<meta property=\"og:locale\" content=\"es_ES\" \/>\n<meta property=\"og:type\" content=\"article\" \/>\n<meta property=\"og:title\" content=\"LA CENA - Seminarixoa\" \/>\n<meta property=\"og:url\" content=\"https:\/\/seminarixoa.eus\/gertaera\/la-cena-2\/\" \/>\n<meta property=\"og:site_name\" content=\"Seminarixoa\" \/>\n<meta property=\"article:publisher\" content=\"https:\/\/www.facebook.com\/bergarakultura\" \/>\n<meta property=\"article:modified_time\" content=\"2025-11-16T19:28:24+00:00\" \/>\n<meta property=\"og:image\" content=\"https:\/\/seminarixoa.eus\/wp-content\/uploads\/2025\/11\/la_cena-484598562-large.jpg\" \/>\n\t<meta property=\"og:image:width\" content=\"847\" \/>\n\t<meta property=\"og:image:height\" content=\"1200\" \/>\n\t<meta property=\"og:image:type\" content=\"image\/jpeg\" \/>\n<meta name=\"twitter:card\" content=\"summary_large_image\" \/>\n<meta name=\"twitter:site\" content=\"@BergaraKultura\" \/>\n<meta name=\"twitter:label1\" content=\"Tiempo de lectura\" \/>\n\t<meta name=\"twitter:data1\" content=\"2 minutos\" \/>\n<script type=\"application\/ld+json\" class=\"yoast-schema-graph\">{\"@context\":\"https:\/\/schema.org\",\"@graph\":[{\"@type\":\"WebPage\",\"@id\":\"https:\/\/seminarixoa.eus\/gertaera\/la-cena-2\/\",\"url\":\"https:\/\/seminarixoa.eus\/gertaera\/la-cena-2\/\",\"name\":\"LA CENA - Seminarixoa\",\"isPartOf\":{\"@id\":\"https:\/\/seminarixoa.eus\/es\/#website\"},\"primaryImageOfPage\":{\"@id\":\"https:\/\/seminarixoa.eus\/gertaera\/la-cena-2\/#primaryimage\"},\"image\":{\"@id\":\"https:\/\/seminarixoa.eus\/gertaera\/la-cena-2\/#primaryimage\"},\"thumbnailUrl\":\"https:\/\/seminarixoa.eus\/wp-content\/uploads\/2025\/11\/la_cena-484598562-large.jpg\",\"datePublished\":\"2025-11-16T19:28:21+00:00\",\"dateModified\":\"2025-11-16T19:28:24+00:00\",\"breadcrumb\":{\"@id\":\"https:\/\/seminarixoa.eus\/gertaera\/la-cena-2\/#breadcrumb\"},\"inLanguage\":\"es-ES\",\"potentialAction\":[{\"@type\":\"ReadAction\",\"target\":[\"https:\/\/seminarixoa.eus\/gertaera\/la-cena-2\/\"]}]},{\"@type\":\"ImageObject\",\"inLanguage\":\"es-ES\",\"@id\":\"https:\/\/seminarixoa.eus\/gertaera\/la-cena-2\/#primaryimage\",\"url\":\"https:\/\/seminarixoa.eus\/wp-content\/uploads\/2025\/11\/la_cena-484598562-large.jpg\",\"contentUrl\":\"https:\/\/seminarixoa.eus\/wp-content\/uploads\/2025\/11\/la_cena-484598562-large.jpg\",\"width\":847,\"height\":1200},{\"@type\":\"BreadcrumbList\",\"@id\":\"https:\/\/seminarixoa.eus\/gertaera\/la-cena-2\/#breadcrumb\",\"itemListElement\":[{\"@type\":\"ListItem\",\"position\":1,\"name\":\"Home\",\"item\":\"https:\/\/seminarixoa.eus\/es\/\"},{\"@type\":\"ListItem\",\"position\":2,\"name\":\"Bravo Events\",\"item\":\"https:\/\/seminarixoa.eus\/es\/gertaera\/\"},{\"@type\":\"ListItem\",\"position\":3,\"name\":\"LA CENA\"}]},{\"@type\":\"WebSite\",\"@id\":\"https:\/\/seminarixoa.eus\/es\/#website\",\"url\":\"https:\/\/seminarixoa.eus\/es\/\",\"name\":\"Bergara Kultura\",\"description\":\"Seminarixoa\",\"publisher\":{\"@id\":\"https:\/\/seminarixoa.eus\/es\/#organization\"},\"potentialAction\":[{\"@type\":\"SearchAction\",\"target\":{\"@type\":\"EntryPoint\",\"urlTemplate\":\"https:\/\/seminarixoa.eus\/es\/?s={search_term_string}\"},\"query-input\":{\"@type\":\"PropertyValueSpecification\",\"valueRequired\":true,\"valueName\":\"search_term_string\"}}],\"inLanguage\":\"es-ES\"},{\"@type\":\"Organization\",\"@id\":\"https:\/\/seminarixoa.eus\/es\/#organization\",\"name\":\"Bergara Kultura\",\"url\":\"https:\/\/seminarixoa.eus\/es\/\",\"logo\":{\"@type\":\"ImageObject\",\"inLanguage\":\"es-ES\",\"@id\":\"https:\/\/seminarixoa.eus\/es\/#\/schema\/logo\/image\/\",\"url\":\"https:\/\/seminarixoa.eus\/wp-content\/uploads\/2020\/01\/Logoa_beltza.jpg\",\"contentUrl\":\"https:\/\/seminarixoa.eus\/wp-content\/uploads\/2020\/01\/Logoa_beltza.jpg\",\"width\":255,\"height\":157,\"caption\":\"Bergara Kultura\"},\"image\":{\"@id\":\"https:\/\/seminarixoa.eus\/es\/#\/schema\/logo\/image\/\"},\"sameAs\":[\"https:\/\/www.facebook.com\/bergarakultura\",\"https:\/\/x.com\/BergaraKultura\",\"https:\/\/www.instagram.com\/bergara_kultura\/\",\"https:\/\/www.youtube.com\/channel\/UCxrRFHA1I4IaCs-QOQfAq0Q\"]}]}<\/script>\n<!-- \/ Yoast SEO plugin. -->","yoast_head_json":{"title":"LA CENA - Seminarixoa","robots":{"index":"index","follow":"follow","max-snippet":"max-snippet:-1","max-image-preview":"max-image-preview:large","max-video-preview":"max-video-preview:-1"},"canonical":"https:\/\/seminarixoa.eus\/gertaera\/la-cena-2\/","og_locale":"es_ES","og_type":"article","og_title":"LA CENA - Seminarixoa","og_url":"https:\/\/seminarixoa.eus\/gertaera\/la-cena-2\/","og_site_name":"Seminarixoa","article_publisher":"https:\/\/www.facebook.com\/bergarakultura","article_modified_time":"2025-11-16T19:28:24+00:00","og_image":[{"width":847,"height":1200,"url":"https:\/\/seminarixoa.eus\/wp-content\/uploads\/2025\/11\/la_cena-484598562-large.jpg","type":"image\/jpeg"}],"twitter_card":"summary_large_image","twitter_site":"@BergaraKultura","twitter_misc":{"Tiempo de lectura":"2 minutos"},"schema":{"@context":"https:\/\/schema.org","@graph":[{"@type":"WebPage","@id":"https:\/\/seminarixoa.eus\/gertaera\/la-cena-2\/","url":"https:\/\/seminarixoa.eus\/gertaera\/la-cena-2\/","name":"LA CENA - Seminarixoa","isPartOf":{"@id":"https:\/\/seminarixoa.eus\/es\/#website"},"primaryImageOfPage":{"@id":"https:\/\/seminarixoa.eus\/gertaera\/la-cena-2\/#primaryimage"},"image":{"@id":"https:\/\/seminarixoa.eus\/gertaera\/la-cena-2\/#primaryimage"},"thumbnailUrl":"https:\/\/seminarixoa.eus\/wp-content\/uploads\/2025\/11\/la_cena-484598562-large.jpg","datePublished":"2025-11-16T19:28:21+00:00","dateModified":"2025-11-16T19:28:24+00:00","breadcrumb":{"@id":"https:\/\/seminarixoa.eus\/gertaera\/la-cena-2\/#breadcrumb"},"inLanguage":"es-ES","potentialAction":[{"@type":"ReadAction","target":["https:\/\/seminarixoa.eus\/gertaera\/la-cena-2\/"]}]},{"@type":"ImageObject","inLanguage":"es-ES","@id":"https:\/\/seminarixoa.eus\/gertaera\/la-cena-2\/#primaryimage","url":"https:\/\/seminarixoa.eus\/wp-content\/uploads\/2025\/11\/la_cena-484598562-large.jpg","contentUrl":"https:\/\/seminarixoa.eus\/wp-content\/uploads\/2025\/11\/la_cena-484598562-large.jpg","width":847,"height":1200},{"@type":"BreadcrumbList","@id":"https:\/\/seminarixoa.eus\/gertaera\/la-cena-2\/#breadcrumb","itemListElement":[{"@type":"ListItem","position":1,"name":"Home","item":"https:\/\/seminarixoa.eus\/es\/"},{"@type":"ListItem","position":2,"name":"Bravo Events","item":"https:\/\/seminarixoa.eus\/es\/gertaera\/"},{"@type":"ListItem","position":3,"name":"LA CENA"}]},{"@type":"WebSite","@id":"https:\/\/seminarixoa.eus\/es\/#website","url":"https:\/\/seminarixoa.eus\/es\/","name":"Bergara Kultura","description":"Seminarixoa","publisher":{"@id":"https:\/\/seminarixoa.eus\/es\/#organization"},"potentialAction":[{"@type":"SearchAction","target":{"@type":"EntryPoint","urlTemplate":"https:\/\/seminarixoa.eus\/es\/?s={search_term_string}"},"query-input":{"@type":"PropertyValueSpecification","valueRequired":true,"valueName":"search_term_string"}}],"inLanguage":"es-ES"},{"@type":"Organization","@id":"https:\/\/seminarixoa.eus\/es\/#organization","name":"Bergara Kultura","url":"https:\/\/seminarixoa.eus\/es\/","logo":{"@type":"ImageObject","inLanguage":"es-ES","@id":"https:\/\/seminarixoa.eus\/es\/#\/schema\/logo\/image\/","url":"https:\/\/seminarixoa.eus\/wp-content\/uploads\/2020\/01\/Logoa_beltza.jpg","contentUrl":"https:\/\/seminarixoa.eus\/wp-content\/uploads\/2020\/01\/Logoa_beltza.jpg","width":255,"height":157,"caption":"Bergara Kultura"},"image":{"@id":"https:\/\/seminarixoa.eus\/es\/#\/schema\/logo\/image\/"},"sameAs":["https:\/\/www.facebook.com\/bergarakultura","https:\/\/x.com\/BergaraKultura","https:\/\/www.instagram.com\/bergara_kultura\/","https:\/\/www.youtube.com\/channel\/UCxrRFHA1I4IaCs-QOQfAq0Q"]}]}},"_links":{"self":[{"href":"https:\/\/seminarixoa.eus\/es\/wp-json\/wp\/v2\/bravo\/8076","targetHints":{"allow":["GET"]}}],"collection":[{"href":"https:\/\/seminarixoa.eus\/es\/wp-json\/wp\/v2\/bravo"}],"about":[{"href":"https:\/\/seminarixoa.eus\/es\/wp-json\/wp\/v2\/types\/bravo"}],"wp:featuredmedia":[{"embeddable":true,"href":"https:\/\/seminarixoa.eus\/es\/wp-json\/wp\/v2\/media\/8078"}],"wp:attachment":[{"href":"https:\/\/seminarixoa.eus\/es\/wp-json\/wp\/v2\/media?parent=8076"}],"wp:term":[{"taxonomy":"bravo_category","embeddable":true,"href":"https:\/\/seminarixoa.eus\/es\/wp-json\/wp\/v2\/bravo_category?post=8076"}],"curies":[{"name":"wp","href":"https:\/\/api.w.org\/{rel}","templated":true}]}}