{"id":7636,"date":"2025-03-27T16:29:20","date_gmt":"2025-03-27T15:29:20","guid":{"rendered":"https:\/\/seminarixoa.eus\/?post_type=bravo&#038;p=7636"},"modified":"2025-03-27T16:29:44","modified_gmt":"2025-03-27T15:29:44","slug":"los-aitas","status":"publish","type":"bravo","link":"https:\/\/seminarixoa.eus\/es\/gertaera\/los-aitas\/","title":{"rendered":"LOS AITAS"},"content":{"rendered":"\n<div class=\"wp-block-cover alignfull\" style=\"min-height:530px;aspect-ratio:unset;\"><span aria-hidden=\"true\" class=\"wp-block-cover__background has-background-dim-0 has-background-dim\" style=\"background-color:#6a6469\"><\/span><img loading=\"lazy\" decoding=\"async\" width=\"1200\" height=\"675\" class=\"wp-block-cover__image-background wp-image-7637\" alt=\"\" src=\"https:\/\/seminarixoa.eus\/wp-content\/uploads\/2025\/03\/loas-aitas-foto.jpg\" data-object-fit=\"cover\" srcset=\"https:\/\/seminarixoa.eus\/wp-content\/uploads\/2025\/03\/loas-aitas-foto.jpg 1200w, https:\/\/seminarixoa.eus\/wp-content\/uploads\/2025\/03\/loas-aitas-foto-300x169.jpg 300w, https:\/\/seminarixoa.eus\/wp-content\/uploads\/2025\/03\/loas-aitas-foto-1024x576.jpg 1024w, https:\/\/seminarixoa.eus\/wp-content\/uploads\/2025\/03\/loas-aitas-foto-768x432.jpg 768w\" sizes=\"auto, (max-width: 1200px) 100vw, 1200px\" \/><div class=\"wp-block-cover__inner-container is-layout-flow wp-block-cover-is-layout-flow\">\n<p class=\"has-text-align-center has-large-font-size\"><\/p>\n<\/div><\/div>\n\n\n\n<div class=\"wp-block-bravo-manager-blocks-bravo-sidebar alignwide\">\n<div class=\"wp-block-columns alignwide bravo-sidebar-columns is-layout-flex wp-container-core-columns-is-layout-1 wp-block-columns-is-layout-flex\">\n<div class=\"wp-block-column is-layout-flow wp-block-column-is-layout-flow\">\n<h1 class=\"wp-block-heading\" id=\"main-title\">Los aitas<\/h1>\n\n\n\n<h3 class=\"wp-block-heading\">Sinopsis<\/h3>\n\n\n\n<p>En la periferia obrera del Bilbao de finales de los 80, un equipo infantil de gimnasia r\u00edtmica tiene la oportunidad de participar en una campeonato en Berl\u00edn. Ante la imposibilidad de que las madres acompa\u00f1en a sus hijas, la tarea recaer\u00e1 en los padres, que no parecen muy interesados en el viaje, ni en ese deporte, ni incluso en sus propias hijas.<\/p>\n\n\n\n<figure class=\"wp-block-embed is-type-video is-provider-youtube wp-block-embed-youtube wp-embed-aspect-16-9 wp-has-aspect-ratio\"><div class=\"wp-block-embed__wrapper\">\n<iframe loading=\"lazy\" title=\"LOS AITAS - TR\u00c1ILER OFICIAL (HD)\" width=\"500\" height=\"281\" src=\"https:\/\/www.youtube.com\/embed\/0oF49V8ZrKk?feature=oembed\" frameborder=\"0\" allow=\"accelerometer; autoplay; clipboard-write; encrypted-media; gyroscope; picture-in-picture; web-share\" referrerpolicy=\"strict-origin-when-cross-origin\" allowfullscreen><\/iframe>\n<\/div><\/figure>\n\n\n\n<h3 class=\"wp-block-heading\"><\/h3>\n\n\n\n<h3 class=\"wp-block-heading\">Cr\u00edticas<\/h3>\n\n\n\n<p><a href=\"https:\/\/elpais.com\/cultura\/2025-03-21\/los-aitas-una-tibia-comedia-familiar-de-borja-cobeaga-sobre-paternidades-ausentes.html\" target=\"_blank\" rel=\"noreferrer noopener\"><\/a>\u00abUna tibia comedia familiar (&#8230;) una enternecedora pero insuficiente \u2018road movie\u2019 retroochentera (&#8230;) parte de una buena idea, disfrutable (&#8230;) pero sus personajes ped\u00edan que ese autob\u00fas (&#8230;) llegase m\u00e1s lejos.\u00bb\u00a0<strong>Elsa Fern\u00e1ndez-Santos:\u00a0Diario El Pa\u00eds\u00a0<\/strong><\/p>\n\n\n\n<p><a href=\"https:\/\/www.elperiodico.com\/es\/ocio-y-cultura\/20250320\/critica-aitas-borja-cobeaga-padres-115507231\" target=\"_blank\" rel=\"noreferrer noopener\"><\/a>\u00abCobeaga sigue practicando su comedia tan popular como incisiva, siempre muy divertida y atenta a esos detalles min\u00fasculos pero importantes en las relaciones entre sus personajes\u00bb\u00a0<strong>Quim Casas:\u00a0Diario El Peri\u00f3dico\u00a0<\/strong><\/p>\n\n\n\n<p><a href=\"https:\/\/www.abc.es\/play\/cine\/criticas\/criticas-semana-oti-marchante-aitas-chica-aguja-20250321042047-nt.html\" target=\"_blank\" rel=\"noreferrer noopener\"><\/a>\u00abUna pel\u00edcula blanca, &#8216;buena&#8217; (&#8230;) Una historia con fondo tierno (&#8230;) Momentos de comedia, tambi\u00e9n de drama suave, algunas lecciones de vida y apuntes sociales sobre la implicaci\u00f3n paterna (&#8230;) Y felices protagonistas masculinos\u00bb<strong>\u00a0Oti Rodr\u00edguez Marchante:\u00a0Diario ABC<\/strong><\/p>\n\n\n\n<div style=\"height:25px\" aria-hidden=\"true\" class=\"wp-block-spacer\"><\/div>\n\n\n\n<div style=\"height:25px\" aria-hidden=\"true\" class=\"wp-block-spacer\"><\/div>\n<\/div>\n\n\n\n<div class=\"wp-block-column is-layout-flow wp-block-column-is-layout-flow\">\n<a class=\"wp-block-bravo-manager-blocks-bravo-sidebar-head link-to-bravo-event\" href=\"#\"><div class=\"bravo-sidebar-head\" style=\"background-color:#EDCE80;color:#000000;border-style:solid;border-width:0px;border-color:#000000;margin-top:0;margin-bottom:0;padding-top:10px;padding-right:20px;padding-bottom:10px;padding-left:20px\"><div class=\"bravo-row bravo-align-items-center\"><div class=\"bravo-col-sm-3 bravo-col-md-3 bravo-col-lg-3 bravo-icon-section\"><i class=\"ti-ticket\"><\/i><\/div><div class=\"bravo-col-sm-9 bravo-col-md-9 bravo-col-lg-9 bravo-content-section\"><h5 style=\"font-size:16px\">No esperes m\u00e1s \u00a1 Compra aqu\u00ed tu entrada !<\/h5><div style=\"font-size:14px\">Fechas: <br>2025\/04\/20 Domingo<br>2025\/04\/21 Lunes<br><br>Hora: 19:30<br><em>Entradas disponibles a partir del 2025\/03\/27 a las17:00<\/em><\/div><\/div><\/div><\/div><\/a>\n\n\n\n<hr class=\"wp-block-separator has-css-opacity is-style-wide\" \/>\n\n\n\n<div class=\"wp-block-bravo-manager-blocks-bravo-sidebar-box bravo-sidebar-box\" style=\"margin-top:0;margin-bottom:0\"><div class=\"bravo-row bravo-align-items-center bravo-sidebar-box-head\" style=\"color:#FFFFFF;background-color:#2990E1;padding-top:10px;padding-right:20px;padding-bottom:10px;padding-left:20px\"><div class=\"bravo-col-sm-3 bravo-col-md-3 bravo-col-lg-3 bravo-icon-section\"><i class=\"ti-video-clapper\"><\/i><\/div><div class=\"bravo-col-sm-9 bravo-col-md-9 bravo-col-lg-9 bravo-content-section\"><h5 style=\"font-size:20px\">CINE<\/h5><\/div><\/div><div class=\"bravo-row bravo-align-items-center bravo-sidebar-box-body\" style=\"color:#FFFFFF;background-color:#2990E1;padding-top:10px;padding-right:20px;padding-bottom:10px;padding-left:50px\"><div class=\"bravo-col-sm-12 bravo-col-md-12 bravo-col-lg-12\"><p style=\"font-size:16px\"><strong>G\u00e9neroa: <\/strong>Comedia\u00a0|\u00a0Road Movie.\u00a0A\u00f1os 80.\u00a0Paternidad<\/p><\/div><\/div><\/div>\n\n\n\n<div class=\"wp-block-bravo-manager-blocks-bravo-sidebar-box bravo-sidebar-box\" style=\"margin-top:0;margin-bottom:0\"><div class=\"bravo-row bravo-align-items-center bravo-sidebar-box-head\" style=\"color:#FFFFFF;background-color:#2990E1;padding-top:10px;padding-right:20px;padding-bottom:10px;padding-left:20px\"><div class=\"bravo-col-sm-3 bravo-col-md-3 bravo-col-lg-3 bravo-icon-section\"><i class=\"ti-info-alt\"><\/i><\/div><div class=\"bravo-col-sm-9 bravo-col-md-9 bravo-col-lg-9 bravo-content-section\"><\/div><\/div><div class=\"bravo-row bravo-align-items-center bravo-sidebar-box-body\" style=\"color:#FFFFFF;background-color:#2990E1;padding-top:10px;padding-right:20px;padding-bottom:10px;padding-left:50px\"><div class=\"bravo-col-sm-12 bravo-col-md-12 bravo-col-lg-12\"><p style=\"font-size:16px\"><strong>Calificaci\u00f3n:<\/strong> No recomendado para menores de 7 a\u00f1os <strong><br><br>Duraci\u00f3n: <\/strong>88 min.<\/p><\/div><\/div><\/div>\n\n\n\n<div class=\"wp-block-bravo-manager-blocks-bravo-sidebar-box bravo-sidebar-box\" style=\"margin-top:0;margin-bottom:0\"><div class=\"bravo-row bravo-align-items-center bravo-sidebar-box-head\" style=\"color:#F6F7FB;background-color:#2990E1;padding-top:10px;padding-right:20px;padding-bottom:10px;padding-left:20px\"><div class=\"bravo-col-sm-3 bravo-col-md-3 bravo-col-lg-3 bravo-icon-section\"><i class=\"ti-headphone-alt\"><\/i><\/div><div class=\"bravo-col-sm-9 bravo-col-md-9 bravo-col-lg-9 bravo-content-section\"><\/div><\/div><div class=\"bravo-row bravo-align-items-center bravo-sidebar-box-body\" style=\"color:#F6F7FB;background-color:#2990E1;padding-top:10px;padding-right:20px;padding-bottom:10px;padding-left:50px\"><div class=\"bravo-col-sm-12 bravo-col-md-12 bravo-col-lg-12\"><p style=\"font-size:16px\"><strong>Idioma: <\/strong>ES<\/p><\/div><\/div><\/div>\n\n\n\n<hr class=\"wp-block-separator has-css-opacity is-style-wide\" \/>\n\n\n\n<div class=\"wp-block-bravo-manager-blocks-bravo-sidebar-box bravo-sidebar-box\" style=\"margin-top:0;margin-bottom:0\"><div class=\"bravo-row bravo-align-items-center bravo-sidebar-box-head\" style=\"color:#edce80;background-color:#484554;padding-top:10px;padding-right:20px;padding-bottom:10px;padding-left:20px\"><div class=\"bravo-col-sm-3 bravo-col-md-3 bravo-col-lg-3 bravo-icon-section\"><i class=\"ti-clipboard\"><\/i><\/div><div class=\"bravo-col-sm-9 bravo-col-md-9 bravo-col-lg-9 bravo-content-section\"><h5 style=\"font-size:16px\">Ficha t\u00e9cnica<\/h5><\/div><\/div><div class=\"bravo-row bravo-align-items-center bravo-sidebar-box-body\" style=\"color:#edce80;background-color:#484554;padding-top:10px;padding-right:20px;padding-bottom:10px;padding-left:20px\"><div class=\"bravo-col-sm-12 bravo-col-md-12 bravo-col-lg-12\"><p style=\"font-size:14px\"><strong>T\u00edtulo original<\/strong>: Los aitas<br><strong>A\u00f1o<\/strong>: 2025<br><strong>Duraci\u00f3n<\/strong>: 88 min.<br><strong>Pa\u00eds<\/strong>: Espa\u00f1a<br><strong>Direcci\u00f3n<\/strong>: Borja Cobeaga<br><strong>Guion<\/strong>: Borja Cobeaga,\u00a0Valentina Viso<br><strong>Reparto<\/strong>: Quim Guti\u00e9rrez,\u00a0Juan Diego Botto,\u00a0Ram\u00f3n Barea,\u00a0Sof\u00eda Otero,\u00a0Irati Goitia,\u00a0Mara Garc\u00e9s Renedo,\u00a0Vera L\u00f3pez\u00a0,\u00a0Irati Garc\u00eda,\u00a0I\u00f1aki Ardanaz,\u00a0Mikel Losada,\u00a0Laura Weissmahr,\u00a0Aitor Sanz<br><strong>M\u00fasica<\/strong>: Arantzazu Calleja<br><strong>Fotograf\u00eda<\/strong>: Bet Rourich<br><strong>Compa\u00f1\u00edas<\/strong>: Inicia Films,\u00a0BTeam Pictures,\u00a0Sayaka Producciones,\u00a0UM\u00e9dia,\u00a0ETB,\u00a0RTVE,\u00a0Movistar Plus+<br><strong>G\u00e9nero<\/strong>: Comedia\u00a0|\u00a0Road Movie.\u00a0A\u00f1os 80.\u00a0Paternidad<\/p><\/div><\/div><\/div>\n\n\n\n<hr class=\"wp-block-separator has-css-opacity is-style-wide\" \/>\n\n\n\n<figure class=\"wp-block-image size-full\"><img loading=\"lazy\" decoding=\"async\" width=\"561\" height=\"800\" src=\"https:\/\/seminarixoa.eus\/wp-content\/uploads\/2025\/03\/los-aits-cartel.jpg\" alt=\"\" class=\"wp-image-7638\" srcset=\"https:\/\/seminarixoa.eus\/wp-content\/uploads\/2025\/03\/los-aits-cartel.jpg 561w, https:\/\/seminarixoa.eus\/wp-content\/uploads\/2025\/03\/los-aits-cartel-210x300.jpg 210w\" sizes=\"auto, (max-width: 561px) 100vw, 561px\" \/><\/figure>\n<\/div>\n<\/div>\n<\/div>\n\n\n\n<div style=\"height:50px\" aria-hidden=\"true\" class=\"wp-block-spacer\"><\/div>\n","protected":false},"excerpt":{"rendered":"","protected":false},"featured_media":7638,"parent":0,"menu_order":0,"template":"","bravo_category":[20],"class_list":["post-7636","bravo","type-bravo","status-publish","has-post-thumbnail","hentry","bravo_category-zinea-komertziala"],"yoast_head":"<!-- This site is optimized with the Yoast SEO plugin v26.6 - https:\/\/yoast.com\/wordpress\/plugins\/seo\/ -->\n<title>LOS AITAS - Seminarixoa<\/title>\n<meta name=\"robots\" content=\"index, follow, max-snippet:-1, max-image-preview:large, max-video-preview:-1\" \/>\n<link rel=\"canonical\" href=\"https:\/\/seminarixoa.eus\/gertaera\/los-aitas\/\" \/>\n<meta property=\"og:locale\" content=\"es_ES\" \/>\n<meta property=\"og:type\" content=\"article\" \/>\n<meta property=\"og:title\" content=\"LOS AITAS - Seminarixoa\" \/>\n<meta property=\"og:url\" content=\"https:\/\/seminarixoa.eus\/gertaera\/los-aitas\/\" \/>\n<meta property=\"og:site_name\" content=\"Seminarixoa\" \/>\n<meta property=\"article:publisher\" content=\"https:\/\/www.facebook.com\/bergarakultura\" \/>\n<meta property=\"article:modified_time\" content=\"2025-03-27T15:29:44+00:00\" \/>\n<meta property=\"og:image\" content=\"https:\/\/seminarixoa.eus\/wp-content\/uploads\/2025\/03\/los-aits-cartel.jpg\" \/>\n\t<meta property=\"og:image:width\" content=\"561\" \/>\n\t<meta property=\"og:image:height\" content=\"800\" \/>\n\t<meta property=\"og:image:type\" content=\"image\/jpeg\" \/>\n<meta name=\"twitter:card\" content=\"summary_large_image\" \/>\n<meta name=\"twitter:site\" content=\"@BergaraKultura\" \/>\n<meta name=\"twitter:label1\" content=\"Tiempo de lectura\" \/>\n\t<meta name=\"twitter:data1\" content=\"2 minutos\" \/>\n<script type=\"application\/ld+json\" class=\"yoast-schema-graph\">{\"@context\":\"https:\/\/schema.org\",\"@graph\":[{\"@type\":\"WebPage\",\"@id\":\"https:\/\/seminarixoa.eus\/gertaera\/los-aitas\/\",\"url\":\"https:\/\/seminarixoa.eus\/gertaera\/los-aitas\/\",\"name\":\"LOS AITAS - Seminarixoa\",\"isPartOf\":{\"@id\":\"https:\/\/seminarixoa.eus\/es\/#website\"},\"primaryImageOfPage\":{\"@id\":\"https:\/\/seminarixoa.eus\/gertaera\/los-aitas\/#primaryimage\"},\"image\":{\"@id\":\"https:\/\/seminarixoa.eus\/gertaera\/los-aitas\/#primaryimage\"},\"thumbnailUrl\":\"https:\/\/seminarixoa.eus\/wp-content\/uploads\/2025\/03\/los-aits-cartel.jpg\",\"datePublished\":\"2025-03-27T15:29:20+00:00\",\"dateModified\":\"2025-03-27T15:29:44+00:00\",\"breadcrumb\":{\"@id\":\"https:\/\/seminarixoa.eus\/gertaera\/los-aitas\/#breadcrumb\"},\"inLanguage\":\"es-ES\",\"potentialAction\":[{\"@type\":\"ReadAction\",\"target\":[\"https:\/\/seminarixoa.eus\/gertaera\/los-aitas\/\"]}]},{\"@type\":\"ImageObject\",\"inLanguage\":\"es-ES\",\"@id\":\"https:\/\/seminarixoa.eus\/gertaera\/los-aitas\/#primaryimage\",\"url\":\"https:\/\/seminarixoa.eus\/wp-content\/uploads\/2025\/03\/los-aits-cartel.jpg\",\"contentUrl\":\"https:\/\/seminarixoa.eus\/wp-content\/uploads\/2025\/03\/los-aits-cartel.jpg\",\"width\":561,\"height\":800},{\"@type\":\"BreadcrumbList\",\"@id\":\"https:\/\/seminarixoa.eus\/gertaera\/los-aitas\/#breadcrumb\",\"itemListElement\":[{\"@type\":\"ListItem\",\"position\":1,\"name\":\"Home\",\"item\":\"https:\/\/seminarixoa.eus\/es\/\"},{\"@type\":\"ListItem\",\"position\":2,\"name\":\"Bravo Events\",\"item\":\"https:\/\/seminarixoa.eus\/es\/gertaera\/\"},{\"@type\":\"ListItem\",\"position\":3,\"name\":\"LOS AITAS\"}]},{\"@type\":\"WebSite\",\"@id\":\"https:\/\/seminarixoa.eus\/es\/#website\",\"url\":\"https:\/\/seminarixoa.eus\/es\/\",\"name\":\"Bergara Kultura\",\"description\":\"Seminarixoa\",\"publisher\":{\"@id\":\"https:\/\/seminarixoa.eus\/es\/#organization\"},\"potentialAction\":[{\"@type\":\"SearchAction\",\"target\":{\"@type\":\"EntryPoint\",\"urlTemplate\":\"https:\/\/seminarixoa.eus\/es\/?s={search_term_string}\"},\"query-input\":{\"@type\":\"PropertyValueSpecification\",\"valueRequired\":true,\"valueName\":\"search_term_string\"}}],\"inLanguage\":\"es-ES\"},{\"@type\":\"Organization\",\"@id\":\"https:\/\/seminarixoa.eus\/es\/#organization\",\"name\":\"Bergara Kultura\",\"url\":\"https:\/\/seminarixoa.eus\/es\/\",\"logo\":{\"@type\":\"ImageObject\",\"inLanguage\":\"es-ES\",\"@id\":\"https:\/\/seminarixoa.eus\/es\/#\/schema\/logo\/image\/\",\"url\":\"https:\/\/seminarixoa.eus\/wp-content\/uploads\/2020\/01\/Logoa_beltza.jpg\",\"contentUrl\":\"https:\/\/seminarixoa.eus\/wp-content\/uploads\/2020\/01\/Logoa_beltza.jpg\",\"width\":255,\"height\":157,\"caption\":\"Bergara Kultura\"},\"image\":{\"@id\":\"https:\/\/seminarixoa.eus\/es\/#\/schema\/logo\/image\/\"},\"sameAs\":[\"https:\/\/www.facebook.com\/bergarakultura\",\"https:\/\/x.com\/BergaraKultura\",\"https:\/\/www.instagram.com\/bergara_kultura\/\",\"https:\/\/www.youtube.com\/channel\/UCxrRFHA1I4IaCs-QOQfAq0Q\"]}]}<\/script>\n<!-- \/ Yoast SEO plugin. -->","yoast_head_json":{"title":"LOS AITAS - Seminarixoa","robots":{"index":"index","follow":"follow","max-snippet":"max-snippet:-1","max-image-preview":"max-image-preview:large","max-video-preview":"max-video-preview:-1"},"canonical":"https:\/\/seminarixoa.eus\/gertaera\/los-aitas\/","og_locale":"es_ES","og_type":"article","og_title":"LOS AITAS - Seminarixoa","og_url":"https:\/\/seminarixoa.eus\/gertaera\/los-aitas\/","og_site_name":"Seminarixoa","article_publisher":"https:\/\/www.facebook.com\/bergarakultura","article_modified_time":"2025-03-27T15:29:44+00:00","og_image":[{"width":561,"height":800,"url":"https:\/\/seminarixoa.eus\/wp-content\/uploads\/2025\/03\/los-aits-cartel.jpg","type":"image\/jpeg"}],"twitter_card":"summary_large_image","twitter_site":"@BergaraKultura","twitter_misc":{"Tiempo de lectura":"2 minutos"},"schema":{"@context":"https:\/\/schema.org","@graph":[{"@type":"WebPage","@id":"https:\/\/seminarixoa.eus\/gertaera\/los-aitas\/","url":"https:\/\/seminarixoa.eus\/gertaera\/los-aitas\/","name":"LOS AITAS - Seminarixoa","isPartOf":{"@id":"https:\/\/seminarixoa.eus\/es\/#website"},"primaryImageOfPage":{"@id":"https:\/\/seminarixoa.eus\/gertaera\/los-aitas\/#primaryimage"},"image":{"@id":"https:\/\/seminarixoa.eus\/gertaera\/los-aitas\/#primaryimage"},"thumbnailUrl":"https:\/\/seminarixoa.eus\/wp-content\/uploads\/2025\/03\/los-aits-cartel.jpg","datePublished":"2025-03-27T15:29:20+00:00","dateModified":"2025-03-27T15:29:44+00:00","breadcrumb":{"@id":"https:\/\/seminarixoa.eus\/gertaera\/los-aitas\/#breadcrumb"},"inLanguage":"es-ES","potentialAction":[{"@type":"ReadAction","target":["https:\/\/seminarixoa.eus\/gertaera\/los-aitas\/"]}]},{"@type":"ImageObject","inLanguage":"es-ES","@id":"https:\/\/seminarixoa.eus\/gertaera\/los-aitas\/#primaryimage","url":"https:\/\/seminarixoa.eus\/wp-content\/uploads\/2025\/03\/los-aits-cartel.jpg","contentUrl":"https:\/\/seminarixoa.eus\/wp-content\/uploads\/2025\/03\/los-aits-cartel.jpg","width":561,"height":800},{"@type":"BreadcrumbList","@id":"https:\/\/seminarixoa.eus\/gertaera\/los-aitas\/#breadcrumb","itemListElement":[{"@type":"ListItem","position":1,"name":"Home","item":"https:\/\/seminarixoa.eus\/es\/"},{"@type":"ListItem","position":2,"name":"Bravo Events","item":"https:\/\/seminarixoa.eus\/es\/gertaera\/"},{"@type":"ListItem","position":3,"name":"LOS AITAS"}]},{"@type":"WebSite","@id":"https:\/\/seminarixoa.eus\/es\/#website","url":"https:\/\/seminarixoa.eus\/es\/","name":"Bergara Kultura","description":"Seminarixoa","publisher":{"@id":"https:\/\/seminarixoa.eus\/es\/#organization"},"potentialAction":[{"@type":"SearchAction","target":{"@type":"EntryPoint","urlTemplate":"https:\/\/seminarixoa.eus\/es\/?s={search_term_string}"},"query-input":{"@type":"PropertyValueSpecification","valueRequired":true,"valueName":"search_term_string"}}],"inLanguage":"es-ES"},{"@type":"Organization","@id":"https:\/\/seminarixoa.eus\/es\/#organization","name":"Bergara Kultura","url":"https:\/\/seminarixoa.eus\/es\/","logo":{"@type":"ImageObject","inLanguage":"es-ES","@id":"https:\/\/seminarixoa.eus\/es\/#\/schema\/logo\/image\/","url":"https:\/\/seminarixoa.eus\/wp-content\/uploads\/2020\/01\/Logoa_beltza.jpg","contentUrl":"https:\/\/seminarixoa.eus\/wp-content\/uploads\/2020\/01\/Logoa_beltza.jpg","width":255,"height":157,"caption":"Bergara Kultura"},"image":{"@id":"https:\/\/seminarixoa.eus\/es\/#\/schema\/logo\/image\/"},"sameAs":["https:\/\/www.facebook.com\/bergarakultura","https:\/\/x.com\/BergaraKultura","https:\/\/www.instagram.com\/bergara_kultura\/","https:\/\/www.youtube.com\/channel\/UCxrRFHA1I4IaCs-QOQfAq0Q"]}]}},"_links":{"self":[{"href":"https:\/\/seminarixoa.eus\/es\/wp-json\/wp\/v2\/bravo\/7636","targetHints":{"allow":["GET"]}}],"collection":[{"href":"https:\/\/seminarixoa.eus\/es\/wp-json\/wp\/v2\/bravo"}],"about":[{"href":"https:\/\/seminarixoa.eus\/es\/wp-json\/wp\/v2\/types\/bravo"}],"wp:featuredmedia":[{"embeddable":true,"href":"https:\/\/seminarixoa.eus\/es\/wp-json\/wp\/v2\/media\/7638"}],"wp:attachment":[{"href":"https:\/\/seminarixoa.eus\/es\/wp-json\/wp\/v2\/media?parent=7636"}],"wp:term":[{"taxonomy":"bravo_category","embeddable":true,"href":"https:\/\/seminarixoa.eus\/es\/wp-json\/wp\/v2\/bravo_category?post=7636"}],"curies":[{"name":"wp","href":"https:\/\/api.w.org\/{rel}","templated":true}]}}