{"id":7111,"date":"2024-10-20T12:16:57","date_gmt":"2024-10-20T10:16:57","guid":{"rendered":"https:\/\/seminarixoa.eus\/?post_type=bravo&#038;p=7111"},"modified":"2024-10-20T12:19:26","modified_gmt":"2024-10-20T10:19:26","slug":"soy-nevenka","status":"publish","type":"bravo","link":"https:\/\/seminarixoa.eus\/es\/gertaera\/soy-nevenka\/","title":{"rendered":"SOY NEVENKA"},"content":{"rendered":"\n<div class=\"wp-block-cover alignfull\" style=\"min-height:530px;aspect-ratio:unset;\"><span aria-hidden=\"true\" class=\"wp-block-cover__background has-background-dim-0 has-background-dim\"><\/span><img loading=\"lazy\" decoding=\"async\" width=\"1200\" height=\"675\" class=\"wp-block-cover__image-background wp-image-7115\" alt=\"\" src=\"https:\/\/seminarixoa.eus\/wp-content\/uploads\/2024\/10\/imagen-portada-1.jpeg\" data-object-fit=\"cover\" srcset=\"https:\/\/seminarixoa.eus\/wp-content\/uploads\/2024\/10\/imagen-portada-1.jpeg 1200w, https:\/\/seminarixoa.eus\/wp-content\/uploads\/2024\/10\/imagen-portada-1-300x169.jpeg 300w, https:\/\/seminarixoa.eus\/wp-content\/uploads\/2024\/10\/imagen-portada-1-1024x576.jpeg 1024w, https:\/\/seminarixoa.eus\/wp-content\/uploads\/2024\/10\/imagen-portada-1-768x432.jpeg 768w\" sizes=\"auto, (max-width: 1200px) 100vw, 1200px\" \/><div class=\"wp-block-cover__inner-container is-layout-flow wp-block-cover-is-layout-flow\">\n<p class=\"has-text-align-center has-large-font-size\"><\/p>\n<\/div><\/div>\n\n\n\n<div class=\"wp-block-bravo-manager-blocks-bravo-sidebar alignwide\">\n<div class=\"wp-block-columns alignwide bravo-sidebar-columns is-layout-flex wp-container-core-columns-is-layout-1 wp-block-columns-is-layout-flex\">\n<div class=\"wp-block-column is-layout-flow wp-block-column-is-layout-flow\">\n<h1 class=\"wp-block-heading\" id=\"main-title\">Soy Nevenka<\/h1>\n\n\n\n<h3 class=\"wp-block-heading\">Sinopsis<\/h3>\n\n\n\n<p>En el a\u00f1o 2000, Nevenka Fern\u00e1ndez, de 24 a\u00f1os, concejala de Hacienda en el Ayuntamiento de Ponferrada, sufre una persecuci\u00f3n implacable, tanto sentimental como profesional, por parte del alcalde, un hombre acostumbrado a hacer su voluntad en lo pol\u00edtico y en lo personal. Nevenka decide denunciar, aunque sabe que deber\u00e1 pagar un precio muy alto: su entorno no la apoya, la sociedad de Ponferrada le da la espalda y los medios la someten a un juicio p\u00fablico. Su caso inicia en Espa\u00f1a el movimiento #metoo mucho antes de que se invente el t\u00e9rmino. Una historia basada en hechos reales que convierte a su protagonista en una pionera al llevar por primera vez a un pol\u00edtico influyente y popular ante los tribunales por acoso sexual y laboral.<br><\/p>\n\n\n\n<figure class=\"wp-block-embed is-type-video is-provider-youtube wp-block-embed-youtube wp-embed-aspect-16-9 wp-has-aspect-ratio\"><div class=\"wp-block-embed__wrapper\">\n<iframe loading=\"lazy\" title=\"Soy Nevenka | Tr\u00e1iler Oficial | Ya en cines\" width=\"500\" height=\"281\" src=\"https:\/\/www.youtube.com\/embed\/uQ0QjvpljQc?feature=oembed\" frameborder=\"0\" allow=\"accelerometer; autoplay; clipboard-write; encrypted-media; gyroscope; picture-in-picture; web-share\" referrerpolicy=\"strict-origin-when-cross-origin\" allowfullscreen><\/iframe>\n<\/div><\/figure>\n\n\n\n<h3 class=\"wp-block-heading\">Premios<\/h3>\n\n\n\n<p><strong>Las mejores pel\u00edculas de 2024:<\/strong> Puesto 16<\/p>\n\n\n\n<p><strong>Mejores pel\u00edculas espa\u00f1olas:<\/strong> Puesto 74<\/p>\n\n\n\n<p><strong>Mejores pel\u00edculas basadas en hechos reales:<\/strong> Puesto 108<\/p>\n\n\n\n<h3 class=\"wp-block-heading\">Cr\u00edticas<\/h3>\n\n\n\n<p><a href=\"https:\/\/www.elmundo.es\/cultura\/cine\/2024\/09\/21\/66ee790821efa080238b45ad.html\" target=\"_blank\" rel=\"noreferrer noopener\"><\/a>\u00abUna mirada miope al cine y a la realidad (&#8230;) Un relato tan cuidadoso en no equivocarse que renuncia a ir m\u00e1s all\u00e1. Y que incluso se olvida de ser relato. (&#8230;)\u00bb\u00a0<strong>Luis Mart\u00ednez:\u00a0Diario El Mundo\u00a0<\/strong><\/p>\n\n\n\n<p><a href=\"https:\/\/www.20minutos.es\/cinemania\/noticias\/soy-nevenka-iciar-bollain-acoso-sexual-festival-san-sebastian-5632702\/\" target=\"_blank\" rel=\"noreferrer noopener\"><\/a>\u00abLogra transmitirnos la angustia, la confusi\u00f3n, la culpabilidad y el desgaste emocional que supone el acoso sexual. (&#8230;) Gran parte del m\u00e9rito recae en los actores (&#8230;) funciona tambi\u00e9n como retrato de un pa\u00eds\u00bb\u00a0<strong>Andrea G. Bermejo:\u00a0Cineman\u00eda\u00a0<\/strong><\/p>\n\n\n\n<p><a href=\"https:\/\/elpais.com\/cultura\/2024-09-27\/soy-nevenka-correcta-adaptacion-de-una-historia-terrible.html\" target=\"_blank\" rel=\"noreferrer noopener\"><\/a>\u00abUna adaptaci\u00f3n que solo me parece correcta, a la que asisto sin que me provoque fr\u00edo ni calor. No hay nada en ella detestable, pero tampoco que me altere para bien. La veo y la escucho sin tedio, pero con escasa pasi\u00f3n\u00bb\u00a0<strong>Carlos Boyero:\u00a0Diario El Pa\u00eds\u00a0<\/strong><\/p>\n\n\n\n<div style=\"height:25px\" aria-hidden=\"true\" class=\"wp-block-spacer\"><\/div>\n\n\n\n<div style=\"height:25px\" aria-hidden=\"true\" class=\"wp-block-spacer\"><\/div>\n<\/div>\n\n\n\n<div class=\"wp-block-column is-layout-flow wp-block-column-is-layout-flow\">\n<a class=\"wp-block-bravo-manager-blocks-bravo-sidebar-head link-to-bravo-event\" href=\"#\"><div class=\"bravo-sidebar-head\" style=\"background-color:#EDCE80;color:#000000;border-style:solid;border-width:0px;border-color:#000000;margin-top:0;margin-bottom:0;padding-top:10px;padding-right:20px;padding-bottom:10px;padding-left:20px\"><div class=\"bravo-row bravo-align-items-center\"><div class=\"bravo-col-sm-3 bravo-col-md-3 bravo-col-lg-3 bravo-icon-section\"><i class=\"ti-ticket\"><\/i><\/div><div class=\"bravo-col-sm-9 bravo-col-md-9 bravo-col-lg-9 bravo-content-section\"><h5 style=\"font-size:16px\">No esperes m\u00e1s \u00a1 Compra aqu\u00ed tu entrada !<\/h5><div style=\"font-size:14px\">Fechas: <br>2024\/11\/24 Domingo<br>2024\/11\/25 Lunes<br><br>Hora: 19:30<br><em>Entradas a la venta a partir del 2024\/11\/10 a las 18:00<\/em><\/div><\/div><\/div><\/div><\/a>\n\n\n\n<hr class=\"wp-block-separator has-css-opacity is-style-wide\" \/>\n\n\n\n<div class=\"wp-block-bravo-manager-blocks-bravo-sidebar-box bravo-sidebar-box\" style=\"margin-top:0;margin-bottom:0\"><div class=\"bravo-row bravo-align-items-center bravo-sidebar-box-head\" style=\"color:#FFFFFF;background-color:#2990E1;padding-top:10px;padding-right:20px;padding-bottom:10px;padding-left:20px\"><div class=\"bravo-col-sm-3 bravo-col-md-3 bravo-col-lg-3 bravo-icon-section\"><i class=\"ti-video-clapper\"><\/i><\/div><div class=\"bravo-col-sm-9 bravo-col-md-9 bravo-col-lg-9 bravo-content-section\"><h5 style=\"font-size:20px\">CIUNE<\/h5><\/div><\/div><div class=\"bravo-row bravo-align-items-center bravo-sidebar-box-body\" style=\"color:#FFFFFF;background-color:#2990E1;padding-top:10px;padding-right:20px;padding-bottom:10px;padding-left:50px\"><div class=\"bravo-col-sm-12 bravo-col-md-12 bravo-col-lg-12\"><p style=\"font-size:16px\"><strong>G\u00e9nero: <\/strong>Drama\u00a0|\u00a0Basado en hechos reales.\u00a0Abusos sexuales.\u00a0Pol\u00edtica<strong><br><\/strong><\/p><\/div><\/div><\/div>\n\n\n\n<div class=\"wp-block-bravo-manager-blocks-bravo-sidebar-box bravo-sidebar-box\" style=\"margin-top:0;margin-bottom:0\"><div class=\"bravo-row bravo-align-items-center bravo-sidebar-box-head\" style=\"color:#FFFFFF;background-color:#2990E1;padding-top:10px;padding-right:20px;padding-bottom:10px;padding-left:20px\"><div class=\"bravo-col-sm-3 bravo-col-md-3 bravo-col-lg-3 bravo-icon-section\"><i class=\"ti-info-alt\"><\/i><\/div><div class=\"bravo-col-sm-9 bravo-col-md-9 bravo-col-lg-9 bravo-content-section\"><\/div><\/div><div class=\"bravo-row bravo-align-items-center bravo-sidebar-box-body\" style=\"color:#FFFFFF;background-color:#2990E1;padding-top:10px;padding-right:20px;padding-bottom:10px;padding-left:50px\"><div class=\"bravo-col-sm-12 bravo-col-md-12 bravo-col-lg-12\"><p style=\"font-size:16px\"><strong>Calificaci\u00f3n: <\/strong>No recomendado para menores de 12 a\u00f1os<strong><br><br>Duraci\u00f3n: <\/strong>110 min.<\/p><\/div><\/div><\/div>\n\n\n\n<div class=\"wp-block-bravo-manager-blocks-bravo-sidebar-box bravo-sidebar-box\" style=\"margin-top:0;margin-bottom:0\"><div class=\"bravo-row bravo-align-items-center bravo-sidebar-box-head\" style=\"color:#F6F7FB;background-color:#2990E1;padding-top:10px;padding-right:20px;padding-bottom:10px;padding-left:20px\"><div class=\"bravo-col-sm-3 bravo-col-md-3 bravo-col-lg-3 bravo-icon-section\"><i class=\"ti-headphone-alt\"><\/i><\/div><div class=\"bravo-col-sm-9 bravo-col-md-9 bravo-col-lg-9 bravo-content-section\"><\/div><\/div><div class=\"bravo-row bravo-align-items-center bravo-sidebar-box-body\" style=\"color:#F6F7FB;background-color:#2990E1;padding-top:10px;padding-right:20px;padding-bottom:10px;padding-left:50px\"><div class=\"bravo-col-sm-12 bravo-col-md-12 bravo-col-lg-12\"><p style=\"font-size:16px\"><strong>Idioma: <\/strong>ES<\/p><\/div><\/div><\/div>\n\n\n\n<hr class=\"wp-block-separator has-css-opacity is-style-wide\" \/>\n\n\n\n<div class=\"wp-block-bravo-manager-blocks-bravo-sidebar-box bravo-sidebar-box\" style=\"margin-top:0;margin-bottom:0\"><div class=\"bravo-row bravo-align-items-center bravo-sidebar-box-head\" style=\"color:#edce80;background-color:#484554;padding-top:10px;padding-right:20px;padding-bottom:10px;padding-left:20px\"><div class=\"bravo-col-sm-3 bravo-col-md-3 bravo-col-lg-3 bravo-icon-section\"><i class=\"ti-clipboard\"><\/i><\/div><div class=\"bravo-col-sm-9 bravo-col-md-9 bravo-col-lg-9 bravo-content-section\"><h5 style=\"font-size:16px\">Ficha t\u00e9cnica<\/h5><\/div><\/div><div class=\"bravo-row bravo-align-items-center bravo-sidebar-box-body\" style=\"color:#edce80;background-color:#484554;padding-top:10px;padding-right:20px;padding-bottom:10px;padding-left:20px\"><div class=\"bravo-col-sm-12 bravo-col-md-12 bravo-col-lg-12\"><p style=\"font-size:14px\"><strong>T\u00edtulo original:<\/strong> Soy Nevenka<br><strong>A\u00f1o<\/strong>: 2024<br><strong>Duraci\u00f3n<\/strong>: 110 min.<br><strong>Pa\u00eds<\/strong>: Espa\u00f1a<br><strong>Direcci\u00f3n<\/strong>: Ic\u00edar Bolla\u00edn<br><strong>Guion<\/strong>: Ic\u00edar Bolla\u00edn,\u00a0Isa Campo. <strong>Novela<\/strong>: Juan Jos\u00e9 Mill\u00e1s<br><strong>Reparto: <\/strong>Mireia Oriol,\u00a0Urko Olazabal,\u00a0Ricardo G\u00f3mez,\u00a0Carlos Serrano,\u00a0Luc\u00eda Veiga,\u00a0Luis Moreno,\u00a0Mercedes del Castillo,\u00a0Font Garc\u00eda,\u00a0Mabel del Pozo,\u00a0Pepo Suevos<br><strong>M\u00fasica<\/strong>: Xavier Font<br><strong>Fotograf\u00eda: <\/strong>Gris Jordana<br><strong>Compa\u00f1\u00edas<\/strong>: Coproducci\u00f3n Espa\u00f1a-Italia;\u00a0Kowalski Films,\u00a0Feelgood Media,\u00a0Movistar Plus+,\u00a0Garbo Produzioni<br><strong>G\u00e9nero<\/strong>: Drama\u00a0|\u00a0Basado en hechos reales.\u00a0Abusos sexuales.\u00a0Pol\u00edtica<\/p><\/div><\/div><\/div>\n\n\n\n<hr class=\"wp-block-separator has-css-opacity is-style-wide\" \/>\n\n\n\n<figure class=\"wp-block-image size-large\"><img loading=\"lazy\" decoding=\"async\" width=\"716\" height=\"1024\" src=\"https:\/\/seminarixoa.eus\/wp-content\/uploads\/2024\/10\/soy-nevenka-poster-1-716x1024.jpeg\" alt=\"\" class=\"wp-image-7114\" srcset=\"https:\/\/seminarixoa.eus\/wp-content\/uploads\/2024\/10\/soy-nevenka-poster-1-716x1024.jpeg 716w, https:\/\/seminarixoa.eus\/wp-content\/uploads\/2024\/10\/soy-nevenka-poster-1-210x300.jpeg 210w, https:\/\/seminarixoa.eus\/wp-content\/uploads\/2024\/10\/soy-nevenka-poster-1-768x1098.jpeg 768w, https:\/\/seminarixoa.eus\/wp-content\/uploads\/2024\/10\/soy-nevenka-poster-1.jpeg 839w\" sizes=\"auto, (max-width: 716px) 100vw, 716px\" \/><\/figure>\n<\/div>\n<\/div>\n<\/div>\n\n\n\n<div style=\"height:50px\" aria-hidden=\"true\" class=\"wp-block-spacer\"><\/div>\n","protected":false},"excerpt":{"rendered":"","protected":false},"featured_media":7114,"parent":0,"menu_order":0,"template":"","bravo_category":[20],"class_list":["post-7111","bravo","type-bravo","status-publish","has-post-thumbnail","hentry","bravo_category-zinea-komertziala"],"yoast_head":"<!-- This site is optimized with the Yoast SEO plugin v26.6 - https:\/\/yoast.com\/wordpress\/plugins\/seo\/ -->\n<title>SOY NEVENKA - Seminarixoa<\/title>\n<meta name=\"robots\" content=\"index, follow, max-snippet:-1, max-image-preview:large, max-video-preview:-1\" \/>\n<link rel=\"canonical\" href=\"https:\/\/seminarixoa.eus\/gertaera\/soy-nevenka\/\" \/>\n<meta property=\"og:locale\" content=\"es_ES\" \/>\n<meta property=\"og:type\" content=\"article\" \/>\n<meta property=\"og:title\" content=\"SOY NEVENKA - Seminarixoa\" \/>\n<meta property=\"og:url\" content=\"https:\/\/seminarixoa.eus\/gertaera\/soy-nevenka\/\" \/>\n<meta property=\"og:site_name\" content=\"Seminarixoa\" \/>\n<meta property=\"article:publisher\" content=\"https:\/\/www.facebook.com\/bergarakultura\" \/>\n<meta property=\"article:modified_time\" content=\"2024-10-20T10:19:26+00:00\" \/>\n<meta property=\"og:image\" content=\"https:\/\/seminarixoa.eus\/wp-content\/uploads\/2024\/10\/soy-nevenka-poster-1.jpeg\" \/>\n\t<meta property=\"og:image:width\" content=\"839\" \/>\n\t<meta property=\"og:image:height\" content=\"1200\" \/>\n\t<meta property=\"og:image:type\" content=\"image\/jpeg\" \/>\n<meta name=\"twitter:card\" content=\"summary_large_image\" \/>\n<meta name=\"twitter:site\" content=\"@BergaraKultura\" \/>\n<meta name=\"twitter:label1\" content=\"Tiempo de lectura\" \/>\n\t<meta name=\"twitter:data1\" content=\"3 minutos\" \/>\n<script type=\"application\/ld+json\" class=\"yoast-schema-graph\">{\"@context\":\"https:\/\/schema.org\",\"@graph\":[{\"@type\":\"WebPage\",\"@id\":\"https:\/\/seminarixoa.eus\/gertaera\/soy-nevenka\/\",\"url\":\"https:\/\/seminarixoa.eus\/gertaera\/soy-nevenka\/\",\"name\":\"SOY NEVENKA - Seminarixoa\",\"isPartOf\":{\"@id\":\"https:\/\/seminarixoa.eus\/es\/#website\"},\"primaryImageOfPage\":{\"@id\":\"https:\/\/seminarixoa.eus\/gertaera\/soy-nevenka\/#primaryimage\"},\"image\":{\"@id\":\"https:\/\/seminarixoa.eus\/gertaera\/soy-nevenka\/#primaryimage\"},\"thumbnailUrl\":\"https:\/\/seminarixoa.eus\/wp-content\/uploads\/2024\/10\/soy-nevenka-poster-1.jpeg\",\"datePublished\":\"2024-10-20T10:16:57+00:00\",\"dateModified\":\"2024-10-20T10:19:26+00:00\",\"breadcrumb\":{\"@id\":\"https:\/\/seminarixoa.eus\/gertaera\/soy-nevenka\/#breadcrumb\"},\"inLanguage\":\"es-ES\",\"potentialAction\":[{\"@type\":\"ReadAction\",\"target\":[\"https:\/\/seminarixoa.eus\/gertaera\/soy-nevenka\/\"]}]},{\"@type\":\"ImageObject\",\"inLanguage\":\"es-ES\",\"@id\":\"https:\/\/seminarixoa.eus\/gertaera\/soy-nevenka\/#primaryimage\",\"url\":\"https:\/\/seminarixoa.eus\/wp-content\/uploads\/2024\/10\/soy-nevenka-poster-1.jpeg\",\"contentUrl\":\"https:\/\/seminarixoa.eus\/wp-content\/uploads\/2024\/10\/soy-nevenka-poster-1.jpeg\",\"width\":839,\"height\":1200},{\"@type\":\"BreadcrumbList\",\"@id\":\"https:\/\/seminarixoa.eus\/gertaera\/soy-nevenka\/#breadcrumb\",\"itemListElement\":[{\"@type\":\"ListItem\",\"position\":1,\"name\":\"Home\",\"item\":\"https:\/\/seminarixoa.eus\/es\/\"},{\"@type\":\"ListItem\",\"position\":2,\"name\":\"Bravo Events\",\"item\":\"https:\/\/seminarixoa.eus\/es\/gertaera\/\"},{\"@type\":\"ListItem\",\"position\":3,\"name\":\"SOY NEVENKA\"}]},{\"@type\":\"WebSite\",\"@id\":\"https:\/\/seminarixoa.eus\/es\/#website\",\"url\":\"https:\/\/seminarixoa.eus\/es\/\",\"name\":\"Bergara Kultura\",\"description\":\"Seminarixoa\",\"publisher\":{\"@id\":\"https:\/\/seminarixoa.eus\/es\/#organization\"},\"potentialAction\":[{\"@type\":\"SearchAction\",\"target\":{\"@type\":\"EntryPoint\",\"urlTemplate\":\"https:\/\/seminarixoa.eus\/es\/?s={search_term_string}\"},\"query-input\":{\"@type\":\"PropertyValueSpecification\",\"valueRequired\":true,\"valueName\":\"search_term_string\"}}],\"inLanguage\":\"es-ES\"},{\"@type\":\"Organization\",\"@id\":\"https:\/\/seminarixoa.eus\/es\/#organization\",\"name\":\"Bergara Kultura\",\"url\":\"https:\/\/seminarixoa.eus\/es\/\",\"logo\":{\"@type\":\"ImageObject\",\"inLanguage\":\"es-ES\",\"@id\":\"https:\/\/seminarixoa.eus\/es\/#\/schema\/logo\/image\/\",\"url\":\"https:\/\/seminarixoa.eus\/wp-content\/uploads\/2020\/01\/Logoa_beltza.jpg\",\"contentUrl\":\"https:\/\/seminarixoa.eus\/wp-content\/uploads\/2020\/01\/Logoa_beltza.jpg\",\"width\":255,\"height\":157,\"caption\":\"Bergara Kultura\"},\"image\":{\"@id\":\"https:\/\/seminarixoa.eus\/es\/#\/schema\/logo\/image\/\"},\"sameAs\":[\"https:\/\/www.facebook.com\/bergarakultura\",\"https:\/\/x.com\/BergaraKultura\",\"https:\/\/www.instagram.com\/bergara_kultura\/\",\"https:\/\/www.youtube.com\/channel\/UCxrRFHA1I4IaCs-QOQfAq0Q\"]}]}<\/script>\n<!-- \/ Yoast SEO plugin. -->","yoast_head_json":{"title":"SOY NEVENKA - Seminarixoa","robots":{"index":"index","follow":"follow","max-snippet":"max-snippet:-1","max-image-preview":"max-image-preview:large","max-video-preview":"max-video-preview:-1"},"canonical":"https:\/\/seminarixoa.eus\/gertaera\/soy-nevenka\/","og_locale":"es_ES","og_type":"article","og_title":"SOY NEVENKA - Seminarixoa","og_url":"https:\/\/seminarixoa.eus\/gertaera\/soy-nevenka\/","og_site_name":"Seminarixoa","article_publisher":"https:\/\/www.facebook.com\/bergarakultura","article_modified_time":"2024-10-20T10:19:26+00:00","og_image":[{"width":839,"height":1200,"url":"https:\/\/seminarixoa.eus\/wp-content\/uploads\/2024\/10\/soy-nevenka-poster-1.jpeg","type":"image\/jpeg"}],"twitter_card":"summary_large_image","twitter_site":"@BergaraKultura","twitter_misc":{"Tiempo de lectura":"3 minutos"},"schema":{"@context":"https:\/\/schema.org","@graph":[{"@type":"WebPage","@id":"https:\/\/seminarixoa.eus\/gertaera\/soy-nevenka\/","url":"https:\/\/seminarixoa.eus\/gertaera\/soy-nevenka\/","name":"SOY NEVENKA - Seminarixoa","isPartOf":{"@id":"https:\/\/seminarixoa.eus\/es\/#website"},"primaryImageOfPage":{"@id":"https:\/\/seminarixoa.eus\/gertaera\/soy-nevenka\/#primaryimage"},"image":{"@id":"https:\/\/seminarixoa.eus\/gertaera\/soy-nevenka\/#primaryimage"},"thumbnailUrl":"https:\/\/seminarixoa.eus\/wp-content\/uploads\/2024\/10\/soy-nevenka-poster-1.jpeg","datePublished":"2024-10-20T10:16:57+00:00","dateModified":"2024-10-20T10:19:26+00:00","breadcrumb":{"@id":"https:\/\/seminarixoa.eus\/gertaera\/soy-nevenka\/#breadcrumb"},"inLanguage":"es-ES","potentialAction":[{"@type":"ReadAction","target":["https:\/\/seminarixoa.eus\/gertaera\/soy-nevenka\/"]}]},{"@type":"ImageObject","inLanguage":"es-ES","@id":"https:\/\/seminarixoa.eus\/gertaera\/soy-nevenka\/#primaryimage","url":"https:\/\/seminarixoa.eus\/wp-content\/uploads\/2024\/10\/soy-nevenka-poster-1.jpeg","contentUrl":"https:\/\/seminarixoa.eus\/wp-content\/uploads\/2024\/10\/soy-nevenka-poster-1.jpeg","width":839,"height":1200},{"@type":"BreadcrumbList","@id":"https:\/\/seminarixoa.eus\/gertaera\/soy-nevenka\/#breadcrumb","itemListElement":[{"@type":"ListItem","position":1,"name":"Home","item":"https:\/\/seminarixoa.eus\/es\/"},{"@type":"ListItem","position":2,"name":"Bravo Events","item":"https:\/\/seminarixoa.eus\/es\/gertaera\/"},{"@type":"ListItem","position":3,"name":"SOY NEVENKA"}]},{"@type":"WebSite","@id":"https:\/\/seminarixoa.eus\/es\/#website","url":"https:\/\/seminarixoa.eus\/es\/","name":"Bergara Kultura","description":"Seminarixoa","publisher":{"@id":"https:\/\/seminarixoa.eus\/es\/#organization"},"potentialAction":[{"@type":"SearchAction","target":{"@type":"EntryPoint","urlTemplate":"https:\/\/seminarixoa.eus\/es\/?s={search_term_string}"},"query-input":{"@type":"PropertyValueSpecification","valueRequired":true,"valueName":"search_term_string"}}],"inLanguage":"es-ES"},{"@type":"Organization","@id":"https:\/\/seminarixoa.eus\/es\/#organization","name":"Bergara Kultura","url":"https:\/\/seminarixoa.eus\/es\/","logo":{"@type":"ImageObject","inLanguage":"es-ES","@id":"https:\/\/seminarixoa.eus\/es\/#\/schema\/logo\/image\/","url":"https:\/\/seminarixoa.eus\/wp-content\/uploads\/2020\/01\/Logoa_beltza.jpg","contentUrl":"https:\/\/seminarixoa.eus\/wp-content\/uploads\/2020\/01\/Logoa_beltza.jpg","width":255,"height":157,"caption":"Bergara Kultura"},"image":{"@id":"https:\/\/seminarixoa.eus\/es\/#\/schema\/logo\/image\/"},"sameAs":["https:\/\/www.facebook.com\/bergarakultura","https:\/\/x.com\/BergaraKultura","https:\/\/www.instagram.com\/bergara_kultura\/","https:\/\/www.youtube.com\/channel\/UCxrRFHA1I4IaCs-QOQfAq0Q"]}]}},"_links":{"self":[{"href":"https:\/\/seminarixoa.eus\/es\/wp-json\/wp\/v2\/bravo\/7111","targetHints":{"allow":["GET"]}}],"collection":[{"href":"https:\/\/seminarixoa.eus\/es\/wp-json\/wp\/v2\/bravo"}],"about":[{"href":"https:\/\/seminarixoa.eus\/es\/wp-json\/wp\/v2\/types\/bravo"}],"wp:featuredmedia":[{"embeddable":true,"href":"https:\/\/seminarixoa.eus\/es\/wp-json\/wp\/v2\/media\/7114"}],"wp:attachment":[{"href":"https:\/\/seminarixoa.eus\/es\/wp-json\/wp\/v2\/media?parent=7111"}],"wp:term":[{"taxonomy":"bravo_category","embeddable":true,"href":"https:\/\/seminarixoa.eus\/es\/wp-json\/wp\/v2\/bravo_category?post=7111"}],"curies":[{"name":"wp","href":"https:\/\/api.w.org\/{rel}","templated":true}]}}