{"id":6969,"date":"2024-08-18T01:11:57","date_gmt":"2024-08-17T23:11:57","guid":{"rendered":"https:\/\/seminarixoa.eus\/?post_type=bravo&#038;p=6969"},"modified":"2024-08-18T01:17:03","modified_gmt":"2024-08-17T23:17:03","slug":"y-llovieron-pajaros","status":"publish","type":"bravo","link":"https:\/\/seminarixoa.eus\/es\/gertaera\/y-llovieron-pajaros\/","title":{"rendered":"Y llovieron p\u00e1jaros"},"content":{"rendered":"\n<div class=\"wp-block-cover alignfull\" style=\"min-height:589px;aspect-ratio:unset;\"><span aria-hidden=\"true\" class=\"wp-block-cover__background has-background-dim-0 has-background-dim\"><\/span><img loading=\"lazy\" decoding=\"async\" width=\"1920\" height=\"1079\" class=\"wp-block-cover__image-background wp-image-6970\" alt=\"\" src=\"https:\/\/seminarixoa.eus\/wp-content\/uploads\/2024\/08\/Yllovieron2.webp\" data-object-fit=\"cover\" srcset=\"https:\/\/seminarixoa.eus\/wp-content\/uploads\/2024\/08\/Yllovieron2.webp 1920w, https:\/\/seminarixoa.eus\/wp-content\/uploads\/2024\/08\/Yllovieron2-300x169.webp 300w, https:\/\/seminarixoa.eus\/wp-content\/uploads\/2024\/08\/Yllovieron2-1024x575.webp 1024w, https:\/\/seminarixoa.eus\/wp-content\/uploads\/2024\/08\/Yllovieron2-768x432.webp 768w, https:\/\/seminarixoa.eus\/wp-content\/uploads\/2024\/08\/Yllovieron2-1536x863.webp 1536w\" sizes=\"auto, (max-width: 1920px) 100vw, 1920px\" \/><div class=\"wp-block-cover__inner-container is-layout-flow wp-block-cover-is-layout-flow\">\n<p class=\"has-text-align-center has-large-font-size\"><\/p>\n<\/div><\/div>\n\n\n\n<div class=\"wp-block-bravo-manager-blocks-bravo-sidebar alignwide\">\n<div class=\"wp-block-columns alignwide bravo-sidebar-columns is-layout-flex wp-container-core-columns-is-layout-1 wp-block-columns-is-layout-flex\">\n<div class=\"wp-block-column is-layout-flow wp-block-column-is-layout-flow\">\n<h1 class=\"wp-block-heading\" id=\"main-title\">Y llovieron p\u00e1jaros<\/h1>\n\n\n\n<h3 class=\"wp-block-heading\">Sinopsis<\/h3>\n\n\n\n<p>Esta es la historia de tres ancianos que han elegido retirarse del mundo y vivir en los bosques de Canad\u00e1. Al tiempo que un gran incendio amenaza la regi\u00f3n, alguien llega hasta su escondite: una joven fot\u00f3grafa que busca a un tal Boychuck. Y no es la \u00fanica. Poco despu\u00e9s, una mujer de m\u00e1s de 80 a\u00f1os aparece como una brisa ligera que alborotar\u00e1 sus vidas. Mientras intentan comprender la historia de Boychuck a trav\u00e9s de sus pinturas, algo extraordinario surgir\u00e1 entre todos ellos. (FILMAFFINITY)<br>Posici\u00f3n en rankings FA<br>85 Mejores pel\u00edculas canadienses de todos los tiempos<\/p>\n\n\n\n<figure class=\"wp-block-embed is-type-video is-provider-youtube wp-block-embed-youtube wp-embed-aspect-16-9 wp-has-aspect-ratio\"><div class=\"wp-block-embed__wrapper\">\n<iframe loading=\"lazy\" title=\"Y llovieron pa\u0301jaros - Trailer espan\u0303ol (HD)\" width=\"500\" height=\"281\" src=\"https:\/\/www.youtube.com\/embed\/AzRcAbM_XuE?feature=oembed\" frameborder=\"0\" allow=\"accelerometer; autoplay; clipboard-write; encrypted-media; gyroscope; picture-in-picture; web-share\" referrerpolicy=\"strict-origin-when-cross-origin\" allowfullscreen><\/iframe>\n<\/div><\/figure>\n\n\n\n<h3 class=\"wp-block-heading\">Premios<\/h3>\n\n\n\n<p>2019: Festival de San Sebasti\u00e1n: Secci\u00f3n Oficial<br>2020: Festival de G\u00f6teborg: Mejor film internacional.<br>2019: Canadian Screen Awards: Mejor actor secundario. 5 nominaciones<\/p>\n\n\n\n<h3 class=\"wp-block-heading\">Cr\u00edtica<\/h3>\n\n\n\n<p>\u00abNo es una gran pel\u00edcula, pero la encuentro estimable. Se nota que la directora cree en lo que est\u00e1 narrando, sabe transmitir lo que sienten esos voluntarios n\u00e1ufragos.\u00bb<br>Carlos Boyero: Diario El Pa\u00eds<\/p>\n\n\n\n<p>\u00abArchambault propone una lectura de los mecanismos de la emoci\u00f3n desde la m\u00e1s absoluta desnudez. Sin prejuicios y en un terreno completamente virgen. (\u2026) en su empe\u00f1o de extremar cada gesto, acaba por confundir lo sublime con lo s\u00f3lo rid\u00edculo.\u00bb<br>Luis Mart\u00ednez: Diario El Mundo<\/p>\n\n\n\n<p>\u00abLachapelle, Gilbert Sicotte y R\u00e9my Girard componen un tri\u00e1ngulo que (\u2026) est\u00e1 muy por encima de una pel\u00edcula que es m\u00e1s interesante cuando se sostiene en ellos, pero que resulta artificiosa cuando se adentra en (\u2026) los incendios\u00bb<br>Elsa Fern\u00e1ndez-Santos: Diario El Pa\u00eds<\/p>\n\n\n\n<p>\u00abUna bella pel\u00edcula canadiense, que se ve con enorme placer. (\u2026) Una cinta muy recomendable.\u00bb<br>Carlos Pumares: Diario La Raz\u00f3n<\/p>\n\n\n\n<div style=\"height:25px\" aria-hidden=\"true\" class=\"wp-block-spacer\"><\/div>\n\n\n\n<div style=\"height:25px\" aria-hidden=\"true\" class=\"wp-block-spacer\"><\/div>\n<\/div>\n\n\n\n<div class=\"wp-block-column is-layout-flow wp-block-column-is-layout-flow\">\n<a class=\"wp-block-bravo-manager-blocks-bravo-sidebar-head link-to-bravo-event\" href=\"#\"><div class=\"bravo-sidebar-head\" style=\"background-color:#EDCE80;color:#000000;border-style:solid;border-width:0px;border-color:#000000;margin-top:0;margin-bottom:0;padding-top:10px;padding-right:20px;padding-bottom:10px;padding-left:20px\"><div class=\"bravo-row bravo-align-items-center\"><div class=\"bravo-col-sm-3 bravo-col-md-3 bravo-col-lg-3 bravo-icon-section\"><i class=\"ti-ticket\"><\/i><\/div><div class=\"bravo-col-sm-9 bravo-col-md-9 bravo-col-lg-9 bravo-content-section\"><h5 style=\"font-size:16px\">Compra aqui tu entrada, \u00a1 nno esperes m\u00e1s!<\/h5><div style=\"font-size:14px\">Fecha: <br>2024\/09\/29 Domingo<br>2024\/09\/30 Lunes<br><br>Ordua: 19:30<br><em>Entradas disponibles a partir del 2024\/08\/18 a las 18:00<\/em><\/div><\/div><\/div><\/div><\/a>\n\n\n\n<hr class=\"wp-block-separator has-css-opacity is-style-wide\" \/>\n\n\n\n<div class=\"wp-block-bravo-manager-blocks-bravo-sidebar-box bravo-sidebar-box\" style=\"margin-top:0;margin-bottom:0\"><div class=\"bravo-row bravo-align-items-center bravo-sidebar-box-head\" style=\"color:#FFFFFF;background-color:#2990E1;padding-top:10px;padding-right:20px;padding-bottom:10px;padding-left:20px\"><div class=\"bravo-col-sm-3 bravo-col-md-3 bravo-col-lg-3 bravo-icon-section\"><i class=\"ti-video-clapper\"><\/i><\/div><div class=\"bravo-col-sm-9 bravo-col-md-9 bravo-col-lg-9 bravo-content-section\"><h5 style=\"font-size:20px\">CINE<\/h5><\/div><\/div><div class=\"bravo-row bravo-align-items-center bravo-sidebar-box-body\" style=\"color:#FFFFFF;background-color:#2990E1;padding-top:10px;padding-right:20px;padding-bottom:10px;padding-left:50px\"><div class=\"bravo-col-sm-12 bravo-col-md-12 bravo-col-lg-12\"><p style=\"font-size:16px\"><strong>G\u00e9nero: <\/strong>Drama | Vejez \/ Madurez<strong><br><\/strong><\/p><\/div><\/div><\/div>\n\n\n\n<div class=\"wp-block-bravo-manager-blocks-bravo-sidebar-box bravo-sidebar-box\" style=\"margin-top:0;margin-bottom:0\"><div class=\"bravo-row bravo-align-items-center bravo-sidebar-box-head\" style=\"color:#FFFFFF;background-color:#2990E1;padding-top:10px;padding-right:20px;padding-bottom:10px;padding-left:20px\"><div class=\"bravo-col-sm-3 bravo-col-md-3 bravo-col-lg-3 bravo-icon-section\"><i class=\"ti-info-alt\"><\/i><\/div><div class=\"bravo-col-sm-9 bravo-col-md-9 bravo-col-lg-9 bravo-content-section\"><\/div><\/div><div class=\"bravo-row bravo-align-items-center bravo-sidebar-box-body\" style=\"color:#FFFFFF;background-color:#2990E1;padding-top:10px;padding-right:20px;padding-bottom:10px;padding-left:50px\"><div class=\"bravo-col-sm-12 bravo-col-md-12 bravo-col-lg-12\"><p style=\"font-size:16px\"><strong>Calificaci\u00f3n: <\/strong>No recomendada a menores de 12 a\u00f1os<strong><br><\/strong><br>D<strong>uraci\u00f3n 124 min.<\/strong><\/p><\/div><\/div><\/div>\n\n\n\n<div class=\"wp-block-bravo-manager-blocks-bravo-sidebar-box bravo-sidebar-box\" style=\"margin-top:0;margin-bottom:0\"><div class=\"bravo-row bravo-align-items-center bravo-sidebar-box-head\" style=\"color:#F6F7FB;background-color:#2990E1;padding-top:10px;padding-right:20px;padding-bottom:10px;padding-left:20px\"><div class=\"bravo-col-sm-3 bravo-col-md-3 bravo-col-lg-3 bravo-icon-section\"><i class=\"ti-headphone-alt\"><\/i><\/div><div class=\"bravo-col-sm-9 bravo-col-md-9 bravo-col-lg-9 bravo-content-section\"><\/div><\/div><div class=\"bravo-row bravo-align-items-center bravo-sidebar-box-body\" style=\"color:#F6F7FB;background-color:#2990E1;padding-top:10px;padding-right:20px;padding-bottom:10px;padding-left:50px\"><div class=\"bravo-col-sm-12 bravo-col-md-12 bravo-col-lg-12\"><p style=\"font-size:16px\"><strong>Idioma: Versi\u00f3n <\/strong>ES<\/p><\/div><\/div><\/div>\n\n\n\n<hr class=\"wp-block-separator has-css-opacity is-style-wide\" \/>\n\n\n\n<div class=\"wp-block-bravo-manager-blocks-bravo-sidebar-box bravo-sidebar-box\" style=\"margin-top:0;margin-bottom:0\"><div class=\"bravo-row bravo-align-items-center bravo-sidebar-box-head\" style=\"color:#edce80;background-color:#484554;padding-top:10px;padding-right:20px;padding-bottom:10px;padding-left:20px\"><div class=\"bravo-col-sm-3 bravo-col-md-3 bravo-col-lg-3 bravo-icon-section\"><i class=\"ti-clipboard\"><\/i><\/div><div class=\"bravo-col-sm-9 bravo-col-md-9 bravo-col-lg-9 bravo-content-section\"><h5 style=\"font-size:16px\">Ficha t\u00e9cnica<\/h5><\/div><\/div><div class=\"bravo-row bravo-align-items-center bravo-sidebar-box-body\" style=\"color:#edce80;background-color:#484554;padding-top:10px;padding-right:20px;padding-bottom:10px;padding-left:20px\"><div class=\"bravo-col-sm-12 bravo-col-md-12 bravo-col-lg-12\"><p style=\"font-size:14px\">T\u00edtulo original: Il pleuvait des oiseaux<br>A\u00f1o: 2019<br>Duraci\u00f3n: 124 min.<br>Pa\u00eds: Canad\u00e1 Canad\u00e1<br>Direcci\u00f3n: Louise Archambault<br>Guion: Louise Archambault. Novela: Jocelyne Saucier<br>Reparto<br>M\u00fasica: David Ratt\u00e9, Andr\u00e9a B\u00e9langer<br>Fotograf\u00eda: Mathieu Laverdi\u00e8re<br>Compa\u00f1\u00edas: Films Outsiders<br>G\u00e9nero: Drama | Vejez \/ Madurez<\/p><\/div><\/div><\/div>\n\n\n\n<hr class=\"wp-block-separator has-css-opacity is-style-wide\" \/>\n\n\n\n<figure class=\"wp-block-image size-large\"><img loading=\"lazy\" decoding=\"async\" width=\"724\" height=\"1024\" src=\"https:\/\/seminarixoa.eus\/wp-content\/uploads\/2024\/08\/Yllovieron-724x1024.webp\" alt=\"\" class=\"wp-image-6971\" srcset=\"https:\/\/seminarixoa.eus\/wp-content\/uploads\/2024\/08\/Yllovieron-724x1024.webp 724w, https:\/\/seminarixoa.eus\/wp-content\/uploads\/2024\/08\/Yllovieron-212x300.webp 212w, https:\/\/seminarixoa.eus\/wp-content\/uploads\/2024\/08\/Yllovieron-768x1086.webp 768w, https:\/\/seminarixoa.eus\/wp-content\/uploads\/2024\/08\/Yllovieron-1086x1536.webp 1086w, https:\/\/seminarixoa.eus\/wp-content\/uploads\/2024\/08\/Yllovieron.webp 1200w\" sizes=\"auto, (max-width: 724px) 100vw, 724px\" \/><\/figure>\n<\/div>\n<\/div>\n<\/div>\n\n\n\n<div style=\"height:50px\" aria-hidden=\"true\" class=\"wp-block-spacer\"><\/div>\n","protected":false},"excerpt":{"rendered":"","protected":false},"featured_media":6971,"parent":0,"menu_order":0,"template":"","bravo_category":[20],"class_list":["post-6969","bravo","type-bravo","status-publish","has-post-thumbnail","hentry","bravo_category-zinea-komertziala"],"yoast_head":"<!-- This site is optimized with the Yoast SEO plugin v26.6 - https:\/\/yoast.com\/wordpress\/plugins\/seo\/ -->\n<title>Y llovieron p\u00e1jaros - Seminarixoa<\/title>\n<meta name=\"robots\" content=\"index, follow, max-snippet:-1, max-image-preview:large, max-video-preview:-1\" \/>\n<link rel=\"canonical\" href=\"https:\/\/seminarixoa.eus\/es\/gertaera\/y-llovieron-pajaros\/\" \/>\n<meta property=\"og:locale\" content=\"es_ES\" \/>\n<meta property=\"og:type\" content=\"article\" \/>\n<meta property=\"og:title\" content=\"Y llovieron p\u00e1jaros - Seminarixoa\" \/>\n<meta property=\"og:url\" content=\"https:\/\/seminarixoa.eus\/es\/gertaera\/y-llovieron-pajaros\/\" \/>\n<meta property=\"og:site_name\" content=\"Seminarixoa\" \/>\n<meta property=\"article:publisher\" content=\"https:\/\/www.facebook.com\/bergarakultura\" \/>\n<meta property=\"article:modified_time\" content=\"2024-08-17T23:17:03+00:00\" \/>\n<meta property=\"og:image\" content=\"https:\/\/seminarixoa.eus\/wp-content\/uploads\/2024\/08\/Yllovieron.webp\" \/>\n\t<meta property=\"og:image:width\" content=\"1200\" \/>\n\t<meta property=\"og:image:height\" content=\"1697\" \/>\n\t<meta property=\"og:image:type\" content=\"image\/webp\" \/>\n<meta name=\"twitter:card\" content=\"summary_large_image\" \/>\n<meta name=\"twitter:site\" content=\"@BergaraKultura\" \/>\n<meta name=\"twitter:label1\" content=\"Tiempo de lectura\" \/>\n\t<meta name=\"twitter:data1\" content=\"3 minutos\" \/>\n<script type=\"application\/ld+json\" class=\"yoast-schema-graph\">{\"@context\":\"https:\/\/schema.org\",\"@graph\":[{\"@type\":\"WebPage\",\"@id\":\"https:\/\/seminarixoa.eus\/es\/gertaera\/y-llovieron-pajaros\/\",\"url\":\"https:\/\/seminarixoa.eus\/es\/gertaera\/y-llovieron-pajaros\/\",\"name\":\"Y llovieron p\u00e1jaros - Seminarixoa\",\"isPartOf\":{\"@id\":\"https:\/\/seminarixoa.eus\/es\/#website\"},\"primaryImageOfPage\":{\"@id\":\"https:\/\/seminarixoa.eus\/es\/gertaera\/y-llovieron-pajaros\/#primaryimage\"},\"image\":{\"@id\":\"https:\/\/seminarixoa.eus\/es\/gertaera\/y-llovieron-pajaros\/#primaryimage\"},\"thumbnailUrl\":\"https:\/\/seminarixoa.eus\/wp-content\/uploads\/2024\/08\/Yllovieron.webp\",\"datePublished\":\"2024-08-17T23:11:57+00:00\",\"dateModified\":\"2024-08-17T23:17:03+00:00\",\"breadcrumb\":{\"@id\":\"https:\/\/seminarixoa.eus\/es\/gertaera\/y-llovieron-pajaros\/#breadcrumb\"},\"inLanguage\":\"es-ES\",\"potentialAction\":[{\"@type\":\"ReadAction\",\"target\":[\"https:\/\/seminarixoa.eus\/es\/gertaera\/y-llovieron-pajaros\/\"]}]},{\"@type\":\"ImageObject\",\"inLanguage\":\"es-ES\",\"@id\":\"https:\/\/seminarixoa.eus\/es\/gertaera\/y-llovieron-pajaros\/#primaryimage\",\"url\":\"https:\/\/seminarixoa.eus\/wp-content\/uploads\/2024\/08\/Yllovieron.webp\",\"contentUrl\":\"https:\/\/seminarixoa.eus\/wp-content\/uploads\/2024\/08\/Yllovieron.webp\",\"width\":1200,\"height\":1697},{\"@type\":\"BreadcrumbList\",\"@id\":\"https:\/\/seminarixoa.eus\/es\/gertaera\/y-llovieron-pajaros\/#breadcrumb\",\"itemListElement\":[{\"@type\":\"ListItem\",\"position\":1,\"name\":\"Home\",\"item\":\"https:\/\/seminarixoa.eus\/es\/\"},{\"@type\":\"ListItem\",\"position\":2,\"name\":\"Bravo Events\",\"item\":\"https:\/\/seminarixoa.eus\/es\/gertaera\/\"},{\"@type\":\"ListItem\",\"position\":3,\"name\":\"Y llovieron p\u00e1jaros\"}]},{\"@type\":\"WebSite\",\"@id\":\"https:\/\/seminarixoa.eus\/es\/#website\",\"url\":\"https:\/\/seminarixoa.eus\/es\/\",\"name\":\"Bergara Kultura\",\"description\":\"Seminarixoa\",\"publisher\":{\"@id\":\"https:\/\/seminarixoa.eus\/es\/#organization\"},\"potentialAction\":[{\"@type\":\"SearchAction\",\"target\":{\"@type\":\"EntryPoint\",\"urlTemplate\":\"https:\/\/seminarixoa.eus\/es\/?s={search_term_string}\"},\"query-input\":{\"@type\":\"PropertyValueSpecification\",\"valueRequired\":true,\"valueName\":\"search_term_string\"}}],\"inLanguage\":\"es-ES\"},{\"@type\":\"Organization\",\"@id\":\"https:\/\/seminarixoa.eus\/es\/#organization\",\"name\":\"Bergara Kultura\",\"url\":\"https:\/\/seminarixoa.eus\/es\/\",\"logo\":{\"@type\":\"ImageObject\",\"inLanguage\":\"es-ES\",\"@id\":\"https:\/\/seminarixoa.eus\/es\/#\/schema\/logo\/image\/\",\"url\":\"https:\/\/seminarixoa.eus\/wp-content\/uploads\/2020\/01\/Logoa_beltza.jpg\",\"contentUrl\":\"https:\/\/seminarixoa.eus\/wp-content\/uploads\/2020\/01\/Logoa_beltza.jpg\",\"width\":255,\"height\":157,\"caption\":\"Bergara Kultura\"},\"image\":{\"@id\":\"https:\/\/seminarixoa.eus\/es\/#\/schema\/logo\/image\/\"},\"sameAs\":[\"https:\/\/www.facebook.com\/bergarakultura\",\"https:\/\/x.com\/BergaraKultura\",\"https:\/\/www.instagram.com\/bergara_kultura\/\",\"https:\/\/www.youtube.com\/channel\/UCxrRFHA1I4IaCs-QOQfAq0Q\"]}]}<\/script>\n<!-- \/ Yoast SEO plugin. -->","yoast_head_json":{"title":"Y llovieron p\u00e1jaros - Seminarixoa","robots":{"index":"index","follow":"follow","max-snippet":"max-snippet:-1","max-image-preview":"max-image-preview:large","max-video-preview":"max-video-preview:-1"},"canonical":"https:\/\/seminarixoa.eus\/es\/gertaera\/y-llovieron-pajaros\/","og_locale":"es_ES","og_type":"article","og_title":"Y llovieron p\u00e1jaros - Seminarixoa","og_url":"https:\/\/seminarixoa.eus\/es\/gertaera\/y-llovieron-pajaros\/","og_site_name":"Seminarixoa","article_publisher":"https:\/\/www.facebook.com\/bergarakultura","article_modified_time":"2024-08-17T23:17:03+00:00","og_image":[{"width":1200,"height":1697,"url":"https:\/\/seminarixoa.eus\/wp-content\/uploads\/2024\/08\/Yllovieron.webp","type":"image\/webp"}],"twitter_card":"summary_large_image","twitter_site":"@BergaraKultura","twitter_misc":{"Tiempo de lectura":"3 minutos"},"schema":{"@context":"https:\/\/schema.org","@graph":[{"@type":"WebPage","@id":"https:\/\/seminarixoa.eus\/es\/gertaera\/y-llovieron-pajaros\/","url":"https:\/\/seminarixoa.eus\/es\/gertaera\/y-llovieron-pajaros\/","name":"Y llovieron p\u00e1jaros - Seminarixoa","isPartOf":{"@id":"https:\/\/seminarixoa.eus\/es\/#website"},"primaryImageOfPage":{"@id":"https:\/\/seminarixoa.eus\/es\/gertaera\/y-llovieron-pajaros\/#primaryimage"},"image":{"@id":"https:\/\/seminarixoa.eus\/es\/gertaera\/y-llovieron-pajaros\/#primaryimage"},"thumbnailUrl":"https:\/\/seminarixoa.eus\/wp-content\/uploads\/2024\/08\/Yllovieron.webp","datePublished":"2024-08-17T23:11:57+00:00","dateModified":"2024-08-17T23:17:03+00:00","breadcrumb":{"@id":"https:\/\/seminarixoa.eus\/es\/gertaera\/y-llovieron-pajaros\/#breadcrumb"},"inLanguage":"es-ES","potentialAction":[{"@type":"ReadAction","target":["https:\/\/seminarixoa.eus\/es\/gertaera\/y-llovieron-pajaros\/"]}]},{"@type":"ImageObject","inLanguage":"es-ES","@id":"https:\/\/seminarixoa.eus\/es\/gertaera\/y-llovieron-pajaros\/#primaryimage","url":"https:\/\/seminarixoa.eus\/wp-content\/uploads\/2024\/08\/Yllovieron.webp","contentUrl":"https:\/\/seminarixoa.eus\/wp-content\/uploads\/2024\/08\/Yllovieron.webp","width":1200,"height":1697},{"@type":"BreadcrumbList","@id":"https:\/\/seminarixoa.eus\/es\/gertaera\/y-llovieron-pajaros\/#breadcrumb","itemListElement":[{"@type":"ListItem","position":1,"name":"Home","item":"https:\/\/seminarixoa.eus\/es\/"},{"@type":"ListItem","position":2,"name":"Bravo Events","item":"https:\/\/seminarixoa.eus\/es\/gertaera\/"},{"@type":"ListItem","position":3,"name":"Y llovieron p\u00e1jaros"}]},{"@type":"WebSite","@id":"https:\/\/seminarixoa.eus\/es\/#website","url":"https:\/\/seminarixoa.eus\/es\/","name":"Bergara Kultura","description":"Seminarixoa","publisher":{"@id":"https:\/\/seminarixoa.eus\/es\/#organization"},"potentialAction":[{"@type":"SearchAction","target":{"@type":"EntryPoint","urlTemplate":"https:\/\/seminarixoa.eus\/es\/?s={search_term_string}"},"query-input":{"@type":"PropertyValueSpecification","valueRequired":true,"valueName":"search_term_string"}}],"inLanguage":"es-ES"},{"@type":"Organization","@id":"https:\/\/seminarixoa.eus\/es\/#organization","name":"Bergara Kultura","url":"https:\/\/seminarixoa.eus\/es\/","logo":{"@type":"ImageObject","inLanguage":"es-ES","@id":"https:\/\/seminarixoa.eus\/es\/#\/schema\/logo\/image\/","url":"https:\/\/seminarixoa.eus\/wp-content\/uploads\/2020\/01\/Logoa_beltza.jpg","contentUrl":"https:\/\/seminarixoa.eus\/wp-content\/uploads\/2020\/01\/Logoa_beltza.jpg","width":255,"height":157,"caption":"Bergara Kultura"},"image":{"@id":"https:\/\/seminarixoa.eus\/es\/#\/schema\/logo\/image\/"},"sameAs":["https:\/\/www.facebook.com\/bergarakultura","https:\/\/x.com\/BergaraKultura","https:\/\/www.instagram.com\/bergara_kultura\/","https:\/\/www.youtube.com\/channel\/UCxrRFHA1I4IaCs-QOQfAq0Q"]}]}},"_links":{"self":[{"href":"https:\/\/seminarixoa.eus\/es\/wp-json\/wp\/v2\/bravo\/6969","targetHints":{"allow":["GET"]}}],"collection":[{"href":"https:\/\/seminarixoa.eus\/es\/wp-json\/wp\/v2\/bravo"}],"about":[{"href":"https:\/\/seminarixoa.eus\/es\/wp-json\/wp\/v2\/types\/bravo"}],"wp:featuredmedia":[{"embeddable":true,"href":"https:\/\/seminarixoa.eus\/es\/wp-json\/wp\/v2\/media\/6971"}],"wp:attachment":[{"href":"https:\/\/seminarixoa.eus\/es\/wp-json\/wp\/v2\/media?parent=6969"}],"wp:term":[{"taxonomy":"bravo_category","embeddable":true,"href":"https:\/\/seminarixoa.eus\/es\/wp-json\/wp\/v2\/bravo_category?post=6969"}],"curies":[{"name":"wp","href":"https:\/\/api.w.org\/{rel}","templated":true}]}}