{"id":6904,"date":"2024-08-13T12:15:01","date_gmt":"2024-08-13T10:15:01","guid":{"rendered":"https:\/\/seminarixoa.eus\/?post_type=bravo&#038;p=6904"},"modified":"2024-09-25T17:43:38","modified_gmt":"2024-09-25T15:43:38","slug":"xvii-nazioarteko-txontxongiloen-mostra-antonella-d","status":"publish","type":"bravo","link":"https:\/\/seminarixoa.eus\/es\/gertaera\/xvii-nazioarteko-txontxongiloen-mostra-antonella-d\/","title":{"rendered":"XVII. NAZIOARTEKO TXONTXONGILOEN MOSTRA  \u00abANTONELLA D\u00b4ASCENSI FILAR\u00bb"},"content":{"rendered":"\n<div class=\"wp-block-cover alignfull\"><span aria-hidden=\"true\" class=\"wp-block-cover__background has-background-dim-0 has-background-dim\"><\/span><img loading=\"lazy\" decoding=\"async\" width=\"1200\" height=\"630\" class=\"wp-block-cover__image-background wp-image-6905\" alt=\"\" src=\"https:\/\/seminarixoa.eus\/wp-content\/uploads\/2024\/08\/65f3312f3c092.jpeg\" data-object-fit=\"cover\" srcset=\"https:\/\/seminarixoa.eus\/wp-content\/uploads\/2024\/08\/65f3312f3c092.jpeg 1200w, https:\/\/seminarixoa.eus\/wp-content\/uploads\/2024\/08\/65f3312f3c092-300x158.jpeg 300w, https:\/\/seminarixoa.eus\/wp-content\/uploads\/2024\/08\/65f3312f3c092-1024x538.jpeg 1024w, https:\/\/seminarixoa.eus\/wp-content\/uploads\/2024\/08\/65f3312f3c092-768x403.jpeg 768w\" sizes=\"auto, (max-width: 1200px) 100vw, 1200px\" \/><div class=\"wp-block-cover__inner-container is-layout-flow wp-block-cover-is-layout-flow\">\n<p class=\"has-text-align-center has-large-font-size\"><\/p>\n<\/div><\/div>\n\n\n\n<div class=\"wp-block-bravo-manager-blocks-bravo-sidebar alignwide\">\n<div class=\"wp-block-columns alignwide bravo-sidebar-columns is-layout-flex wp-container-core-columns-is-layout-1 wp-block-columns-is-layout-flex\">\n<div class=\"wp-block-column is-layout-flow wp-block-column-is-layout-flow\">\n<h2 class=\"wp-block-heading bravo-sidebar-title\" id=\"sexberdinak\">XVII. NAZIOARTEKO TXONTXONGILOEN MOSTRA  \u00abANTONELLA D\u00b4ASCENSI FILAR\u00bb<\/h2>\n\n\n\n<h3 class=\"wp-block-heading\" id=\"sinopsia\"><strong>Sinopsi<\/strong>s<\/h3>\n\n\n\n<p>Filar&nbsp;es una pieza de danza contempor\u00e1nea y poes\u00eda visual que&nbsp;habla&nbsp;sobre el poder de la relaci\u00f3n entre cuerpos y objetos, una relaci\u00f3n que se desarrolla desde la distancia de los hilos. \u00bfC\u00f3mo sentir el otro cuerpo, el de una marioneta, en esta distancia?<\/p>\n\n\n\n<p>La historia de&nbsp;Filar&nbsp;es la de un mundo que cada d\u00eda se construye y, de repente,&nbsp;se viene abajo.&nbsp;Entonces, cuando hay una crisis, \u00bfc\u00f3mo podemos volver a construir una comunidad y sentir que vivimos en una red de hilos y relaciones?<\/p>\n\n\n\n<p>Los hilos crean una conexi\u00f3n invisible entre todo&nbsp;lo&nbsp;que sucede, los hilos nos unen con nuestras familias, los amigos, o las personas con las cuales compartimos caminos. Los&nbsp;hilos mantienen la conexi\u00f3n en la distancia.<\/p>\n\n\n\n<figure class=\"wp-block-embed is-type-video is-provider-youtube wp-block-embed-youtube wp-embed-aspect-16-9 wp-has-aspect-ratio\"><div class=\"wp-block-embed__wrapper\">\n<iframe loading=\"lazy\" title=\"FILAR - danza, marionetas y video para todos los p\u00fablicos\" width=\"500\" height=\"281\" src=\"https:\/\/www.youtube.com\/embed\/i1qj8xwqKNc?feature=oembed\" frameborder=\"0\" allow=\"accelerometer; autoplay; clipboard-write; encrypted-media; gyroscope; picture-in-picture; web-share\" referrerpolicy=\"strict-origin-when-cross-origin\" allowfullscreen><\/iframe>\n<\/div><\/figure>\n\n\n\n<p><strong>FICHA ART\u00cdSTICA<\/strong><\/p>\n\n\n\n<ul class=\"wp-block-list\">\n<li>Coreograf\u00eda e interpretaci\u00f3n Antonella D\u2019Ascenzi<\/li>\n\n\n\n<li>Asesoramiento danza y mapping en vivo Toni Mira<\/li>\n\n\n\n<li>Asesoramiento manipulaci\u00f3n t\u00edteres y objetos Damiano Privitera<\/li>\n\n\n\n<li>Dise\u00f1o de luz Elena Piscitilli<\/li>\n\n\n\n<li>Dise\u00f1o de vestuario Cristina Robledillo<\/li>\n\n\n\n<li>Video animaci\u00f3n y dise\u00f1o de proyecci\u00f3n Guillem Mu\u00f1oz<\/li>\n\n\n\n<li>Musica Adri\u00e1n Berenguer.<\/li>\n\n\n\n<li>Realizaci\u00f3n de objetos y t\u00edteres Antonella D\u2019Ascenzi<\/li>\n\n\n\n<li>Fotos de Carles Decors<\/li>\n\n\n\n<li>Grabaci\u00f3n de la pieza&nbsp;Julian Waisbord<\/li>\n<\/ul>\n<\/div>\n\n\n\n<div class=\"wp-block-column is-layout-flow wp-block-column-is-layout-flow\" style=\"flex-basis:500px\">\n<a class=\"wp-block-bravo-manager-blocks-bravo-sidebar-head link-to-bravo-event\" href=\"#\"><div class=\"bravo-sidebar-head\" style=\"background-color:#EDCE80;color:#000000;border-style:solid;border-width:0px;border-color:#000000;margin-top:0;margin-bottom:0;padding-top:10px;padding-right:20px;padding-bottom:10px;padding-left:20px\"><div class=\"bravo-row bravo-align-items-center\"><div class=\"bravo-col-sm-3 bravo-col-md-3 bravo-col-lg-3 bravo-icon-section\"><i class=\"ti-ticket\"><\/i><\/div><div class=\"bravo-col-sm-9 bravo-col-md-9 bravo-col-lg-9 bravo-content-section\"><h5 style=\"font-size:16px\">Compra tu entrada aqui<\/h5><div style=\"font-size:14px\">Fecha: 05\/10\/2024<br>Hora: 20:00<br><sub><em><strong>Entradas disponibles a partir del 18\/09\/2024 a las 18:00<\/strong> <\/em><\/sub><\/div><\/div><\/div><\/div><\/a>\n\n\n\n<hr class=\"wp-block-separator has-css-opacity is-style-wide\" \/>\n\n\n\n<div class=\"wp-block-bravo-manager-blocks-bravo-sidebar-box bravo-sidebar-box\" style=\"margin-top:0;margin-bottom:0\"><div class=\"bravo-row bravo-align-items-center bravo-sidebar-box-head\" style=\"color:#FFFFFF;background-color:#4ACAA7;padding-top:10px;padding-right:20px;padding-bottom:10px;padding-left:20px\"><div class=\"bravo-col-sm-3 bravo-col-md-3 bravo-col-lg-3 bravo-icon-section\"><i class=\"ti-info-alt\"><\/i><\/div><div class=\"bravo-col-sm-9 bravo-col-md-9 bravo-col-lg-9 bravo-content-section\"><h5 style=\"font-size:16px\">Compa\u00f1\u00eda: Antonella D\u2019Ascenzi<\/h5><\/div><\/div><div class=\"bravo-row bravo-align-items-center bravo-sidebar-box-body\" style=\"color:#edce80;background-color:#484554;padding-top:0;padding-right:0;padding-bottom:0;padding-left:0\"><div class=\"bravo-col-sm-12 bravo-col-md-12 bravo-col-lg-12\"><\/div><\/div><\/div>\n\n\n\n<div class=\"wp-block-bravo-manager-blocks-bravo-sidebar-box bravo-sidebar-box\" style=\"margin-top:0;margin-bottom:0\"><div class=\"bravo-row bravo-align-items-center bravo-sidebar-box-head\" style=\"color:#FFFFFF;background-color:#4ACAA7;padding-top:10px;padding-right:20px;padding-bottom:10px;padding-left:20px\"><div class=\"bravo-col-sm-3 bravo-col-md-3 bravo-col-lg-3 bravo-icon-section\"><i class=\"ti-credit-card\"><\/i><\/div><div class=\"bravo-col-sm-9 bravo-col-md-9 bravo-col-lg-9 bravo-content-section\"><h5 style=\"font-size:16px\">Entrada: 8\u20ac<\/h5><\/div><\/div><div class=\"bravo-row bravo-align-items-center bravo-sidebar-box-body\" style=\"color:#484554;background-color:#484554;padding-top:0;padding-right:0;padding-bottom:0;padding-left:0\"><div class=\"bravo-col-sm-12 bravo-col-md-12 bravo-col-lg-12\"><\/div><\/div><\/div>\n\n\n\n<figure class=\"wp-block-image size-full is-resized\"><img loading=\"lazy\" decoding=\"async\" width=\"189\" height=\"267\" src=\"https:\/\/seminarixoa.eus\/wp-content\/uploads\/2024\/08\/images-2.jpeg\" alt=\"\" class=\"wp-image-6906\" style=\"aspect-ratio:0.7078651685393258;width:377px;height:auto\" \/><\/figure>\n<\/div>\n<\/div>\n<\/div>\n","protected":false},"excerpt":{"rendered":"","protected":false},"featured_media":6906,"parent":0,"menu_order":0,"template":"","bravo_category":[21],"class_list":["post-6904","bravo","type-bravo","status-publish","has-post-thumbnail","hentry","bravo_category-antzerkia"],"yoast_head":"<!-- This site is optimized with the Yoast SEO plugin v26.6 - https:\/\/yoast.com\/wordpress\/plugins\/seo\/ -->\n<title>XVII. NAZIOARTEKO TXONTXONGILOEN MOSTRA &quot;ANTONELLA D\u00b4ASCENSI FILAR&quot; - Seminarixoa<\/title>\n<meta name=\"robots\" content=\"index, follow, max-snippet:-1, max-image-preview:large, max-video-preview:-1\" \/>\n<link rel=\"canonical\" href=\"https:\/\/seminarixoa.eus\/gertaera\/xvii-nazioarteko-txontxongiloen-mostra-antonella-d\/\" \/>\n<meta property=\"og:locale\" content=\"es_ES\" \/>\n<meta property=\"og:type\" content=\"article\" \/>\n<meta property=\"og:title\" content=\"XVII. NAZIOARTEKO TXONTXONGILOEN MOSTRA &quot;ANTONELLA D\u00b4ASCENSI FILAR&quot; - Seminarixoa\" \/>\n<meta property=\"og:url\" content=\"https:\/\/seminarixoa.eus\/gertaera\/xvii-nazioarteko-txontxongiloen-mostra-antonella-d\/\" \/>\n<meta property=\"og:site_name\" content=\"Seminarixoa\" \/>\n<meta property=\"article:publisher\" content=\"https:\/\/www.facebook.com\/bergarakultura\" \/>\n<meta property=\"article:modified_time\" content=\"2024-09-25T15:43:38+00:00\" \/>\n<meta property=\"og:image\" content=\"https:\/\/seminarixoa.eus\/wp-content\/uploads\/2024\/08\/images-2.jpeg\" \/>\n\t<meta property=\"og:image:width\" content=\"189\" \/>\n\t<meta property=\"og:image:height\" content=\"267\" \/>\n\t<meta property=\"og:image:type\" content=\"image\/jpeg\" \/>\n<meta name=\"twitter:card\" content=\"summary_large_image\" \/>\n<meta name=\"twitter:site\" content=\"@BergaraKultura\" \/>\n<meta name=\"twitter:label1\" content=\"Tiempo de lectura\" \/>\n\t<meta name=\"twitter:data1\" content=\"2 minutos\" \/>\n<script type=\"application\/ld+json\" class=\"yoast-schema-graph\">{\"@context\":\"https:\/\/schema.org\",\"@graph\":[{\"@type\":\"WebPage\",\"@id\":\"https:\/\/seminarixoa.eus\/gertaera\/xvii-nazioarteko-txontxongiloen-mostra-antonella-d\/\",\"url\":\"https:\/\/seminarixoa.eus\/gertaera\/xvii-nazioarteko-txontxongiloen-mostra-antonella-d\/\",\"name\":\"XVII. NAZIOARTEKO TXONTXONGILOEN MOSTRA \\\"ANTONELLA D\u00b4ASCENSI FILAR\\\" - Seminarixoa\",\"isPartOf\":{\"@id\":\"https:\/\/seminarixoa.eus\/es\/#website\"},\"primaryImageOfPage\":{\"@id\":\"https:\/\/seminarixoa.eus\/gertaera\/xvii-nazioarteko-txontxongiloen-mostra-antonella-d\/#primaryimage\"},\"image\":{\"@id\":\"https:\/\/seminarixoa.eus\/gertaera\/xvii-nazioarteko-txontxongiloen-mostra-antonella-d\/#primaryimage\"},\"thumbnailUrl\":\"https:\/\/seminarixoa.eus\/wp-content\/uploads\/2024\/08\/images-2.jpeg\",\"datePublished\":\"2024-08-13T10:15:01+00:00\",\"dateModified\":\"2024-09-25T15:43:38+00:00\",\"breadcrumb\":{\"@id\":\"https:\/\/seminarixoa.eus\/gertaera\/xvii-nazioarteko-txontxongiloen-mostra-antonella-d\/#breadcrumb\"},\"inLanguage\":\"es-ES\",\"potentialAction\":[{\"@type\":\"ReadAction\",\"target\":[\"https:\/\/seminarixoa.eus\/gertaera\/xvii-nazioarteko-txontxongiloen-mostra-antonella-d\/\"]}]},{\"@type\":\"ImageObject\",\"inLanguage\":\"es-ES\",\"@id\":\"https:\/\/seminarixoa.eus\/gertaera\/xvii-nazioarteko-txontxongiloen-mostra-antonella-d\/#primaryimage\",\"url\":\"https:\/\/seminarixoa.eus\/wp-content\/uploads\/2024\/08\/images-2.jpeg\",\"contentUrl\":\"https:\/\/seminarixoa.eus\/wp-content\/uploads\/2024\/08\/images-2.jpeg\",\"width\":189,\"height\":267},{\"@type\":\"BreadcrumbList\",\"@id\":\"https:\/\/seminarixoa.eus\/gertaera\/xvii-nazioarteko-txontxongiloen-mostra-antonella-d\/#breadcrumb\",\"itemListElement\":[{\"@type\":\"ListItem\",\"position\":1,\"name\":\"Home\",\"item\":\"https:\/\/seminarixoa.eus\/es\/\"},{\"@type\":\"ListItem\",\"position\":2,\"name\":\"Bravo Events\",\"item\":\"https:\/\/seminarixoa.eus\/es\/gertaera\/\"},{\"@type\":\"ListItem\",\"position\":3,\"name\":\"XVII. NAZIOARTEKO TXONTXONGILOEN MOSTRA &#8220;ANTONELLA D\u00b4ASCENSI FILAR&#8221;\"}]},{\"@type\":\"WebSite\",\"@id\":\"https:\/\/seminarixoa.eus\/es\/#website\",\"url\":\"https:\/\/seminarixoa.eus\/es\/\",\"name\":\"Bergara Kultura\",\"description\":\"Seminarixoa\",\"publisher\":{\"@id\":\"https:\/\/seminarixoa.eus\/es\/#organization\"},\"potentialAction\":[{\"@type\":\"SearchAction\",\"target\":{\"@type\":\"EntryPoint\",\"urlTemplate\":\"https:\/\/seminarixoa.eus\/es\/?s={search_term_string}\"},\"query-input\":{\"@type\":\"PropertyValueSpecification\",\"valueRequired\":true,\"valueName\":\"search_term_string\"}}],\"inLanguage\":\"es-ES\"},{\"@type\":\"Organization\",\"@id\":\"https:\/\/seminarixoa.eus\/es\/#organization\",\"name\":\"Bergara Kultura\",\"url\":\"https:\/\/seminarixoa.eus\/es\/\",\"logo\":{\"@type\":\"ImageObject\",\"inLanguage\":\"es-ES\",\"@id\":\"https:\/\/seminarixoa.eus\/es\/#\/schema\/logo\/image\/\",\"url\":\"https:\/\/seminarixoa.eus\/wp-content\/uploads\/2020\/01\/Logoa_beltza.jpg\",\"contentUrl\":\"https:\/\/seminarixoa.eus\/wp-content\/uploads\/2020\/01\/Logoa_beltza.jpg\",\"width\":255,\"height\":157,\"caption\":\"Bergara Kultura\"},\"image\":{\"@id\":\"https:\/\/seminarixoa.eus\/es\/#\/schema\/logo\/image\/\"},\"sameAs\":[\"https:\/\/www.facebook.com\/bergarakultura\",\"https:\/\/x.com\/BergaraKultura\",\"https:\/\/www.instagram.com\/bergara_kultura\/\",\"https:\/\/www.youtube.com\/channel\/UCxrRFHA1I4IaCs-QOQfAq0Q\"]}]}<\/script>\n<!-- \/ Yoast SEO plugin. -->","yoast_head_json":{"title":"XVII. NAZIOARTEKO TXONTXONGILOEN MOSTRA \"ANTONELLA D\u00b4ASCENSI FILAR\" - Seminarixoa","robots":{"index":"index","follow":"follow","max-snippet":"max-snippet:-1","max-image-preview":"max-image-preview:large","max-video-preview":"max-video-preview:-1"},"canonical":"https:\/\/seminarixoa.eus\/gertaera\/xvii-nazioarteko-txontxongiloen-mostra-antonella-d\/","og_locale":"es_ES","og_type":"article","og_title":"XVII. NAZIOARTEKO TXONTXONGILOEN MOSTRA \"ANTONELLA D\u00b4ASCENSI FILAR\" - Seminarixoa","og_url":"https:\/\/seminarixoa.eus\/gertaera\/xvii-nazioarteko-txontxongiloen-mostra-antonella-d\/","og_site_name":"Seminarixoa","article_publisher":"https:\/\/www.facebook.com\/bergarakultura","article_modified_time":"2024-09-25T15:43:38+00:00","og_image":[{"width":189,"height":267,"url":"https:\/\/seminarixoa.eus\/wp-content\/uploads\/2024\/08\/images-2.jpeg","type":"image\/jpeg"}],"twitter_card":"summary_large_image","twitter_site":"@BergaraKultura","twitter_misc":{"Tiempo de lectura":"2 minutos"},"schema":{"@context":"https:\/\/schema.org","@graph":[{"@type":"WebPage","@id":"https:\/\/seminarixoa.eus\/gertaera\/xvii-nazioarteko-txontxongiloen-mostra-antonella-d\/","url":"https:\/\/seminarixoa.eus\/gertaera\/xvii-nazioarteko-txontxongiloen-mostra-antonella-d\/","name":"XVII. NAZIOARTEKO TXONTXONGILOEN MOSTRA \"ANTONELLA D\u00b4ASCENSI FILAR\" - Seminarixoa","isPartOf":{"@id":"https:\/\/seminarixoa.eus\/es\/#website"},"primaryImageOfPage":{"@id":"https:\/\/seminarixoa.eus\/gertaera\/xvii-nazioarteko-txontxongiloen-mostra-antonella-d\/#primaryimage"},"image":{"@id":"https:\/\/seminarixoa.eus\/gertaera\/xvii-nazioarteko-txontxongiloen-mostra-antonella-d\/#primaryimage"},"thumbnailUrl":"https:\/\/seminarixoa.eus\/wp-content\/uploads\/2024\/08\/images-2.jpeg","datePublished":"2024-08-13T10:15:01+00:00","dateModified":"2024-09-25T15:43:38+00:00","breadcrumb":{"@id":"https:\/\/seminarixoa.eus\/gertaera\/xvii-nazioarteko-txontxongiloen-mostra-antonella-d\/#breadcrumb"},"inLanguage":"es-ES","potentialAction":[{"@type":"ReadAction","target":["https:\/\/seminarixoa.eus\/gertaera\/xvii-nazioarteko-txontxongiloen-mostra-antonella-d\/"]}]},{"@type":"ImageObject","inLanguage":"es-ES","@id":"https:\/\/seminarixoa.eus\/gertaera\/xvii-nazioarteko-txontxongiloen-mostra-antonella-d\/#primaryimage","url":"https:\/\/seminarixoa.eus\/wp-content\/uploads\/2024\/08\/images-2.jpeg","contentUrl":"https:\/\/seminarixoa.eus\/wp-content\/uploads\/2024\/08\/images-2.jpeg","width":189,"height":267},{"@type":"BreadcrumbList","@id":"https:\/\/seminarixoa.eus\/gertaera\/xvii-nazioarteko-txontxongiloen-mostra-antonella-d\/#breadcrumb","itemListElement":[{"@type":"ListItem","position":1,"name":"Home","item":"https:\/\/seminarixoa.eus\/es\/"},{"@type":"ListItem","position":2,"name":"Bravo Events","item":"https:\/\/seminarixoa.eus\/es\/gertaera\/"},{"@type":"ListItem","position":3,"name":"XVII. NAZIOARTEKO TXONTXONGILOEN MOSTRA &#8220;ANTONELLA D\u00b4ASCENSI FILAR&#8221;"}]},{"@type":"WebSite","@id":"https:\/\/seminarixoa.eus\/es\/#website","url":"https:\/\/seminarixoa.eus\/es\/","name":"Bergara Kultura","description":"Seminarixoa","publisher":{"@id":"https:\/\/seminarixoa.eus\/es\/#organization"},"potentialAction":[{"@type":"SearchAction","target":{"@type":"EntryPoint","urlTemplate":"https:\/\/seminarixoa.eus\/es\/?s={search_term_string}"},"query-input":{"@type":"PropertyValueSpecification","valueRequired":true,"valueName":"search_term_string"}}],"inLanguage":"es-ES"},{"@type":"Organization","@id":"https:\/\/seminarixoa.eus\/es\/#organization","name":"Bergara Kultura","url":"https:\/\/seminarixoa.eus\/es\/","logo":{"@type":"ImageObject","inLanguage":"es-ES","@id":"https:\/\/seminarixoa.eus\/es\/#\/schema\/logo\/image\/","url":"https:\/\/seminarixoa.eus\/wp-content\/uploads\/2020\/01\/Logoa_beltza.jpg","contentUrl":"https:\/\/seminarixoa.eus\/wp-content\/uploads\/2020\/01\/Logoa_beltza.jpg","width":255,"height":157,"caption":"Bergara Kultura"},"image":{"@id":"https:\/\/seminarixoa.eus\/es\/#\/schema\/logo\/image\/"},"sameAs":["https:\/\/www.facebook.com\/bergarakultura","https:\/\/x.com\/BergaraKultura","https:\/\/www.instagram.com\/bergara_kultura\/","https:\/\/www.youtube.com\/channel\/UCxrRFHA1I4IaCs-QOQfAq0Q"]}]}},"_links":{"self":[{"href":"https:\/\/seminarixoa.eus\/es\/wp-json\/wp\/v2\/bravo\/6904","targetHints":{"allow":["GET"]}}],"collection":[{"href":"https:\/\/seminarixoa.eus\/es\/wp-json\/wp\/v2\/bravo"}],"about":[{"href":"https:\/\/seminarixoa.eus\/es\/wp-json\/wp\/v2\/types\/bravo"}],"wp:featuredmedia":[{"embeddable":true,"href":"https:\/\/seminarixoa.eus\/es\/wp-json\/wp\/v2\/media\/6906"}],"wp:attachment":[{"href":"https:\/\/seminarixoa.eus\/es\/wp-json\/wp\/v2\/media?parent=6904"}],"wp:term":[{"taxonomy":"bravo_category","embeddable":true,"href":"https:\/\/seminarixoa.eus\/es\/wp-json\/wp\/v2\/bravo_category?post=6904"}],"curies":[{"name":"wp","href":"https:\/\/api.w.org\/{rel}","templated":true}]}}