{"id":6518,"date":"2024-02-19T19:56:13","date_gmt":"2024-02-19T18:56:13","guid":{"rendered":"https:\/\/seminarixoa.eus\/?post_type=bravo&#038;p=6518"},"modified":"2024-02-21T17:10:06","modified_gmt":"2024-02-21T16:10:06","slug":"la-tierra-prometida-the-bastard","status":"publish","type":"bravo","link":"https:\/\/seminarixoa.eus\/es\/gertaera\/la-tierra-prometida-the-bastard\/","title":{"rendered":"LA TIERRA PROMETIDA ( THE BASTARD )"},"content":{"rendered":"\n<div class=\"wp-block-cover alignfull\" style=\"min-height:530px;aspect-ratio:unset;\"><span aria-hidden=\"true\" class=\"wp-block-cover__background has-background-dim-0 has-background-dim\"><\/span><img loading=\"lazy\" decoding=\"async\" width=\"1590\" height=\"1060\" class=\"wp-block-cover__image-background wp-image-6520\" alt=\"\" src=\"https:\/\/seminarixoa.eus\/wp-content\/uploads\/2024\/02\/la-tierra-prometida-portada.jpeg\" data-object-fit=\"cover\" srcset=\"https:\/\/seminarixoa.eus\/wp-content\/uploads\/2024\/02\/la-tierra-prometida-portada.jpeg 1590w, https:\/\/seminarixoa.eus\/wp-content\/uploads\/2024\/02\/la-tierra-prometida-portada-300x200.jpeg 300w, https:\/\/seminarixoa.eus\/wp-content\/uploads\/2024\/02\/la-tierra-prometida-portada-1024x683.jpeg 1024w, https:\/\/seminarixoa.eus\/wp-content\/uploads\/2024\/02\/la-tierra-prometida-portada-768x512.jpeg 768w, https:\/\/seminarixoa.eus\/wp-content\/uploads\/2024\/02\/la-tierra-prometida-portada-1536x1024.jpeg 1536w\" sizes=\"auto, (max-width: 1590px) 100vw, 1590px\" \/><div class=\"wp-block-cover__inner-container is-layout-flow wp-block-cover-is-layout-flow\">\n<p class=\"has-text-align-center has-large-font-size\"><\/p>\n<\/div><\/div>\n\n\n\n<div class=\"wp-block-bravo-manager-blocks-bravo-sidebar alignwide\">\n<div class=\"wp-block-columns alignwide bravo-sidebar-columns is-layout-flex wp-container-core-columns-is-layout-1 wp-block-columns-is-layout-flex\">\n<div class=\"wp-block-column is-layout-flow wp-block-column-is-layout-flow\">\n<h1 class=\"wp-block-heading\" id=\"main-title\">La tierra prometida ( The Bastard )<\/h1>\n\n\n\n<h3 class=\"wp-block-heading\">Sinopsis<\/h3>\n\n\n\n<p>En 1755, el empobrecido capit\u00e1n Ludvig Kahlen se dispone a conquistar los duros e inh\u00f3spitos p\u00e1ramos daneses con un objetivo aparentemente imposible: crear una colonia en nombre del rey. A cambio, recibir\u00e1 un nombre real que anhela con desesperaci\u00f3n. Sin embargo, el \u00fanico gobernante de la zona, el despiadado Frederik de Schinkel, cree arrogantemente que esa tierra le pertenece. Cuando de Schinkel se percata de que su criada Ann Barbara y su servil marido han escapado para refugiarse con Kahlen, el privilegiado y rencoroso gobernante jura venganza y promete hacer todo lo que est\u00e9 a su alcance para ahuyentar al capit\u00e1n. Pero Kahlen no se deja intimidar y emprende una batalla tan desigual que pondr\u00e1 en riesgo no solo su vida, sino tambi\u00e9n a la familia de personas marginadas que se ha formado a su alrededor.<\/p>\n\n\n\n<figure class=\"wp-block-embed is-type-video is-provider-youtube wp-block-embed-youtube wp-embed-aspect-16-9 wp-has-aspect-ratio\"><div class=\"wp-block-embed__wrapper\">\n<iframe loading=\"lazy\" title=\"La tierra prometida (The bastard) - Trailer espa\u00f1ol\" width=\"500\" height=\"281\" src=\"https:\/\/www.youtube.com\/embed\/pQ6E5i1GO7c?feature=oembed\" frameborder=\"0\" allow=\"accelerometer; autoplay; clipboard-write; encrypted-media; gyroscope; picture-in-picture; web-share\" referrerpolicy=\"strict-origin-when-cross-origin\" allowfullscreen><\/iframe>\n<\/div><\/figure>\n\n\n\n<h3 class=\"wp-block-heading\">Premios<\/h3>\n\n\n\n<div class=\"wp-block-group is-vertical is-layout-flex wp-container-core-group-is-layout-1 wp-block-group-is-layout-flex\">\n<p>2023: Festival de Venecia: Nominada a Le\u00f3n de Oro &#8211; Mejor pel\u00edcula.<\/p>\n\n\n\n<p>2023: Premios del Cine Europeo (EFA): 3 premios.<\/p>\n\n\n\n<p>2023: Festival de Sevilla: Nominada a Giraldillo de Oro- Mejor pel\u00edcula.<\/p>\n<\/div>\n\n\n\n<h3 class=\"wp-block-heading\">Cr\u00edticas<\/h3>\n\n\n\n<p><a href=\"https:\/\/elpais.com\/cultura\/2024-02-02\/la-tierra-prometida-mads-mikkelsen-y-la-epica-de-un-desclasado.html\" target=\"_BLANK\" rel=\"noreferrer noopener\"><\/a>\u00ab[Mikkelsen] demuestra una vez m\u00e1s su enorme magnetismo y talento (&#8230;) Arcel saca partido de un buen guion con una direcci\u00f3n muy solvente, al servicio de los personajes, de la aventura y de los impresionantes paisajes daneses.\u00bb&nbsp;<strong>Elsa Fern\u00e1ndez-Santos:&nbsp;Diario El Pa\u00eds&nbsp;<\/strong><\/p>\n\n\n\n<p><a href=\"https:\/\/www.elmundo.es\/cultura\/cine\/2023\/09\/07\/64f9e51c21efa0495f8b45c7.html\" target=\"_BLANK\" rel=\"noreferrer noopener\"><\/a>\u00abUn descomunal Mads Mikkelsen (&#8230;) Sin duda, una bell\u00edsima vuelta de tuerca a, por qu\u00e9 no, &#8216;El hombre que mat\u00f3 a Liberty Valance&#8217;. O casi. (&#8230;)\u00bb&nbsp;<strong>Luis Mart\u00ednez:&nbsp;Diario El Mundo&nbsp;<\/strong><\/p>\n\n\n\n<p><a href=\"https:\/\/www.lavanguardia.com\/cultura\/20240202\/9510787\/misantropo-psycho-thriller-estrenos-cine.html\" target=\"_BLANK\" rel=\"noreferrer noopener\"><\/a>\u00abTiene la poes\u00eda descarnada del salvaje oeste, propia de un filme de John Ford (&#8230;) Mikkelsen, en su determinada sobriedad, est\u00e1 inmenso. (&#8230;) Drama de leyenda, de h\u00e1lito shakespeariano. Una experiencia. (&#8230;)\u00bb<strong>&nbsp;Salvador Llopart:&nbsp;Diario La Vanguardia&nbsp;<\/strong><\/p>\n\n\n\n<div style=\"height:25px\" aria-hidden=\"true\" class=\"wp-block-spacer\"><\/div>\n\n\n\n<div style=\"height:25px\" aria-hidden=\"true\" class=\"wp-block-spacer\"><\/div>\n<\/div>\n\n\n\n<div class=\"wp-block-column is-layout-flow wp-block-column-is-layout-flow\">\n<a class=\"wp-block-bravo-manager-blocks-bravo-sidebar-head link-to-bravo-event\" href=\"#\"><div class=\"bravo-sidebar-head\" style=\"background-color:#EDCE80;color:#000000;border-style:solid;border-width:0px;border-color:#000000;margin-top:0;margin-bottom:0;padding-top:10px;padding-right:20px;padding-bottom:10px;padding-left:20px\"><div class=\"bravo-row bravo-align-items-center\"><div class=\"bravo-col-sm-3 bravo-col-md-3 bravo-col-lg-3 bravo-icon-section\"><i class=\"ti-ticket\"><\/i><\/div><div class=\"bravo-col-sm-9 bravo-col-md-9 bravo-col-lg-9 bravo-content-section\"><h5 style=\"font-size:16px\">No esperes m\u00e1s \u00a1 Compra aqu\u00ed tu entrada !<\/h5><div style=\"font-size:14px\">Fechas: <br>2024\/03\/24 Domingo<br>2024\/03\/25 Lunes<br><br>Hora: 19:30<br><em>Entradas disponibles a partir del 2023\/12\/20 a las 18:00<\/em><\/div><\/div><\/div><\/div><\/a>\n\n\n\n<hr class=\"wp-block-separator has-css-opacity is-style-wide\" \/>\n\n\n\n<div class=\"wp-block-bravo-manager-blocks-bravo-sidebar-box bravo-sidebar-box\" style=\"margin-top:0;margin-bottom:0\"><div class=\"bravo-row bravo-align-items-center bravo-sidebar-box-head\" style=\"color:#FFFFFF;background-color:#2990E1;padding-top:10px;padding-right:20px;padding-bottom:10px;padding-left:20px\"><div class=\"bravo-col-sm-3 bravo-col-md-3 bravo-col-lg-3 bravo-icon-section\"><i class=\"ti-video-clapper\"><\/i><\/div><div class=\"bravo-col-sm-9 bravo-col-md-9 bravo-col-lg-9 bravo-content-section\"><h5 style=\"font-size:20px\">CINE<\/h5><\/div><\/div><div class=\"bravo-row bravo-align-items-center bravo-sidebar-box-body\" style=\"color:#FFFFFF;background-color:#2990E1;padding-top:10px;padding-right:20px;padding-bottom:10px;padding-left:50px\"><div class=\"bravo-col-sm-12 bravo-col-md-12 bravo-col-lg-12\"><p style=\"font-size:16px\"><strong>G\u00e9nero: <\/strong>Aventuras.\u00a0Drama\u00a0|\u00a0Siglo XVIII.\u00a0Hist\u00f3rico.\u00a0Biogr\u00e1fico<\/p><\/div><\/div><\/div>\n\n\n\n<div class=\"wp-block-bravo-manager-blocks-bravo-sidebar-box bravo-sidebar-box\" style=\"margin-top:0;margin-bottom:0\"><div class=\"bravo-row bravo-align-items-center bravo-sidebar-box-head\" style=\"color:#FFFFFF;background-color:#2990E1;padding-top:10px;padding-right:20px;padding-bottom:10px;padding-left:20px\"><div class=\"bravo-col-sm-3 bravo-col-md-3 bravo-col-lg-3 bravo-icon-section\"><i class=\"ti-info-alt\"><\/i><\/div><div class=\"bravo-col-sm-9 bravo-col-md-9 bravo-col-lg-9 bravo-content-section\"><\/div><\/div><div class=\"bravo-row bravo-align-items-center bravo-sidebar-box-body\" style=\"color:#FFFFFF;background-color:#2990E1;padding-top:10px;padding-right:20px;padding-bottom:10px;padding-left:50px\"><div class=\"bravo-col-sm-12 bravo-col-md-12 bravo-col-lg-12\"><p style=\"font-size:16px\"><strong>Calificaci\u00f3n: <\/strong>No recomendado para menores de 16 a\u00f1os.<strong><br><br>Duraci\u00f3n: <\/strong>127 min.<\/p><\/div><\/div><\/div>\n\n\n\n<div class=\"wp-block-bravo-manager-blocks-bravo-sidebar-box bravo-sidebar-box\" style=\"margin-top:0;margin-bottom:0\"><div class=\"bravo-row bravo-align-items-center bravo-sidebar-box-head\" style=\"color:#F6F7FB;background-color:#2990E1;padding-top:10px;padding-right:20px;padding-bottom:10px;padding-left:20px\"><div class=\"bravo-col-sm-3 bravo-col-md-3 bravo-col-lg-3 bravo-icon-section\"><i class=\"ti-headphone-alt\"><\/i><\/div><div class=\"bravo-col-sm-9 bravo-col-md-9 bravo-col-lg-9 bravo-content-section\"><\/div><\/div><div class=\"bravo-row bravo-align-items-center bravo-sidebar-box-body\" style=\"color:#F6F7FB;background-color:#2990E1;padding-top:10px;padding-right:20px;padding-bottom:10px;padding-left:50px\"><div class=\"bravo-col-sm-12 bravo-col-md-12 bravo-col-lg-12\"><p style=\"font-size:16px\"><strong>Idioma: <\/strong>ES<\/p><\/div><\/div><\/div>\n\n\n\n<hr class=\"wp-block-separator has-css-opacity is-style-wide\" \/>\n\n\n\n<div class=\"wp-block-bravo-manager-blocks-bravo-sidebar-box bravo-sidebar-box\" style=\"margin-top:0;margin-bottom:0\"><div class=\"bravo-row bravo-align-items-center bravo-sidebar-box-head\" style=\"color:#edce80;background-color:#484554;padding-top:10px;padding-right:20px;padding-bottom:10px;padding-left:20px\"><div class=\"bravo-col-sm-3 bravo-col-md-3 bravo-col-lg-3 bravo-icon-section\"><i class=\"ti-clipboard\"><\/i><\/div><div class=\"bravo-col-sm-9 bravo-col-md-9 bravo-col-lg-9 bravo-content-section\"><h5 style=\"font-size:16px\">Ficha t\u00e9cnica<\/h5><\/div><\/div><div class=\"bravo-row bravo-align-items-center bravo-sidebar-box-body\" style=\"color:#edce80;background-color:#484554;padding-top:10px;padding-right:20px;padding-bottom:10px;padding-left:20px\"><div class=\"bravo-col-sm-12 bravo-col-md-12 bravo-col-lg-12\"><p style=\"font-size:14px\">T\u00edtulo Original<strong>:<\/strong> Bastarden<br><strong>A\u00f1o:<\/strong> 2023<br><strong>Duraci\u00f3n<\/strong>: 127 min.<br><strong>Pa\u00eds<\/strong>: Dinamarca<br><strong>Direcci\u00f3n<\/strong>: Nikolaj Arcel<br><strong>Guion<\/strong>: Nikolaj Arcel,\u00a0Anders Thomas Jensen<br><strong>Reparto<\/strong>: Mads Mikkelsen,\u00a0Amanda Collin,\u00a0Simon Bennebjerg,\u00a0Melina Hagberg,\u00a0Kristine Kujath Thorp,\u00a0Gustav Lindh,\u00a0Magnus Krepper,\u00a0Lise Risom Olsen,\u00a0S\u00f8ren Malling,\u00a0Thomas W. Gabrielsson,\u00a0Jacob Lohmann,\u00a0Felix Kramer<br><strong>Musika<\/strong>: Dan Romer<br><strong>Fotograf\u00eda:<\/strong> Rasmus Videb\u00e6k<br><strong>Compa\u00f1\u00edas<\/strong>: Coproducci\u00f3n Dinamarca-Noruega-Alemania;\u00a0Koch Films,\u00a0Nordisk Film,\u00a0SVT,\u00a0Zentropa,\u00a0Plaion Pictures,\u00a0Nordisk Film,\u00a0TV2<br><strong>G\u00e9nero<\/strong>: Abenturak. Drama | XVIII. mendea. Historikoa. Biografikoa<\/p><\/div><\/div><\/div>\n\n\n\n<hr class=\"wp-block-separator has-css-opacity is-style-wide\" \/>\n\n\n\n<figure class=\"wp-block-image size-large\"><img loading=\"lazy\" decoding=\"async\" width=\"718\" height=\"1024\" src=\"https:\/\/seminarixoa.eus\/wp-content\/uploads\/2024\/02\/la-tierra-prometida-cartel-718x1024.jpeg\" alt=\"\" class=\"wp-image-6519\" srcset=\"https:\/\/seminarixoa.eus\/wp-content\/uploads\/2024\/02\/la-tierra-prometida-cartel-718x1024.jpeg 718w, https:\/\/seminarixoa.eus\/wp-content\/uploads\/2024\/02\/la-tierra-prometida-cartel-210x300.jpeg 210w, https:\/\/seminarixoa.eus\/wp-content\/uploads\/2024\/02\/la-tierra-prometida-cartel-768x1095.jpeg 768w, https:\/\/seminarixoa.eus\/wp-content\/uploads\/2024\/02\/la-tierra-prometida-cartel-1077x1536.jpeg 1077w, https:\/\/seminarixoa.eus\/wp-content\/uploads\/2024\/02\/la-tierra-prometida-cartel.jpeg 1200w\" sizes=\"auto, (max-width: 718px) 100vw, 718px\" \/><\/figure>\n<\/div>\n<\/div>\n<\/div>\n\n\n\n<div style=\"height:50px\" aria-hidden=\"true\" class=\"wp-block-spacer\"><\/div>\n","protected":false},"excerpt":{"rendered":"","protected":false},"featured_media":6519,"parent":0,"menu_order":0,"template":"","bravo_category":[20],"class_list":["post-6518","bravo","type-bravo","status-publish","has-post-thumbnail","hentry","bravo_category-zinea-komertziala"],"yoast_head":"<!-- This site is optimized with the Yoast SEO plugin v26.6 - https:\/\/yoast.com\/wordpress\/plugins\/seo\/ -->\n<title>LA TIERRA PROMETIDA ( THE BASTARD ) - Seminarixoa<\/title>\n<meta name=\"robots\" content=\"index, follow, max-snippet:-1, max-image-preview:large, max-video-preview:-1\" \/>\n<link rel=\"canonical\" href=\"https:\/\/seminarixoa.eus\/gertaera\/la-tierra-prometida-the-bastard\/\" \/>\n<meta property=\"og:locale\" content=\"es_ES\" \/>\n<meta property=\"og:type\" content=\"article\" \/>\n<meta property=\"og:title\" content=\"LA TIERRA PROMETIDA ( THE BASTARD ) - Seminarixoa\" \/>\n<meta property=\"og:url\" content=\"https:\/\/seminarixoa.eus\/gertaera\/la-tierra-prometida-the-bastard\/\" \/>\n<meta property=\"og:site_name\" content=\"Seminarixoa\" \/>\n<meta property=\"article:publisher\" content=\"https:\/\/www.facebook.com\/bergarakultura\" \/>\n<meta property=\"article:modified_time\" content=\"2024-02-21T16:10:06+00:00\" \/>\n<meta property=\"og:image\" content=\"https:\/\/seminarixoa.eus\/wp-content\/uploads\/2024\/02\/la-tierra-prometida-cartel.jpeg\" \/>\n\t<meta property=\"og:image:width\" content=\"1200\" \/>\n\t<meta property=\"og:image:height\" content=\"1711\" \/>\n\t<meta property=\"og:image:type\" content=\"image\/jpeg\" \/>\n<meta name=\"twitter:card\" content=\"summary_large_image\" \/>\n<meta name=\"twitter:site\" content=\"@BergaraKultura\" \/>\n<meta name=\"twitter:label1\" content=\"Tiempo de lectura\" \/>\n\t<meta name=\"twitter:data1\" content=\"3 minutos\" \/>\n<script type=\"application\/ld+json\" class=\"yoast-schema-graph\">{\"@context\":\"https:\/\/schema.org\",\"@graph\":[{\"@type\":\"WebPage\",\"@id\":\"https:\/\/seminarixoa.eus\/gertaera\/la-tierra-prometida-the-bastard\/\",\"url\":\"https:\/\/seminarixoa.eus\/gertaera\/la-tierra-prometida-the-bastard\/\",\"name\":\"LA TIERRA PROMETIDA ( THE BASTARD ) - Seminarixoa\",\"isPartOf\":{\"@id\":\"https:\/\/seminarixoa.eus\/es\/#website\"},\"primaryImageOfPage\":{\"@id\":\"https:\/\/seminarixoa.eus\/gertaera\/la-tierra-prometida-the-bastard\/#primaryimage\"},\"image\":{\"@id\":\"https:\/\/seminarixoa.eus\/gertaera\/la-tierra-prometida-the-bastard\/#primaryimage\"},\"thumbnailUrl\":\"https:\/\/seminarixoa.eus\/wp-content\/uploads\/2024\/02\/la-tierra-prometida-cartel.jpeg\",\"datePublished\":\"2024-02-19T18:56:13+00:00\",\"dateModified\":\"2024-02-21T16:10:06+00:00\",\"breadcrumb\":{\"@id\":\"https:\/\/seminarixoa.eus\/gertaera\/la-tierra-prometida-the-bastard\/#breadcrumb\"},\"inLanguage\":\"es-ES\",\"potentialAction\":[{\"@type\":\"ReadAction\",\"target\":[\"https:\/\/seminarixoa.eus\/gertaera\/la-tierra-prometida-the-bastard\/\"]}]},{\"@type\":\"ImageObject\",\"inLanguage\":\"es-ES\",\"@id\":\"https:\/\/seminarixoa.eus\/gertaera\/la-tierra-prometida-the-bastard\/#primaryimage\",\"url\":\"https:\/\/seminarixoa.eus\/wp-content\/uploads\/2024\/02\/la-tierra-prometida-cartel.jpeg\",\"contentUrl\":\"https:\/\/seminarixoa.eus\/wp-content\/uploads\/2024\/02\/la-tierra-prometida-cartel.jpeg\",\"width\":1200,\"height\":1711},{\"@type\":\"BreadcrumbList\",\"@id\":\"https:\/\/seminarixoa.eus\/gertaera\/la-tierra-prometida-the-bastard\/#breadcrumb\",\"itemListElement\":[{\"@type\":\"ListItem\",\"position\":1,\"name\":\"Home\",\"item\":\"https:\/\/seminarixoa.eus\/es\/\"},{\"@type\":\"ListItem\",\"position\":2,\"name\":\"Bravo Events\",\"item\":\"https:\/\/seminarixoa.eus\/es\/gertaera\/\"},{\"@type\":\"ListItem\",\"position\":3,\"name\":\"LA TIERRA PROMETIDA ( THE BASTARD )\"}]},{\"@type\":\"WebSite\",\"@id\":\"https:\/\/seminarixoa.eus\/es\/#website\",\"url\":\"https:\/\/seminarixoa.eus\/es\/\",\"name\":\"Bergara Kultura\",\"description\":\"Seminarixoa\",\"publisher\":{\"@id\":\"https:\/\/seminarixoa.eus\/es\/#organization\"},\"potentialAction\":[{\"@type\":\"SearchAction\",\"target\":{\"@type\":\"EntryPoint\",\"urlTemplate\":\"https:\/\/seminarixoa.eus\/es\/?s={search_term_string}\"},\"query-input\":{\"@type\":\"PropertyValueSpecification\",\"valueRequired\":true,\"valueName\":\"search_term_string\"}}],\"inLanguage\":\"es-ES\"},{\"@type\":\"Organization\",\"@id\":\"https:\/\/seminarixoa.eus\/es\/#organization\",\"name\":\"Bergara Kultura\",\"url\":\"https:\/\/seminarixoa.eus\/es\/\",\"logo\":{\"@type\":\"ImageObject\",\"inLanguage\":\"es-ES\",\"@id\":\"https:\/\/seminarixoa.eus\/es\/#\/schema\/logo\/image\/\",\"url\":\"https:\/\/seminarixoa.eus\/wp-content\/uploads\/2020\/01\/Logoa_beltza.jpg\",\"contentUrl\":\"https:\/\/seminarixoa.eus\/wp-content\/uploads\/2020\/01\/Logoa_beltza.jpg\",\"width\":255,\"height\":157,\"caption\":\"Bergara Kultura\"},\"image\":{\"@id\":\"https:\/\/seminarixoa.eus\/es\/#\/schema\/logo\/image\/\"},\"sameAs\":[\"https:\/\/www.facebook.com\/bergarakultura\",\"https:\/\/x.com\/BergaraKultura\",\"https:\/\/www.instagram.com\/bergara_kultura\/\",\"https:\/\/www.youtube.com\/channel\/UCxrRFHA1I4IaCs-QOQfAq0Q\"]}]}<\/script>\n<!-- \/ Yoast SEO plugin. -->","yoast_head_json":{"title":"LA TIERRA PROMETIDA ( THE BASTARD ) - Seminarixoa","robots":{"index":"index","follow":"follow","max-snippet":"max-snippet:-1","max-image-preview":"max-image-preview:large","max-video-preview":"max-video-preview:-1"},"canonical":"https:\/\/seminarixoa.eus\/gertaera\/la-tierra-prometida-the-bastard\/","og_locale":"es_ES","og_type":"article","og_title":"LA TIERRA PROMETIDA ( THE BASTARD ) - Seminarixoa","og_url":"https:\/\/seminarixoa.eus\/gertaera\/la-tierra-prometida-the-bastard\/","og_site_name":"Seminarixoa","article_publisher":"https:\/\/www.facebook.com\/bergarakultura","article_modified_time":"2024-02-21T16:10:06+00:00","og_image":[{"width":1200,"height":1711,"url":"https:\/\/seminarixoa.eus\/wp-content\/uploads\/2024\/02\/la-tierra-prometida-cartel.jpeg","type":"image\/jpeg"}],"twitter_card":"summary_large_image","twitter_site":"@BergaraKultura","twitter_misc":{"Tiempo de lectura":"3 minutos"},"schema":{"@context":"https:\/\/schema.org","@graph":[{"@type":"WebPage","@id":"https:\/\/seminarixoa.eus\/gertaera\/la-tierra-prometida-the-bastard\/","url":"https:\/\/seminarixoa.eus\/gertaera\/la-tierra-prometida-the-bastard\/","name":"LA TIERRA PROMETIDA ( THE BASTARD ) - Seminarixoa","isPartOf":{"@id":"https:\/\/seminarixoa.eus\/es\/#website"},"primaryImageOfPage":{"@id":"https:\/\/seminarixoa.eus\/gertaera\/la-tierra-prometida-the-bastard\/#primaryimage"},"image":{"@id":"https:\/\/seminarixoa.eus\/gertaera\/la-tierra-prometida-the-bastard\/#primaryimage"},"thumbnailUrl":"https:\/\/seminarixoa.eus\/wp-content\/uploads\/2024\/02\/la-tierra-prometida-cartel.jpeg","datePublished":"2024-02-19T18:56:13+00:00","dateModified":"2024-02-21T16:10:06+00:00","breadcrumb":{"@id":"https:\/\/seminarixoa.eus\/gertaera\/la-tierra-prometida-the-bastard\/#breadcrumb"},"inLanguage":"es-ES","potentialAction":[{"@type":"ReadAction","target":["https:\/\/seminarixoa.eus\/gertaera\/la-tierra-prometida-the-bastard\/"]}]},{"@type":"ImageObject","inLanguage":"es-ES","@id":"https:\/\/seminarixoa.eus\/gertaera\/la-tierra-prometida-the-bastard\/#primaryimage","url":"https:\/\/seminarixoa.eus\/wp-content\/uploads\/2024\/02\/la-tierra-prometida-cartel.jpeg","contentUrl":"https:\/\/seminarixoa.eus\/wp-content\/uploads\/2024\/02\/la-tierra-prometida-cartel.jpeg","width":1200,"height":1711},{"@type":"BreadcrumbList","@id":"https:\/\/seminarixoa.eus\/gertaera\/la-tierra-prometida-the-bastard\/#breadcrumb","itemListElement":[{"@type":"ListItem","position":1,"name":"Home","item":"https:\/\/seminarixoa.eus\/es\/"},{"@type":"ListItem","position":2,"name":"Bravo Events","item":"https:\/\/seminarixoa.eus\/es\/gertaera\/"},{"@type":"ListItem","position":3,"name":"LA TIERRA PROMETIDA ( THE BASTARD )"}]},{"@type":"WebSite","@id":"https:\/\/seminarixoa.eus\/es\/#website","url":"https:\/\/seminarixoa.eus\/es\/","name":"Bergara Kultura","description":"Seminarixoa","publisher":{"@id":"https:\/\/seminarixoa.eus\/es\/#organization"},"potentialAction":[{"@type":"SearchAction","target":{"@type":"EntryPoint","urlTemplate":"https:\/\/seminarixoa.eus\/es\/?s={search_term_string}"},"query-input":{"@type":"PropertyValueSpecification","valueRequired":true,"valueName":"search_term_string"}}],"inLanguage":"es-ES"},{"@type":"Organization","@id":"https:\/\/seminarixoa.eus\/es\/#organization","name":"Bergara Kultura","url":"https:\/\/seminarixoa.eus\/es\/","logo":{"@type":"ImageObject","inLanguage":"es-ES","@id":"https:\/\/seminarixoa.eus\/es\/#\/schema\/logo\/image\/","url":"https:\/\/seminarixoa.eus\/wp-content\/uploads\/2020\/01\/Logoa_beltza.jpg","contentUrl":"https:\/\/seminarixoa.eus\/wp-content\/uploads\/2020\/01\/Logoa_beltza.jpg","width":255,"height":157,"caption":"Bergara Kultura"},"image":{"@id":"https:\/\/seminarixoa.eus\/es\/#\/schema\/logo\/image\/"},"sameAs":["https:\/\/www.facebook.com\/bergarakultura","https:\/\/x.com\/BergaraKultura","https:\/\/www.instagram.com\/bergara_kultura\/","https:\/\/www.youtube.com\/channel\/UCxrRFHA1I4IaCs-QOQfAq0Q"]}]}},"_links":{"self":[{"href":"https:\/\/seminarixoa.eus\/es\/wp-json\/wp\/v2\/bravo\/6518","targetHints":{"allow":["GET"]}}],"collection":[{"href":"https:\/\/seminarixoa.eus\/es\/wp-json\/wp\/v2\/bravo"}],"about":[{"href":"https:\/\/seminarixoa.eus\/es\/wp-json\/wp\/v2\/types\/bravo"}],"wp:featuredmedia":[{"embeddable":true,"href":"https:\/\/seminarixoa.eus\/es\/wp-json\/wp\/v2\/media\/6519"}],"wp:attachment":[{"href":"https:\/\/seminarixoa.eus\/es\/wp-json\/wp\/v2\/media?parent=6518"}],"wp:term":[{"taxonomy":"bravo_category","embeddable":true,"href":"https:\/\/seminarixoa.eus\/es\/wp-json\/wp\/v2\/bravo_category?post=6518"}],"curies":[{"name":"wp","href":"https:\/\/api.w.org\/{rel}","templated":true}]}}