{"id":6511,"date":"2024-02-19T19:05:53","date_gmt":"2024-02-19T18:05:53","guid":{"rendered":"https:\/\/seminarixoa.eus\/?post_type=bravo&#038;p=6511"},"modified":"2024-02-19T19:35:12","modified_gmt":"2024-02-19T18:35:12","slug":"el-color-purpura-2","status":"publish","type":"bravo","link":"https:\/\/seminarixoa.eus\/es\/gertaera\/el-color-purpura-2\/","title":{"rendered":"EL COLOR P\u00daRPURA"},"content":{"rendered":"\n<div class=\"wp-block-cover alignfull is-light\" style=\"min-height:530px;aspect-ratio:unset;\"><span aria-hidden=\"true\" class=\"wp-block-cover__background has-background-dim-0 has-background-dim\"><\/span><img loading=\"lazy\" decoding=\"async\" width=\"1920\" height=\"1080\" class=\"wp-block-cover__image-background wp-image-6513\" alt=\"\" src=\"https:\/\/seminarixoa.eus\/wp-content\/uploads\/2024\/02\/el-color-purpura-portada.jpeg\" data-object-fit=\"cover\" srcset=\"https:\/\/seminarixoa.eus\/wp-content\/uploads\/2024\/02\/el-color-purpura-portada.jpeg 1920w, https:\/\/seminarixoa.eus\/wp-content\/uploads\/2024\/02\/el-color-purpura-portada-300x169.jpeg 300w, https:\/\/seminarixoa.eus\/wp-content\/uploads\/2024\/02\/el-color-purpura-portada-1024x576.jpeg 1024w, https:\/\/seminarixoa.eus\/wp-content\/uploads\/2024\/02\/el-color-purpura-portada-768x432.jpeg 768w, https:\/\/seminarixoa.eus\/wp-content\/uploads\/2024\/02\/el-color-purpura-portada-1536x864.jpeg 1536w\" sizes=\"auto, (max-width: 1920px) 100vw, 1920px\" \/><div class=\"wp-block-cover__inner-container is-layout-flow wp-block-cover-is-layout-flow\">\n<p class=\"has-text-align-center has-large-font-size\"><\/p>\n<\/div><\/div>\n\n\n\n<div class=\"wp-block-bravo-manager-blocks-bravo-sidebar alignwide\">\n<div class=\"wp-block-columns alignwide bravo-sidebar-columns is-layout-flex wp-container-core-columns-is-layout-1 wp-block-columns-is-layout-flex\">\n<div class=\"wp-block-column is-layout-flow wp-block-column-is-layout-flow\">\n<h1 class=\"wp-block-heading\" id=\"main-title\">El color p\u00farpura<\/h1>\n\n\n\n<h3 class=\"wp-block-heading\">Sinopsis<\/h3>\n\n\n\n<p>En 1909, Celie, una chica negra norteamericana, es entregada en matrimonio por su maltratador padre a un granjero local, Albert, que la trata con crueldad. Celie es temerosa de Dios y su liberaci\u00f3n llega en forma de una cantante de jazz. Adaptaci\u00f3n de la novela de Alice Walker sobre las luchas de toda la vida de una mujer afroamericana a principios del siglo XX.<\/p>\n\n\n\n<figure class=\"wp-block-embed is-type-video is-provider-youtube wp-block-embed-youtube wp-embed-aspect-16-9 wp-has-aspect-ratio\"><div class=\"wp-block-embed__wrapper\">\n<iframe loading=\"lazy\" title=\"El color p\u00farpura | Tr\u00e1iler Oficial\" width=\"500\" height=\"281\" src=\"https:\/\/www.youtube.com\/embed\/FD_YvBDa-o8?feature=oembed\" frameborder=\"0\" allow=\"accelerometer; autoplay; clipboard-write; encrypted-media; gyroscope; picture-in-picture; web-share\" referrerpolicy=\"strict-origin-when-cross-origin\" allowfullscreen><\/iframe>\n<\/div><\/figure>\n\n\n\n<h3 class=\"wp-block-heading\">Premios<\/h3>\n\n\n\n<p>2023: Premios Oscar: Nominada a Mejor actriz de reparto.<\/p>\n\n\n\n<p>2023: Premios Globos de Oro: 2 nominaciones<\/p>\n\n\n\n<p>2023: Premios BAFTA (Reino Unido): 2 nominaciones<\/p>\n\n\n\n<p>2023: Premios Satellite Awards: 2 nominaciones<\/p>\n\n\n\n<p>2023: Premios del Sindicato de Actores (SAG): 2 nominaciones<\/p>\n\n\n\n<h3 class=\"wp-block-heading\">Cr\u00edticas<\/h3>\n\n\n\n<p><a href=\"https:\/\/www.elperiodico.com\/es\/ocio-y-cultura\/20240208\/critica-pelicula-color-purpura-nando-salva-97891012\" target=\"_BLANK\" rel=\"noreferrer noopener\"><\/a>\u00abEl secreto para disfrutar de la pel\u00edcula es dar menos importancia a su argumento que al modo en el que este queda evocado en las canciones o entenderla sobre todo como un esplendoroso \u00e1lbum visual (&#8230;) \u00bb\u00a0Nando Salv\u00e1:\u00a0Diario El Peri\u00f3dico\u00a0<\/p>\n\n\n\n<p><a href=\"https:\/\/www.hobbyconsolas.com\/reviews\/critica-color-purpura-purple-color-nueva-adaptacion-novela-alice-walker-1362869\" target=\"_BLANK\" rel=\"noreferrer noopener\"><\/a>\u00abEs una pel\u00edcula irregular pero est\u00e1 llena de talento. Solo recomendable para los amantes ac\u00e9rrimos de los musicales: pasa de n\u00fameros preciosos a otros en los que roza lo rid\u00edculo. El conjunto, no obstante, es satisfactorio.\u00bb\u00a0Raquel Hern\u00e1ndez Luj\u00e1n:\u00a0Hobby Consolas\u00a0<\/p>\n\n\n\n<p><a href=\"https:\/\/www.lavanguardia.com\/cultura\/20240209\/9515724\/ferrari-mastroianni-scalextric-cine-estrenos-semana.html\" target=\"_BLANK\" rel=\"noreferrer noopener\"><\/a>\u00abVuelve ahora la misma historia (&#8230;). Donde el drama es m\u00e1s (melo)drama; los colores m\u00e1s vibrantes, y las canciones y los bailes te pueden poner a aplaudir, o algo m\u00e1s (&#8230;) Todo es m\u00e1s energ\u00e9tico y vigorizante. (&#8230;)\u00bb\u00a0Salvador Llopart:\u00a0Diario La Vanguardia\u00a0<a href=\"https:\/\/www.fotogramas.es\/peliculas-criticas\/a46694221\/color-purpura-critica-pelicula-remake\/\" target=\"_BLANK\" rel=\"noreferrer noopener\"><\/a><\/p>\n\n\n\n<p><a href=\"https:\/\/www.fotogramas.es\/peliculas-criticas\/a46694221\/color-purpura-critica-pelicula-remake\/\" target=\"_BLANK\" rel=\"noreferrer noopener\"><\/a>\u00abLas canciones de la nueva &#8216;El color p\u00farpura&#8217; est\u00e1n a la altura de la legendaria pel\u00edcula original, pero hay un problema con sus n\u00fameros musicales.\u00bb (&#8230;) Un film que no se atreve a brillar\u00bb\u00a0Ricardo Rosado:\u00a0Fotogramas\u00a0<\/p>\n\n\n\n<div style=\"height:25px\" aria-hidden=\"true\" class=\"wp-block-spacer\"><\/div>\n\n\n\n<div style=\"height:25px\" aria-hidden=\"true\" class=\"wp-block-spacer\"><\/div>\n<\/div>\n\n\n\n<div class=\"wp-block-column is-layout-flow wp-block-column-is-layout-flow\">\n<a class=\"wp-block-bravo-manager-blocks-bravo-sidebar-head link-to-bravo-event\" href=\"#\"><div class=\"bravo-sidebar-head\" style=\"background-color:#EDCE80;color:#000000;border-style:solid;border-width:0px;border-color:#000000;margin-top:0;margin-bottom:0;padding-top:10px;padding-right:20px;padding-bottom:10px;padding-left:20px\"><div class=\"bravo-row bravo-align-items-center\"><div class=\"bravo-col-sm-3 bravo-col-md-3 bravo-col-lg-3 bravo-icon-section\"><i class=\"ti-ticket\"><\/i><\/div><div class=\"bravo-col-sm-9 bravo-col-md-9 bravo-col-lg-9 bravo-content-section\"><h5 style=\"font-size:16px\">No esperes m\u00e1s \u00a1 Compra aqu\u00ed tu entrada !<\/h5><div style=\"font-size:14px\">Fechas: <br>2024\/03\/10 Domingo<br>2024\/03\/11 Lunes<br><br><em>Hora<\/em>: 19:30<br><em>Entradas disponibles a partir del 2024\/02\/20 a las 18:00<\/em><\/div><\/div><\/div><\/div><\/a>\n\n\n\n<hr class=\"wp-block-separator has-css-opacity is-style-wide\" \/>\n\n\n\n<div class=\"wp-block-bravo-manager-blocks-bravo-sidebar-box bravo-sidebar-box\" style=\"margin-top:0;margin-bottom:0\"><div class=\"bravo-row bravo-align-items-center bravo-sidebar-box-head\" style=\"color:#FFFFFF;background-color:#2990E1;padding-top:10px;padding-right:20px;padding-bottom:10px;padding-left:20px\"><div class=\"bravo-col-sm-3 bravo-col-md-3 bravo-col-lg-3 bravo-icon-section\"><i class=\"ti-video-clapper\"><\/i><\/div><div class=\"bravo-col-sm-9 bravo-col-md-9 bravo-col-lg-9 bravo-content-section\"><h5 style=\"font-size:20px\">CINE<\/h5><\/div><\/div><div class=\"bravo-row bravo-align-items-center bravo-sidebar-box-body\" style=\"color:#FFFFFF;background-color:#2990E1;padding-top:10px;padding-right:20px;padding-bottom:10px;padding-left:50px\"><div class=\"bravo-col-sm-12 bravo-col-md-12 bravo-col-lg-12\"><p style=\"font-size:16px\"><strong>G\u00e9nero: <\/strong>Musical.\u00a0Drama\u00a0|\u00a0Feminismo.\u00a0Racismo.\u00a0A\u00f1os 1900 (circa).\u00a0A\u00f1os 1910-1919.\u00a0A\u00f1os 20<br><strong><br><\/strong><\/p><\/div><\/div><\/div>\n\n\n\n<div class=\"wp-block-bravo-manager-blocks-bravo-sidebar-box bravo-sidebar-box\" style=\"margin-top:0;margin-bottom:0\"><div class=\"bravo-row bravo-align-items-center bravo-sidebar-box-head\" style=\"color:#FFFFFF;background-color:#2990E1;padding-top:10px;padding-right:20px;padding-bottom:10px;padding-left:20px\"><div class=\"bravo-col-sm-3 bravo-col-md-3 bravo-col-lg-3 bravo-icon-section\"><i class=\"ti-info-alt\"><\/i><\/div><div class=\"bravo-col-sm-9 bravo-col-md-9 bravo-col-lg-9 bravo-content-section\"><\/div><\/div><div class=\"bravo-row bravo-align-items-center bravo-sidebar-box-body\" style=\"color:#FFFFFF;background-color:#2990E1;padding-top:10px;padding-right:20px;padding-bottom:10px;padding-left:50px\"><div class=\"bravo-col-sm-12 bravo-col-md-12 bravo-col-lg-12\"><p style=\"font-size:16px\"><strong>Calificaci\u00f3n: <\/strong>No recomendado para menores de 12 a\u00f1os<strong><br><br>Duraci\u00f3n: <\/strong>140 min.<\/p><\/div><\/div><\/div>\n\n\n\n<div class=\"wp-block-bravo-manager-blocks-bravo-sidebar-box bravo-sidebar-box\" style=\"margin-top:0;margin-bottom:0\"><div class=\"bravo-row bravo-align-items-center bravo-sidebar-box-head\" style=\"color:#F6F7FB;background-color:#2990E1;padding-top:10px;padding-right:20px;padding-bottom:10px;padding-left:20px\"><div class=\"bravo-col-sm-3 bravo-col-md-3 bravo-col-lg-3 bravo-icon-section\"><i class=\"ti-headphone-alt\"><\/i><\/div><div class=\"bravo-col-sm-9 bravo-col-md-9 bravo-col-lg-9 bravo-content-section\"><\/div><\/div><div class=\"bravo-row bravo-align-items-center bravo-sidebar-box-body\" style=\"color:#F6F7FB;background-color:#2990E1;padding-top:10px;padding-right:20px;padding-bottom:10px;padding-left:50px\"><div class=\"bravo-col-sm-12 bravo-col-md-12 bravo-col-lg-12\"><p style=\"font-size:16px\"><strong>Idioma: <\/strong>ES<\/p><\/div><\/div><\/div>\n\n\n\n<hr class=\"wp-block-separator has-css-opacity is-style-wide\" \/>\n\n\n\n<div class=\"wp-block-bravo-manager-blocks-bravo-sidebar-box bravo-sidebar-box\" style=\"margin-top:0;margin-bottom:0\"><div class=\"bravo-row bravo-align-items-center bravo-sidebar-box-head\" style=\"color:#edce80;background-color:#484554;padding-top:10px;padding-right:20px;padding-bottom:10px;padding-left:20px\"><div class=\"bravo-col-sm-3 bravo-col-md-3 bravo-col-lg-3 bravo-icon-section\"><i class=\"ti-clipboard\"><\/i><\/div><div class=\"bravo-col-sm-9 bravo-col-md-9 bravo-col-lg-9 bravo-content-section\"><h5 style=\"font-size:16px\">Ficha t\u00e9cnica<\/h5><\/div><\/div><div class=\"bravo-row bravo-align-items-center bravo-sidebar-box-body\" style=\"color:#edce80;background-color:#484554;padding-top:10px;padding-right:20px;padding-bottom:10px;padding-left:20px\"><div class=\"bravo-col-sm-12 bravo-col-md-12 bravo-col-lg-12\"><p style=\"font-size:14px\"><strong>T\u00edtulo original:<\/strong> The Color Purple<br><strong>A\u00f1o<\/strong>: 2023<br><strong>Duraci\u00f3n<\/strong>: 140 min.<br><strong>Pa\u00eds<\/strong>: Estados unidos<br><strong>Direcci\u00f3n<\/strong>: Sam Blitz Bazawule<br><strong>Guion<\/strong>: Marcus Gardley. <strong>Musical<\/strong>: Marsha Norman. <strong>Novela<\/strong>: Alice Walker<br><strong>M\u00fasica<\/strong>: Kris Bowers<br><strong>Fotograf\u00eda<\/strong>: Dan Laustsen<br><strong>Compa\u00f1\u00edas<\/strong>: Amblin Entertainment,\u00a0Harpo Films,\u00a0Quincy Jones Productions,\u00a0Warner Bros.,\u00a0Scott Sanders Productions<br><strong>Distribuidora<\/strong>: Warner Bros.<br><strong>G\u00e9nero<\/strong>: Musical.\u00a0Drama\u00a0|\u00a0Feminismo.\u00a0Racismo.\u00a0A\u00f1os 1900 (circa).\u00a0A\u00f1os 1910-1919.\u00a0A\u00f1os 20<\/p><\/div><\/div><\/div>\n\n\n\n<hr class=\"wp-block-separator has-css-opacity is-style-wide\" \/>\n\n\n\n<figure class=\"wp-block-image size-large\"><img loading=\"lazy\" decoding=\"async\" width=\"821\" height=\"1024\" src=\"https:\/\/seminarixoa.eus\/wp-content\/uploads\/2024\/02\/el-color-purpura-cartel-821x1024.jpeg\" alt=\"\" class=\"wp-image-6512\" srcset=\"https:\/\/seminarixoa.eus\/wp-content\/uploads\/2024\/02\/el-color-purpura-cartel-821x1024.jpeg 821w, https:\/\/seminarixoa.eus\/wp-content\/uploads\/2024\/02\/el-color-purpura-cartel-241x300.jpeg 241w, https:\/\/seminarixoa.eus\/wp-content\/uploads\/2024\/02\/el-color-purpura-cartel-768x957.jpeg 768w, https:\/\/seminarixoa.eus\/wp-content\/uploads\/2024\/02\/el-color-purpura-cartel.jpeg 827w\" sizes=\"auto, (max-width: 821px) 100vw, 821px\" \/><\/figure>\n<\/div>\n<\/div>\n<\/div>\n\n\n\n<div style=\"height:50px\" aria-hidden=\"true\" class=\"wp-block-spacer\"><\/div>\n","protected":false},"excerpt":{"rendered":"","protected":false},"featured_media":6512,"parent":0,"menu_order":0,"template":"","bravo_category":[20],"class_list":["post-6511","bravo","type-bravo","status-publish","has-post-thumbnail","hentry","bravo_category-zinea-komertziala"],"yoast_head":"<!-- This site is optimized with the Yoast SEO plugin v26.6 - https:\/\/yoast.com\/wordpress\/plugins\/seo\/ -->\n<title>EL COLOR P\u00daRPURA - Seminarixoa<\/title>\n<meta name=\"robots\" content=\"index, follow, max-snippet:-1, max-image-preview:large, max-video-preview:-1\" \/>\n<link rel=\"canonical\" href=\"https:\/\/seminarixoa.eus\/gertaera\/el-color-purpura-2\/\" \/>\n<meta property=\"og:locale\" content=\"es_ES\" \/>\n<meta property=\"og:type\" content=\"article\" \/>\n<meta property=\"og:title\" content=\"EL COLOR P\u00daRPURA - Seminarixoa\" \/>\n<meta property=\"og:url\" content=\"https:\/\/seminarixoa.eus\/gertaera\/el-color-purpura-2\/\" \/>\n<meta property=\"og:site_name\" content=\"Seminarixoa\" \/>\n<meta property=\"article:publisher\" content=\"https:\/\/www.facebook.com\/bergarakultura\" \/>\n<meta property=\"article:modified_time\" content=\"2024-02-19T18:35:12+00:00\" \/>\n<meta property=\"og:image\" content=\"https:\/\/seminarixoa.eus\/wp-content\/uploads\/2024\/02\/el-color-purpura-cartel.jpeg\" \/>\n\t<meta property=\"og:image:width\" content=\"827\" \/>\n\t<meta property=\"og:image:height\" content=\"1031\" \/>\n\t<meta property=\"og:image:type\" content=\"image\/jpeg\" \/>\n<meta name=\"twitter:card\" content=\"summary_large_image\" \/>\n<meta name=\"twitter:site\" content=\"@BergaraKultura\" \/>\n<meta name=\"twitter:label1\" content=\"Tiempo de lectura\" \/>\n\t<meta name=\"twitter:data1\" content=\"3 minutos\" \/>\n<script type=\"application\/ld+json\" class=\"yoast-schema-graph\">{\"@context\":\"https:\/\/schema.org\",\"@graph\":[{\"@type\":\"WebPage\",\"@id\":\"https:\/\/seminarixoa.eus\/gertaera\/el-color-purpura-2\/\",\"url\":\"https:\/\/seminarixoa.eus\/gertaera\/el-color-purpura-2\/\",\"name\":\"EL COLOR P\u00daRPURA - Seminarixoa\",\"isPartOf\":{\"@id\":\"https:\/\/seminarixoa.eus\/es\/#website\"},\"primaryImageOfPage\":{\"@id\":\"https:\/\/seminarixoa.eus\/gertaera\/el-color-purpura-2\/#primaryimage\"},\"image\":{\"@id\":\"https:\/\/seminarixoa.eus\/gertaera\/el-color-purpura-2\/#primaryimage\"},\"thumbnailUrl\":\"https:\/\/seminarixoa.eus\/wp-content\/uploads\/2024\/02\/el-color-purpura-cartel.jpeg\",\"datePublished\":\"2024-02-19T18:05:53+00:00\",\"dateModified\":\"2024-02-19T18:35:12+00:00\",\"breadcrumb\":{\"@id\":\"https:\/\/seminarixoa.eus\/gertaera\/el-color-purpura-2\/#breadcrumb\"},\"inLanguage\":\"es-ES\",\"potentialAction\":[{\"@type\":\"ReadAction\",\"target\":[\"https:\/\/seminarixoa.eus\/gertaera\/el-color-purpura-2\/\"]}]},{\"@type\":\"ImageObject\",\"inLanguage\":\"es-ES\",\"@id\":\"https:\/\/seminarixoa.eus\/gertaera\/el-color-purpura-2\/#primaryimage\",\"url\":\"https:\/\/seminarixoa.eus\/wp-content\/uploads\/2024\/02\/el-color-purpura-cartel.jpeg\",\"contentUrl\":\"https:\/\/seminarixoa.eus\/wp-content\/uploads\/2024\/02\/el-color-purpura-cartel.jpeg\",\"width\":827,\"height\":1031},{\"@type\":\"BreadcrumbList\",\"@id\":\"https:\/\/seminarixoa.eus\/gertaera\/el-color-purpura-2\/#breadcrumb\",\"itemListElement\":[{\"@type\":\"ListItem\",\"position\":1,\"name\":\"Home\",\"item\":\"https:\/\/seminarixoa.eus\/es\/\"},{\"@type\":\"ListItem\",\"position\":2,\"name\":\"Bravo Events\",\"item\":\"https:\/\/seminarixoa.eus\/es\/gertaera\/\"},{\"@type\":\"ListItem\",\"position\":3,\"name\":\"EL COLOR P\u00daRPURA\"}]},{\"@type\":\"WebSite\",\"@id\":\"https:\/\/seminarixoa.eus\/es\/#website\",\"url\":\"https:\/\/seminarixoa.eus\/es\/\",\"name\":\"Bergara Kultura\",\"description\":\"Seminarixoa\",\"publisher\":{\"@id\":\"https:\/\/seminarixoa.eus\/es\/#organization\"},\"potentialAction\":[{\"@type\":\"SearchAction\",\"target\":{\"@type\":\"EntryPoint\",\"urlTemplate\":\"https:\/\/seminarixoa.eus\/es\/?s={search_term_string}\"},\"query-input\":{\"@type\":\"PropertyValueSpecification\",\"valueRequired\":true,\"valueName\":\"search_term_string\"}}],\"inLanguage\":\"es-ES\"},{\"@type\":\"Organization\",\"@id\":\"https:\/\/seminarixoa.eus\/es\/#organization\",\"name\":\"Bergara Kultura\",\"url\":\"https:\/\/seminarixoa.eus\/es\/\",\"logo\":{\"@type\":\"ImageObject\",\"inLanguage\":\"es-ES\",\"@id\":\"https:\/\/seminarixoa.eus\/es\/#\/schema\/logo\/image\/\",\"url\":\"https:\/\/seminarixoa.eus\/wp-content\/uploads\/2020\/01\/Logoa_beltza.jpg\",\"contentUrl\":\"https:\/\/seminarixoa.eus\/wp-content\/uploads\/2020\/01\/Logoa_beltza.jpg\",\"width\":255,\"height\":157,\"caption\":\"Bergara Kultura\"},\"image\":{\"@id\":\"https:\/\/seminarixoa.eus\/es\/#\/schema\/logo\/image\/\"},\"sameAs\":[\"https:\/\/www.facebook.com\/bergarakultura\",\"https:\/\/x.com\/BergaraKultura\",\"https:\/\/www.instagram.com\/bergara_kultura\/\",\"https:\/\/www.youtube.com\/channel\/UCxrRFHA1I4IaCs-QOQfAq0Q\"]}]}<\/script>\n<!-- \/ Yoast SEO plugin. -->","yoast_head_json":{"title":"EL COLOR P\u00daRPURA - Seminarixoa","robots":{"index":"index","follow":"follow","max-snippet":"max-snippet:-1","max-image-preview":"max-image-preview:large","max-video-preview":"max-video-preview:-1"},"canonical":"https:\/\/seminarixoa.eus\/gertaera\/el-color-purpura-2\/","og_locale":"es_ES","og_type":"article","og_title":"EL COLOR P\u00daRPURA - Seminarixoa","og_url":"https:\/\/seminarixoa.eus\/gertaera\/el-color-purpura-2\/","og_site_name":"Seminarixoa","article_publisher":"https:\/\/www.facebook.com\/bergarakultura","article_modified_time":"2024-02-19T18:35:12+00:00","og_image":[{"width":827,"height":1031,"url":"https:\/\/seminarixoa.eus\/wp-content\/uploads\/2024\/02\/el-color-purpura-cartel.jpeg","type":"image\/jpeg"}],"twitter_card":"summary_large_image","twitter_site":"@BergaraKultura","twitter_misc":{"Tiempo de lectura":"3 minutos"},"schema":{"@context":"https:\/\/schema.org","@graph":[{"@type":"WebPage","@id":"https:\/\/seminarixoa.eus\/gertaera\/el-color-purpura-2\/","url":"https:\/\/seminarixoa.eus\/gertaera\/el-color-purpura-2\/","name":"EL COLOR P\u00daRPURA - Seminarixoa","isPartOf":{"@id":"https:\/\/seminarixoa.eus\/es\/#website"},"primaryImageOfPage":{"@id":"https:\/\/seminarixoa.eus\/gertaera\/el-color-purpura-2\/#primaryimage"},"image":{"@id":"https:\/\/seminarixoa.eus\/gertaera\/el-color-purpura-2\/#primaryimage"},"thumbnailUrl":"https:\/\/seminarixoa.eus\/wp-content\/uploads\/2024\/02\/el-color-purpura-cartel.jpeg","datePublished":"2024-02-19T18:05:53+00:00","dateModified":"2024-02-19T18:35:12+00:00","breadcrumb":{"@id":"https:\/\/seminarixoa.eus\/gertaera\/el-color-purpura-2\/#breadcrumb"},"inLanguage":"es-ES","potentialAction":[{"@type":"ReadAction","target":["https:\/\/seminarixoa.eus\/gertaera\/el-color-purpura-2\/"]}]},{"@type":"ImageObject","inLanguage":"es-ES","@id":"https:\/\/seminarixoa.eus\/gertaera\/el-color-purpura-2\/#primaryimage","url":"https:\/\/seminarixoa.eus\/wp-content\/uploads\/2024\/02\/el-color-purpura-cartel.jpeg","contentUrl":"https:\/\/seminarixoa.eus\/wp-content\/uploads\/2024\/02\/el-color-purpura-cartel.jpeg","width":827,"height":1031},{"@type":"BreadcrumbList","@id":"https:\/\/seminarixoa.eus\/gertaera\/el-color-purpura-2\/#breadcrumb","itemListElement":[{"@type":"ListItem","position":1,"name":"Home","item":"https:\/\/seminarixoa.eus\/es\/"},{"@type":"ListItem","position":2,"name":"Bravo Events","item":"https:\/\/seminarixoa.eus\/es\/gertaera\/"},{"@type":"ListItem","position":3,"name":"EL COLOR P\u00daRPURA"}]},{"@type":"WebSite","@id":"https:\/\/seminarixoa.eus\/es\/#website","url":"https:\/\/seminarixoa.eus\/es\/","name":"Bergara Kultura","description":"Seminarixoa","publisher":{"@id":"https:\/\/seminarixoa.eus\/es\/#organization"},"potentialAction":[{"@type":"SearchAction","target":{"@type":"EntryPoint","urlTemplate":"https:\/\/seminarixoa.eus\/es\/?s={search_term_string}"},"query-input":{"@type":"PropertyValueSpecification","valueRequired":true,"valueName":"search_term_string"}}],"inLanguage":"es-ES"},{"@type":"Organization","@id":"https:\/\/seminarixoa.eus\/es\/#organization","name":"Bergara Kultura","url":"https:\/\/seminarixoa.eus\/es\/","logo":{"@type":"ImageObject","inLanguage":"es-ES","@id":"https:\/\/seminarixoa.eus\/es\/#\/schema\/logo\/image\/","url":"https:\/\/seminarixoa.eus\/wp-content\/uploads\/2020\/01\/Logoa_beltza.jpg","contentUrl":"https:\/\/seminarixoa.eus\/wp-content\/uploads\/2020\/01\/Logoa_beltza.jpg","width":255,"height":157,"caption":"Bergara Kultura"},"image":{"@id":"https:\/\/seminarixoa.eus\/es\/#\/schema\/logo\/image\/"},"sameAs":["https:\/\/www.facebook.com\/bergarakultura","https:\/\/x.com\/BergaraKultura","https:\/\/www.instagram.com\/bergara_kultura\/","https:\/\/www.youtube.com\/channel\/UCxrRFHA1I4IaCs-QOQfAq0Q"]}]}},"_links":{"self":[{"href":"https:\/\/seminarixoa.eus\/es\/wp-json\/wp\/v2\/bravo\/6511","targetHints":{"allow":["GET"]}}],"collection":[{"href":"https:\/\/seminarixoa.eus\/es\/wp-json\/wp\/v2\/bravo"}],"about":[{"href":"https:\/\/seminarixoa.eus\/es\/wp-json\/wp\/v2\/types\/bravo"}],"wp:featuredmedia":[{"embeddable":true,"href":"https:\/\/seminarixoa.eus\/es\/wp-json\/wp\/v2\/media\/6512"}],"wp:attachment":[{"href":"https:\/\/seminarixoa.eus\/es\/wp-json\/wp\/v2\/media?parent=6511"}],"wp:term":[{"taxonomy":"bravo_category","embeddable":true,"href":"https:\/\/seminarixoa.eus\/es\/wp-json\/wp\/v2\/bravo_category?post=6511"}],"curies":[{"name":"wp","href":"https:\/\/api.w.org\/{rel}","templated":true}]}}