{"id":6408,"date":"2024-01-24T00:06:44","date_gmt":"2024-01-23T23:06:44","guid":{"rendered":"https:\/\/seminarixoa.eus\/?post_type=bravo&#038;p=6408"},"modified":"2024-01-29T18:56:29","modified_gmt":"2024-01-29T17:56:29","slug":"los-que-se-quedan","status":"publish","type":"bravo","link":"https:\/\/seminarixoa.eus\/es\/gertaera\/los-que-se-quedan\/","title":{"rendered":"LOS QUE SE QUEDAN"},"content":{"rendered":"\n<div class=\"wp-block-cover alignfull is-light\" style=\"min-height:530px;aspect-ratio:unset;\"><span aria-hidden=\"true\" class=\"wp-block-cover__background has-background-dim-0 has-background-dim\"><\/span><img loading=\"lazy\" decoding=\"async\" width=\"1920\" height=\"1080\" class=\"wp-block-cover__image-background wp-image-6413\" alt=\"\" src=\"https:\/\/seminarixoa.eus\/wp-content\/uploads\/2024\/01\/los-que-se-quedan-portada.jpeg\" data-object-fit=\"cover\" srcset=\"https:\/\/seminarixoa.eus\/wp-content\/uploads\/2024\/01\/los-que-se-quedan-portada.jpeg 1920w, https:\/\/seminarixoa.eus\/wp-content\/uploads\/2024\/01\/los-que-se-quedan-portada-300x169.jpeg 300w, https:\/\/seminarixoa.eus\/wp-content\/uploads\/2024\/01\/los-que-se-quedan-portada-1024x576.jpeg 1024w, https:\/\/seminarixoa.eus\/wp-content\/uploads\/2024\/01\/los-que-se-quedan-portada-768x432.jpeg 768w, https:\/\/seminarixoa.eus\/wp-content\/uploads\/2024\/01\/los-que-se-quedan-portada-1536x864.jpeg 1536w\" sizes=\"auto, (max-width: 1920px) 100vw, 1920px\" \/><div class=\"wp-block-cover__inner-container is-layout-flow wp-block-cover-is-layout-flow\">\n<p class=\"has-text-align-center has-large-font-size\"><\/p>\n<\/div><\/div>\n\n\n\n<div class=\"wp-block-bravo-manager-blocks-bravo-sidebar alignwide\">\n<div class=\"wp-block-columns alignwide bravo-sidebar-columns is-layout-flex wp-container-core-columns-is-layout-1 wp-block-columns-is-layout-flex\">\n<div class=\"wp-block-column is-layout-flow wp-block-column-is-layout-flow\">\n<h1 class=\"wp-block-heading\" id=\"main-title\">Los que se quedan<\/h1>\n\n\n\n<h3 class=\"wp-block-heading\">Sinopsis<\/h3>\n\n\n\n<p>Paul Hunham, un profesor cascarrabias de un prestigioso colegio americano, se ve obligado a permanecer en el campus durante las vacaciones de Navidad para velar por un pu\u00f1ado de estudiantes que no tienen a d\u00f3nde ir. Contra todo pron\u00f3stico, la convivencia le llevar\u00e1 a forjar un ins\u00f3lito v\u00ednculo con uno de ellos, un inteligente y problem\u00e1tico muchacho con sus propios traumas, y con la jefa de cocina de la escuela, que acaba de perder un hijo en Vietnam<\/p>\n\n\n\n<figure class=\"wp-block-embed is-type-video is-provider-youtube wp-block-embed-youtube wp-embed-aspect-16-9 wp-has-aspect-ratio\"><div class=\"wp-block-embed__wrapper\">\n<iframe loading=\"lazy\" title=\"LOS QUE SE QUEDAN - Tr\u00e1iler Oficial (Universal Studios) HD\" width=\"500\" height=\"281\" src=\"https:\/\/www.youtube.com\/embed\/zIy3ixhneCU?feature=oembed\" frameborder=\"0\" allow=\"accelerometer; autoplay; clipboard-write; encrypted-media; gyroscope; picture-in-picture; web-share\" referrerpolicy=\"strict-origin-when-cross-origin\" allowfullscreen><\/iframe>\n<\/div><\/figure>\n\n\n\n<h3 class=\"wp-block-heading\">Premios<\/h3>\n\n\n\n<p>2023: Premios Globos de Oro: 2 premios. 3 nominaciones<\/p>\n\n\n\n<p>2023: Premios BAFTA (Reino Unido): 7 nominaciones<\/p>\n\n\n\n<p>2023: Festival de Toronto (TIFF): Nominada a Premio del P\u00fablico (Mejor pel\u00edcula).<\/p>\n\n\n\n<p>2023: Premios Independent Spirit Awards: 4 nominaciones<\/p>\n\n\n\n<p>2023: Premios Satellite Awards: 7 nominaciones<\/p>\n\n\n\n<h3 class=\"wp-block-heading\">Cr\u00edtica<\/h3>\n\n\n\n<p><a href=\"https:\/\/www.elmundo.es\/cultura\/cine\/2024\/01\/03\/6595185afc6c8357638b458c.html\" target=\"_BLANK\" rel=\"noreferrer noopener\"><\/a>\u00abEs buena noticia el regreso de Payne al cine bello, humanista y hasta emotivo, pero se echa de menos el riesgo y la ausencia de miedo a decepcionar de sus mejores y m\u00e1s redondas pel\u00edculas. Y molesta esa b\u00fasqueda constante del aplauso f\u00e1cil.\u00bb&nbsp;<strong>Luis Mart\u00ednez:&nbsp;Diario El Mundo&nbsp;<\/strong><\/p>\n\n\n\n<p><a href=\"https:\/\/www.elperiodico.com\/es\/ocio-y-cultura\/20240102\/critica-quedan-comedia-sublime-posibilidad-96465943\" target=\"_BLANK\" rel=\"noreferrer noopener\"><\/a>\u00abUna comedia sublime (&#8230;) uno de los filmes m\u00e1s perfectos, conmovedores y humanos que ha dado el cine reciente (&#8230;)\u00bb&nbsp;<strong>Desir\u00e9e de Fez:&nbsp;Diario El Peri\u00f3dico&nbsp;<\/strong><\/p>\n\n\n\n<p><a href=\"https:\/\/www.larazon.es\/cultura\/critica-que-quedan-historia-como-refugio_2024010465968ea167d53e0001cb81cb.html\" target=\"_BLANK\" rel=\"noreferrer noopener\"><\/a>\u00abPayne mantiene intactas las virtudes de sus obras m\u00e1s afortunadas (la capacidad de observaci\u00f3n, el humanismo, la excelente direcci\u00f3n de actores). (&#8230;)\u00bb&nbsp;<strong>Sergi S\u00e1nchez:&nbsp;Diario La Raz\u00f3n&nbsp;<\/strong><\/p>\n\n\n\n<div style=\"height:25px\" aria-hidden=\"true\" class=\"wp-block-spacer\"><\/div>\n\n\n\n<div style=\"height:25px\" aria-hidden=\"true\" class=\"wp-block-spacer\"><\/div>\n<\/div>\n\n\n\n<div class=\"wp-block-column is-layout-flow wp-block-column-is-layout-flow\">\n<a class=\"wp-block-bravo-manager-blocks-bravo-sidebar-head link-to-bravo-event\" href=\"#\"><div class=\"bravo-sidebar-head\" style=\"background-color:#EDCE80;color:#000000;border-style:solid;border-width:0px;border-color:#000000;margin-top:0;margin-bottom:0;padding-top:10px;padding-right:20px;padding-bottom:10px;padding-left:20px\"><div class=\"bravo-row bravo-align-items-center\"><div class=\"bravo-col-sm-3 bravo-col-md-3 bravo-col-lg-3 bravo-icon-section\"><i class=\"ti-ticket\"><\/i><\/div><div class=\"bravo-col-sm-9 bravo-col-md-9 bravo-col-lg-9 bravo-content-section\"><h5 style=\"font-size:16px\">No esperes m\u00e1s \u00a1 Compra aqu\u00ed tu entrada !<\/h5><div style=\"font-size:14px\"><strong>Fecha<\/strong>: <br>2024\/02\/02 Viernes<br>2024\/02\/04 Domingo<br>2024\/02\/05 Lunes<br><br><strong>Hora<\/strong>: 19:30<br><em>Entradas disponibles a partir del  2024\/01\/24 a las 00:00<\/em><\/div><\/div><\/div><\/div><\/a>\n\n\n\n<hr class=\"wp-block-separator has-css-opacity is-style-wide\" \/>\n\n\n\n<div class=\"wp-block-bravo-manager-blocks-bravo-sidebar-box bravo-sidebar-box\" style=\"margin-top:0;margin-bottom:0\"><div class=\"bravo-row bravo-align-items-center bravo-sidebar-box-head\" style=\"color:#FFFFFF;background-color:#2990E1;padding-top:10px;padding-right:20px;padding-bottom:10px;padding-left:20px\"><div class=\"bravo-col-sm-3 bravo-col-md-3 bravo-col-lg-3 bravo-icon-section\"><i class=\"ti-video-clapper\"><\/i><\/div><div class=\"bravo-col-sm-9 bravo-col-md-9 bravo-col-lg-9 bravo-content-section\"><h5 style=\"font-size:20px\">CINE<\/h5><\/div><\/div><div class=\"bravo-row bravo-align-items-center bravo-sidebar-box-body\" style=\"color:#FFFFFF;background-color:#2990E1;padding-top:10px;padding-right:20px;padding-bottom:10px;padding-left:50px\"><div class=\"bravo-col-sm-12 bravo-col-md-12 bravo-col-lg-12\"><p style=\"font-size:16px\"><strong>G\u00e9nero: <\/strong>Comedia.\u00a0Drama\u00a0|\u00a0Comedia dram\u00e1tica.\u00a0A\u00f1os 70.\u00a0Navidad.\u00a0Colegios &#038; Universidad.\u00a0Ense\u00f1anza<\/p><\/div><\/div><\/div>\n\n\n\n<div class=\"wp-block-bravo-manager-blocks-bravo-sidebar-box bravo-sidebar-box\" style=\"margin-top:0;margin-bottom:0\"><div class=\"bravo-row bravo-align-items-center bravo-sidebar-box-head\" style=\"color:#FFFFFF;background-color:#2990E1;padding-top:10px;padding-right:20px;padding-bottom:10px;padding-left:20px\"><div class=\"bravo-col-sm-3 bravo-col-md-3 bravo-col-lg-3 bravo-icon-section\"><i class=\"ti-info-alt\"><\/i><\/div><div class=\"bravo-col-sm-9 bravo-col-md-9 bravo-col-lg-9 bravo-content-section\"><\/div><\/div><div class=\"bravo-row bravo-align-items-center bravo-sidebar-box-body\" style=\"color:#FFFFFF;background-color:#2990E1;padding-top:10px;padding-right:20px;padding-bottom:10px;padding-left:50px\"><div class=\"bravo-col-sm-12 bravo-col-md-12 bravo-col-lg-12\"><p style=\"font-size:16px\"><strong>Calificaci\u00f3n: <\/strong>No recomenado para menores de 12 a\u00f1os<strong><br><br>Duraci\u00f3n: <\/strong>133 min<strong>.<\/strong><\/p><\/div><\/div><\/div>\n\n\n\n<div class=\"wp-block-bravo-manager-blocks-bravo-sidebar-box bravo-sidebar-box\" style=\"margin-top:0;margin-bottom:0\"><div class=\"bravo-row bravo-align-items-center bravo-sidebar-box-head\" style=\"color:#F6F7FB;background-color:#2990E1;padding-top:10px;padding-right:20px;padding-bottom:10px;padding-left:20px\"><div class=\"bravo-col-sm-3 bravo-col-md-3 bravo-col-lg-3 bravo-icon-section\"><i class=\"ti-headphone-alt\"><\/i><\/div><div class=\"bravo-col-sm-9 bravo-col-md-9 bravo-col-lg-9 bravo-content-section\"><\/div><\/div><div class=\"bravo-row bravo-align-items-center bravo-sidebar-box-body\" style=\"color:#F6F7FB;background-color:#2990E1;padding-top:10px;padding-right:20px;padding-bottom:10px;padding-left:50px\"><div class=\"bravo-col-sm-12 bravo-col-md-12 bravo-col-lg-12\"><p style=\"font-size:16px\"><strong>I<\/strong>dioma<strong>: <\/strong>ES<\/p><\/div><\/div><\/div>\n\n\n\n<hr class=\"wp-block-separator has-css-opacity is-style-wide\" \/>\n\n\n\n<div class=\"wp-block-bravo-manager-blocks-bravo-sidebar-box bravo-sidebar-box\" style=\"margin-top:0;margin-bottom:0\"><div class=\"bravo-row bravo-align-items-center bravo-sidebar-box-head\" style=\"color:#edce80;background-color:#484554;padding-top:10px;padding-right:20px;padding-bottom:10px;padding-left:20px\"><div class=\"bravo-col-sm-3 bravo-col-md-3 bravo-col-lg-3 bravo-icon-section\"><i class=\"ti-clipboard\"><\/i><\/div><div class=\"bravo-col-sm-9 bravo-col-md-9 bravo-col-lg-9 bravo-content-section\"><h5 style=\"font-size:16px\">Ficha t\u00e9cnica<\/h5><\/div><\/div><div class=\"bravo-row bravo-align-items-center bravo-sidebar-box-body\" style=\"color:#edce80;background-color:#484554;padding-top:10px;padding-right:20px;padding-bottom:10px;padding-left:20px\"><div class=\"bravo-col-sm-12 bravo-col-md-12 bravo-col-lg-12\"><p style=\"font-size:14px\"><strong>T\u00edtulo original<\/strong>: The Holdovers<br><strong>A\u00f1o<\/strong>: 2023<br><strong>Duraci\u00f3n<\/strong>: 133 min.<br><strong>Pais<\/strong>: Estados Unidos<br><strong>Direcci\u00f3n<\/strong>: Alexander Payne<br><strong>Guion<\/strong>: David Hemingson. <br><strong>Reparto<\/strong>: \u00a0Paul Giamatti,\u00a0Dominic Sessa,\u00a0Da&#8217;Vine Joy Randolph,\u00a0Gillian Vigman,\u00a0Carrie Preston,\u00a0Tate Donovan,\u00a0Michael Provost,\u00a0Oscar Wahlberg,\u00a0Brady Hepner<br><strong>M\u00fasica<\/strong>: Mark Orton<br><strong>Fotografia:<\/strong> Eigil Bryld<br><strong>Compa\u00f1\u00edas<\/strong>: CAA Media Finance. <br><strong>Distribuidora<\/strong>: Focus Features<br><strong>G\u00e9nero<\/strong>: Comedia.\u00a0Drama\u00a0|\u00a0Comedia dram\u00e1tica.\u00a0A\u00f1os 70.\u00a0Navidad.\u00a0Colegios &#038; Universidad.\u00a0Ense\u00f1anza<\/p><\/div><\/div><\/div>\n\n\n\n<hr class=\"wp-block-separator has-css-opacity is-style-wide\" \/>\n\n\n\n<figure class=\"wp-block-image size-large\"><img loading=\"lazy\" decoding=\"async\" width=\"691\" height=\"1024\" src=\"https:\/\/seminarixoa.eus\/wp-content\/uploads\/2024\/01\/Los_que_se_quedan-610213545-large-691x1024.jpg\" alt=\"\" class=\"wp-image-6414\" srcset=\"https:\/\/seminarixoa.eus\/wp-content\/uploads\/2024\/01\/Los_que_se_quedan-610213545-large-691x1024.jpg 691w, https:\/\/seminarixoa.eus\/wp-content\/uploads\/2024\/01\/Los_que_se_quedan-610213545-large-203x300.jpg 203w, https:\/\/seminarixoa.eus\/wp-content\/uploads\/2024\/01\/Los_que_se_quedan-610213545-large-768x1138.jpg 768w, https:\/\/seminarixoa.eus\/wp-content\/uploads\/2024\/01\/Los_que_se_quedan-610213545-large.jpg 810w\" sizes=\"auto, (max-width: 691px) 100vw, 691px\" \/><\/figure>\n<\/div>\n<\/div>\n<\/div>\n\n\n\n<div style=\"height:50px\" aria-hidden=\"true\" class=\"wp-block-spacer\"><\/div>\n","protected":false},"excerpt":{"rendered":"","protected":false},"featured_media":6414,"parent":0,"menu_order":0,"template":"","bravo_category":[20],"class_list":["post-6408","bravo","type-bravo","status-publish","has-post-thumbnail","hentry","bravo_category-zinea-komertziala"],"yoast_head":"<!-- This site is optimized with the Yoast SEO plugin v26.6 - https:\/\/yoast.com\/wordpress\/plugins\/seo\/ -->\n<title>LOS QUE SE QUEDAN - Seminarixoa<\/title>\n<meta name=\"robots\" content=\"index, follow, max-snippet:-1, max-image-preview:large, max-video-preview:-1\" \/>\n<link rel=\"canonical\" href=\"https:\/\/seminarixoa.eus\/gertaera\/los-que-se-quedan\/\" \/>\n<meta property=\"og:locale\" content=\"es_ES\" \/>\n<meta property=\"og:type\" content=\"article\" \/>\n<meta property=\"og:title\" content=\"LOS QUE SE QUEDAN - Seminarixoa\" \/>\n<meta property=\"og:url\" content=\"https:\/\/seminarixoa.eus\/gertaera\/los-que-se-quedan\/\" \/>\n<meta property=\"og:site_name\" content=\"Seminarixoa\" \/>\n<meta property=\"article:publisher\" content=\"https:\/\/www.facebook.com\/bergarakultura\" \/>\n<meta property=\"article:modified_time\" content=\"2024-01-29T17:56:29+00:00\" \/>\n<meta property=\"og:image\" content=\"https:\/\/seminarixoa.eus\/wp-content\/uploads\/2024\/01\/Los_que_se_quedan-610213545-large.jpg\" \/>\n\t<meta property=\"og:image:width\" content=\"810\" \/>\n\t<meta property=\"og:image:height\" content=\"1200\" \/>\n\t<meta property=\"og:image:type\" content=\"image\/jpeg\" \/>\n<meta name=\"twitter:card\" content=\"summary_large_image\" \/>\n<meta name=\"twitter:site\" content=\"@BergaraKultura\" \/>\n<meta name=\"twitter:label1\" content=\"Tiempo de lectura\" \/>\n\t<meta name=\"twitter:data1\" content=\"2 minutos\" \/>\n<script type=\"application\/ld+json\" class=\"yoast-schema-graph\">{\"@context\":\"https:\/\/schema.org\",\"@graph\":[{\"@type\":\"WebPage\",\"@id\":\"https:\/\/seminarixoa.eus\/gertaera\/los-que-se-quedan\/\",\"url\":\"https:\/\/seminarixoa.eus\/gertaera\/los-que-se-quedan\/\",\"name\":\"LOS QUE SE QUEDAN - Seminarixoa\",\"isPartOf\":{\"@id\":\"https:\/\/seminarixoa.eus\/es\/#website\"},\"primaryImageOfPage\":{\"@id\":\"https:\/\/seminarixoa.eus\/gertaera\/los-que-se-quedan\/#primaryimage\"},\"image\":{\"@id\":\"https:\/\/seminarixoa.eus\/gertaera\/los-que-se-quedan\/#primaryimage\"},\"thumbnailUrl\":\"https:\/\/seminarixoa.eus\/wp-content\/uploads\/2024\/01\/Los_que_se_quedan-610213545-large.jpg\",\"datePublished\":\"2024-01-23T23:06:44+00:00\",\"dateModified\":\"2024-01-29T17:56:29+00:00\",\"breadcrumb\":{\"@id\":\"https:\/\/seminarixoa.eus\/gertaera\/los-que-se-quedan\/#breadcrumb\"},\"inLanguage\":\"es-ES\",\"potentialAction\":[{\"@type\":\"ReadAction\",\"target\":[\"https:\/\/seminarixoa.eus\/gertaera\/los-que-se-quedan\/\"]}]},{\"@type\":\"ImageObject\",\"inLanguage\":\"es-ES\",\"@id\":\"https:\/\/seminarixoa.eus\/gertaera\/los-que-se-quedan\/#primaryimage\",\"url\":\"https:\/\/seminarixoa.eus\/wp-content\/uploads\/2024\/01\/Los_que_se_quedan-610213545-large.jpg\",\"contentUrl\":\"https:\/\/seminarixoa.eus\/wp-content\/uploads\/2024\/01\/Los_que_se_quedan-610213545-large.jpg\",\"width\":810,\"height\":1200},{\"@type\":\"BreadcrumbList\",\"@id\":\"https:\/\/seminarixoa.eus\/gertaera\/los-que-se-quedan\/#breadcrumb\",\"itemListElement\":[{\"@type\":\"ListItem\",\"position\":1,\"name\":\"Home\",\"item\":\"https:\/\/seminarixoa.eus\/es\/\"},{\"@type\":\"ListItem\",\"position\":2,\"name\":\"Bravo Events\",\"item\":\"https:\/\/seminarixoa.eus\/es\/gertaera\/\"},{\"@type\":\"ListItem\",\"position\":3,\"name\":\"LOS QUE SE QUEDAN\"}]},{\"@type\":\"WebSite\",\"@id\":\"https:\/\/seminarixoa.eus\/es\/#website\",\"url\":\"https:\/\/seminarixoa.eus\/es\/\",\"name\":\"Bergara Kultura\",\"description\":\"Seminarixoa\",\"publisher\":{\"@id\":\"https:\/\/seminarixoa.eus\/es\/#organization\"},\"potentialAction\":[{\"@type\":\"SearchAction\",\"target\":{\"@type\":\"EntryPoint\",\"urlTemplate\":\"https:\/\/seminarixoa.eus\/es\/?s={search_term_string}\"},\"query-input\":{\"@type\":\"PropertyValueSpecification\",\"valueRequired\":true,\"valueName\":\"search_term_string\"}}],\"inLanguage\":\"es-ES\"},{\"@type\":\"Organization\",\"@id\":\"https:\/\/seminarixoa.eus\/es\/#organization\",\"name\":\"Bergara Kultura\",\"url\":\"https:\/\/seminarixoa.eus\/es\/\",\"logo\":{\"@type\":\"ImageObject\",\"inLanguage\":\"es-ES\",\"@id\":\"https:\/\/seminarixoa.eus\/es\/#\/schema\/logo\/image\/\",\"url\":\"https:\/\/seminarixoa.eus\/wp-content\/uploads\/2020\/01\/Logoa_beltza.jpg\",\"contentUrl\":\"https:\/\/seminarixoa.eus\/wp-content\/uploads\/2020\/01\/Logoa_beltza.jpg\",\"width\":255,\"height\":157,\"caption\":\"Bergara Kultura\"},\"image\":{\"@id\":\"https:\/\/seminarixoa.eus\/es\/#\/schema\/logo\/image\/\"},\"sameAs\":[\"https:\/\/www.facebook.com\/bergarakultura\",\"https:\/\/x.com\/BergaraKultura\",\"https:\/\/www.instagram.com\/bergara_kultura\/\",\"https:\/\/www.youtube.com\/channel\/UCxrRFHA1I4IaCs-QOQfAq0Q\"]}]}<\/script>\n<!-- \/ Yoast SEO plugin. -->","yoast_head_json":{"title":"LOS QUE SE QUEDAN - Seminarixoa","robots":{"index":"index","follow":"follow","max-snippet":"max-snippet:-1","max-image-preview":"max-image-preview:large","max-video-preview":"max-video-preview:-1"},"canonical":"https:\/\/seminarixoa.eus\/gertaera\/los-que-se-quedan\/","og_locale":"es_ES","og_type":"article","og_title":"LOS QUE SE QUEDAN - Seminarixoa","og_url":"https:\/\/seminarixoa.eus\/gertaera\/los-que-se-quedan\/","og_site_name":"Seminarixoa","article_publisher":"https:\/\/www.facebook.com\/bergarakultura","article_modified_time":"2024-01-29T17:56:29+00:00","og_image":[{"width":810,"height":1200,"url":"https:\/\/seminarixoa.eus\/wp-content\/uploads\/2024\/01\/Los_que_se_quedan-610213545-large.jpg","type":"image\/jpeg"}],"twitter_card":"summary_large_image","twitter_site":"@BergaraKultura","twitter_misc":{"Tiempo de lectura":"2 minutos"},"schema":{"@context":"https:\/\/schema.org","@graph":[{"@type":"WebPage","@id":"https:\/\/seminarixoa.eus\/gertaera\/los-que-se-quedan\/","url":"https:\/\/seminarixoa.eus\/gertaera\/los-que-se-quedan\/","name":"LOS QUE SE QUEDAN - Seminarixoa","isPartOf":{"@id":"https:\/\/seminarixoa.eus\/es\/#website"},"primaryImageOfPage":{"@id":"https:\/\/seminarixoa.eus\/gertaera\/los-que-se-quedan\/#primaryimage"},"image":{"@id":"https:\/\/seminarixoa.eus\/gertaera\/los-que-se-quedan\/#primaryimage"},"thumbnailUrl":"https:\/\/seminarixoa.eus\/wp-content\/uploads\/2024\/01\/Los_que_se_quedan-610213545-large.jpg","datePublished":"2024-01-23T23:06:44+00:00","dateModified":"2024-01-29T17:56:29+00:00","breadcrumb":{"@id":"https:\/\/seminarixoa.eus\/gertaera\/los-que-se-quedan\/#breadcrumb"},"inLanguage":"es-ES","potentialAction":[{"@type":"ReadAction","target":["https:\/\/seminarixoa.eus\/gertaera\/los-que-se-quedan\/"]}]},{"@type":"ImageObject","inLanguage":"es-ES","@id":"https:\/\/seminarixoa.eus\/gertaera\/los-que-se-quedan\/#primaryimage","url":"https:\/\/seminarixoa.eus\/wp-content\/uploads\/2024\/01\/Los_que_se_quedan-610213545-large.jpg","contentUrl":"https:\/\/seminarixoa.eus\/wp-content\/uploads\/2024\/01\/Los_que_se_quedan-610213545-large.jpg","width":810,"height":1200},{"@type":"BreadcrumbList","@id":"https:\/\/seminarixoa.eus\/gertaera\/los-que-se-quedan\/#breadcrumb","itemListElement":[{"@type":"ListItem","position":1,"name":"Home","item":"https:\/\/seminarixoa.eus\/es\/"},{"@type":"ListItem","position":2,"name":"Bravo Events","item":"https:\/\/seminarixoa.eus\/es\/gertaera\/"},{"@type":"ListItem","position":3,"name":"LOS QUE SE QUEDAN"}]},{"@type":"WebSite","@id":"https:\/\/seminarixoa.eus\/es\/#website","url":"https:\/\/seminarixoa.eus\/es\/","name":"Bergara Kultura","description":"Seminarixoa","publisher":{"@id":"https:\/\/seminarixoa.eus\/es\/#organization"},"potentialAction":[{"@type":"SearchAction","target":{"@type":"EntryPoint","urlTemplate":"https:\/\/seminarixoa.eus\/es\/?s={search_term_string}"},"query-input":{"@type":"PropertyValueSpecification","valueRequired":true,"valueName":"search_term_string"}}],"inLanguage":"es-ES"},{"@type":"Organization","@id":"https:\/\/seminarixoa.eus\/es\/#organization","name":"Bergara Kultura","url":"https:\/\/seminarixoa.eus\/es\/","logo":{"@type":"ImageObject","inLanguage":"es-ES","@id":"https:\/\/seminarixoa.eus\/es\/#\/schema\/logo\/image\/","url":"https:\/\/seminarixoa.eus\/wp-content\/uploads\/2020\/01\/Logoa_beltza.jpg","contentUrl":"https:\/\/seminarixoa.eus\/wp-content\/uploads\/2020\/01\/Logoa_beltza.jpg","width":255,"height":157,"caption":"Bergara Kultura"},"image":{"@id":"https:\/\/seminarixoa.eus\/es\/#\/schema\/logo\/image\/"},"sameAs":["https:\/\/www.facebook.com\/bergarakultura","https:\/\/x.com\/BergaraKultura","https:\/\/www.instagram.com\/bergara_kultura\/","https:\/\/www.youtube.com\/channel\/UCxrRFHA1I4IaCs-QOQfAq0Q"]}]}},"_links":{"self":[{"href":"https:\/\/seminarixoa.eus\/es\/wp-json\/wp\/v2\/bravo\/6408","targetHints":{"allow":["GET"]}}],"collection":[{"href":"https:\/\/seminarixoa.eus\/es\/wp-json\/wp\/v2\/bravo"}],"about":[{"href":"https:\/\/seminarixoa.eus\/es\/wp-json\/wp\/v2\/types\/bravo"}],"wp:featuredmedia":[{"embeddable":true,"href":"https:\/\/seminarixoa.eus\/es\/wp-json\/wp\/v2\/media\/6414"}],"wp:attachment":[{"href":"https:\/\/seminarixoa.eus\/es\/wp-json\/wp\/v2\/media?parent=6408"}],"wp:term":[{"taxonomy":"bravo_category","embeddable":true,"href":"https:\/\/seminarixoa.eus\/es\/wp-json\/wp\/v2\/bravo_category?post=6408"}],"curies":[{"name":"wp","href":"https:\/\/api.w.org\/{rel}","templated":true}]}}