{"id":6267,"date":"2023-12-17T20:35:46","date_gmt":"2023-12-17T19:35:46","guid":{"rendered":"https:\/\/seminarixoa.eus\/?post_type=bravo&#038;p=6267"},"modified":"2023-12-17T21:18:57","modified_gmt":"2023-12-17T20:18:57","slug":"saben-aquell","status":"publish","type":"bravo","link":"https:\/\/seminarixoa.eus\/es\/gertaera\/saben-aquell\/","title":{"rendered":"Saben aquell"},"content":{"rendered":"\n<div class=\"wp-block-cover alignfull\" style=\"min-height:530px;aspect-ratio:unset;\"><span aria-hidden=\"true\" class=\"wp-block-cover__background has-background-dim-0 has-background-dim\"><\/span><img loading=\"lazy\" decoding=\"async\" width=\"1200\" height=\"675\" class=\"wp-block-cover__image-background wp-image-6261\" alt=\"\" src=\"https:\/\/seminarixoa.eus\/wp-content\/uploads\/2023\/12\/SABEN_AQUELL_7-scaled-e1698599230202-1200x675-1.jpg\" data-object-fit=\"cover\" srcset=\"https:\/\/seminarixoa.eus\/wp-content\/uploads\/2023\/12\/SABEN_AQUELL_7-scaled-e1698599230202-1200x675-1.jpg 1200w, https:\/\/seminarixoa.eus\/wp-content\/uploads\/2023\/12\/SABEN_AQUELL_7-scaled-e1698599230202-1200x675-1-300x169.jpg 300w, https:\/\/seminarixoa.eus\/wp-content\/uploads\/2023\/12\/SABEN_AQUELL_7-scaled-e1698599230202-1200x675-1-1024x576.jpg 1024w, https:\/\/seminarixoa.eus\/wp-content\/uploads\/2023\/12\/SABEN_AQUELL_7-scaled-e1698599230202-1200x675-1-768x432.jpg 768w\" sizes=\"auto, (max-width: 1200px) 100vw, 1200px\" \/><div class=\"wp-block-cover__inner-container is-layout-flow wp-block-cover-is-layout-flow\">\n<p class=\"has-text-align-center has-large-font-size\"><\/p>\n<\/div><\/div>\n\n\n\n<div class=\"wp-block-bravo-manager-blocks-bravo-sidebar alignwide\">\n<div class=\"wp-block-columns alignwide bravo-sidebar-columns is-layout-flex wp-container-core-columns-is-layout-1 wp-block-columns-is-layout-flex\">\n<div class=\"wp-block-column is-layout-flow wp-block-column-is-layout-flow\">\n<h1 class=\"wp-block-heading\" id=\"main-title\">Saben aquell<\/h1>\n\n\n\n<h3 class=\"wp-block-heading\">Sinopsia<\/h3>\n\n\n\n<p>Pel\u00edcula sobre los primeros a\u00f1os de carrera del humorista Eugenio. Barcelona, finales de los 60. Eugenio Jofra, un joven joyero, conoce a Conchita y el flechazo es instant\u00e1neo. Eugenio aprende a tocar la guitarra para acompa\u00f1ar a Conchita, para lo que tendr\u00e1 que luchar contra el miedo esc\u00e9nico. Empieza as\u00ed la carrera musical de \u2018Els dos\u2019. Cuando Conchita se tiene que ausentar durante dos semanas de Barcelona, convence a Eugenio de que lleve las actuaciones a cabo \u00e9l solo. Cuando regresa, Eugenio se ha convertido en un fen\u00f3meno del humor underground de la ciudad. Poco a poco, entre los dos ir\u00e1n construyendo al personaje: las gafas, la camisa negra, el taburete, los cigarrillos y el vaso de tubo, que se convertir\u00e1 en un \u00e9xito inesperado en una Espa\u00f1a deprimida que busca desesperadamente re\u00edrse con ese singular c\u00f3mico que empieza todos sus chistes con \u2018Saben aquell que diu\u2026\u00bb.<\/p>\n\n\n\n<figure class=\"wp-block-embed is-type-video is-provider-youtube wp-block-embed-youtube wp-embed-aspect-16-9 wp-has-aspect-ratio\"><div class=\"wp-block-embed__wrapper\">\n<iframe loading=\"lazy\" title=\"Saben Aquell | Tr\u00e1iler Oficial\" width=\"500\" height=\"281\" src=\"https:\/\/www.youtube.com\/embed\/o8Sb229Htf8?feature=oembed\" frameborder=\"0\" allow=\"accelerometer; autoplay; clipboard-write; encrypted-media; gyroscope; picture-in-picture; web-share\" referrerpolicy=\"strict-origin-when-cross-origin\" allowfullscreen><\/iframe>\n<\/div><\/figure>\n\n\n\n<h3 class=\"wp-block-heading\">Premios<\/h3>\n\n\n\n<p>2023: Premios Feroz: Nom. a mejor actriz (Yuste), mejor actor (Verdaguer) y tr\u00e1iler<br>2023: Premios Goya (Espa\u00f1a). 11 nominaciones<br>2023: Premios Gaud\u00ed (Academia del Cine Catal\u00e1n). 13 nominaciones<br>2023: Premios Forqu\u00e9. 1 premio.<\/p>\n\n\n\n<h3 class=\"wp-block-heading\">Cr\u00edticas<\/h3>\n\n\n\n<p>\u00abCine cre\u00edble, triste y bonito. David Trueba narra admirablemente la historia de esta pareja (\u2026) Yuste est\u00e1 haciendo memorable cada personaje que interpreta. (\u2026) No conoc\u00eda a David Verdaguer. Peor para m\u00ed. Su creaci\u00f3n es magn\u00edfica.\u00bb<br>Carlos Boyero: Diario El Pa\u00eds<\/p>\n\n\n\n<p>\u00abCine sencillo, bien situado en su \u00e9poca (\u2026) Todo es bueno, divertido, tambi\u00e9n dram\u00e1tico, pero lo que es mucho m\u00e1s que bueno es la interpretaci\u00f3n de su pareja protagonista, David Verdaguer y Carolina Yuste. (\u2026) Puntuaci\u00f3n: \u2605\u2605\u2605 (sobre 5)\u00bb<br>Oti Rodr\u00edguez Marchante: Diario ABC<\/p>\n\n\n\n<p>\u00abUn buen y ecu\u00e1nime retrato (\u2026) Trueba reproduce con fidelidad las actuaciones de Eugenio, bordadas por David Verdaguer, que se acerca al personaje con respeto y sentido del humor (\u2026) Puntuaci\u00f3n: \u2605\u2605\u2605 (sobre 5)\u00bb<br>Quim Casas: El Peri\u00f3dico de Espa\u00f1a<\/p>\n\n\n\n<div style=\"height:25px\" aria-hidden=\"true\" class=\"wp-block-spacer\"><\/div>\n\n\n\n<div style=\"height:25px\" aria-hidden=\"true\" class=\"wp-block-spacer\"><\/div>\n<\/div>\n\n\n\n<div class=\"wp-block-column is-layout-flow wp-block-column-is-layout-flow\">\n<a class=\"wp-block-bravo-manager-blocks-bravo-sidebar-head link-to-bravo-event\" href=\"#\"><div class=\"bravo-sidebar-head\" style=\"background-color:#EDCE80;color:#000000;border-style:solid;border-width:0px;border-color:#000000;margin-top:0;margin-bottom:0;padding-top:10px;padding-right:20px;padding-bottom:10px;padding-left:20px\"><div class=\"bravo-row bravo-align-items-center\"><div class=\"bravo-col-sm-3 bravo-col-md-3 bravo-col-lg-3 bravo-icon-section\"><i class=\"ti-ticket\"><\/i><\/div><div class=\"bravo-col-sm-9 bravo-col-md-9 bravo-col-lg-9 bravo-content-section\"><h5 style=\"font-size:16px\">Compra aqu\u00ed tu entrada, \u00a1No esperes m\u00e1s!<\/h5><div style=\"font-size:14px\">Fechas: <br>2024\/01\/15 Domingo<br>2024\/01\/16 Lunes<br><br>Hora: 19:30<br><em>Entradas disponibles a partir del 2023\/12\/20 a las18:00<\/em><\/div><\/div><\/div><\/div><\/a>\n\n\n\n<hr class=\"wp-block-separator has-css-opacity is-style-wide\" \/>\n\n\n\n<div class=\"wp-block-bravo-manager-blocks-bravo-sidebar-box bravo-sidebar-box\" style=\"margin-top:0;margin-bottom:0\"><div class=\"bravo-row bravo-align-items-center bravo-sidebar-box-head\" style=\"color:#FFFFFF;background-color:#2990E1;padding-top:10px;padding-right:20px;padding-bottom:10px;padding-left:20px\"><div class=\"bravo-col-sm-3 bravo-col-md-3 bravo-col-lg-3 bravo-icon-section\"><i class=\"ti-video-clapper\"><\/i><\/div><div class=\"bravo-col-sm-9 bravo-col-md-9 bravo-col-lg-9 bravo-content-section\"><h5 style=\"font-size:20px\">CINE<\/h5><\/div><\/div><div class=\"bravo-row bravo-align-items-center bravo-sidebar-box-body\" style=\"color:#FFFFFF;background-color:#2990E1;padding-top:10px;padding-right:20px;padding-bottom:10px;padding-left:50px\"><div class=\"bravo-col-sm-12 bravo-col-md-12 bravo-col-lg-12\"><p style=\"font-size:16px\"><strong>G\u00e9nero:<\/strong> Drama | A\u00f1os 60. A\u00f1os 70. Biogr\u00e1fico<strong><br><\/strong><\/p><\/div><\/div><\/div>\n\n\n\n<div class=\"wp-block-bravo-manager-blocks-bravo-sidebar-box bravo-sidebar-box\" style=\"margin-top:0;margin-bottom:0\"><div class=\"bravo-row bravo-align-items-center bravo-sidebar-box-head\" style=\"color:#FFFFFF;background-color:#2990E1;padding-top:10px;padding-right:20px;padding-bottom:10px;padding-left:20px\"><div class=\"bravo-col-sm-3 bravo-col-md-3 bravo-col-lg-3 bravo-icon-section\"><i class=\"ti-info-alt\"><\/i><\/div><div class=\"bravo-col-sm-9 bravo-col-md-9 bravo-col-lg-9 bravo-content-section\"><\/div><\/div><div class=\"bravo-row bravo-align-items-center bravo-sidebar-box-body\" style=\"color:#FFFFFF;background-color:#2990E1;padding-top:10px;padding-right:20px;padding-bottom:10px;padding-left:50px\"><div class=\"bravo-col-sm-12 bravo-col-md-12 bravo-col-lg-12\"><p style=\"font-size:16px\"><strong>Calificai\u00f3n: No recomendada a menores de 7 a\u00f1os<br><br>Duraci\u00f3n: 109 min.<\/strong><\/p><\/div><\/div><\/div>\n\n\n\n<div class=\"wp-block-bravo-manager-blocks-bravo-sidebar-box bravo-sidebar-box\" style=\"margin-top:0;margin-bottom:0\"><div class=\"bravo-row bravo-align-items-center bravo-sidebar-box-head\" style=\"color:#F6F7FB;background-color:#2990E1;padding-top:10px;padding-right:20px;padding-bottom:10px;padding-left:20px\"><div class=\"bravo-col-sm-3 bravo-col-md-3 bravo-col-lg-3 bravo-icon-section\"><i class=\"ti-headphone-alt\"><\/i><\/div><div class=\"bravo-col-sm-9 bravo-col-md-9 bravo-col-lg-9 bravo-content-section\"><\/div><\/div><div class=\"bravo-row bravo-align-items-center bravo-sidebar-box-body\" style=\"color:#F6F7FB;background-color:#2990E1;padding-top:10px;padding-right:20px;padding-bottom:10px;padding-left:50px\"><div class=\"bravo-col-sm-12 bravo-col-md-12 bravo-col-lg-12\"><p style=\"font-size:16px\"><strong>Idioma: <\/strong>ES<\/p><\/div><\/div><\/div>\n\n\n\n<hr class=\"wp-block-separator has-css-opacity is-style-wide\" \/>\n\n\n\n<div class=\"wp-block-bravo-manager-blocks-bravo-sidebar-box bravo-sidebar-box\" style=\"margin-top:0;margin-bottom:0\"><div class=\"bravo-row bravo-align-items-center bravo-sidebar-box-head\" style=\"color:#edce80;background-color:#484554;padding-top:10px;padding-right:20px;padding-bottom:10px;padding-left:20px\"><div class=\"bravo-col-sm-3 bravo-col-md-3 bravo-col-lg-3 bravo-icon-section\"><i class=\"ti-clipboard\"><\/i><\/div><div class=\"bravo-col-sm-9 bravo-col-md-9 bravo-col-lg-9 bravo-content-section\"><h5 style=\"font-size:16px\">Ficha t\u00e9cnica<\/h5><\/div><\/div><div class=\"bravo-row bravo-align-items-center bravo-sidebar-box-body\" style=\"color:#edce80;background-color:#484554;padding-top:10px;padding-right:20px;padding-bottom:10px;padding-left:20px\"><div class=\"bravo-col-sm-12 bravo-col-md-12 bravo-col-lg-12\"><p style=\"font-size:14px\">T\u00edtulo original: Saben aquell<br>A\u00f1o: 2023<br>Duraci\u00f3n: 109 min.<br>Pa\u00eds: Espa\u00f1a Espa\u00f1a<br>Direcci\u00f3n: David Trueba<br>Guion: David Trueba, Albert Espinosa. Biograf\u00eda sobre: Eugenio. Novela: Gerard Jofra<br>M\u00fasica: Andrea Motis<br>Compa\u00f1\u00edas: Ikiru Films, Atresmedia Cine, La Terraza Films, Movistar Plus+, TV3. Distribuidora: Warner Bros. Espa\u00f1a<br>G\u00e9nero: Drama | A\u00f1os 60. A\u00f1os 70. Biogr\u00e1fico<\/p><\/div><\/div><\/div>\n\n\n\n<hr class=\"wp-block-separator has-css-opacity is-style-wide\" \/>\n\n\n\n<figure class=\"wp-block-image size-large\"><img loading=\"lazy\" decoding=\"async\" width=\"819\" height=\"1024\" src=\"https:\/\/seminarixoa.eus\/wp-content\/uploads\/2023\/12\/Saben_aquell-291343831-large-819x1024.jpg\" alt=\"\" class=\"wp-image-6262\" srcset=\"https:\/\/seminarixoa.eus\/wp-content\/uploads\/2023\/12\/Saben_aquell-291343831-large-819x1024.jpg 819w, https:\/\/seminarixoa.eus\/wp-content\/uploads\/2023\/12\/Saben_aquell-291343831-large-240x300.jpg 240w, https:\/\/seminarixoa.eus\/wp-content\/uploads\/2023\/12\/Saben_aquell-291343831-large-768x960.jpg 768w, https:\/\/seminarixoa.eus\/wp-content\/uploads\/2023\/12\/Saben_aquell-291343831-large.jpg 960w\" sizes=\"auto, (max-width: 819px) 100vw, 819px\" \/><\/figure>\n<\/div>\n<\/div>\n<\/div>\n\n\n\n<div style=\"height:50px\" aria-hidden=\"true\" class=\"wp-block-spacer\"><\/div>\n","protected":false},"excerpt":{"rendered":"","protected":false},"featured_media":6262,"parent":0,"menu_order":0,"template":"","bravo_category":[20],"class_list":["post-6267","bravo","type-bravo","status-publish","has-post-thumbnail","hentry","bravo_category-zinea-komertziala"],"yoast_head":"<!-- This site is optimized with the Yoast SEO plugin v26.6 - https:\/\/yoast.com\/wordpress\/plugins\/seo\/ -->\n<title>Saben aquell - Seminarixoa<\/title>\n<meta name=\"robots\" content=\"index, follow, max-snippet:-1, max-image-preview:large, max-video-preview:-1\" \/>\n<link rel=\"canonical\" href=\"https:\/\/seminarixoa.eus\/es\/gertaera\/saben-aquell\/\" \/>\n<meta property=\"og:locale\" content=\"es_ES\" \/>\n<meta property=\"og:type\" content=\"article\" \/>\n<meta property=\"og:title\" content=\"Saben aquell - Seminarixoa\" \/>\n<meta property=\"og:url\" content=\"https:\/\/seminarixoa.eus\/es\/gertaera\/saben-aquell\/\" \/>\n<meta property=\"og:site_name\" content=\"Seminarixoa\" \/>\n<meta property=\"article:publisher\" content=\"https:\/\/www.facebook.com\/bergarakultura\" \/>\n<meta property=\"article:modified_time\" content=\"2023-12-17T20:18:57+00:00\" \/>\n<meta property=\"og:image\" content=\"https:\/\/seminarixoa.eus\/wp-content\/uploads\/2023\/12\/Saben_aquell-291343831-large.jpg\" \/>\n\t<meta property=\"og:image:width\" content=\"960\" \/>\n\t<meta property=\"og:image:height\" content=\"1200\" \/>\n\t<meta property=\"og:image:type\" content=\"image\/jpeg\" \/>\n<meta name=\"twitter:card\" content=\"summary_large_image\" \/>\n<meta name=\"twitter:site\" content=\"@BergaraKultura\" \/>\n<meta name=\"twitter:label1\" content=\"Tiempo de lectura\" \/>\n\t<meta name=\"twitter:data1\" content=\"3 minutos\" \/>\n<script type=\"application\/ld+json\" class=\"yoast-schema-graph\">{\"@context\":\"https:\/\/schema.org\",\"@graph\":[{\"@type\":\"WebPage\",\"@id\":\"https:\/\/seminarixoa.eus\/es\/gertaera\/saben-aquell\/\",\"url\":\"https:\/\/seminarixoa.eus\/es\/gertaera\/saben-aquell\/\",\"name\":\"Saben aquell - Seminarixoa\",\"isPartOf\":{\"@id\":\"https:\/\/seminarixoa.eus\/es\/#website\"},\"primaryImageOfPage\":{\"@id\":\"https:\/\/seminarixoa.eus\/es\/gertaera\/saben-aquell\/#primaryimage\"},\"image\":{\"@id\":\"https:\/\/seminarixoa.eus\/es\/gertaera\/saben-aquell\/#primaryimage\"},\"thumbnailUrl\":\"https:\/\/seminarixoa.eus\/wp-content\/uploads\/2023\/12\/Saben_aquell-291343831-large.jpg\",\"datePublished\":\"2023-12-17T19:35:46+00:00\",\"dateModified\":\"2023-12-17T20:18:57+00:00\",\"breadcrumb\":{\"@id\":\"https:\/\/seminarixoa.eus\/es\/gertaera\/saben-aquell\/#breadcrumb\"},\"inLanguage\":\"es-ES\",\"potentialAction\":[{\"@type\":\"ReadAction\",\"target\":[\"https:\/\/seminarixoa.eus\/es\/gertaera\/saben-aquell\/\"]}]},{\"@type\":\"ImageObject\",\"inLanguage\":\"es-ES\",\"@id\":\"https:\/\/seminarixoa.eus\/es\/gertaera\/saben-aquell\/#primaryimage\",\"url\":\"https:\/\/seminarixoa.eus\/wp-content\/uploads\/2023\/12\/Saben_aquell-291343831-large.jpg\",\"contentUrl\":\"https:\/\/seminarixoa.eus\/wp-content\/uploads\/2023\/12\/Saben_aquell-291343831-large.jpg\",\"width\":960,\"height\":1200},{\"@type\":\"BreadcrumbList\",\"@id\":\"https:\/\/seminarixoa.eus\/es\/gertaera\/saben-aquell\/#breadcrumb\",\"itemListElement\":[{\"@type\":\"ListItem\",\"position\":1,\"name\":\"Home\",\"item\":\"https:\/\/seminarixoa.eus\/es\/\"},{\"@type\":\"ListItem\",\"position\":2,\"name\":\"Bravo Events\",\"item\":\"https:\/\/seminarixoa.eus\/es\/gertaera\/\"},{\"@type\":\"ListItem\",\"position\":3,\"name\":\"Saben aquell\"}]},{\"@type\":\"WebSite\",\"@id\":\"https:\/\/seminarixoa.eus\/es\/#website\",\"url\":\"https:\/\/seminarixoa.eus\/es\/\",\"name\":\"Bergara Kultura\",\"description\":\"Seminarixoa\",\"publisher\":{\"@id\":\"https:\/\/seminarixoa.eus\/es\/#organization\"},\"potentialAction\":[{\"@type\":\"SearchAction\",\"target\":{\"@type\":\"EntryPoint\",\"urlTemplate\":\"https:\/\/seminarixoa.eus\/es\/?s={search_term_string}\"},\"query-input\":{\"@type\":\"PropertyValueSpecification\",\"valueRequired\":true,\"valueName\":\"search_term_string\"}}],\"inLanguage\":\"es-ES\"},{\"@type\":\"Organization\",\"@id\":\"https:\/\/seminarixoa.eus\/es\/#organization\",\"name\":\"Bergara Kultura\",\"url\":\"https:\/\/seminarixoa.eus\/es\/\",\"logo\":{\"@type\":\"ImageObject\",\"inLanguage\":\"es-ES\",\"@id\":\"https:\/\/seminarixoa.eus\/es\/#\/schema\/logo\/image\/\",\"url\":\"https:\/\/seminarixoa.eus\/wp-content\/uploads\/2020\/01\/Logoa_beltza.jpg\",\"contentUrl\":\"https:\/\/seminarixoa.eus\/wp-content\/uploads\/2020\/01\/Logoa_beltza.jpg\",\"width\":255,\"height\":157,\"caption\":\"Bergara Kultura\"},\"image\":{\"@id\":\"https:\/\/seminarixoa.eus\/es\/#\/schema\/logo\/image\/\"},\"sameAs\":[\"https:\/\/www.facebook.com\/bergarakultura\",\"https:\/\/x.com\/BergaraKultura\",\"https:\/\/www.instagram.com\/bergara_kultura\/\",\"https:\/\/www.youtube.com\/channel\/UCxrRFHA1I4IaCs-QOQfAq0Q\"]}]}<\/script>\n<!-- \/ Yoast SEO plugin. -->","yoast_head_json":{"title":"Saben aquell - Seminarixoa","robots":{"index":"index","follow":"follow","max-snippet":"max-snippet:-1","max-image-preview":"max-image-preview:large","max-video-preview":"max-video-preview:-1"},"canonical":"https:\/\/seminarixoa.eus\/es\/gertaera\/saben-aquell\/","og_locale":"es_ES","og_type":"article","og_title":"Saben aquell - Seminarixoa","og_url":"https:\/\/seminarixoa.eus\/es\/gertaera\/saben-aquell\/","og_site_name":"Seminarixoa","article_publisher":"https:\/\/www.facebook.com\/bergarakultura","article_modified_time":"2023-12-17T20:18:57+00:00","og_image":[{"width":960,"height":1200,"url":"https:\/\/seminarixoa.eus\/wp-content\/uploads\/2023\/12\/Saben_aquell-291343831-large.jpg","type":"image\/jpeg"}],"twitter_card":"summary_large_image","twitter_site":"@BergaraKultura","twitter_misc":{"Tiempo de lectura":"3 minutos"},"schema":{"@context":"https:\/\/schema.org","@graph":[{"@type":"WebPage","@id":"https:\/\/seminarixoa.eus\/es\/gertaera\/saben-aquell\/","url":"https:\/\/seminarixoa.eus\/es\/gertaera\/saben-aquell\/","name":"Saben aquell - Seminarixoa","isPartOf":{"@id":"https:\/\/seminarixoa.eus\/es\/#website"},"primaryImageOfPage":{"@id":"https:\/\/seminarixoa.eus\/es\/gertaera\/saben-aquell\/#primaryimage"},"image":{"@id":"https:\/\/seminarixoa.eus\/es\/gertaera\/saben-aquell\/#primaryimage"},"thumbnailUrl":"https:\/\/seminarixoa.eus\/wp-content\/uploads\/2023\/12\/Saben_aquell-291343831-large.jpg","datePublished":"2023-12-17T19:35:46+00:00","dateModified":"2023-12-17T20:18:57+00:00","breadcrumb":{"@id":"https:\/\/seminarixoa.eus\/es\/gertaera\/saben-aquell\/#breadcrumb"},"inLanguage":"es-ES","potentialAction":[{"@type":"ReadAction","target":["https:\/\/seminarixoa.eus\/es\/gertaera\/saben-aquell\/"]}]},{"@type":"ImageObject","inLanguage":"es-ES","@id":"https:\/\/seminarixoa.eus\/es\/gertaera\/saben-aquell\/#primaryimage","url":"https:\/\/seminarixoa.eus\/wp-content\/uploads\/2023\/12\/Saben_aquell-291343831-large.jpg","contentUrl":"https:\/\/seminarixoa.eus\/wp-content\/uploads\/2023\/12\/Saben_aquell-291343831-large.jpg","width":960,"height":1200},{"@type":"BreadcrumbList","@id":"https:\/\/seminarixoa.eus\/es\/gertaera\/saben-aquell\/#breadcrumb","itemListElement":[{"@type":"ListItem","position":1,"name":"Home","item":"https:\/\/seminarixoa.eus\/es\/"},{"@type":"ListItem","position":2,"name":"Bravo Events","item":"https:\/\/seminarixoa.eus\/es\/gertaera\/"},{"@type":"ListItem","position":3,"name":"Saben aquell"}]},{"@type":"WebSite","@id":"https:\/\/seminarixoa.eus\/es\/#website","url":"https:\/\/seminarixoa.eus\/es\/","name":"Bergara Kultura","description":"Seminarixoa","publisher":{"@id":"https:\/\/seminarixoa.eus\/es\/#organization"},"potentialAction":[{"@type":"SearchAction","target":{"@type":"EntryPoint","urlTemplate":"https:\/\/seminarixoa.eus\/es\/?s={search_term_string}"},"query-input":{"@type":"PropertyValueSpecification","valueRequired":true,"valueName":"search_term_string"}}],"inLanguage":"es-ES"},{"@type":"Organization","@id":"https:\/\/seminarixoa.eus\/es\/#organization","name":"Bergara Kultura","url":"https:\/\/seminarixoa.eus\/es\/","logo":{"@type":"ImageObject","inLanguage":"es-ES","@id":"https:\/\/seminarixoa.eus\/es\/#\/schema\/logo\/image\/","url":"https:\/\/seminarixoa.eus\/wp-content\/uploads\/2020\/01\/Logoa_beltza.jpg","contentUrl":"https:\/\/seminarixoa.eus\/wp-content\/uploads\/2020\/01\/Logoa_beltza.jpg","width":255,"height":157,"caption":"Bergara Kultura"},"image":{"@id":"https:\/\/seminarixoa.eus\/es\/#\/schema\/logo\/image\/"},"sameAs":["https:\/\/www.facebook.com\/bergarakultura","https:\/\/x.com\/BergaraKultura","https:\/\/www.instagram.com\/bergara_kultura\/","https:\/\/www.youtube.com\/channel\/UCxrRFHA1I4IaCs-QOQfAq0Q"]}]}},"_links":{"self":[{"href":"https:\/\/seminarixoa.eus\/es\/wp-json\/wp\/v2\/bravo\/6267","targetHints":{"allow":["GET"]}}],"collection":[{"href":"https:\/\/seminarixoa.eus\/es\/wp-json\/wp\/v2\/bravo"}],"about":[{"href":"https:\/\/seminarixoa.eus\/es\/wp-json\/wp\/v2\/types\/bravo"}],"wp:featuredmedia":[{"embeddable":true,"href":"https:\/\/seminarixoa.eus\/es\/wp-json\/wp\/v2\/media\/6262"}],"wp:attachment":[{"href":"https:\/\/seminarixoa.eus\/es\/wp-json\/wp\/v2\/media?parent=6267"}],"wp:term":[{"taxonomy":"bravo_category","embeddable":true,"href":"https:\/\/seminarixoa.eus\/es\/wp-json\/wp\/v2\/bravo_category?post=6267"}],"curies":[{"name":"wp","href":"https:\/\/api.w.org\/{rel}","templated":true}]}}