{"id":6253,"date":"2023-12-26T18:00:46","date_gmt":"2023-12-26T17:00:46","guid":{"rendered":"https:\/\/seminarixoa.eus\/?post_type=bravo&#038;p=6253"},"modified":"2023-12-26T18:00:48","modified_gmt":"2023-12-26T17:00:48","slug":"teddy-y-la-magia-de-la-navidad","status":"publish","type":"bravo","link":"https:\/\/seminarixoa.eus\/es\/gertaera\/teddy-y-la-magia-de-la-navidad\/","title":{"rendered":"TEDDY, LA MAGIA DE LA NAVIDAD"},"content":{"rendered":"\n<div class=\"wp-block-cover alignfull\" style=\"min-height:535px;aspect-ratio:unset;\"><span aria-hidden=\"true\" class=\"wp-block-cover__background has-background-dim-0 has-background-dim\"><\/span><img loading=\"lazy\" decoding=\"async\" width=\"1280\" height=\"720\" class=\"wp-block-cover__image-background wp-image-6343\" alt=\"\" src=\"https:\/\/seminarixoa.eus\/wp-content\/uploads\/2023\/12\/teddy-portada.jpeg\" data-object-fit=\"cover\" srcset=\"https:\/\/seminarixoa.eus\/wp-content\/uploads\/2023\/12\/teddy-portada.jpeg 1280w, https:\/\/seminarixoa.eus\/wp-content\/uploads\/2023\/12\/teddy-portada-300x169.jpeg 300w, https:\/\/seminarixoa.eus\/wp-content\/uploads\/2023\/12\/teddy-portada-1024x576.jpeg 1024w, https:\/\/seminarixoa.eus\/wp-content\/uploads\/2023\/12\/teddy-portada-768x432.jpeg 768w\" sizes=\"auto, (max-width: 1280px) 100vw, 1280px\" \/><div class=\"wp-block-cover__inner-container is-layout-flow wp-block-cover-is-layout-flow\">\n<p class=\"has-text-align-center has-large-font-size\"><\/p>\n<\/div><\/div>\n\n\n\n<div class=\"wp-block-bravo-manager-blocks-bravo-sidebar alignwide\">\n<div class=\"wp-block-columns alignwide bravo-sidebar-columns is-layout-flex wp-container-core-columns-is-layout-1 wp-block-columns-is-layout-flex\">\n<div class=\"wp-block-column is-layout-flow wp-block-column-is-layout-flow\">\n<h2 class=\"wp-block-heading bravo-sidebar-title\">Teddy, la magia de la navidad<\/h2>\n\n\n\n<h3 class=\"wp-block-heading\">Sinopsis<\/h3>\n\n\n\n<p>La paz navide\u00f1a cae sobre el peque\u00f1o pueblo, pero en el mercado navide\u00f1o hay una actividad fren\u00e9tica. Mariann descubre un oso de peluche en el estante superior. \u00bfEst\u00e1 vivo? Mariann debe conseguir el peluche como sea. Pero Teddy quiere irse con una familia rica.<\/p>\n\n\n\n<figure class=\"wp-block-embed is-type-video is-provider-youtube wp-block-embed-youtube wp-embed-aspect-16-9 wp-has-aspect-ratio\"><div class=\"wp-block-embed__wrapper\">\n<iframe loading=\"lazy\" title=\"Teddy, La Magia de la Navidad, 15 de Diciembre en Cines\" width=\"500\" height=\"281\" src=\"https:\/\/www.youtube.com\/embed\/7OL-vOaqe8o?feature=oembed\" frameborder=\"0\" allow=\"accelerometer; autoplay; clipboard-write; encrypted-media; gyroscope; picture-in-picture; web-share\" referrerpolicy=\"strict-origin-when-cross-origin\" allowfullscreen><\/iframe>\n<\/div><\/figure>\n\n\n\n<p><\/p>\n\n\n\n<h3 class=\"wp-block-heading\">Cr\u00edtica<\/h3>\n\n\n\n<p><a href=\"https:\/\/www.theguardian.com\/film\/2023\/nov\/28\/teddys-christmas-review-wholesome-kids-feature-is-festive-as-christmas-cake\" target=\"_BLANK\" rel=\"noreferrer noopener\"><\/a>\u00abUna sana pel\u00edcula infantil, tan festiva como un pastel de Navidad (&#8230;) La animaci\u00f3n est\u00e1 bien ejecutada y tiene bastante encanto (&#8230;)\u00bb&nbsp;<\/p>\n\n\n\n<p><strong>Leslie Felperin:&nbsp;The Guardian&nbsp;<\/strong><\/p>\n\n\n\n<figure class=\"wp-block-image size-full\"><img loading=\"lazy\" decoding=\"async\" width=\"715\" height=\"402\" src=\"https:\/\/seminarixoa.eus\/wp-content\/uploads\/2023\/12\/teddy-foto.webp\" alt=\"\" class=\"wp-image-6342\" srcset=\"https:\/\/seminarixoa.eus\/wp-content\/uploads\/2023\/12\/teddy-foto.webp 715w, https:\/\/seminarixoa.eus\/wp-content\/uploads\/2023\/12\/teddy-foto-300x169.webp 300w\" sizes=\"auto, (max-width: 715px) 100vw, 715px\" \/><\/figure>\n\n\n\n<div style=\"height:25px\" aria-hidden=\"true\" class=\"wp-block-spacer\"><\/div>\n\n\n\n<div style=\"height:25px\" aria-hidden=\"true\" class=\"wp-block-spacer\"><\/div>\n<\/div>\n\n\n\n<div class=\"wp-block-column is-layout-flow wp-block-column-is-layout-flow\">\n<a class=\"wp-block-bravo-manager-blocks-bravo-sidebar-head link-to-bravo-event\" href=\"#\"><div class=\"bravo-sidebar-head\" style=\"background-color:#EDCE80;color:#000000;border-style:solid;border-width:0px;border-color:#000000;margin-top:0;margin-bottom:0;padding-top:10px;padding-right:20px;padding-bottom:10px;padding-left:20px\"><div class=\"bravo-row bravo-align-items-center\"><div class=\"bravo-col-sm-3 bravo-col-md-3 bravo-col-lg-3 bravo-icon-section\"><i class=\"ti-ticket\"><\/i><\/div><div class=\"bravo-col-sm-9 bravo-col-md-9 bravo-col-lg-9 bravo-content-section\"><h5 style=\"font-size:16px\">No esperes m\u00e1s, \u00a1 Compra aqu\u00ed tu entrada !<\/h5><div style=\"font-size:14px\">Fecha: 2024\/01\/07 Domingo<br>Hora: 17:00<br><em>Entradas a la venta a partir del 2023\/12\/26 a las 18:00<\/em><\/div><\/div><\/div><\/div><\/a>\n\n\n\n<hr class=\"wp-block-separator has-css-opacity is-style-wide\" \/>\n\n\n\n<div class=\"wp-block-bravo-manager-blocks-bravo-sidebar-box bravo-sidebar-box\" style=\"margin-top:0;margin-bottom:0\"><div class=\"bravo-row bravo-align-items-center bravo-sidebar-box-head\" style=\"color:#FFFFFF;background-color:#2990E1;padding-top:10px;padding-right:20px;padding-bottom:10px;padding-left:20px\"><div class=\"bravo-col-sm-3 bravo-col-md-3 bravo-col-lg-3 bravo-icon-section\"><i class=\"ti-video-clapper\"><\/i><\/div><div class=\"bravo-col-sm-9 bravo-col-md-9 bravo-col-lg-9 bravo-content-section\"><h5 style=\"font-size:20px\">CINE NI\u00d1XS<\/h5><\/div><\/div><div class=\"bravo-row bravo-align-items-center bravo-sidebar-box-body\" style=\"color:#FFFFFF;background-color:#2990E1;padding-top:10px;padding-right:20px;padding-bottom:10px;padding-left:50px\"><div class=\"bravo-col-sm-12 bravo-col-md-12 bravo-col-lg-12\"><p style=\"font-size:16px\"><strong>G\u00e9nero:<\/strong> Aventuras.\u00a0Infantil\u00a0|\u00a0Cine familiar.\u00a0Navidad.\u00a0Mu\u00f1ecos<br><\/p><\/div><\/div><\/div>\n\n\n\n<div class=\"wp-block-bravo-manager-blocks-bravo-sidebar-box bravo-sidebar-box\" style=\"margin-top:0;margin-bottom:0\"><div class=\"bravo-row bravo-align-items-center bravo-sidebar-box-head\" style=\"color:#FFFFFF;background-color:#2990E1;padding-top:10px;padding-right:20px;padding-bottom:10px;padding-left:20px\"><div class=\"bravo-col-sm-3 bravo-col-md-3 bravo-col-lg-3 bravo-icon-section\"><i class=\"ti-info-alt\"><\/i><\/div><div class=\"bravo-col-sm-9 bravo-col-md-9 bravo-col-lg-9 bravo-content-section\"><\/div><\/div><div class=\"bravo-row bravo-align-items-center bravo-sidebar-box-body\" style=\"color:#FFFFFF;background-color:#2990E1;padding-top:10px;padding-right:20px;padding-bottom:10px;padding-left:50px\"><div class=\"bravo-col-sm-12 bravo-col-md-12 bravo-col-lg-12\"><p style=\"font-size:16px\"><strong>Calificaci\u00f3n:\u00a0<\/strong>Para todos los p\u00fablicoa<strong><br><\/strong><br><strong>Duraci\u00f3n:<\/strong>\u00a078 min.<\/p><\/div><\/div><\/div>\n\n\n\n<div class=\"wp-block-bravo-manager-blocks-bravo-sidebar-box bravo-sidebar-box\" style=\"margin-top:0;margin-bottom:0\"><div class=\"bravo-row bravo-align-items-center bravo-sidebar-box-head\" style=\"color:#F6F7FB;background-color:#2990E1;padding-top:10px;padding-right:20px;padding-bottom:10px;padding-left:20px\"><div class=\"bravo-col-sm-3 bravo-col-md-3 bravo-col-lg-3 bravo-icon-section\"><i class=\"ti-headphone-alt\"><\/i><\/div><div class=\"bravo-col-sm-9 bravo-col-md-9 bravo-col-lg-9 bravo-content-section\"><\/div><\/div><div class=\"bravo-row bravo-align-items-center bravo-sidebar-box-body\" style=\"color:#F6F7FB;background-color:#2990E1;padding-top:10px;padding-right:20px;padding-bottom:10px;padding-left:50px\"><div class=\"bravo-col-sm-12 bravo-col-md-12 bravo-col-lg-12\"><p style=\"font-size:16px\"><strong>Idioma:<\/strong> Versi\u00f3n ES<\/p><\/div><\/div><\/div>\n\n\n\n<div class=\"wp-block-bravo-manager-blocks-bravo-sidebar-box bravo-sidebar-box\" style=\"margin-top:0;margin-bottom:0\"><div class=\"bravo-row bravo-align-items-center bravo-sidebar-box-head\" style=\"color:#F6F7FB;background-color:#2990E1;padding-top:10px;padding-right:20px;padding-bottom:10px;padding-left:20px\"><div class=\"bravo-col-sm-3 bravo-col-md-3 bravo-col-lg-3 bravo-icon-section\"><i class=\"ti-credit-card\"><\/i><\/div><div class=\"bravo-col-sm-9 bravo-col-md-9 bravo-col-lg-9 bravo-content-section\"><\/div><\/div><div class=\"bravo-row bravo-align-items-center bravo-sidebar-box-body\" style=\"color:#F6F7FB;background-color:#2990E1;padding-top:10px;padding-right:20px;padding-bottom:10px;padding-left:50px\"><div class=\"bravo-col-sm-12 bravo-col-md-12 bravo-col-lg-12\"><p style=\"font-size:16px\"><strong>Entrada:<\/strong> 4\u20ac<\/p><\/div><\/div><\/div>\n\n\n\n<hr class=\"wp-block-separator has-css-opacity is-style-wide\" \/>\n\n\n\n<div class=\"wp-block-bravo-manager-blocks-bravo-sidebar-box bravo-sidebar-box\" style=\"margin-top:0;margin-bottom:0\"><div class=\"bravo-row bravo-align-items-center bravo-sidebar-box-head\" style=\"color:#edce80;background-color:#484554;padding-top:10px;padding-right:20px;padding-bottom:10px;padding-left:20px\"><div class=\"bravo-col-sm-3 bravo-col-md-3 bravo-col-lg-3 bravo-icon-section\"><i class=\"ti-clipboard\"><\/i><\/div><div class=\"bravo-col-sm-9 bravo-col-md-9 bravo-col-lg-9 bravo-content-section\"><h5 style=\"font-size:16px\">Ficha t\u00e9cnica<\/h5><\/div><\/div><div class=\"bravo-row bravo-align-items-center bravo-sidebar-box-body\" style=\"color:#edce80;background-color:#484554;padding-top:10px;padding-right:20px;padding-bottom:10px;padding-left:20px\"><div class=\"bravo-col-sm-12 bravo-col-md-12 bravo-col-lg-12\"><p style=\"font-size:14px\"><strong>T\u00edtulo original<\/strong>: Teddybj\u00f8rnens jul<br><strong>A\u00f1o<\/strong>: 2022<br><strong>Duraci\u00f3n<\/strong>: 78 min.<br><strong>Pa\u00eds<\/strong>: Noruega<br><strong>Direcci\u00f3n<\/strong>: Andrea Eckerbom<br><strong>Gui\u00f3n<\/strong>: Lars Gudmestad,\u00a0Harald Rosenl\u00f8w-Eeg. <br><strong>M\u00fasica<\/strong>: Stein Johan Grieg Halvorsen,\u00a0Eyvind Andreas Skeie<br><strong>Fotograf\u00eda<\/strong>: Kjell Vassdal<br><strong>Reparto<\/strong>: Marte Klerck-Nilssen,\u00a0Vegard Strand Eide,\u00a0Gunn Tove Gr\u00f8nsberg,\u00a0Medina Iqbal,\u00a0Lene Kongsvik Johansen,\u00a0Nader Khademi,\u00a0Marianne Krogness,\u00a0Kai Remlov,\u00a0Morten Rud\u00e5,\u00a0Jan Gunnar R\u00f8ise<br><strong>Voz<\/strong>: Zachary Levi<br><strong>Compa\u00f1ias<\/strong>: Fantefilm<br><strong>Distribuidora<\/strong>: \u00a0Blue Fox Entertainment,\u00a0Capelight Pictures,\u00a0Capella Film<br><strong>G\u00e9nero<\/strong>: Aventuras.\u00a0Infantil\u00a0|\u00a0Cine familiar.\u00a0Navidad.\u00a0Mu\u00f1ecos<\/p><\/div><\/div><\/div>\n\n\n\n<hr class=\"wp-block-separator has-css-opacity is-style-wide\" \/>\n\n\n\n<figure class=\"wp-block-image size-large\"><img loading=\"lazy\" decoding=\"async\" width=\"691\" height=\"1024\" src=\"https:\/\/seminarixoa.eus\/wp-content\/uploads\/2023\/12\/Teddy_la_magia_de_la_Navidad-776346521-large-691x1024.jpg\" alt=\"\" class=\"wp-image-6341\" srcset=\"https:\/\/seminarixoa.eus\/wp-content\/uploads\/2023\/12\/Teddy_la_magia_de_la_Navidad-776346521-large-691x1024.jpg 691w, https:\/\/seminarixoa.eus\/wp-content\/uploads\/2023\/12\/Teddy_la_magia_de_la_Navidad-776346521-large-203x300.jpg 203w, https:\/\/seminarixoa.eus\/wp-content\/uploads\/2023\/12\/Teddy_la_magia_de_la_Navidad-776346521-large-768x1138.jpg 768w, https:\/\/seminarixoa.eus\/wp-content\/uploads\/2023\/12\/Teddy_la_magia_de_la_Navidad-776346521-large.jpg 810w\" sizes=\"auto, (max-width: 691px) 100vw, 691px\" \/><\/figure>\n<\/div>\n<\/div>\n<\/div>\n\n\n\n<div style=\"height:50px\" aria-hidden=\"true\" class=\"wp-block-spacer\"><\/div>\n","protected":false},"excerpt":{"rendered":"","protected":false},"featured_media":6341,"parent":0,"menu_order":0,"template":"","bravo_category":[27],"class_list":["post-6253","bravo","type-bravo","status-publish","has-post-thumbnail","hentry","bravo_category-familientzat"],"yoast_head":"<!-- This site is optimized with the Yoast SEO plugin v26.6 - https:\/\/yoast.com\/wordpress\/plugins\/seo\/ -->\n<title>TEDDY, LA MAGIA DE LA NAVIDAD - Seminarixoa<\/title>\n<meta name=\"robots\" content=\"index, follow, max-snippet:-1, max-image-preview:large, max-video-preview:-1\" \/>\n<link rel=\"canonical\" href=\"https:\/\/seminarixoa.eus\/gertaera\/teddy-y-la-magia-de-la-navidad\/\" \/>\n<meta property=\"og:locale\" content=\"es_ES\" \/>\n<meta property=\"og:type\" content=\"article\" \/>\n<meta property=\"og:title\" content=\"TEDDY, LA MAGIA DE LA NAVIDAD - Seminarixoa\" \/>\n<meta property=\"og:url\" content=\"https:\/\/seminarixoa.eus\/gertaera\/teddy-y-la-magia-de-la-navidad\/\" \/>\n<meta property=\"og:site_name\" content=\"Seminarixoa\" \/>\n<meta property=\"article:publisher\" content=\"https:\/\/www.facebook.com\/bergarakultura\" \/>\n<meta property=\"article:modified_time\" content=\"2023-12-26T17:00:48+00:00\" \/>\n<meta property=\"og:image\" content=\"https:\/\/seminarixoa.eus\/wp-content\/uploads\/2023\/12\/Teddy_la_magia_de_la_Navidad-776346521-large.jpg\" \/>\n\t<meta property=\"og:image:width\" content=\"810\" \/>\n\t<meta property=\"og:image:height\" content=\"1200\" \/>\n\t<meta property=\"og:image:type\" content=\"image\/jpeg\" \/>\n<meta name=\"twitter:card\" content=\"summary_large_image\" \/>\n<meta name=\"twitter:site\" content=\"@BergaraKultura\" \/>\n<meta name=\"twitter:label1\" content=\"Tiempo de lectura\" \/>\n\t<meta name=\"twitter:data1\" content=\"2 minutos\" \/>\n<script type=\"application\/ld+json\" class=\"yoast-schema-graph\">{\"@context\":\"https:\/\/schema.org\",\"@graph\":[{\"@type\":\"WebPage\",\"@id\":\"https:\/\/seminarixoa.eus\/gertaera\/teddy-y-la-magia-de-la-navidad\/\",\"url\":\"https:\/\/seminarixoa.eus\/gertaera\/teddy-y-la-magia-de-la-navidad\/\",\"name\":\"TEDDY, LA MAGIA DE LA NAVIDAD - Seminarixoa\",\"isPartOf\":{\"@id\":\"https:\/\/seminarixoa.eus\/es\/#website\"},\"primaryImageOfPage\":{\"@id\":\"https:\/\/seminarixoa.eus\/gertaera\/teddy-y-la-magia-de-la-navidad\/#primaryimage\"},\"image\":{\"@id\":\"https:\/\/seminarixoa.eus\/gertaera\/teddy-y-la-magia-de-la-navidad\/#primaryimage\"},\"thumbnailUrl\":\"https:\/\/seminarixoa.eus\/wp-content\/uploads\/2023\/12\/Teddy_la_magia_de_la_Navidad-776346521-large.jpg\",\"datePublished\":\"2023-12-26T17:00:46+00:00\",\"dateModified\":\"2023-12-26T17:00:48+00:00\",\"breadcrumb\":{\"@id\":\"https:\/\/seminarixoa.eus\/gertaera\/teddy-y-la-magia-de-la-navidad\/#breadcrumb\"},\"inLanguage\":\"es-ES\",\"potentialAction\":[{\"@type\":\"ReadAction\",\"target\":[\"https:\/\/seminarixoa.eus\/gertaera\/teddy-y-la-magia-de-la-navidad\/\"]}]},{\"@type\":\"ImageObject\",\"inLanguage\":\"es-ES\",\"@id\":\"https:\/\/seminarixoa.eus\/gertaera\/teddy-y-la-magia-de-la-navidad\/#primaryimage\",\"url\":\"https:\/\/seminarixoa.eus\/wp-content\/uploads\/2023\/12\/Teddy_la_magia_de_la_Navidad-776346521-large.jpg\",\"contentUrl\":\"https:\/\/seminarixoa.eus\/wp-content\/uploads\/2023\/12\/Teddy_la_magia_de_la_Navidad-776346521-large.jpg\",\"width\":810,\"height\":1200},{\"@type\":\"BreadcrumbList\",\"@id\":\"https:\/\/seminarixoa.eus\/gertaera\/teddy-y-la-magia-de-la-navidad\/#breadcrumb\",\"itemListElement\":[{\"@type\":\"ListItem\",\"position\":1,\"name\":\"Home\",\"item\":\"https:\/\/seminarixoa.eus\/es\/\"},{\"@type\":\"ListItem\",\"position\":2,\"name\":\"Bravo Events\",\"item\":\"https:\/\/seminarixoa.eus\/es\/gertaera\/\"},{\"@type\":\"ListItem\",\"position\":3,\"name\":\"TEDDY, LA MAGIA DE LA NAVIDAD\"}]},{\"@type\":\"WebSite\",\"@id\":\"https:\/\/seminarixoa.eus\/es\/#website\",\"url\":\"https:\/\/seminarixoa.eus\/es\/\",\"name\":\"Bergara Kultura\",\"description\":\"Seminarixoa\",\"publisher\":{\"@id\":\"https:\/\/seminarixoa.eus\/es\/#organization\"},\"potentialAction\":[{\"@type\":\"SearchAction\",\"target\":{\"@type\":\"EntryPoint\",\"urlTemplate\":\"https:\/\/seminarixoa.eus\/es\/?s={search_term_string}\"},\"query-input\":{\"@type\":\"PropertyValueSpecification\",\"valueRequired\":true,\"valueName\":\"search_term_string\"}}],\"inLanguage\":\"es-ES\"},{\"@type\":\"Organization\",\"@id\":\"https:\/\/seminarixoa.eus\/es\/#organization\",\"name\":\"Bergara Kultura\",\"url\":\"https:\/\/seminarixoa.eus\/es\/\",\"logo\":{\"@type\":\"ImageObject\",\"inLanguage\":\"es-ES\",\"@id\":\"https:\/\/seminarixoa.eus\/es\/#\/schema\/logo\/image\/\",\"url\":\"https:\/\/seminarixoa.eus\/wp-content\/uploads\/2020\/01\/Logoa_beltza.jpg\",\"contentUrl\":\"https:\/\/seminarixoa.eus\/wp-content\/uploads\/2020\/01\/Logoa_beltza.jpg\",\"width\":255,\"height\":157,\"caption\":\"Bergara Kultura\"},\"image\":{\"@id\":\"https:\/\/seminarixoa.eus\/es\/#\/schema\/logo\/image\/\"},\"sameAs\":[\"https:\/\/www.facebook.com\/bergarakultura\",\"https:\/\/x.com\/BergaraKultura\",\"https:\/\/www.instagram.com\/bergara_kultura\/\",\"https:\/\/www.youtube.com\/channel\/UCxrRFHA1I4IaCs-QOQfAq0Q\"]}]}<\/script>\n<!-- \/ Yoast SEO plugin. -->","yoast_head_json":{"title":"TEDDY, LA MAGIA DE LA NAVIDAD - Seminarixoa","robots":{"index":"index","follow":"follow","max-snippet":"max-snippet:-1","max-image-preview":"max-image-preview:large","max-video-preview":"max-video-preview:-1"},"canonical":"https:\/\/seminarixoa.eus\/gertaera\/teddy-y-la-magia-de-la-navidad\/","og_locale":"es_ES","og_type":"article","og_title":"TEDDY, LA MAGIA DE LA NAVIDAD - Seminarixoa","og_url":"https:\/\/seminarixoa.eus\/gertaera\/teddy-y-la-magia-de-la-navidad\/","og_site_name":"Seminarixoa","article_publisher":"https:\/\/www.facebook.com\/bergarakultura","article_modified_time":"2023-12-26T17:00:48+00:00","og_image":[{"width":810,"height":1200,"url":"https:\/\/seminarixoa.eus\/wp-content\/uploads\/2023\/12\/Teddy_la_magia_de_la_Navidad-776346521-large.jpg","type":"image\/jpeg"}],"twitter_card":"summary_large_image","twitter_site":"@BergaraKultura","twitter_misc":{"Tiempo de lectura":"2 minutos"},"schema":{"@context":"https:\/\/schema.org","@graph":[{"@type":"WebPage","@id":"https:\/\/seminarixoa.eus\/gertaera\/teddy-y-la-magia-de-la-navidad\/","url":"https:\/\/seminarixoa.eus\/gertaera\/teddy-y-la-magia-de-la-navidad\/","name":"TEDDY, LA MAGIA DE LA NAVIDAD - Seminarixoa","isPartOf":{"@id":"https:\/\/seminarixoa.eus\/es\/#website"},"primaryImageOfPage":{"@id":"https:\/\/seminarixoa.eus\/gertaera\/teddy-y-la-magia-de-la-navidad\/#primaryimage"},"image":{"@id":"https:\/\/seminarixoa.eus\/gertaera\/teddy-y-la-magia-de-la-navidad\/#primaryimage"},"thumbnailUrl":"https:\/\/seminarixoa.eus\/wp-content\/uploads\/2023\/12\/Teddy_la_magia_de_la_Navidad-776346521-large.jpg","datePublished":"2023-12-26T17:00:46+00:00","dateModified":"2023-12-26T17:00:48+00:00","breadcrumb":{"@id":"https:\/\/seminarixoa.eus\/gertaera\/teddy-y-la-magia-de-la-navidad\/#breadcrumb"},"inLanguage":"es-ES","potentialAction":[{"@type":"ReadAction","target":["https:\/\/seminarixoa.eus\/gertaera\/teddy-y-la-magia-de-la-navidad\/"]}]},{"@type":"ImageObject","inLanguage":"es-ES","@id":"https:\/\/seminarixoa.eus\/gertaera\/teddy-y-la-magia-de-la-navidad\/#primaryimage","url":"https:\/\/seminarixoa.eus\/wp-content\/uploads\/2023\/12\/Teddy_la_magia_de_la_Navidad-776346521-large.jpg","contentUrl":"https:\/\/seminarixoa.eus\/wp-content\/uploads\/2023\/12\/Teddy_la_magia_de_la_Navidad-776346521-large.jpg","width":810,"height":1200},{"@type":"BreadcrumbList","@id":"https:\/\/seminarixoa.eus\/gertaera\/teddy-y-la-magia-de-la-navidad\/#breadcrumb","itemListElement":[{"@type":"ListItem","position":1,"name":"Home","item":"https:\/\/seminarixoa.eus\/es\/"},{"@type":"ListItem","position":2,"name":"Bravo Events","item":"https:\/\/seminarixoa.eus\/es\/gertaera\/"},{"@type":"ListItem","position":3,"name":"TEDDY, LA MAGIA DE LA NAVIDAD"}]},{"@type":"WebSite","@id":"https:\/\/seminarixoa.eus\/es\/#website","url":"https:\/\/seminarixoa.eus\/es\/","name":"Bergara Kultura","description":"Seminarixoa","publisher":{"@id":"https:\/\/seminarixoa.eus\/es\/#organization"},"potentialAction":[{"@type":"SearchAction","target":{"@type":"EntryPoint","urlTemplate":"https:\/\/seminarixoa.eus\/es\/?s={search_term_string}"},"query-input":{"@type":"PropertyValueSpecification","valueRequired":true,"valueName":"search_term_string"}}],"inLanguage":"es-ES"},{"@type":"Organization","@id":"https:\/\/seminarixoa.eus\/es\/#organization","name":"Bergara Kultura","url":"https:\/\/seminarixoa.eus\/es\/","logo":{"@type":"ImageObject","inLanguage":"es-ES","@id":"https:\/\/seminarixoa.eus\/es\/#\/schema\/logo\/image\/","url":"https:\/\/seminarixoa.eus\/wp-content\/uploads\/2020\/01\/Logoa_beltza.jpg","contentUrl":"https:\/\/seminarixoa.eus\/wp-content\/uploads\/2020\/01\/Logoa_beltza.jpg","width":255,"height":157,"caption":"Bergara Kultura"},"image":{"@id":"https:\/\/seminarixoa.eus\/es\/#\/schema\/logo\/image\/"},"sameAs":["https:\/\/www.facebook.com\/bergarakultura","https:\/\/x.com\/BergaraKultura","https:\/\/www.instagram.com\/bergara_kultura\/","https:\/\/www.youtube.com\/channel\/UCxrRFHA1I4IaCs-QOQfAq0Q"]}]}},"_links":{"self":[{"href":"https:\/\/seminarixoa.eus\/es\/wp-json\/wp\/v2\/bravo\/6253","targetHints":{"allow":["GET"]}}],"collection":[{"href":"https:\/\/seminarixoa.eus\/es\/wp-json\/wp\/v2\/bravo"}],"about":[{"href":"https:\/\/seminarixoa.eus\/es\/wp-json\/wp\/v2\/types\/bravo"}],"wp:featuredmedia":[{"embeddable":true,"href":"https:\/\/seminarixoa.eus\/es\/wp-json\/wp\/v2\/media\/6341"}],"wp:attachment":[{"href":"https:\/\/seminarixoa.eus\/es\/wp-json\/wp\/v2\/media?parent=6253"}],"wp:term":[{"taxonomy":"bravo_category","embeddable":true,"href":"https:\/\/seminarixoa.eus\/es\/wp-json\/wp\/v2\/bravo_category?post=6253"}],"curies":[{"name":"wp","href":"https:\/\/api.w.org\/{rel}","templated":true}]}}