{"id":6179,"date":"2023-11-22T13:24:23","date_gmt":"2023-11-22T12:24:23","guid":{"rendered":"https:\/\/seminarixoa.eus\/?post_type=bravo&#038;p=6179"},"modified":"2023-12-26T21:49:19","modified_gmt":"2023-12-26T20:49:19","slug":"el-sueno-de-la-sultana","status":"publish","type":"bravo","link":"https:\/\/seminarixoa.eus\/es\/gertaera\/el-sueno-de-la-sultana\/","title":{"rendered":"EL SUE\u00d1O DE LA SULTANA"},"content":{"rendered":"\n<div class=\"wp-block-cover alignfull\" style=\"min-height:504px;aspect-ratio:unset;\"><span aria-hidden=\"true\" class=\"wp-block-cover__background has-background-dim-0 has-background-dim\"><\/span><img loading=\"lazy\" decoding=\"async\" width=\"1200\" height=\"675\" class=\"wp-block-cover__image-background wp-image-6180\" alt=\"\" src=\"https:\/\/seminarixoa.eus\/wp-content\/uploads\/2023\/11\/el_sueno_de_la_sultana-506696056-large.jpg\" style=\"object-position:50% 6%\" data-object-fit=\"cover\" data-object-position=\"50% 6%\" srcset=\"https:\/\/seminarixoa.eus\/wp-content\/uploads\/2023\/11\/el_sueno_de_la_sultana-506696056-large.jpg 1200w, https:\/\/seminarixoa.eus\/wp-content\/uploads\/2023\/11\/el_sueno_de_la_sultana-506696056-large-300x169.jpg 300w, https:\/\/seminarixoa.eus\/wp-content\/uploads\/2023\/11\/el_sueno_de_la_sultana-506696056-large-1024x576.jpg 1024w, https:\/\/seminarixoa.eus\/wp-content\/uploads\/2023\/11\/el_sueno_de_la_sultana-506696056-large-768x432.jpg 768w\" sizes=\"auto, (max-width: 1200px) 100vw, 1200px\" \/><div class=\"wp-block-cover__inner-container is-layout-flow wp-block-cover-is-layout-flow\">\n<p class=\"has-text-align-center has-large-font-size\"><\/p>\n<\/div><\/div>\n\n\n\n<div class=\"wp-block-bravo-manager-blocks-bravo-sidebar alignwide\">\n<div class=\"wp-block-columns alignwide bravo-sidebar-columns is-layout-flex wp-container-core-columns-is-layout-1 wp-block-columns-is-layout-flex\">\n<div class=\"wp-block-column is-layout-flow wp-block-column-is-layout-flow\">\n<h2 class=\"wp-block-heading bravo-sidebar-title\" id=\"la-peor-persona-del-mundo\">EL SUE\u00d1O DE LA SULTANA<\/h2>\n\n\n\n<h3 class=\"wp-block-heading\" id=\"sinopsia\">Sinopsis<\/h3>\n\n\n\n<p>&#8216;The dream of the Sultana&#8217; es un relato feminista indio escrito en 1905 por Begum Rokeya Hussein. In\u00e9s es una directora de animaci\u00f3n espa\u00f1ola de 30 a\u00f1os que se encuentra en Ahmedabad para romper con su amante indio. Casualmente entra en una librer\u00eda donde descubre esta novela en la que se narra un pa\u00eds imaginario gobernado por mujeres. Fascinada por la historia y la actitud transgresora de la autora, In\u00e9s decide hacer una pel\u00edcula.<\/p>\n\n\n\n<p class=\"has-bravo-red-background-color has-background\"><strong>Tras la proyeccion habr\u00e1 un coloquio con la directora Isabel Herguera.<\/strong><\/p>\n\n\n\n<h3 class=\"wp-block-heading\" id=\"sariak\">Premios<\/h3>\n\n\n\n<p>2023: Festival de San Sebasti\u00e1n. 1 premio. 2 nominaciones<\/p>\n\n\n\n<p>2023: Premios Forqu\u00e9. 1 nominaci\u00f3n<\/p>\n\n\n\n<h3 class=\"wp-block-heading\" id=\"kritikak\">Criticas<\/h3>\n\n\n\n<p>\u00abLa pel\u00edcula tiene m\u00e1s (mucho m\u00e1s) de admonici\u00f3n que de desaf\u00edo reflexivo. De narraci\u00f3n torpona (&#8230;) levanta el vuelo cuando se despega de la palabra y deja que sus im\u00e1genes nos colmen de sugerencias\u00bb<br><strong>Enric Albero<em>:&nbsp;<\/em>El Cultural<em>&nbsp;<\/em><\/strong><\/p>\n\n\n\n<figure class=\"wp-block-embed is-type-video is-provider-youtube wp-block-embed-youtube wp-embed-aspect-16-9 wp-has-aspect-ratio\"><div class=\"wp-block-embed__wrapper\">\n<iframe loading=\"lazy\" title=\"EL SUE\u00d1O DE LA SULTANA - TR\u00c1ILER OFICIAL (HD)\" width=\"500\" height=\"281\" src=\"https:\/\/www.youtube.com\/embed\/kKo3ujZ_QOI?feature=oembed\" frameborder=\"0\" allow=\"accelerometer; autoplay; clipboard-write; encrypted-media; gyroscope; picture-in-picture; web-share\" referrerpolicy=\"strict-origin-when-cross-origin\" allowfullscreen><\/iframe>\n<\/div><\/figure>\n\n\n\n<div style=\"height:25px\" aria-hidden=\"true\" class=\"wp-block-spacer\"><\/div>\n<\/div>\n\n\n\n<div class=\"wp-block-column is-layout-flow wp-block-column-is-layout-flow\">\n<a class=\"wp-block-bravo-manager-blocks-bravo-sidebar-head link-to-bravo-event\" href=\"#\"><div class=\"bravo-sidebar-head\" style=\"background-color:#EDCE80;color:#000000;border-style:solid;border-width:0px;border-color:#000000;margin-top:0;margin-bottom:0;padding-top:10px;padding-right:20px;padding-bottom:10px;padding-left:20px\"><div class=\"bravo-row bravo-align-items-center\"><div class=\"bravo-col-sm-3 bravo-col-md-3 bravo-col-lg-3 bravo-icon-section\"><i class=\"ti-ticket\"><\/i><\/div><div class=\"bravo-col-sm-9 bravo-col-md-9 bravo-col-lg-9 bravo-content-section\"><h5 style=\"font-size:16px\">Compra tu entrada aqui<\/h5><div style=\"font-size:14px\">Fecha: 27\/12\/2023<br>Ordua: 20:00<br><strong><em>Entradas disponibles a partir del 22\/11\/202<\/em><\/strong>3 <strong>a las 18:00<\/strong><\/div><\/div><\/div><\/div><\/a>\n\n\n\n<hr class=\"wp-block-separator has-css-opacity is-style-wide\"\/>\n\n\n\n<div class=\"wp-block-bravo-manager-blocks-bravo-sidebar-box bravo-sidebar-box\" style=\"margin-top:0;margin-bottom:0\"><div class=\"bravo-row bravo-align-items-center bravo-sidebar-box-head\" style=\"color:#FFFFFF;background-color:#2990E1;padding-top:10px;padding-right:20px;padding-bottom:10px;padding-left:20px\"><div class=\"bravo-col-sm-3 bravo-col-md-3 bravo-col-lg-3 bravo-icon-section\"><i class=\"ti-video-clapper\"><\/i><\/div><div class=\"bravo-col-sm-9 bravo-col-md-9 bravo-col-lg-9 bravo-content-section\"><h5 style=\"font-size:16px\">CINE CLUB<\/h5><\/div><\/div><div class=\"bravo-row bravo-align-items-center bravo-sidebar-box-body\" style=\"color:#edce80;background-color:#484554;padding-top:0;padding-right:0;padding-bottom:0;padding-left:0\"><div class=\"bravo-col-sm-12 bravo-col-md-12 bravo-col-lg-12\"><\/div><\/div><\/div>\n\n\n\n<div class=\"wp-block-bravo-manager-blocks-bravo-sidebar-box bravo-sidebar-box\" style=\"margin-top:0;margin-bottom:0\"><div class=\"bravo-row bravo-align-items-center bravo-sidebar-box-head\" style=\"color:#FFFFFF;background-color:#2990E1;padding-top:10px;padding-right:20px;padding-bottom:10px;padding-left:20px\"><div class=\"bravo-col-sm-3 bravo-col-md-3 bravo-col-lg-3 bravo-icon-section\"><i class=\"ti-info-alt\"><\/i><\/div><div class=\"bravo-col-sm-9 bravo-col-md-9 bravo-col-lg-9 bravo-content-section\"><h5 style=\"font-size:16px\">Genero: <br>Animaci\u00f3n \/ Drama \/\u00a0Fant\u00e1stico\u00a0|\u00a0Feminismo<br><br>Calificaci\u00f3n: NO RECOMENDADA PARA MENORES DE SIETE A\u00d1OS<\/h5><\/div><\/div><div class=\"bravo-row bravo-align-items-center bravo-sidebar-box-body\" style=\"color:#edce80;background-color:#484554;padding-top:0;padding-right:0;padding-bottom:0;padding-left:0\"><div class=\"bravo-col-sm-12 bravo-col-md-12 bravo-col-lg-12\"><\/div><\/div><\/div>\n\n\n\n<div class=\"wp-block-bravo-manager-blocks-bravo-sidebar-box bravo-sidebar-box\" style=\"margin-top:0;margin-bottom:0\"><div class=\"bravo-row bravo-align-items-center bravo-sidebar-box-head\" style=\"color:#FFFFFF;background-color:#2990E1;padding-top:10px;padding-right:20px;padding-bottom:10px;padding-left:20px\"><div class=\"bravo-col-sm-3 bravo-col-md-3 bravo-col-lg-3 bravo-icon-section\"><i class=\"ti-headphone\"><\/i><\/div><div class=\"bravo-col-sm-9 bravo-col-md-9 bravo-col-lg-9 bravo-content-section\"><h5 style=\"font-size:16px\">Idioma: VOSE<\/h5><\/div><\/div><div class=\"bravo-row bravo-align-items-center bravo-sidebar-box-body\" style=\"color:#edce80;background-color:#484554;padding-top:0;padding-right:0;padding-bottom:0;padding-left:0\"><div class=\"bravo-col-sm-12 bravo-col-md-12 bravo-col-lg-12\"><\/div><\/div><\/div>\n\n\n\n<div class=\"wp-block-bravo-manager-blocks-bravo-sidebar-box bravo-sidebar-box\" style=\"margin-top:0;margin-bottom:0\"><div class=\"bravo-row bravo-align-items-center bravo-sidebar-box-head\" style=\"color:#FFFFFF;background-color:#2990E1;padding-top:10px;padding-right:20px;padding-bottom:10px;padding-left:20px\"><div class=\"bravo-col-sm-3 bravo-col-md-3 bravo-col-lg-3 bravo-icon-section\"><i class=\"ti-credit-card\"><\/i><\/div><div class=\"bravo-col-sm-9 bravo-col-md-9 bravo-col-lg-9 bravo-content-section\"><h5 style=\"font-size:16px\">Entrada: 3\u20ac<\/h5><\/div><\/div><div class=\"bravo-row bravo-align-items-center bravo-sidebar-box-body\" style=\"color:#edce80;background-color:#484554;padding-top:0;padding-right:0;padding-bottom:0;padding-left:0\"><div class=\"bravo-col-sm-12 bravo-col-md-12 bravo-col-lg-12\"><\/div><\/div><\/div>\n\n\n\n<hr class=\"wp-block-separator has-css-opacity is-style-wide\"\/>\n\n\n\n<div class=\"wp-block-bravo-manager-blocks-bravo-sidebar-box bravo-sidebar-box\" style=\"margin-top:0;margin-bottom:0\"><div class=\"bravo-row bravo-align-items-center bravo-sidebar-box-head\" style=\"color:#edce80;background-color:#484554;padding-top:10px;padding-right:20px;padding-bottom:10px;padding-left:20px\"><div class=\"bravo-col-sm-3 bravo-col-md-3 bravo-col-lg-3 bravo-icon-section\"><i class=\"ti-agenda\"><\/i><\/div><div class=\"bravo-col-sm-9 bravo-col-md-9 bravo-col-lg-9 bravo-content-section\"><h5 style=\"font-size:16px\">Ficha tecnica<br><br>T\u00edtulo original: El sue\u00f1o de la sultana<br>A\u00f1o: 2023<br>Duraci\u00f3n:  86 min.<br>Pa\u00eds: Espa\u00f1a<br>Director: Isabel Herguera<br>Gui\u00f3n: Isabel Herguera,\u00a0Gianmarco Serra.<em>\u00a0Libro:<\/em>\u00a0Begum Rokeya<br>M\u00fasica: Moushumi Bhowmick,\u00a0Tajdar Junaid<br>Fotograf\u00eda: Animaci\u00f3n,\u00a0Eduardo El\u00f3segi<br>Productora: Coproducci\u00f3n Espa\u00f1a-Alemania;\u00a0Sultana Film,\u00a0El Gatoverde Producciones,\u00a0Abano Producions,\u00a0Uniko,\u00a0Fabian &#038; Fred GMBH,\u00a0Fabian &#038; Fred.<em>\u00a0Distribuidora:<\/em>\u00a0Filmin<\/h5><\/div><\/div><div class=\"bravo-row bravo-align-items-center bravo-sidebar-box-body\" style=\"color:#edce80;background-color:#484554;padding-top:10px;padding-right:20px;padding-bottom:10px;padding-left:20px\"><div class=\"bravo-col-sm-12 bravo-col-md-12 bravo-col-lg-12\"><\/div><\/div><\/div>\n\n\n\n<hr class=\"wp-block-separator has-css-opacity is-style-wide\"\/>\n\n\n\n<figure class=\"wp-block-image size-full\"><img loading=\"lazy\" decoding=\"async\" width=\"537\" height=\"768\" src=\"https:\/\/seminarixoa.eus\/wp-content\/uploads\/2023\/11\/el_sueno_de_la_sultana-895432396-large.jpg\" alt=\"\" class=\"wp-image-6181\" srcset=\"https:\/\/seminarixoa.eus\/wp-content\/uploads\/2023\/11\/el_sueno_de_la_sultana-895432396-large.jpg 537w, https:\/\/seminarixoa.eus\/wp-content\/uploads\/2023\/11\/el_sueno_de_la_sultana-895432396-large-210x300.jpg 210w\" sizes=\"auto, (max-width: 537px) 100vw, 537px\" \/><\/figure>\n<\/div>\n<\/div>\n<\/div>\n","protected":false},"excerpt":{"rendered":"","protected":false},"featured_media":6181,"parent":0,"menu_order":0,"template":"","bravo_category":[22],"class_list":["post-6179","bravo","type-bravo","status-publish","has-post-thumbnail","hentry","bravo_category-zinekluba"],"yoast_head":"<!-- This site is optimized with the Yoast SEO plugin v26.6 - https:\/\/yoast.com\/wordpress\/plugins\/seo\/ -->\n<title>EL SUE\u00d1O DE LA SULTANA - Seminarixoa<\/title>\n<meta name=\"robots\" content=\"index, follow, max-snippet:-1, max-image-preview:large, max-video-preview:-1\" \/>\n<link rel=\"canonical\" href=\"https:\/\/seminarixoa.eus\/gertaera\/el-sueno-de-la-sultana\/\" \/>\n<meta property=\"og:locale\" content=\"es_ES\" \/>\n<meta property=\"og:type\" content=\"article\" \/>\n<meta property=\"og:title\" content=\"EL SUE\u00d1O DE LA SULTANA - Seminarixoa\" \/>\n<meta property=\"og:url\" content=\"https:\/\/seminarixoa.eus\/gertaera\/el-sueno-de-la-sultana\/\" \/>\n<meta property=\"og:site_name\" content=\"Seminarixoa\" \/>\n<meta property=\"article:publisher\" content=\"https:\/\/www.facebook.com\/bergarakultura\" \/>\n<meta property=\"article:modified_time\" content=\"2023-12-26T20:49:19+00:00\" \/>\n<meta property=\"og:image\" content=\"https:\/\/seminarixoa.eus\/wp-content\/uploads\/2023\/11\/el_sueno_de_la_sultana-895432396-large.jpg\" \/>\n\t<meta property=\"og:image:width\" content=\"537\" \/>\n\t<meta property=\"og:image:height\" content=\"768\" \/>\n\t<meta property=\"og:image:type\" content=\"image\/jpeg\" \/>\n<meta name=\"twitter:card\" content=\"summary_large_image\" \/>\n<meta name=\"twitter:site\" content=\"@BergaraKultura\" \/>\n<meta name=\"twitter:label1\" content=\"Tiempo de lectura\" \/>\n\t<meta name=\"twitter:data1\" content=\"2 minutos\" \/>\n<script type=\"application\/ld+json\" class=\"yoast-schema-graph\">{\"@context\":\"https:\/\/schema.org\",\"@graph\":[{\"@type\":\"WebPage\",\"@id\":\"https:\/\/seminarixoa.eus\/gertaera\/el-sueno-de-la-sultana\/\",\"url\":\"https:\/\/seminarixoa.eus\/gertaera\/el-sueno-de-la-sultana\/\",\"name\":\"EL SUE\u00d1O DE LA SULTANA - Seminarixoa\",\"isPartOf\":{\"@id\":\"https:\/\/seminarixoa.eus\/es\/#website\"},\"primaryImageOfPage\":{\"@id\":\"https:\/\/seminarixoa.eus\/gertaera\/el-sueno-de-la-sultana\/#primaryimage\"},\"image\":{\"@id\":\"https:\/\/seminarixoa.eus\/gertaera\/el-sueno-de-la-sultana\/#primaryimage\"},\"thumbnailUrl\":\"https:\/\/seminarixoa.eus\/wp-content\/uploads\/2023\/11\/el_sueno_de_la_sultana-895432396-large.jpg\",\"datePublished\":\"2023-11-22T12:24:23+00:00\",\"dateModified\":\"2023-12-26T20:49:19+00:00\",\"breadcrumb\":{\"@id\":\"https:\/\/seminarixoa.eus\/gertaera\/el-sueno-de-la-sultana\/#breadcrumb\"},\"inLanguage\":\"es-ES\",\"potentialAction\":[{\"@type\":\"ReadAction\",\"target\":[\"https:\/\/seminarixoa.eus\/gertaera\/el-sueno-de-la-sultana\/\"]}]},{\"@type\":\"ImageObject\",\"inLanguage\":\"es-ES\",\"@id\":\"https:\/\/seminarixoa.eus\/gertaera\/el-sueno-de-la-sultana\/#primaryimage\",\"url\":\"https:\/\/seminarixoa.eus\/wp-content\/uploads\/2023\/11\/el_sueno_de_la_sultana-895432396-large.jpg\",\"contentUrl\":\"https:\/\/seminarixoa.eus\/wp-content\/uploads\/2023\/11\/el_sueno_de_la_sultana-895432396-large.jpg\",\"width\":537,\"height\":768},{\"@type\":\"BreadcrumbList\",\"@id\":\"https:\/\/seminarixoa.eus\/gertaera\/el-sueno-de-la-sultana\/#breadcrumb\",\"itemListElement\":[{\"@type\":\"ListItem\",\"position\":1,\"name\":\"Home\",\"item\":\"https:\/\/seminarixoa.eus\/es\/\"},{\"@type\":\"ListItem\",\"position\":2,\"name\":\"Bravo Events\",\"item\":\"https:\/\/seminarixoa.eus\/es\/gertaera\/\"},{\"@type\":\"ListItem\",\"position\":3,\"name\":\"EL SUE\u00d1O DE LA SULTANA\"}]},{\"@type\":\"WebSite\",\"@id\":\"https:\/\/seminarixoa.eus\/es\/#website\",\"url\":\"https:\/\/seminarixoa.eus\/es\/\",\"name\":\"Bergara Kultura\",\"description\":\"Seminarixoa\",\"publisher\":{\"@id\":\"https:\/\/seminarixoa.eus\/es\/#organization\"},\"potentialAction\":[{\"@type\":\"SearchAction\",\"target\":{\"@type\":\"EntryPoint\",\"urlTemplate\":\"https:\/\/seminarixoa.eus\/es\/?s={search_term_string}\"},\"query-input\":{\"@type\":\"PropertyValueSpecification\",\"valueRequired\":true,\"valueName\":\"search_term_string\"}}],\"inLanguage\":\"es-ES\"},{\"@type\":\"Organization\",\"@id\":\"https:\/\/seminarixoa.eus\/es\/#organization\",\"name\":\"Bergara Kultura\",\"url\":\"https:\/\/seminarixoa.eus\/es\/\",\"logo\":{\"@type\":\"ImageObject\",\"inLanguage\":\"es-ES\",\"@id\":\"https:\/\/seminarixoa.eus\/es\/#\/schema\/logo\/image\/\",\"url\":\"https:\/\/seminarixoa.eus\/wp-content\/uploads\/2020\/01\/Logoa_beltza.jpg\",\"contentUrl\":\"https:\/\/seminarixoa.eus\/wp-content\/uploads\/2020\/01\/Logoa_beltza.jpg\",\"width\":255,\"height\":157,\"caption\":\"Bergara Kultura\"},\"image\":{\"@id\":\"https:\/\/seminarixoa.eus\/es\/#\/schema\/logo\/image\/\"},\"sameAs\":[\"https:\/\/www.facebook.com\/bergarakultura\",\"https:\/\/x.com\/BergaraKultura\",\"https:\/\/www.instagram.com\/bergara_kultura\/\",\"https:\/\/www.youtube.com\/channel\/UCxrRFHA1I4IaCs-QOQfAq0Q\"]}]}<\/script>\n<!-- \/ Yoast SEO plugin. -->","yoast_head_json":{"title":"EL SUE\u00d1O DE LA SULTANA - Seminarixoa","robots":{"index":"index","follow":"follow","max-snippet":"max-snippet:-1","max-image-preview":"max-image-preview:large","max-video-preview":"max-video-preview:-1"},"canonical":"https:\/\/seminarixoa.eus\/gertaera\/el-sueno-de-la-sultana\/","og_locale":"es_ES","og_type":"article","og_title":"EL SUE\u00d1O DE LA SULTANA - Seminarixoa","og_url":"https:\/\/seminarixoa.eus\/gertaera\/el-sueno-de-la-sultana\/","og_site_name":"Seminarixoa","article_publisher":"https:\/\/www.facebook.com\/bergarakultura","article_modified_time":"2023-12-26T20:49:19+00:00","og_image":[{"width":537,"height":768,"url":"https:\/\/seminarixoa.eus\/wp-content\/uploads\/2023\/11\/el_sueno_de_la_sultana-895432396-large.jpg","type":"image\/jpeg"}],"twitter_card":"summary_large_image","twitter_site":"@BergaraKultura","twitter_misc":{"Tiempo de lectura":"2 minutos"},"schema":{"@context":"https:\/\/schema.org","@graph":[{"@type":"WebPage","@id":"https:\/\/seminarixoa.eus\/gertaera\/el-sueno-de-la-sultana\/","url":"https:\/\/seminarixoa.eus\/gertaera\/el-sueno-de-la-sultana\/","name":"EL SUE\u00d1O DE LA SULTANA - Seminarixoa","isPartOf":{"@id":"https:\/\/seminarixoa.eus\/es\/#website"},"primaryImageOfPage":{"@id":"https:\/\/seminarixoa.eus\/gertaera\/el-sueno-de-la-sultana\/#primaryimage"},"image":{"@id":"https:\/\/seminarixoa.eus\/gertaera\/el-sueno-de-la-sultana\/#primaryimage"},"thumbnailUrl":"https:\/\/seminarixoa.eus\/wp-content\/uploads\/2023\/11\/el_sueno_de_la_sultana-895432396-large.jpg","datePublished":"2023-11-22T12:24:23+00:00","dateModified":"2023-12-26T20:49:19+00:00","breadcrumb":{"@id":"https:\/\/seminarixoa.eus\/gertaera\/el-sueno-de-la-sultana\/#breadcrumb"},"inLanguage":"es-ES","potentialAction":[{"@type":"ReadAction","target":["https:\/\/seminarixoa.eus\/gertaera\/el-sueno-de-la-sultana\/"]}]},{"@type":"ImageObject","inLanguage":"es-ES","@id":"https:\/\/seminarixoa.eus\/gertaera\/el-sueno-de-la-sultana\/#primaryimage","url":"https:\/\/seminarixoa.eus\/wp-content\/uploads\/2023\/11\/el_sueno_de_la_sultana-895432396-large.jpg","contentUrl":"https:\/\/seminarixoa.eus\/wp-content\/uploads\/2023\/11\/el_sueno_de_la_sultana-895432396-large.jpg","width":537,"height":768},{"@type":"BreadcrumbList","@id":"https:\/\/seminarixoa.eus\/gertaera\/el-sueno-de-la-sultana\/#breadcrumb","itemListElement":[{"@type":"ListItem","position":1,"name":"Home","item":"https:\/\/seminarixoa.eus\/es\/"},{"@type":"ListItem","position":2,"name":"Bravo Events","item":"https:\/\/seminarixoa.eus\/es\/gertaera\/"},{"@type":"ListItem","position":3,"name":"EL SUE\u00d1O DE LA SULTANA"}]},{"@type":"WebSite","@id":"https:\/\/seminarixoa.eus\/es\/#website","url":"https:\/\/seminarixoa.eus\/es\/","name":"Bergara Kultura","description":"Seminarixoa","publisher":{"@id":"https:\/\/seminarixoa.eus\/es\/#organization"},"potentialAction":[{"@type":"SearchAction","target":{"@type":"EntryPoint","urlTemplate":"https:\/\/seminarixoa.eus\/es\/?s={search_term_string}"},"query-input":{"@type":"PropertyValueSpecification","valueRequired":true,"valueName":"search_term_string"}}],"inLanguage":"es-ES"},{"@type":"Organization","@id":"https:\/\/seminarixoa.eus\/es\/#organization","name":"Bergara Kultura","url":"https:\/\/seminarixoa.eus\/es\/","logo":{"@type":"ImageObject","inLanguage":"es-ES","@id":"https:\/\/seminarixoa.eus\/es\/#\/schema\/logo\/image\/","url":"https:\/\/seminarixoa.eus\/wp-content\/uploads\/2020\/01\/Logoa_beltza.jpg","contentUrl":"https:\/\/seminarixoa.eus\/wp-content\/uploads\/2020\/01\/Logoa_beltza.jpg","width":255,"height":157,"caption":"Bergara Kultura"},"image":{"@id":"https:\/\/seminarixoa.eus\/es\/#\/schema\/logo\/image\/"},"sameAs":["https:\/\/www.facebook.com\/bergarakultura","https:\/\/x.com\/BergaraKultura","https:\/\/www.instagram.com\/bergara_kultura\/","https:\/\/www.youtube.com\/channel\/UCxrRFHA1I4IaCs-QOQfAq0Q"]}]}},"_links":{"self":[{"href":"https:\/\/seminarixoa.eus\/es\/wp-json\/wp\/v2\/bravo\/6179","targetHints":{"allow":["GET"]}}],"collection":[{"href":"https:\/\/seminarixoa.eus\/es\/wp-json\/wp\/v2\/bravo"}],"about":[{"href":"https:\/\/seminarixoa.eus\/es\/wp-json\/wp\/v2\/types\/bravo"}],"wp:featuredmedia":[{"embeddable":true,"href":"https:\/\/seminarixoa.eus\/es\/wp-json\/wp\/v2\/media\/6181"}],"wp:attachment":[{"href":"https:\/\/seminarixoa.eus\/es\/wp-json\/wp\/v2\/media?parent=6179"}],"wp:term":[{"taxonomy":"bravo_category","embeddable":true,"href":"https:\/\/seminarixoa.eus\/es\/wp-json\/wp\/v2\/bravo_category?post=6179"}],"curies":[{"name":"wp","href":"https:\/\/api.w.org\/{rel}","templated":true}]}}