{"id":6176,"date":"2023-11-22T12:57:46","date_gmt":"2023-11-22T11:57:46","guid":{"rendered":"https:\/\/seminarixoa.eus\/?post_type=bravo&#038;p=6176"},"modified":"2023-11-22T12:57:48","modified_gmt":"2023-11-22T11:57:48","slug":"cerrar-los-ojos","status":"publish","type":"bravo","link":"https:\/\/seminarixoa.eus\/es\/gertaera\/cerrar-los-ojos\/","title":{"rendered":"CERRAR LOS OJOS"},"content":{"rendered":"\n<div class=\"wp-block-cover alignfull\" style=\"min-height:504px;aspect-ratio:unset;\"><span aria-hidden=\"true\" class=\"wp-block-cover__background has-background-dim-0 has-background-dim\"><\/span><img loading=\"lazy\" decoding=\"async\" width=\"560\" height=\"346\" class=\"wp-block-cover__image-background wp-image-6177\" alt=\"\" src=\"https:\/\/seminarixoa.eus\/wp-content\/uploads\/2023\/11\/cerrar_los_ojos-601266120-large.jpg\" style=\"object-position:49% 12%\" data-object-fit=\"cover\" data-object-position=\"49% 12%\" srcset=\"https:\/\/seminarixoa.eus\/wp-content\/uploads\/2023\/11\/cerrar_los_ojos-601266120-large.jpg 560w, https:\/\/seminarixoa.eus\/wp-content\/uploads\/2023\/11\/cerrar_los_ojos-601266120-large-300x185.jpg 300w\" sizes=\"auto, (max-width: 560px) 100vw, 560px\" \/><div class=\"wp-block-cover__inner-container is-layout-flow wp-block-cover-is-layout-flow\">\n<p class=\"has-text-align-center has-large-font-size\"><\/p>\n<\/div><\/div>\n\n\n\n<div class=\"wp-block-bravo-manager-blocks-bravo-sidebar alignwide\">\n<div class=\"wp-block-columns alignwide bravo-sidebar-columns is-layout-flex wp-container-core-columns-is-layout-1 wp-block-columns-is-layout-flex\">\n<div class=\"wp-block-column is-layout-flow wp-block-column-is-layout-flow\">\n<h2 class=\"wp-block-heading bravo-sidebar-title\" id=\"la-peor-persona-del-mundo\">CERRAR LOS OJOS<\/h2>\n\n\n\n<h3 class=\"wp-block-heading\" id=\"sinopsia\">Sinopsis<\/h3>\n\n\n\n<p>Un c\u00e9lebre actor espa\u00f1ol, Julio Arenas, desaparece durante el rodaje de una pel\u00edcula. Aunque nunca se llega a encontrar su cad\u00e1ver, la polic\u00eda concluye que ha sufrido un accidente al borde del mar. Muchos a\u00f1os despu\u00e9s, esta suerte de misterio vuelve a la actualidad a ra\u00edz de un programa de televisi\u00f3n que pretende evocar la figura del actor, ofreciendo como primicia im\u00e1genes de las \u00faltimas escenas en que particip\u00f3, rodadas por el que fue su \u00edntimo amigo, el director Miguel Garay.<\/p>\n\n\n\n<h3 class=\"wp-block-heading\" id=\"sariak\">Premios<\/h3>\n\n\n\n<p>2023: Festival de Cannes: Secci\u00f3n \u00abCannes Premiere\u00bb (Fuera de concurso)<\/p>\n\n\n\n<p>2023: Premios Forqu\u00e9. 2 nominaciones<\/p>\n\n\n\n<h3 class=\"wp-block-heading\" id=\"kritikak\">Criticas<\/h3>\n\n\n\n<p>\u00abEl retorno de Erice es una sobrecogedora oda al cine como milagro de otro tiempo (&#8230;) una pel\u00edcula de pureza anacr\u00f3nica en la que demuestra su maestr\u00eda al retratar lo invisible (&#8230;)<br><strong>Daniel De Partearroyo<em>:\u00a0<\/em>Cineman\u00eda<\/strong><\/p>\n\n\n\n<figure class=\"wp-block-embed is-type-video is-provider-youtube wp-block-embed-youtube wp-embed-aspect-16-9 wp-has-aspect-ratio\"><div class=\"wp-block-embed__wrapper\">\n<iframe loading=\"lazy\" title=\"Cerrar los ojos, de V\u00edctor Erice | Tr\u00e1iler | Avalon\" width=\"500\" height=\"281\" src=\"https:\/\/www.youtube.com\/embed\/tKE56LNimJA?feature=oembed\" frameborder=\"0\" allow=\"accelerometer; autoplay; clipboard-write; encrypted-media; gyroscope; picture-in-picture; web-share\" referrerpolicy=\"strict-origin-when-cross-origin\" allowfullscreen><\/iframe>\n<\/div><\/figure>\n\n\n\n<div style=\"height:25px\" aria-hidden=\"true\" class=\"wp-block-spacer\"><\/div>\n<\/div>\n\n\n\n<div class=\"wp-block-column is-layout-flow wp-block-column-is-layout-flow\">\n<a class=\"wp-block-bravo-manager-blocks-bravo-sidebar-head link-to-bravo-event\" href=\"#\"><div class=\"bravo-sidebar-head\" style=\"background-color:#EDCE80;color:#000000;border-style:solid;border-width:0px;border-color:#000000;margin-top:0;margin-bottom:0;padding-top:10px;padding-right:20px;padding-bottom:10px;padding-left:20px\"><div class=\"bravo-row bravo-align-items-center\"><div class=\"bravo-col-sm-3 bravo-col-md-3 bravo-col-lg-3 bravo-icon-section\"><i class=\"ti-ticket\"><\/i><\/div><div class=\"bravo-col-sm-9 bravo-col-md-9 bravo-col-lg-9 bravo-content-section\"><h5 style=\"font-size:16px\">Compra tu entrada aqui<\/h5><div style=\"font-size:14px\">Fecha: 20\/12\/2023<br>Ordua: 20:00<br><strong><em>Entradas disponibles a partir del 22\/11\/202<\/em><\/strong>3 <strong>a las 18:00<\/strong><\/div><\/div><\/div><\/div><\/a>\n\n\n\n<hr class=\"wp-block-separator has-css-opacity is-style-wide\" \/>\n\n\n\n<div class=\"wp-block-bravo-manager-blocks-bravo-sidebar-box bravo-sidebar-box\" style=\"margin-top:0;margin-bottom:0\"><div class=\"bravo-row bravo-align-items-center bravo-sidebar-box-head\" style=\"color:#FFFFFF;background-color:#2990E1;padding-top:10px;padding-right:20px;padding-bottom:10px;padding-left:20px\"><div class=\"bravo-col-sm-3 bravo-col-md-3 bravo-col-lg-3 bravo-icon-section\"><i class=\"ti-video-clapper\"><\/i><\/div><div class=\"bravo-col-sm-9 bravo-col-md-9 bravo-col-lg-9 bravo-content-section\"><h5 style=\"font-size:16px\">CINE CLUB<\/h5><\/div><\/div><div class=\"bravo-row bravo-align-items-center bravo-sidebar-box-body\" style=\"color:#edce80;background-color:#484554;padding-top:0;padding-right:0;padding-bottom:0;padding-left:0\"><div class=\"bravo-col-sm-12 bravo-col-md-12 bravo-col-lg-12\"><\/div><\/div><\/div>\n\n\n\n<div class=\"wp-block-bravo-manager-blocks-bravo-sidebar-box bravo-sidebar-box\" style=\"margin-top:0;margin-bottom:0\"><div class=\"bravo-row bravo-align-items-center bravo-sidebar-box-head\" style=\"color:#FFFFFF;background-color:#2990E1;padding-top:10px;padding-right:20px;padding-bottom:10px;padding-left:20px\"><div class=\"bravo-col-sm-3 bravo-col-md-3 bravo-col-lg-3 bravo-icon-section\"><i class=\"ti-info-alt\"><\/i><\/div><div class=\"bravo-col-sm-9 bravo-col-md-9 bravo-col-lg-9 bravo-content-section\"><h5 style=\"font-size:16px\">Genero: <br>drama<br><br>Calificaci\u00f3n: NO RECOMENDADA PARA MENORES DE SIETE A\u00d1OS<\/h5><\/div><\/div><div class=\"bravo-row bravo-align-items-center bravo-sidebar-box-body\" style=\"color:#edce80;background-color:#484554;padding-top:0;padding-right:0;padding-bottom:0;padding-left:0\"><div class=\"bravo-col-sm-12 bravo-col-md-12 bravo-col-lg-12\"><\/div><\/div><\/div>\n\n\n\n<div class=\"wp-block-bravo-manager-blocks-bravo-sidebar-box bravo-sidebar-box\" style=\"margin-top:0;margin-bottom:0\"><div class=\"bravo-row bravo-align-items-center bravo-sidebar-box-head\" style=\"color:#FFFFFF;background-color:#2990E1;padding-top:10px;padding-right:20px;padding-bottom:10px;padding-left:20px\"><div class=\"bravo-col-sm-3 bravo-col-md-3 bravo-col-lg-3 bravo-icon-section\"><i class=\"ti-headphone\"><\/i><\/div><div class=\"bravo-col-sm-9 bravo-col-md-9 bravo-col-lg-9 bravo-content-section\"><h5 style=\"font-size:16px\">Idioma: VOSE<\/h5><\/div><\/div><div class=\"bravo-row bravo-align-items-center bravo-sidebar-box-body\" style=\"color:#edce80;background-color:#484554;padding-top:0;padding-right:0;padding-bottom:0;padding-left:0\"><div class=\"bravo-col-sm-12 bravo-col-md-12 bravo-col-lg-12\"><\/div><\/div><\/div>\n\n\n\n<div class=\"wp-block-bravo-manager-blocks-bravo-sidebar-box bravo-sidebar-box\" style=\"margin-top:0;margin-bottom:0\"><div class=\"bravo-row bravo-align-items-center bravo-sidebar-box-head\" style=\"color:#FFFFFF;background-color:#2990E1;padding-top:10px;padding-right:20px;padding-bottom:10px;padding-left:20px\"><div class=\"bravo-col-sm-3 bravo-col-md-3 bravo-col-lg-3 bravo-icon-section\"><i class=\"ti-credit-card\"><\/i><\/div><div class=\"bravo-col-sm-9 bravo-col-md-9 bravo-col-lg-9 bravo-content-section\"><h5 style=\"font-size:16px\">Entrada: 3\u20ac<\/h5><\/div><\/div><div class=\"bravo-row bravo-align-items-center bravo-sidebar-box-body\" style=\"color:#edce80;background-color:#484554;padding-top:0;padding-right:0;padding-bottom:0;padding-left:0\"><div class=\"bravo-col-sm-12 bravo-col-md-12 bravo-col-lg-12\"><\/div><\/div><\/div>\n\n\n\n<hr class=\"wp-block-separator has-css-opacity is-style-wide\" \/>\n\n\n\n<div class=\"wp-block-bravo-manager-blocks-bravo-sidebar-box bravo-sidebar-box\" style=\"margin-top:0;margin-bottom:0\"><div class=\"bravo-row bravo-align-items-center bravo-sidebar-box-head\" style=\"color:#edce80;background-color:#484554;padding-top:10px;padding-right:20px;padding-bottom:10px;padding-left:20px\"><div class=\"bravo-col-sm-3 bravo-col-md-3 bravo-col-lg-3 bravo-icon-section\"><i class=\"ti-agenda\"><\/i><\/div><div class=\"bravo-col-sm-9 bravo-col-md-9 bravo-col-lg-9 bravo-content-section\"><h5 style=\"font-size:16px\">Ficha tecnica<br><br>T\u00edtulo original: Cerrar los ojos<br>A\u00f1o: 2023<br>Duraci\u00f3n:  169 min.<br>Pa\u00eds: Espa\u00f1a<br>Director: V\u00edctor Erice<br>Gui\u00f3n: V\u00edctor Erice,\u00a0Michel Gaztambide<br>M\u00fasica: Federico Jusid<br>Fotograf\u00eda: Valent\u00edn \u00c1lvarez<br>Reparto: Jos\u00e9 Coronado, Manolo Solo, Ana Torrent<br>Productora: Coproducci\u00f3n Espa\u00f1a-Argentina;\u00a0Tandem Films,\u00a0Pampa Films,\u00a0Pecado Films,\u00a0Nautilus Films,\u00a0Movistar Plus+,\u00a0Canal Sur,\u00a0RTVE<\/h5><\/div><\/div><div class=\"bravo-row bravo-align-items-center bravo-sidebar-box-body\" style=\"color:#edce80;background-color:#484554;padding-top:10px;padding-right:20px;padding-bottom:10px;padding-left:20px\"><div class=\"bravo-col-sm-12 bravo-col-md-12 bravo-col-lg-12\"><\/div><\/div><\/div>\n\n\n\n<hr class=\"wp-block-separator has-css-opacity is-style-wide\" \/>\n\n\n\n<figure class=\"wp-block-image size-large\"><img loading=\"lazy\" decoding=\"async\" width=\"716\" height=\"1024\" src=\"https:\/\/seminarixoa.eus\/wp-content\/uploads\/2023\/11\/cerrar_los_ojos-560967080-large-716x1024.jpg\" alt=\"\" class=\"wp-image-6178\" srcset=\"https:\/\/seminarixoa.eus\/wp-content\/uploads\/2023\/11\/cerrar_los_ojos-560967080-large-716x1024.jpg 716w, https:\/\/seminarixoa.eus\/wp-content\/uploads\/2023\/11\/cerrar_los_ojos-560967080-large-210x300.jpg 210w, https:\/\/seminarixoa.eus\/wp-content\/uploads\/2023\/11\/cerrar_los_ojos-560967080-large-768x1098.jpg 768w, https:\/\/seminarixoa.eus\/wp-content\/uploads\/2023\/11\/cerrar_los_ojos-560967080-large.jpg 839w\" sizes=\"auto, (max-width: 716px) 100vw, 716px\" \/><\/figure>\n<\/div>\n<\/div>\n<\/div>\n","protected":false},"excerpt":{"rendered":"","protected":false},"featured_media":6178,"parent":0,"menu_order":0,"template":"","bravo_category":[22],"class_list":["post-6176","bravo","type-bravo","status-publish","has-post-thumbnail","hentry","bravo_category-zinekluba"],"yoast_head":"<!-- This site is optimized with the Yoast SEO plugin v26.6 - https:\/\/yoast.com\/wordpress\/plugins\/seo\/ -->\n<title>CERRAR LOS OJOS - Seminarixoa<\/title>\n<meta name=\"robots\" content=\"index, follow, max-snippet:-1, max-image-preview:large, max-video-preview:-1\" \/>\n<link rel=\"canonical\" href=\"https:\/\/seminarixoa.eus\/es\/gertaera\/cerrar-los-ojos\/\" \/>\n<meta property=\"og:locale\" content=\"es_ES\" \/>\n<meta property=\"og:type\" content=\"article\" \/>\n<meta property=\"og:title\" content=\"CERRAR LOS OJOS - Seminarixoa\" \/>\n<meta property=\"og:url\" content=\"https:\/\/seminarixoa.eus\/es\/gertaera\/cerrar-los-ojos\/\" \/>\n<meta property=\"og:site_name\" content=\"Seminarixoa\" \/>\n<meta property=\"article:publisher\" content=\"https:\/\/www.facebook.com\/bergarakultura\" \/>\n<meta property=\"article:modified_time\" content=\"2023-11-22T11:57:48+00:00\" \/>\n<meta property=\"og:image\" content=\"https:\/\/seminarixoa.eus\/wp-content\/uploads\/2023\/11\/cerrar_los_ojos-560967080-large.jpg\" \/>\n\t<meta property=\"og:image:width\" content=\"839\" \/>\n\t<meta property=\"og:image:height\" content=\"1200\" \/>\n\t<meta property=\"og:image:type\" content=\"image\/jpeg\" \/>\n<meta name=\"twitter:card\" content=\"summary_large_image\" \/>\n<meta name=\"twitter:site\" content=\"@BergaraKultura\" \/>\n<meta name=\"twitter:label1\" content=\"Tiempo de lectura\" \/>\n\t<meta name=\"twitter:data1\" content=\"2 minutos\" \/>\n<script type=\"application\/ld+json\" class=\"yoast-schema-graph\">{\"@context\":\"https:\/\/schema.org\",\"@graph\":[{\"@type\":\"WebPage\",\"@id\":\"https:\/\/seminarixoa.eus\/es\/gertaera\/cerrar-los-ojos\/\",\"url\":\"https:\/\/seminarixoa.eus\/es\/gertaera\/cerrar-los-ojos\/\",\"name\":\"CERRAR LOS OJOS - Seminarixoa\",\"isPartOf\":{\"@id\":\"https:\/\/seminarixoa.eus\/es\/#website\"},\"primaryImageOfPage\":{\"@id\":\"https:\/\/seminarixoa.eus\/es\/gertaera\/cerrar-los-ojos\/#primaryimage\"},\"image\":{\"@id\":\"https:\/\/seminarixoa.eus\/es\/gertaera\/cerrar-los-ojos\/#primaryimage\"},\"thumbnailUrl\":\"https:\/\/seminarixoa.eus\/wp-content\/uploads\/2023\/11\/cerrar_los_ojos-560967080-large.jpg\",\"datePublished\":\"2023-11-22T11:57:46+00:00\",\"dateModified\":\"2023-11-22T11:57:48+00:00\",\"breadcrumb\":{\"@id\":\"https:\/\/seminarixoa.eus\/es\/gertaera\/cerrar-los-ojos\/#breadcrumb\"},\"inLanguage\":\"es-ES\",\"potentialAction\":[{\"@type\":\"ReadAction\",\"target\":[\"https:\/\/seminarixoa.eus\/es\/gertaera\/cerrar-los-ojos\/\"]}]},{\"@type\":\"ImageObject\",\"inLanguage\":\"es-ES\",\"@id\":\"https:\/\/seminarixoa.eus\/es\/gertaera\/cerrar-los-ojos\/#primaryimage\",\"url\":\"https:\/\/seminarixoa.eus\/wp-content\/uploads\/2023\/11\/cerrar_los_ojos-560967080-large.jpg\",\"contentUrl\":\"https:\/\/seminarixoa.eus\/wp-content\/uploads\/2023\/11\/cerrar_los_ojos-560967080-large.jpg\",\"width\":839,\"height\":1200},{\"@type\":\"BreadcrumbList\",\"@id\":\"https:\/\/seminarixoa.eus\/es\/gertaera\/cerrar-los-ojos\/#breadcrumb\",\"itemListElement\":[{\"@type\":\"ListItem\",\"position\":1,\"name\":\"Home\",\"item\":\"https:\/\/seminarixoa.eus\/es\/\"},{\"@type\":\"ListItem\",\"position\":2,\"name\":\"Bravo Events\",\"item\":\"https:\/\/seminarixoa.eus\/es\/gertaera\/\"},{\"@type\":\"ListItem\",\"position\":3,\"name\":\"CERRAR LOS OJOS\"}]},{\"@type\":\"WebSite\",\"@id\":\"https:\/\/seminarixoa.eus\/es\/#website\",\"url\":\"https:\/\/seminarixoa.eus\/es\/\",\"name\":\"Bergara Kultura\",\"description\":\"Seminarixoa\",\"publisher\":{\"@id\":\"https:\/\/seminarixoa.eus\/es\/#organization\"},\"potentialAction\":[{\"@type\":\"SearchAction\",\"target\":{\"@type\":\"EntryPoint\",\"urlTemplate\":\"https:\/\/seminarixoa.eus\/es\/?s={search_term_string}\"},\"query-input\":{\"@type\":\"PropertyValueSpecification\",\"valueRequired\":true,\"valueName\":\"search_term_string\"}}],\"inLanguage\":\"es-ES\"},{\"@type\":\"Organization\",\"@id\":\"https:\/\/seminarixoa.eus\/es\/#organization\",\"name\":\"Bergara Kultura\",\"url\":\"https:\/\/seminarixoa.eus\/es\/\",\"logo\":{\"@type\":\"ImageObject\",\"inLanguage\":\"es-ES\",\"@id\":\"https:\/\/seminarixoa.eus\/es\/#\/schema\/logo\/image\/\",\"url\":\"https:\/\/seminarixoa.eus\/wp-content\/uploads\/2020\/01\/Logoa_beltza.jpg\",\"contentUrl\":\"https:\/\/seminarixoa.eus\/wp-content\/uploads\/2020\/01\/Logoa_beltza.jpg\",\"width\":255,\"height\":157,\"caption\":\"Bergara Kultura\"},\"image\":{\"@id\":\"https:\/\/seminarixoa.eus\/es\/#\/schema\/logo\/image\/\"},\"sameAs\":[\"https:\/\/www.facebook.com\/bergarakultura\",\"https:\/\/x.com\/BergaraKultura\",\"https:\/\/www.instagram.com\/bergara_kultura\/\",\"https:\/\/www.youtube.com\/channel\/UCxrRFHA1I4IaCs-QOQfAq0Q\"]}]}<\/script>\n<!-- \/ Yoast SEO plugin. -->","yoast_head_json":{"title":"CERRAR LOS OJOS - Seminarixoa","robots":{"index":"index","follow":"follow","max-snippet":"max-snippet:-1","max-image-preview":"max-image-preview:large","max-video-preview":"max-video-preview:-1"},"canonical":"https:\/\/seminarixoa.eus\/es\/gertaera\/cerrar-los-ojos\/","og_locale":"es_ES","og_type":"article","og_title":"CERRAR LOS OJOS - Seminarixoa","og_url":"https:\/\/seminarixoa.eus\/es\/gertaera\/cerrar-los-ojos\/","og_site_name":"Seminarixoa","article_publisher":"https:\/\/www.facebook.com\/bergarakultura","article_modified_time":"2023-11-22T11:57:48+00:00","og_image":[{"width":839,"height":1200,"url":"https:\/\/seminarixoa.eus\/wp-content\/uploads\/2023\/11\/cerrar_los_ojos-560967080-large.jpg","type":"image\/jpeg"}],"twitter_card":"summary_large_image","twitter_site":"@BergaraKultura","twitter_misc":{"Tiempo de lectura":"2 minutos"},"schema":{"@context":"https:\/\/schema.org","@graph":[{"@type":"WebPage","@id":"https:\/\/seminarixoa.eus\/es\/gertaera\/cerrar-los-ojos\/","url":"https:\/\/seminarixoa.eus\/es\/gertaera\/cerrar-los-ojos\/","name":"CERRAR LOS OJOS - Seminarixoa","isPartOf":{"@id":"https:\/\/seminarixoa.eus\/es\/#website"},"primaryImageOfPage":{"@id":"https:\/\/seminarixoa.eus\/es\/gertaera\/cerrar-los-ojos\/#primaryimage"},"image":{"@id":"https:\/\/seminarixoa.eus\/es\/gertaera\/cerrar-los-ojos\/#primaryimage"},"thumbnailUrl":"https:\/\/seminarixoa.eus\/wp-content\/uploads\/2023\/11\/cerrar_los_ojos-560967080-large.jpg","datePublished":"2023-11-22T11:57:46+00:00","dateModified":"2023-11-22T11:57:48+00:00","breadcrumb":{"@id":"https:\/\/seminarixoa.eus\/es\/gertaera\/cerrar-los-ojos\/#breadcrumb"},"inLanguage":"es-ES","potentialAction":[{"@type":"ReadAction","target":["https:\/\/seminarixoa.eus\/es\/gertaera\/cerrar-los-ojos\/"]}]},{"@type":"ImageObject","inLanguage":"es-ES","@id":"https:\/\/seminarixoa.eus\/es\/gertaera\/cerrar-los-ojos\/#primaryimage","url":"https:\/\/seminarixoa.eus\/wp-content\/uploads\/2023\/11\/cerrar_los_ojos-560967080-large.jpg","contentUrl":"https:\/\/seminarixoa.eus\/wp-content\/uploads\/2023\/11\/cerrar_los_ojos-560967080-large.jpg","width":839,"height":1200},{"@type":"BreadcrumbList","@id":"https:\/\/seminarixoa.eus\/es\/gertaera\/cerrar-los-ojos\/#breadcrumb","itemListElement":[{"@type":"ListItem","position":1,"name":"Home","item":"https:\/\/seminarixoa.eus\/es\/"},{"@type":"ListItem","position":2,"name":"Bravo Events","item":"https:\/\/seminarixoa.eus\/es\/gertaera\/"},{"@type":"ListItem","position":3,"name":"CERRAR LOS OJOS"}]},{"@type":"WebSite","@id":"https:\/\/seminarixoa.eus\/es\/#website","url":"https:\/\/seminarixoa.eus\/es\/","name":"Bergara Kultura","description":"Seminarixoa","publisher":{"@id":"https:\/\/seminarixoa.eus\/es\/#organization"},"potentialAction":[{"@type":"SearchAction","target":{"@type":"EntryPoint","urlTemplate":"https:\/\/seminarixoa.eus\/es\/?s={search_term_string}"},"query-input":{"@type":"PropertyValueSpecification","valueRequired":true,"valueName":"search_term_string"}}],"inLanguage":"es-ES"},{"@type":"Organization","@id":"https:\/\/seminarixoa.eus\/es\/#organization","name":"Bergara Kultura","url":"https:\/\/seminarixoa.eus\/es\/","logo":{"@type":"ImageObject","inLanguage":"es-ES","@id":"https:\/\/seminarixoa.eus\/es\/#\/schema\/logo\/image\/","url":"https:\/\/seminarixoa.eus\/wp-content\/uploads\/2020\/01\/Logoa_beltza.jpg","contentUrl":"https:\/\/seminarixoa.eus\/wp-content\/uploads\/2020\/01\/Logoa_beltza.jpg","width":255,"height":157,"caption":"Bergara Kultura"},"image":{"@id":"https:\/\/seminarixoa.eus\/es\/#\/schema\/logo\/image\/"},"sameAs":["https:\/\/www.facebook.com\/bergarakultura","https:\/\/x.com\/BergaraKultura","https:\/\/www.instagram.com\/bergara_kultura\/","https:\/\/www.youtube.com\/channel\/UCxrRFHA1I4IaCs-QOQfAq0Q"]}]}},"_links":{"self":[{"href":"https:\/\/seminarixoa.eus\/es\/wp-json\/wp\/v2\/bravo\/6176","targetHints":{"allow":["GET"]}}],"collection":[{"href":"https:\/\/seminarixoa.eus\/es\/wp-json\/wp\/v2\/bravo"}],"about":[{"href":"https:\/\/seminarixoa.eus\/es\/wp-json\/wp\/v2\/types\/bravo"}],"wp:featuredmedia":[{"embeddable":true,"href":"https:\/\/seminarixoa.eus\/es\/wp-json\/wp\/v2\/media\/6178"}],"wp:attachment":[{"href":"https:\/\/seminarixoa.eus\/es\/wp-json\/wp\/v2\/media?parent=6176"}],"wp:term":[{"taxonomy":"bravo_category","embeddable":true,"href":"https:\/\/seminarixoa.eus\/es\/wp-json\/wp\/v2\/bravo_category?post=6176"}],"curies":[{"name":"wp","href":"https:\/\/api.w.org\/{rel}","templated":true}]}}