{"id":6094,"date":"2023-10-26T09:51:35","date_gmt":"2023-10-26T07:51:35","guid":{"rendered":"https:\/\/seminarixoa.eus\/?post_type=bravo&#038;p=6094"},"modified":"2023-10-26T09:51:37","modified_gmt":"2023-10-26T07:51:37","slug":"mira-hadi","status":"publish","type":"bravo","link":"https:\/\/seminarixoa.eus\/es\/gertaera\/mira-hadi\/","title":{"rendered":"MIRA HADI"},"content":{"rendered":"\n<div class=\"wp-block-cover alignfull\"><span aria-hidden=\"true\" class=\"wp-block-cover__background has-background-dim-0 has-background-dim\"><\/span><img loading=\"lazy\" decoding=\"async\" width=\"1920\" height=\"1280\" class=\"wp-block-cover__image-background wp-image-6095\" alt=\"\" src=\"https:\/\/seminarixoa.eus\/wp-content\/uploads\/2023\/10\/GE2A6141-scaled-1.jpg\" data-object-fit=\"cover\" srcset=\"https:\/\/seminarixoa.eus\/wp-content\/uploads\/2023\/10\/GE2A6141-scaled-1.jpg 1920w, https:\/\/seminarixoa.eus\/wp-content\/uploads\/2023\/10\/GE2A6141-scaled-1-300x200.jpg 300w, https:\/\/seminarixoa.eus\/wp-content\/uploads\/2023\/10\/GE2A6141-scaled-1-1024x683.jpg 1024w, https:\/\/seminarixoa.eus\/wp-content\/uploads\/2023\/10\/GE2A6141-scaled-1-768x512.jpg 768w, https:\/\/seminarixoa.eus\/wp-content\/uploads\/2023\/10\/GE2A6141-scaled-1-1536x1024.jpg 1536w\" sizes=\"auto, (max-width: 1920px) 100vw, 1920px\" \/><div class=\"wp-block-cover__inner-container is-layout-flow wp-block-cover-is-layout-flow\">\n<p class=\"has-text-align-center has-large-font-size\"><\/p>\n<\/div><\/div>\n\n\n\n<div class=\"wp-block-bravo-manager-blocks-bravo-sidebar alignwide\">\n<div class=\"wp-block-columns alignwide bravo-sidebar-columns is-layout-flex wp-container-core-columns-is-layout-1 wp-block-columns-is-layout-flex\">\n<div class=\"wp-block-column is-layout-flow wp-block-column-is-layout-flow\">\n<h2 class=\"wp-block-heading bravo-sidebar-title\" id=\"sexberdinak\">MIRA HADI<\/h2>\n\n\n\n<p class=\"has-bravo-red-color has-text-color\" style=\"font-size:26px\">\u00a1Espect\u00e1culo incluido en el programa del D\u00eda Internacional contra la violencia!<\/p>\n\n\n\n<h3 class=\"wp-block-heading\" id=\"sinopsia\"><strong>Sinopsi<\/strong>s<\/h3>\n\n\n\n<p>Una experta (Maria Urcelay) va a dar una conferencia sobre fotograf\u00eda.&nbsp;Junto a \u00e9l, un m\u00fasico (Lide Hernando) pondr\u00e1 banda sonora al discurso.<\/p>\n\n\n\n<p>En esta sesi\u00f3n donde se toman millones de selfies, los dos creadores de las pizarras nos contar\u00e1n y cantar\u00e1n c\u00f3mo se forma nuestra memoria visual.&nbsp;<\/p>\n\n\n\n<p>La esencia de esta historia ser\u00e1n los episodios significativos de la vida de Eulalia Abaitua y especialmente sus fotograf\u00edas m\u00e1s impresionantes.<\/p>\n\n\n\n<p>Ser\u00e1 valioso para la reflexi\u00f3n c\u00f3mo mir\u00f3 Abaiuta a la sociedad, en qu\u00e9 se centr\u00f3 y qu\u00e9 legado nos ha dejado.<\/p>\n\n\n\n<p>De cara al p\u00fablico, rompiendo la cuarta pared, los protagonistas elogiar\u00e1n a esta mujer pionera.&nbsp;Nos mostrar\u00e1n un recuerdo imprescindible.<\/p>\n\n\n\n<p>UN PIONERO EN FOTOGRAF\u00cdA.<\/p>\n\n\n\n<p>Extraordinario creador de fotograf\u00eda etnogr\u00e1fica e innovador en t\u00e9cnica.&nbsp;Un pionero excepcional.&nbsp;En esta muestra se contar\u00e1n fragmentos de su vida desde una perspectiva contempor\u00e1nea.&nbsp;Porque fue un artesano imprescindible de nuestra memoria visual.&nbsp;Sus fotograf\u00edas ser\u00e1n las protagonistas de la dramaturgia.&nbsp;<\/p>\n\n\n\n<p>PRODUCCI\u00d3N ART\u00cdSTICA<\/p>\n\n\n\n<p>Esta obra combina tres componentes art\u00edsticos: audiovisual (im\u00e1genes de Eulalia), teatro y m\u00fasica.<\/p>\n\n\n\n<p><strong>Accesorios del proyecto&nbsp;<\/strong>:<\/p>\n\n\n\n<ul class=\"wp-block-list\">\n<li>Narraci\u00f3n y narraci\u00f3n de la vida del fot\u00f3grafo.<\/li>\n\n\n\n<li>Las im\u00e1genes del fot\u00f3grafo, transformadas en arte visual.<\/li>\n\n\n\n<li>Las nuevas canciones del cantante puestas para la memoria.<\/li>\n<\/ul>\n\n\n\n<p><strong>Protagonista&nbsp;<\/strong>: EULALIA ABAITUA y SU CREACI\u00d3N VISUAL<\/p>\n\n\n\n<p><strong>Objetivos&nbsp;<\/strong>: empoderar y visualizar la historia de las mujeres.&nbsp;Reivindicando la importancia de nuestra memoria.<\/p>\n\n\n\n<figure class=\"wp-block-embed is-type-video is-provider-youtube wp-block-embed-youtube wp-embed-aspect-16-9 wp-has-aspect-ratio\"><div class=\"wp-block-embed__wrapper\">\n<iframe loading=\"lazy\" title=\"Mira hadi. Eulalia Abaitua andre-begiertan [teaser]\" width=\"500\" height=\"281\" src=\"https:\/\/www.youtube.com\/embed\/dMCgXGbxjvA?feature=oembed\" frameborder=\"0\" allow=\"accelerometer; autoplay; clipboard-write; encrypted-media; gyroscope; picture-in-picture; web-share\" referrerpolicy=\"strict-origin-when-cross-origin\" allowfullscreen><\/iframe>\n<\/div><\/figure>\n\n\n\n<h2 class=\"wp-block-heading\"><strong>Ficha art\u00edstica<\/strong><\/h2>\n\n\n\n<ul class=\"wp-block-list\">\n<li><strong>Gui\u00f3n&nbsp;<\/strong>: Patxo Teller\u00eda<\/li>\n\n\n\n<li><strong>Creaci\u00f3n musical&nbsp;<\/strong>: Maite Larburu<\/li>\n\n\n\n<li><strong>Direcci\u00f3n&nbsp;<\/strong>: Getari Etxegarai<\/li>\n\n\n\n<li><strong>Actriz&nbsp;<\/strong>: Mar\u00eda Urcelay<\/li>\n\n\n\n<li><strong>M\u00fasica y canto&nbsp;<\/strong>: L\u00edder Hernando<\/li>\n\n\n\n<li><strong>Audiovisuales y artes visuales&nbsp;<\/strong>: Alphax<\/li>\n\n\n\n<li><strong>Dise\u00f1o de iluminaci\u00f3n&nbsp;<\/strong>: Arantza Flores<\/li>\n<\/ul>\n\n\n\n<p><\/p>\n<\/div>\n\n\n\n<div class=\"wp-block-column is-layout-flow wp-block-column-is-layout-flow\" style=\"flex-basis:500px\">\n<a class=\"wp-block-bravo-manager-blocks-bravo-sidebar-head link-to-bravo-event\" href=\"#\"><div class=\"bravo-sidebar-head\" style=\"background-color:#EDCE80;color:#000000;border-style:solid;border-width:0px;border-color:#000000;margin-top:0;margin-bottom:0;padding-top:10px;padding-right:20px;padding-bottom:10px;padding-left:20px\"><div class=\"bravo-row bravo-align-items-center\"><div class=\"bravo-col-sm-3 bravo-col-md-3 bravo-col-lg-3 bravo-icon-section\"><i class=\"ti-ticket\"><\/i><\/div><div class=\"bravo-col-sm-9 bravo-col-md-9 bravo-col-lg-9 bravo-content-section\"><h5 style=\"font-size:16px\">Compra tu entrada aqui<\/h5><div style=\"font-size:14px\">Fecha: 17\/11\/2023<br>Hora: 20:00<br><sub><em><strong>Entradas disponibles a partir del 01\/11\/2023 a las 18:00<\/strong> <\/em><\/sub><\/div><\/div><\/div><\/div><\/a>\n\n\n\n<hr class=\"wp-block-separator has-css-opacity is-style-wide\" \/>\n\n\n\n<div class=\"wp-block-bravo-manager-blocks-bravo-sidebar-box bravo-sidebar-box\" style=\"margin-top:0;margin-bottom:0\"><div class=\"bravo-row bravo-align-items-center bravo-sidebar-box-head\" style=\"color:#FFFFFF;background-color:#4acaa7;padding-top:10px;padding-right:20px;padding-bottom:10px;padding-left:20px\"><div class=\"bravo-col-sm-3 bravo-col-md-3 bravo-col-lg-3 bravo-icon-section\"><i class=\"ti-heart\"><\/i><\/div><div class=\"bravo-col-sm-9 bravo-col-md-9 bravo-col-lg-9 bravo-content-section\"><h5 style=\"font-size:16px\">TEATRO PARA ADULT@S<\/h5><\/div><\/div><div class=\"bravo-row bravo-align-items-center bravo-sidebar-box-body\" style=\"color:#edce80;background-color:#484554;padding-top:0;padding-right:0;padding-bottom:0;padding-left:0\"><div class=\"bravo-col-sm-12 bravo-col-md-12 bravo-col-lg-12\"><\/div><\/div><\/div>\n\n\n\n<div class=\"wp-block-bravo-manager-blocks-bravo-sidebar-box bravo-sidebar-box\" style=\"margin-top:0;margin-bottom:0\"><div class=\"bravo-row bravo-align-items-center bravo-sidebar-box-head\" style=\"color:#FFFFFF;background-color:#4acaa7;padding-top:10px;padding-right:20px;padding-bottom:10px;padding-left:20px\"><div class=\"bravo-col-sm-3 bravo-col-md-3 bravo-col-lg-3 bravo-icon-section\"><i class=\"ti-headphone\"><\/i><\/div><div class=\"bravo-col-sm-9 bravo-col-md-9 bravo-col-lg-9 bravo-content-section\"><h5 style=\"font-size:16px\">Idioma:  Euskara<\/h5><\/div><\/div><div class=\"bravo-row bravo-align-items-center bravo-sidebar-box-body\" style=\"color:#edce80;background-color:#484554;padding-top:0;padding-right:0;padding-bottom:0;padding-left:0\"><div class=\"bravo-col-sm-12 bravo-col-md-12 bravo-col-lg-12\"><\/div><\/div><\/div>\n\n\n\n<div class=\"wp-block-bravo-manager-blocks-bravo-sidebar-box bravo-sidebar-box\" style=\"margin-top:0;margin-bottom:0\"><div class=\"bravo-row bravo-align-items-center bravo-sidebar-box-head\" style=\"color:#FFFFFF;background-color:#4ACAA7;padding-top:10px;padding-right:20px;padding-bottom:10px;padding-left:20px\"><div class=\"bravo-col-sm-3 bravo-col-md-3 bravo-col-lg-3 bravo-icon-section\"><i class=\"ti-info-alt\"><\/i><\/div><div class=\"bravo-col-sm-9 bravo-col-md-9 bravo-col-lg-9 bravo-content-section\"><h5 style=\"font-size:16px\">Compa\u00f1\u00eda: Loraldia Produkzioak<\/h5><\/div><\/div><div class=\"bravo-row bravo-align-items-center bravo-sidebar-box-body\" style=\"color:#edce80;background-color:#484554;padding-top:0;padding-right:0;padding-bottom:0;padding-left:0\"><div class=\"bravo-col-sm-12 bravo-col-md-12 bravo-col-lg-12\"><\/div><\/div><\/div>\n\n\n\n<div class=\"wp-block-bravo-manager-blocks-bravo-sidebar-box bravo-sidebar-box\" style=\"margin-top:0;margin-bottom:0\"><div class=\"bravo-row bravo-align-items-center bravo-sidebar-box-head\" style=\"color:#FFFFFF;background-color:#4ACAA7;padding-top:10px;padding-right:20px;padding-bottom:10px;padding-left:20px\"><div class=\"bravo-col-sm-3 bravo-col-md-3 bravo-col-lg-3 bravo-icon-section\"><i class=\"ti-credit-card\"><\/i><\/div><div class=\"bravo-col-sm-9 bravo-col-md-9 bravo-col-lg-9 bravo-content-section\"><h5 style=\"font-size:16px\">Entrada: 8\u20ac<\/h5><\/div><\/div><div class=\"bravo-row bravo-align-items-center bravo-sidebar-box-body\" style=\"color:#484554;background-color:#484554;padding-top:0;padding-right:0;padding-bottom:0;padding-left:0\"><div class=\"bravo-col-sm-12 bravo-col-md-12 bravo-col-lg-12\"><\/div><\/div><\/div>\n\n\n\n<figure class=\"wp-block-image size-large\"><img loading=\"lazy\" decoding=\"async\" width=\"724\" height=\"1024\" src=\"https:\/\/seminarixoa.eus\/wp-content\/uploads\/2023\/10\/Loraldia_Mira-hadi-kartela-BERGARA-TXIKIA-724x1024.jpg\" alt=\"\" class=\"wp-image-6096\" srcset=\"https:\/\/seminarixoa.eus\/wp-content\/uploads\/2023\/10\/Loraldia_Mira-hadi-kartela-BERGARA-TXIKIA-724x1024.jpg 724w, https:\/\/seminarixoa.eus\/wp-content\/uploads\/2023\/10\/Loraldia_Mira-hadi-kartela-BERGARA-TXIKIA-212x300.jpg 212w, https:\/\/seminarixoa.eus\/wp-content\/uploads\/2023\/10\/Loraldia_Mira-hadi-kartela-BERGARA-TXIKIA-768x1086.jpg 768w, https:\/\/seminarixoa.eus\/wp-content\/uploads\/2023\/10\/Loraldia_Mira-hadi-kartela-BERGARA-TXIKIA.jpg 842w\" sizes=\"auto, (max-width: 724px) 100vw, 724px\" \/><\/figure>\n<\/div>\n<\/div>\n<\/div>\n","protected":false},"excerpt":{"rendered":"","protected":false},"featured_media":6096,"parent":0,"menu_order":0,"template":"","bravo_category":[21],"class_list":["post-6094","bravo","type-bravo","status-publish","has-post-thumbnail","hentry","bravo_category-antzerkia"],"yoast_head":"<!-- This site is optimized with the Yoast SEO plugin v26.6 - https:\/\/yoast.com\/wordpress\/plugins\/seo\/ -->\n<title>MIRA HADI - Seminarixoa<\/title>\n<meta name=\"robots\" content=\"index, follow, max-snippet:-1, max-image-preview:large, max-video-preview:-1\" \/>\n<link rel=\"canonical\" href=\"https:\/\/seminarixoa.eus\/es\/gertaera\/mira-hadi\/\" \/>\n<meta property=\"og:locale\" content=\"es_ES\" \/>\n<meta property=\"og:type\" content=\"article\" \/>\n<meta property=\"og:title\" content=\"MIRA HADI - Seminarixoa\" \/>\n<meta property=\"og:url\" content=\"https:\/\/seminarixoa.eus\/es\/gertaera\/mira-hadi\/\" \/>\n<meta property=\"og:site_name\" content=\"Seminarixoa\" \/>\n<meta property=\"article:publisher\" content=\"https:\/\/www.facebook.com\/bergarakultura\" \/>\n<meta property=\"article:modified_time\" content=\"2023-10-26T07:51:37+00:00\" \/>\n<meta property=\"og:image\" content=\"https:\/\/seminarixoa.eus\/wp-content\/uploads\/2023\/10\/Loraldia_Mira-hadi-kartela-BERGARA-TXIKIA.jpg\" \/>\n\t<meta property=\"og:image:width\" content=\"842\" \/>\n\t<meta property=\"og:image:height\" content=\"1191\" \/>\n\t<meta property=\"og:image:type\" content=\"image\/jpeg\" \/>\n<meta name=\"twitter:card\" content=\"summary_large_image\" \/>\n<meta name=\"twitter:site\" content=\"@BergaraKultura\" \/>\n<meta name=\"twitter:label1\" content=\"Tiempo de lectura\" \/>\n\t<meta name=\"twitter:data1\" content=\"3 minutos\" \/>\n<script type=\"application\/ld+json\" class=\"yoast-schema-graph\">{\"@context\":\"https:\/\/schema.org\",\"@graph\":[{\"@type\":\"WebPage\",\"@id\":\"https:\/\/seminarixoa.eus\/es\/gertaera\/mira-hadi\/\",\"url\":\"https:\/\/seminarixoa.eus\/es\/gertaera\/mira-hadi\/\",\"name\":\"MIRA HADI - Seminarixoa\",\"isPartOf\":{\"@id\":\"https:\/\/seminarixoa.eus\/es\/#website\"},\"primaryImageOfPage\":{\"@id\":\"https:\/\/seminarixoa.eus\/es\/gertaera\/mira-hadi\/#primaryimage\"},\"image\":{\"@id\":\"https:\/\/seminarixoa.eus\/es\/gertaera\/mira-hadi\/#primaryimage\"},\"thumbnailUrl\":\"https:\/\/seminarixoa.eus\/wp-content\/uploads\/2023\/10\/Loraldia_Mira-hadi-kartela-BERGARA-TXIKIA.jpg\",\"datePublished\":\"2023-10-26T07:51:35+00:00\",\"dateModified\":\"2023-10-26T07:51:37+00:00\",\"breadcrumb\":{\"@id\":\"https:\/\/seminarixoa.eus\/es\/gertaera\/mira-hadi\/#breadcrumb\"},\"inLanguage\":\"es-ES\",\"potentialAction\":[{\"@type\":\"ReadAction\",\"target\":[\"https:\/\/seminarixoa.eus\/es\/gertaera\/mira-hadi\/\"]}]},{\"@type\":\"ImageObject\",\"inLanguage\":\"es-ES\",\"@id\":\"https:\/\/seminarixoa.eus\/es\/gertaera\/mira-hadi\/#primaryimage\",\"url\":\"https:\/\/seminarixoa.eus\/wp-content\/uploads\/2023\/10\/Loraldia_Mira-hadi-kartela-BERGARA-TXIKIA.jpg\",\"contentUrl\":\"https:\/\/seminarixoa.eus\/wp-content\/uploads\/2023\/10\/Loraldia_Mira-hadi-kartela-BERGARA-TXIKIA.jpg\",\"width\":842,\"height\":1191},{\"@type\":\"BreadcrumbList\",\"@id\":\"https:\/\/seminarixoa.eus\/es\/gertaera\/mira-hadi\/#breadcrumb\",\"itemListElement\":[{\"@type\":\"ListItem\",\"position\":1,\"name\":\"Home\",\"item\":\"https:\/\/seminarixoa.eus\/es\/\"},{\"@type\":\"ListItem\",\"position\":2,\"name\":\"Bravo Events\",\"item\":\"https:\/\/seminarixoa.eus\/es\/gertaera\/\"},{\"@type\":\"ListItem\",\"position\":3,\"name\":\"MIRA HADI\"}]},{\"@type\":\"WebSite\",\"@id\":\"https:\/\/seminarixoa.eus\/es\/#website\",\"url\":\"https:\/\/seminarixoa.eus\/es\/\",\"name\":\"Bergara Kultura\",\"description\":\"Seminarixoa\",\"publisher\":{\"@id\":\"https:\/\/seminarixoa.eus\/es\/#organization\"},\"potentialAction\":[{\"@type\":\"SearchAction\",\"target\":{\"@type\":\"EntryPoint\",\"urlTemplate\":\"https:\/\/seminarixoa.eus\/es\/?s={search_term_string}\"},\"query-input\":{\"@type\":\"PropertyValueSpecification\",\"valueRequired\":true,\"valueName\":\"search_term_string\"}}],\"inLanguage\":\"es-ES\"},{\"@type\":\"Organization\",\"@id\":\"https:\/\/seminarixoa.eus\/es\/#organization\",\"name\":\"Bergara Kultura\",\"url\":\"https:\/\/seminarixoa.eus\/es\/\",\"logo\":{\"@type\":\"ImageObject\",\"inLanguage\":\"es-ES\",\"@id\":\"https:\/\/seminarixoa.eus\/es\/#\/schema\/logo\/image\/\",\"url\":\"https:\/\/seminarixoa.eus\/wp-content\/uploads\/2020\/01\/Logoa_beltza.jpg\",\"contentUrl\":\"https:\/\/seminarixoa.eus\/wp-content\/uploads\/2020\/01\/Logoa_beltza.jpg\",\"width\":255,\"height\":157,\"caption\":\"Bergara Kultura\"},\"image\":{\"@id\":\"https:\/\/seminarixoa.eus\/es\/#\/schema\/logo\/image\/\"},\"sameAs\":[\"https:\/\/www.facebook.com\/bergarakultura\",\"https:\/\/x.com\/BergaraKultura\",\"https:\/\/www.instagram.com\/bergara_kultura\/\",\"https:\/\/www.youtube.com\/channel\/UCxrRFHA1I4IaCs-QOQfAq0Q\"]}]}<\/script>\n<!-- \/ Yoast SEO plugin. -->","yoast_head_json":{"title":"MIRA HADI - Seminarixoa","robots":{"index":"index","follow":"follow","max-snippet":"max-snippet:-1","max-image-preview":"max-image-preview:large","max-video-preview":"max-video-preview:-1"},"canonical":"https:\/\/seminarixoa.eus\/es\/gertaera\/mira-hadi\/","og_locale":"es_ES","og_type":"article","og_title":"MIRA HADI - Seminarixoa","og_url":"https:\/\/seminarixoa.eus\/es\/gertaera\/mira-hadi\/","og_site_name":"Seminarixoa","article_publisher":"https:\/\/www.facebook.com\/bergarakultura","article_modified_time":"2023-10-26T07:51:37+00:00","og_image":[{"width":842,"height":1191,"url":"https:\/\/seminarixoa.eus\/wp-content\/uploads\/2023\/10\/Loraldia_Mira-hadi-kartela-BERGARA-TXIKIA.jpg","type":"image\/jpeg"}],"twitter_card":"summary_large_image","twitter_site":"@BergaraKultura","twitter_misc":{"Tiempo de lectura":"3 minutos"},"schema":{"@context":"https:\/\/schema.org","@graph":[{"@type":"WebPage","@id":"https:\/\/seminarixoa.eus\/es\/gertaera\/mira-hadi\/","url":"https:\/\/seminarixoa.eus\/es\/gertaera\/mira-hadi\/","name":"MIRA HADI - Seminarixoa","isPartOf":{"@id":"https:\/\/seminarixoa.eus\/es\/#website"},"primaryImageOfPage":{"@id":"https:\/\/seminarixoa.eus\/es\/gertaera\/mira-hadi\/#primaryimage"},"image":{"@id":"https:\/\/seminarixoa.eus\/es\/gertaera\/mira-hadi\/#primaryimage"},"thumbnailUrl":"https:\/\/seminarixoa.eus\/wp-content\/uploads\/2023\/10\/Loraldia_Mira-hadi-kartela-BERGARA-TXIKIA.jpg","datePublished":"2023-10-26T07:51:35+00:00","dateModified":"2023-10-26T07:51:37+00:00","breadcrumb":{"@id":"https:\/\/seminarixoa.eus\/es\/gertaera\/mira-hadi\/#breadcrumb"},"inLanguage":"es-ES","potentialAction":[{"@type":"ReadAction","target":["https:\/\/seminarixoa.eus\/es\/gertaera\/mira-hadi\/"]}]},{"@type":"ImageObject","inLanguage":"es-ES","@id":"https:\/\/seminarixoa.eus\/es\/gertaera\/mira-hadi\/#primaryimage","url":"https:\/\/seminarixoa.eus\/wp-content\/uploads\/2023\/10\/Loraldia_Mira-hadi-kartela-BERGARA-TXIKIA.jpg","contentUrl":"https:\/\/seminarixoa.eus\/wp-content\/uploads\/2023\/10\/Loraldia_Mira-hadi-kartela-BERGARA-TXIKIA.jpg","width":842,"height":1191},{"@type":"BreadcrumbList","@id":"https:\/\/seminarixoa.eus\/es\/gertaera\/mira-hadi\/#breadcrumb","itemListElement":[{"@type":"ListItem","position":1,"name":"Home","item":"https:\/\/seminarixoa.eus\/es\/"},{"@type":"ListItem","position":2,"name":"Bravo Events","item":"https:\/\/seminarixoa.eus\/es\/gertaera\/"},{"@type":"ListItem","position":3,"name":"MIRA HADI"}]},{"@type":"WebSite","@id":"https:\/\/seminarixoa.eus\/es\/#website","url":"https:\/\/seminarixoa.eus\/es\/","name":"Bergara Kultura","description":"Seminarixoa","publisher":{"@id":"https:\/\/seminarixoa.eus\/es\/#organization"},"potentialAction":[{"@type":"SearchAction","target":{"@type":"EntryPoint","urlTemplate":"https:\/\/seminarixoa.eus\/es\/?s={search_term_string}"},"query-input":{"@type":"PropertyValueSpecification","valueRequired":true,"valueName":"search_term_string"}}],"inLanguage":"es-ES"},{"@type":"Organization","@id":"https:\/\/seminarixoa.eus\/es\/#organization","name":"Bergara Kultura","url":"https:\/\/seminarixoa.eus\/es\/","logo":{"@type":"ImageObject","inLanguage":"es-ES","@id":"https:\/\/seminarixoa.eus\/es\/#\/schema\/logo\/image\/","url":"https:\/\/seminarixoa.eus\/wp-content\/uploads\/2020\/01\/Logoa_beltza.jpg","contentUrl":"https:\/\/seminarixoa.eus\/wp-content\/uploads\/2020\/01\/Logoa_beltza.jpg","width":255,"height":157,"caption":"Bergara Kultura"},"image":{"@id":"https:\/\/seminarixoa.eus\/es\/#\/schema\/logo\/image\/"},"sameAs":["https:\/\/www.facebook.com\/bergarakultura","https:\/\/x.com\/BergaraKultura","https:\/\/www.instagram.com\/bergara_kultura\/","https:\/\/www.youtube.com\/channel\/UCxrRFHA1I4IaCs-QOQfAq0Q"]}]}},"_links":{"self":[{"href":"https:\/\/seminarixoa.eus\/es\/wp-json\/wp\/v2\/bravo\/6094","targetHints":{"allow":["GET"]}}],"collection":[{"href":"https:\/\/seminarixoa.eus\/es\/wp-json\/wp\/v2\/bravo"}],"about":[{"href":"https:\/\/seminarixoa.eus\/es\/wp-json\/wp\/v2\/types\/bravo"}],"wp:featuredmedia":[{"embeddable":true,"href":"https:\/\/seminarixoa.eus\/es\/wp-json\/wp\/v2\/media\/6096"}],"wp:attachment":[{"href":"https:\/\/seminarixoa.eus\/es\/wp-json\/wp\/v2\/media?parent=6094"}],"wp:term":[{"taxonomy":"bravo_category","embeddable":true,"href":"https:\/\/seminarixoa.eus\/es\/wp-json\/wp\/v2\/bravo_category?post=6094"}],"curies":[{"name":"wp","href":"https:\/\/api.w.org\/{rel}","templated":true}]}}